{"id":79,"date":"2014-05-15T15:57:03","date_gmt":"2014-05-15T13:57:03","guid":{"rendered":"http:\/\/slowakei-leipzig.de\/?page_id=79"},"modified":"2026-02-23T12:14:18","modified_gmt":"2026-02-23T10:14:18","slug":"veranstaltungen","status":"publish","type":"page","link":"https:\/\/slowakei-leipzig.de\/?page_id=79","title":{"rendered":"Veranstaltungen"},"content":{"rendered":"<p class=\"has-black-color has-text-color\">Aktuelle Veranstaltungshinweise finden Sie auch auf den Internetseiten des Slowakischen Institutes Berlin: <span style=\"color: #3366ff;\"><a style=\"color: #3366ff;\" rel=\"noopener noreferrer\" href=\"https:\/\/www.mzv.sk\/web\/siberlin-de\/programmhttp:\/\/www.mzv.sk\/siberlin\" target=\"_blank\">www.mzv.sk\/siberlin<\/a><\/span> und auf der Facebookseite des Institutes:<span style=\"color: #3366ff;\"> <a style=\"color: #3366ff;\" rel=\"noopener noreferrer\" href=\"http:\/\/www.facebook.com\/institut.berlin\" target=\"_blank\">www.facebook.com\/institut.berlin<\/a>.<\/span><\/p>\n<p class=\"has-very-dark-gray-color has-text-color\">Diese und weitere Veranstaltungen finden Sie auch auf Facebook (auch ohne eigenen Account): <span style=\"color: #3366ff;\"> <a style=\"color: #3366ff;\" href=\"http:\/\/www.facebook.com\/slowakei.leipzig\" rel=\"noopener noreferrer\">www.facebook.com\/slowakei.leipzig<\/a> <br \/><\/span><\/p>\n<h6 class=\"wp-block-heading has-text-align-center\"><strong>Archiv<\/strong><\/h6>\n<p class=\"has-text-align-center\"><a style=\"color: #3366ff;\" rel=\"noopener noreferrer\" href=\"http:\/\/slowakei-leipzig.de\/?page_id=1106\" target=\"_blank\">2014<\/a> &#8211; <a style=\"color: #3366ff;\" rel=\"noopener noreferrer\" href=\"http:\/\/slowakei-leipzig.de\/?page_id=1070\" target=\"_blank\">2015<\/a> &#8211; <a style=\"color: #3366ff;\" href=\"http:\/\/slowakei-leipzig.de\/?page_id=1294\">2016<\/a> &#8211; <a href=\"http:\/\/slowakei-leipzig.de\/?page_id=1752\"><span style=\"color: #3366ff;\">2017<\/span><\/a> &#8211; <a style=\"color: #3366ff;\" rel=\"noopener noreferrer\" href=\"http:\/\/slowakei-leipzig.de\/?page_id=1897\" target=\"_blank\">2019<\/a> &#8211; <a style=\"color: #3366ff;\" rel=\"noopener noreferrer\" href=\"http:\/\/slowakei-leipzig.de\/?page_id=2413\" target=\"_blank\">2020\/2021<\/a> &#8211; <a style=\"color: #3366ff;\" rel=\"noopener noreferrer\" href=\"http:\/\/slowakei-leipzig.de\/?page_id=2417\" target=\"_blank\">2022<\/a><\/p>\n<hr class=\"wp-block-separator has-alpha-channel-opacity\"\/>\n<h3 class=\"wp-block-heading has-text-align-center\"><strong>Veranstaltungen 2026<\/strong><\/h3>\n<hr class=\"wp-block-separator has-alpha-channel-opacity\"\/>\n<h6 class=\"wp-block-heading\">20.03.2026 | 19:30-20:30 Uhr | Leibniz-Institut f\u00fcr Geschichte und Kultur des \u00f6stlichen Europa (GWZO)<\/h6>\n<h4 class=\"wp-block-heading has-text-color has-link-color wp-elements-289090f16008b15d4bf68a40412cfdeb\" style=\"color:#3366ff\">Junge Lyrik aus der Slowakei<\/h4>\n<p>Das Podiumsgespr\u00e4ch im Rahmen der <a href=\"https:\/\/www.leipziger-buchmesse.de\/pco\/de\/buchmesse\/698dd8e0d3b32b8cd20d4012\">Leipziger Buchmesse<\/a> widmet sich der Anthologie \u201eJunge Lyrik aus der Slowakei. Mlad\u00e1 po\u00e9zia zo Slovenska\u201c (danube books). Herausgeber Michal Tallo und \u00dcbersetzerin Stefanie Bose diskutieren im Podiumsgespr\u00e4ch mit Moderator Stephan Krause (GWZO) Sch\u00f6nheit, Besonderheit und \u00c4sthetiken der jungen slowakischen Lyrik sowie kulturelle Br\u00fccken zwischen Slowakei und Deutschland.<\/p>\n<p>Im Anschluss l\u00e4dt der Slowakische Honorarkonsul zu einem Weinempfang ein. <\/p>\n<figure class=\"wp-block-image size-full\"><a href=\"https:\/\/slowakei-leipzig.de\/wp-content\/uploads\/2026\/02\/9783946046462-1.jpg\"><img loading=\"lazy\" decoding=\"async\" width=\"654\" height=\"794\" src=\"https:\/\/slowakei-leipzig.de\/wp-content\/uploads\/2026\/02\/9783946046462-1.jpg\" alt=\"\" class=\"wp-image-3053\" srcset=\"https:\/\/slowakei-leipzig.de\/wp-content\/uploads\/2026\/02\/9783946046462-1.jpg 654w, https:\/\/slowakei-leipzig.de\/wp-content\/uploads\/2026\/02\/9783946046462-1-247x300.jpg 247w\" sizes=\"auto, (max-width: 654px) 100vw, 654px\" \/><\/a><\/figure>\n<hr class=\"wp-block-separator has-alpha-channel-opacity\"\/>\n<h3 class=\"wp-block-heading has-text-align-center\"><strong>Veranstaltungen 2025<\/strong><\/h3>\n<hr class=\"wp-block-separator has-alpha-channel-opacity\"\/>\n<h6 class=\"wp-block-heading\">12.11.2025 | Bibliotheca Albertina Leipzig<\/h6>\n<h4 class=\"wp-block-heading has-text-color has-link-color wp-elements-18fb1c6ebb9a5833013088664dd0f4c7\" style=\"color:#3366ff\">Filmvorf\u00fchrung Spr\u00e1va (The Auschwitz Report)<\/h4>\n<p>Am Mittwoch, den 12. November 2025 um 19:30 Uhr, zeigt der Slowakische Honorarkonsul das slowakische Historiendrama &#8222;Spr\u00e1va&#8220; (The Auschwitz Report) in der Bibliotheca Albertina Leipzig. Der&nbsp;Film basiert auf dem Buch &#8222;Escape from hell: the true story of the Auschwitz protocol&#8220; von Alfr\u00e9d Wetzler. <br \/>Vor der Filmvorf\u00fchrung wird&nbsp;Dr. Michal Frankl (GWZO) in einem Einf\u00fchrungsvortrag&nbsp;zur fr\u00fchen Dokumentation und Zeitzeugenberichten \u00fcber die Schoah referieren.<br \/>Der Eintritt ist frei!<\/p>\n<figure class=\"wp-block-image size-large\"><a href=\"https:\/\/slowakei-leipzig.de\/wp-content\/uploads\/2025\/10\/Plakat_SPRAVA-scaled.png\"><img loading=\"lazy\" decoding=\"async\" width=\"724\" height=\"1024\" src=\"https:\/\/slowakei-leipzig.de\/wp-content\/uploads\/2025\/10\/Plakat_SPRAVA-724x1024.png\" alt=\"\" class=\"wp-image-3029\" srcset=\"https:\/\/slowakei-leipzig.de\/wp-content\/uploads\/2025\/10\/Plakat_SPRAVA-724x1024.png 724w, https:\/\/slowakei-leipzig.de\/wp-content\/uploads\/2025\/10\/Plakat_SPRAVA-212x300.png 212w, https:\/\/slowakei-leipzig.de\/wp-content\/uploads\/2025\/10\/Plakat_SPRAVA-768x1086.png 768w, https:\/\/slowakei-leipzig.de\/wp-content\/uploads\/2025\/10\/Plakat_SPRAVA-1086x1536.png 1086w, https:\/\/slowakei-leipzig.de\/wp-content\/uploads\/2025\/10\/Plakat_SPRAVA-1448x2048.png 1448w, https:\/\/slowakei-leipzig.de\/wp-content\/uploads\/2025\/10\/Plakat_SPRAVA-scaled.png 1810w\" sizes=\"auto, (max-width: 724px) 100vw, 724px\" \/><\/a><\/figure>\n<hr class=\"wp-block-separator has-alpha-channel-opacity\"\/>\n<h6 class=\"wp-block-heading\">10.-11.04.2025 | Leibniz-Institut f\u00fcr Geschichte und Kultur des \u00f6stlichen Europa (GWZO)<\/h6>\n<h4 class=\"wp-block-heading has-text-color has-link-color wp-elements-43cc49c66a1a72d6741f4c463c669f41\" style=\"color:#3366ff\">Internationaler Workshop: Performances of Belonging? Popular Entertainment, Race, and Nationalism in Central and Eastern Europe, 1880-today<\/h4>\n<p>Der Abendempfang am 10. April findet im Anschluss an die Keynote von Catherine Baker (University of Hull) in Kooperation mit dem Slowakischen Honorarkonsul statt (<a href=\"https:\/\/www.leibniz-gwzo.de\/sites\/default\/files\/dateien\/25_VG_WS_%20Performances%20of%20Belonging.pdf\" data-type=\"link\" data-id=\"https:\/\/www.leibniz-gwzo.de\/sites\/default\/files\/dateien\/25_VG_WS_%20Performances%20of%20Belonging.pdf\">Programm<\/a>).<\/p>\n<hr class=\"wp-block-separator has-alpha-channel-opacity\"\/>\n<h6 class=\"wp-block-heading\">27.-30.03.2025 | Leipziger Buchmesse<\/h6>\n<h4 class=\"wp-block-heading has-text-color has-link-color wp-elements-43d027279fe0d661149304152bf94327\" style=\"color:#3366ff\">Slowakische Gegenwartsliteratur aus weiblicher Perspektive<\/h4>\n<p>Im Programm von \u201eLeipzig liest\u201c w\u00e4hrend der Leipziger Buchmesse: Gespr\u00e4ch mit den Autorinnen Ivana Gibov\u00e1 und Nicol Hochholczerov\u00e1 \u00fcber slowakische Gegenwartsliteratur aus weiblicher Perspektive.<\/p>\n<p><strong>Donnerstag, 27. M\u00e4rz 2025 \/ 19:30 &#8211; 21:00 Uhr \/ <a href=\"https:\/\/www.leipziger-buchmesse.de\/pco\/de\/buchmesse\/67aa0defa1d867c8e306a2dc\">Caf\u00e9 Moh<\/a> \/ <a href=\"https:\/\/www.facebook.com\/events\/2401444590215571\">Facebook<\/a><\/strong><\/p>\n<p>Direkt auf der Leipziger Buchmesse:<\/p>\n<p><strong>Nicol Hochholczerov\u00e1: Donnerstag, 27. M\u00e4rz 2025 \/ 11:00 &#8211; 12:00 Uhr \/ B\u00fchne Globale Perspektiven (Halle 4) \/ <a href=\"https:\/\/www.leipziger-buchmesse.de\/pco\/de\/buchmesse\/679b4d784d1ca6bfdf0d37d1\">Leipziger Buchmesse<\/a> \/ <a href=\"https:\/\/www.facebook.com\/events\/1965843403909232\">Facebook<\/a><\/strong><br \/><strong>Ivana Gibov\u00e1: Freitag, 28. M\u00e4rz 2025 \/ 11:00 &#8211; 12:00 Uhr \/ B\u00fchne Globale Perspektiven (Halle 4)<\/strong> \/ <strong><a href=\"https:\/\/www.leipziger-buchmesse.de\/pco\/de\/buchmesse\/6781208c087beb1daa0ca7fd\">Leipziger Buchmesse<\/a><\/strong> \/ <a href=\"https:\/\/www.facebook.com\/events\/977896801116464\/?acontext=%7B%22event_action_history%22%3A[%7B%22mechanism%22%3A%22attachment%22%2C%22surface%22%3A%22newsfeed%22%7D]%2C%22ref_notif_type%22%3Anull%7D\"><strong>Facebook<\/strong><\/a><\/p>\n<figure class=\"wp-block-gallery has-nested-images columns-default is-cropped wp-block-gallery-1 is-layout-flex wp-block-gallery-is-layout-flex\">\n<figure class=\"wp-block-image size-large\"><a href=\"http:\/\/slowakei-leipzig.de\/wp-content\/uploads\/2025\/02\/danubebooks_plakat_nicol25RAND-1.jpg\"><img loading=\"lazy\" decoding=\"async\" width=\"728\" height=\"1024\" data-id=\"2985\" src=\"http:\/\/slowakei-leipzig.de\/wp-content\/uploads\/2025\/02\/danubebooks_plakat_nicol25RAND-1-728x1024.jpg\" alt=\"\" class=\"wp-image-2985\" srcset=\"https:\/\/slowakei-leipzig.de\/wp-content\/uploads\/2025\/02\/danubebooks_plakat_nicol25RAND-1-728x1024.jpg 728w, https:\/\/slowakei-leipzig.de\/wp-content\/uploads\/2025\/02\/danubebooks_plakat_nicol25RAND-1-213x300.jpg 213w, https:\/\/slowakei-leipzig.de\/wp-content\/uploads\/2025\/02\/danubebooks_plakat_nicol25RAND-1-768x1080.jpg 768w, https:\/\/slowakei-leipzig.de\/wp-content\/uploads\/2025\/02\/danubebooks_plakat_nicol25RAND-1-1092x1536.jpg 1092w, https:\/\/slowakei-leipzig.de\/wp-content\/uploads\/2025\/02\/danubebooks_plakat_nicol25RAND-1-1456x2048.jpg 1456w, https:\/\/slowakei-leipzig.de\/wp-content\/uploads\/2025\/02\/danubebooks_plakat_nicol25RAND-1.jpg 1618w\" sizes=\"auto, (max-width: 728px) 100vw, 728px\" \/><\/a><\/figure>\n<figure class=\"wp-block-image size-large\"><a href=\"http:\/\/slowakei-leipzig.de\/wp-content\/uploads\/2025\/02\/danubebooks_plakat_ivana25RAND-2.jpg\"><img loading=\"lazy\" decoding=\"async\" width=\"728\" height=\"1024\" data-id=\"2986\" src=\"http:\/\/slowakei-leipzig.de\/wp-content\/uploads\/2025\/02\/danubebooks_plakat_ivana25RAND-2-728x1024.jpg\" alt=\"\" class=\"wp-image-2986\" srcset=\"https:\/\/slowakei-leipzig.de\/wp-content\/uploads\/2025\/02\/danubebooks_plakat_ivana25RAND-2-728x1024.jpg 728w, https:\/\/slowakei-leipzig.de\/wp-content\/uploads\/2025\/02\/danubebooks_plakat_ivana25RAND-2-213x300.jpg 213w, https:\/\/slowakei-leipzig.de\/wp-content\/uploads\/2025\/02\/danubebooks_plakat_ivana25RAND-2-768x1080.jpg 768w, https:\/\/slowakei-leipzig.de\/wp-content\/uploads\/2025\/02\/danubebooks_plakat_ivana25RAND-2-1092x1536.jpg 1092w, https:\/\/slowakei-leipzig.de\/wp-content\/uploads\/2025\/02\/danubebooks_plakat_ivana25RAND-2-1456x2048.jpg 1456w, https:\/\/slowakei-leipzig.de\/wp-content\/uploads\/2025\/02\/danubebooks_plakat_ivana25RAND-2.jpg 1618w\" sizes=\"auto, (max-width: 728px) 100vw, 728px\" \/><\/a><\/figure>\n<\/figure>\n<hr class=\"wp-block-separator has-alpha-channel-opacity\"\/>\n<h6 class=\"wp-block-heading\">05.-08.02.2025 | Festival<\/h6>\n<h4 class=\"wp-block-heading has-text-color has-link-color wp-elements-41830d318b2995f88c3915371b4cb9c9\" style=\"color:#3366ff\">Nebenan\/ Zbl\u00edzka <br \/>Unabh\u00e4ngige Kunst aus der Slowakei\/ Nez\u00e1visl\u00e9 umenie zo Slovenska<\/h4>\n<p>05.-08. Februar 2025 \/ <a href=\"https:\/\/www.hellerau.org\/de\/festival\/nebenan-zblizka\/\">HELLERAU <\/a>\/ Dresden<\/p>\n<figure class=\"wp-block-embed is-type-video is-provider-youtube wp-block-embed-youtube wp-embed-aspect-16-9 wp-has-aspect-ratio\">\n<div class=\"wp-block-embed__wrapper\">\n<iframe loading=\"lazy\" title=\"Nebenan\/Zbl\u00edzka \u2013 Unabh\u00e4ngige Kunst aus der Slowakei | 05. \u2013 08.02.2025\" width=\"500\" height=\"281\" src=\"https:\/\/www.youtube.com\/embed\/oSY1C23b2SA?feature=oembed\" frameborder=\"0\" allow=\"accelerometer; autoplay; clipboard-write; encrypted-media; gyroscope; picture-in-picture; web-share\" referrerpolicy=\"strict-origin-when-cross-origin\" allowfullscreen><\/iframe>\n<\/div>\n<\/figure>\n<hr class=\"wp-block-separator has-css-opacity\"\/>\n<h3 class=\"wp-block-heading has-text-align-center\"><strong>Veranstaltungen 2024<\/strong><\/h3>\n<hr class=\"wp-block-separator has-css-opacity\"\/>\n<h6 class=\"wp-block-heading\">25.09.2024 | Buchvorstellung <\/h6>\n<h4 class=\"wp-block-heading has-text-color has-link-color wp-elements-9068fa4896bada4aff0f49fb06c3c08c\" style=\"color:#3366ff\">Buchpr\u00e4sentationen in Partnerschaft mit dem Honorarkonsul der Slowakischen Republik f\u00fcr die Freistaaten Sachsen und Th\u00fcringen<\/h4>\n<p>Mittwoch, 25. September \/ 17:00 &#8211; 19:00 Uhr \/ <a href=\"https:\/\/www.leibniz-gwzo.de\/de?fbclid=IwY2xjawEz_pxleHRuA2FlbQIxMAABHQy1puII8iLk9XA_85c67V05phazJMmhSOD953Y0T8xhIvit_9Mfw19ltg_aem_0dyjKELWIrYHYvqQG7d05w\">GWZO<\/a><a href=\"http:\/\/IwY2xjawEz_pxleHRuA2FlbQIxMAABHQy1puII8iLk9XA_85c67V05phazJMmhSOD953Y0T8xhIvit_9Mfw19ltg_aem_0dyjKELWIrYHYvqQG7d05w\"> <\/a>\/ <a href=\"https:\/\/fb.me\/e\/24i0Tjyu8\">Facebook<\/a><\/p>\n<\/p>\n<figure class=\"wp-block-gallery has-nested-images columns-default is-cropped wp-block-gallery-2 is-layout-flex wp-block-gallery-is-layout-flex\">\n<figure class=\"wp-block-image size-large\"><a href=\"http:\/\/slowakei-leipzig.de\/wp-content\/uploads\/2024\/08\/Umweltgeschichte-4.jpg\"><img loading=\"lazy\" decoding=\"async\" width=\"550\" height=\"866\" data-id=\"2937\" src=\"http:\/\/slowakei-leipzig.de\/wp-content\/uploads\/2024\/08\/Umweltgeschichte-4.jpg\" alt=\"\" class=\"wp-image-2937\" srcset=\"https:\/\/slowakei-leipzig.de\/wp-content\/uploads\/2024\/08\/Umweltgeschichte-4.jpg 550w, https:\/\/slowakei-leipzig.de\/wp-content\/uploads\/2024\/08\/Umweltgeschichte-4-191x300.jpg 191w\" sizes=\"auto, (max-width: 550px) 100vw, 550px\" \/><\/a><\/figure>\n<figure class=\"wp-block-image size-large\"><a href=\"http:\/\/slowakei-leipzig.de\/wp-content\/uploads\/2024\/08\/Handbuch-Religions-.-und-Kirchengeschichte-3.jpg\"><img loading=\"lazy\" decoding=\"async\" width=\"687\" height=\"1024\" data-id=\"2938\" src=\"http:\/\/slowakei-leipzig.de\/wp-content\/uploads\/2024\/08\/Handbuch-Religions-.-und-Kirchengeschichte-3-687x1024.jpg\" alt=\"\" class=\"wp-image-2938\" srcset=\"https:\/\/slowakei-leipzig.de\/wp-content\/uploads\/2024\/08\/Handbuch-Religions-.-und-Kirchengeschichte-3-687x1024.jpg 687w, https:\/\/slowakei-leipzig.de\/wp-content\/uploads\/2024\/08\/Handbuch-Religions-.-und-Kirchengeschichte-3-201x300.jpg 201w, https:\/\/slowakei-leipzig.de\/wp-content\/uploads\/2024\/08\/Handbuch-Religions-.-und-Kirchengeschichte-3-768x1145.jpg 768w, https:\/\/slowakei-leipzig.de\/wp-content\/uploads\/2024\/08\/Handbuch-Religions-.-und-Kirchengeschichte-3.jpg 805w\" sizes=\"auto, (max-width: 687px) 100vw, 687px\" \/><\/a><\/figure>\n<figure class=\"wp-block-image size-large\"><a href=\"http:\/\/slowakei-leipzig.de\/wp-content\/uploads\/2024\/08\/Deutsche-Tschechen-und-Slowaken-im-20.-Jahrhundert-3.jpg\"><img loading=\"lazy\" decoding=\"async\" width=\"615\" height=\"1024\" data-id=\"2936\" src=\"http:\/\/slowakei-leipzig.de\/wp-content\/uploads\/2024\/08\/Deutsche-Tschechen-und-Slowaken-im-20.-Jahrhundert-3.jpg\" alt=\"\" class=\"wp-image-2936\" srcset=\"https:\/\/slowakei-leipzig.de\/wp-content\/uploads\/2024\/08\/Deutsche-Tschechen-und-Slowaken-im-20.-Jahrhundert-3.jpg 615w, https:\/\/slowakei-leipzig.de\/wp-content\/uploads\/2024\/08\/Deutsche-Tschechen-und-Slowaken-im-20.-Jahrhundert-3-180x300.jpg 180w\" sizes=\"auto, (max-width: 615px) 100vw, 615px\" \/><\/a><\/figure>\n<\/figure>\n<hr class=\"wp-block-separator has-alpha-channel-opacity\"\/>\n<h6 class=\"wp-block-heading\">21.\/22.03.2024 | Leipziger Buchmesse<\/h6>\n<h4 class=\"wp-block-heading has-text-color\" style=\"color:#3366ff\"><strong>Leipzig liest slowakische Literatur<\/strong><\/h4>\n<p class=\"has-black-color has-text-color\">Donnerstag, <strong>21. M\u00e4rz \/ 18:30<\/strong> \/ <a rel=\"noreferrer noopener\" href=\"https:\/\/www.bacharchivleipzig.de\/de\/bach-archiv\" target=\"_blank\"><mark style=\"background-color:rgba(0, 0, 0, 0);color:#3366ff\" class=\"has-inline-color\">Bach Archiv<\/mark><\/a> \/ <strong>Jana Kar\u0161aiov\u00e1 \u201eSamtene Scheidung\u201c<\/strong> (<strong><a href=\"https:\/\/www.facebook.com\/IICBerlino?__cft__[0]=AZU9BtUJ5CaoaMUyPRAsgbnkVl9Vr4MlF-AEpYBADrPG0WFcX2xyeQVs2YHBCeIFyMx_BhLjG08gUxSwqYJLFuHzSYzSj72g_0mtlWoSu-2l4m6zHMXjPuf90dzp_Ei6KX-qqfgkO_R86IzsDPCK-5AWcvuFIcjeVdM1pB33MBdHaA&amp;__tn__=-]C%2CP-R\">Istituto Italiano di Cultura di Berlino<\/a><\/strong>) &#8211;<mark style=\"background-color:rgba(0, 0, 0, 0);color:#3366ff\" class=\"has-inline-color\"> <a rel=\"noreferrer noopener\" href=\"https:\/\/www.leipziger-buchmesse.de\/pco\/de\/buchmesse\/656054355e216260ab539b33\" target=\"_blank\">Info<\/a><\/mark><\/p>\n<p class=\"has-black-color has-text-color\">Donnerstag, <strong>21. M\u00e4rz \/ 19:30<\/strong> \/ <a rel=\"noreferrer noopener\" href=\"https:\/\/www.leibniz-gwzo.de\/de\" target=\"_blank\"><mark style=\"background-color:rgba(0, 0, 0, 0);color:#3366ff\" class=\"has-inline-color\">GWZO<\/mark><\/a> \/ <strong>Pavol Rankov &#8222;Der kleine Donaukrieg&#8220;<\/strong> &#8211; <a rel=\"noreferrer noopener\" href=\"https:\/\/www.leipziger-buchmesse.de\/pco\/de\/buchmesse\/65ba48817f7cf55d933b69b4\" target=\"_blank\"><mark style=\"background-color:rgba(0, 0, 0, 0);color:#3366ff\" class=\"has-inline-color\">Info<\/mark><\/a> &#8211; <a rel=\"noreferrer noopener\" href=\"https:\/\/www.facebook.com\/events\/784196380223775\/\" target=\"_blank\"><mark style=\"background-color:rgba(0, 0, 0, 0);color:#3366ff\" class=\"has-inline-color\">Faceboo<\/mark>k<\/a><\/p>\n<p class=\"has-black-color has-text-color\">Freitag, <strong>22. M\u00e4rz \/ 13:00<\/strong> \/ CAF\u00c9 EUROPA (Halle 4, Stand E401\/403) \/ <strong>Pavol Rankov &#8222;Der kleine Donaukrieg&#8220;<\/strong> &#8211; <a rel=\"noreferrer noopener\" href=\"https:\/\/www.leipziger-buchmesse.de\/pco\/de\/buchmesse\/65801cd7e49fe83f71570c32\" target=\"_blank\"><mark style=\"background-color:rgba(0, 0, 0, 0);color:#3366ff\" class=\"has-inline-color\">Info<\/mark><\/a> &#8211; <a rel=\"noreferrer noopener\" href=\"https:\/\/www.facebook.com\/events\/754798746605578\" target=\"_blank\"><mark style=\"background-color:rgba(0, 0, 0, 0);color:#3366ff\" class=\"has-inline-color\">Facebook<\/mark><\/a><\/p>\n<p>   .<\/p>\n<figure class=\"wp-block-gallery has-nested-images columns-default is-cropped wp-block-gallery-3 is-layout-flex wp-block-gallery-is-layout-flex\">\n<figure class=\"wp-block-image size-large\"><a href=\"http:\/\/slowakei-leipzig.de\/wp-content\/uploads\/2024\/04\/434063619_826896929469228_5641466868703170051_n.jpg\"><img loading=\"lazy\" decoding=\"async\" width=\"1024\" height=\"768\" data-id=\"2877\" src=\"http:\/\/slowakei-leipzig.de\/wp-content\/uploads\/2024\/04\/434063619_826896929469228_5641466868703170051_n-1024x768.jpg\" alt=\"\" class=\"wp-image-2877\" srcset=\"https:\/\/slowakei-leipzig.de\/wp-content\/uploads\/2024\/04\/434063619_826896929469228_5641466868703170051_n-1024x768.jpg 1024w, https:\/\/slowakei-leipzig.de\/wp-content\/uploads\/2024\/04\/434063619_826896929469228_5641466868703170051_n-300x225.jpg 300w, https:\/\/slowakei-leipzig.de\/wp-content\/uploads\/2024\/04\/434063619_826896929469228_5641466868703170051_n-768x576.jpg 768w, https:\/\/slowakei-leipzig.de\/wp-content\/uploads\/2024\/04\/434063619_826896929469228_5641466868703170051_n-1536x1152.jpg 1536w, https:\/\/slowakei-leipzig.de\/wp-content\/uploads\/2024\/04\/434063619_826896929469228_5641466868703170051_n.jpg 1600w\" sizes=\"auto, (max-width: 1024px) 100vw, 1024px\" \/><\/a><\/figure>\n<figure class=\"wp-block-image size-large\"><a href=\"http:\/\/slowakei-leipzig.de\/wp-content\/uploads\/2024\/04\/frontcover_rankov.jpg\"><img loading=\"lazy\" decoding=\"async\" width=\"629\" height=\"1024\" data-id=\"2879\" src=\"http:\/\/slowakei-leipzig.de\/wp-content\/uploads\/2024\/04\/frontcover_rankov-629x1024.jpg\" alt=\"\" class=\"wp-image-2879\" srcset=\"https:\/\/slowakei-leipzig.de\/wp-content\/uploads\/2024\/04\/frontcover_rankov-629x1024.jpg 629w, https:\/\/slowakei-leipzig.de\/wp-content\/uploads\/2024\/04\/frontcover_rankov-184x300.jpg 184w, https:\/\/slowakei-leipzig.de\/wp-content\/uploads\/2024\/04\/frontcover_rankov-768x1250.jpg 768w, https:\/\/slowakei-leipzig.de\/wp-content\/uploads\/2024\/04\/frontcover_rankov-944x1536.jpg 944w, https:\/\/slowakei-leipzig.de\/wp-content\/uploads\/2024\/04\/frontcover_rankov-1258x2048.jpg 1258w, https:\/\/slowakei-leipzig.de\/wp-content\/uploads\/2024\/04\/frontcover_rankov.jpg 1539w\" sizes=\"auto, (max-width: 629px) 100vw, 629px\" \/><\/a><\/figure>\n<figure class=\"wp-block-image size-large\"><a href=\"http:\/\/slowakei-leipzig.de\/wp-content\/uploads\/2024\/04\/plakat_rankov.jpg\"><img loading=\"lazy\" decoding=\"async\" width=\"724\" height=\"1024\" data-id=\"2878\" src=\"http:\/\/slowakei-leipzig.de\/wp-content\/uploads\/2024\/04\/plakat_rankov-724x1024.jpg\" alt=\"\" class=\"wp-image-2878\" srcset=\"https:\/\/slowakei-leipzig.de\/wp-content\/uploads\/2024\/04\/plakat_rankov-724x1024.jpg 724w, https:\/\/slowakei-leipzig.de\/wp-content\/uploads\/2024\/04\/plakat_rankov-212x300.jpg 212w, https:\/\/slowakei-leipzig.de\/wp-content\/uploads\/2024\/04\/plakat_rankov-768x1086.jpg 768w, https:\/\/slowakei-leipzig.de\/wp-content\/uploads\/2024\/04\/plakat_rankov-1086x1536.jpg 1086w, https:\/\/slowakei-leipzig.de\/wp-content\/uploads\/2024\/04\/plakat_rankov.jpg 1240w\" sizes=\"auto, (max-width: 724px) 100vw, 724px\" \/><\/a><\/figure>\n<\/figure>\n<hr class=\"wp-block-separator has-alpha-channel-opacity\"\/>\n<h6 class=\"wp-block-heading\">27.\/28.10.2023 \/ Lesungen<\/h6>\n<h4 class=\"wp-block-heading has-text-color\" style=\"color:#3366ff\"><strong>Lesungen mit Michal Hvorecky in Dresden<\/strong><\/h4>\n<p class=\"has-black-color has-text-color\">Der Verein der<mark style=\"background-color:rgba(0, 0, 0, 0);color:#3366ff\" class=\"has-inline-color\"><a rel=\"noreferrer noopener\" href=\"http:\/\/www.slovacivsasku.de\/\" target=\"_blank\"> Slowaken in Sachsen \/ Slov\u00e1ci v Sasku e. V<\/a>.<\/mark> veranstaltet gemeinsam mit den Dresdener St\u00e4dtischen Bibliotheken zwei Lesungen mit dem bekannten slowakischen Autoren, \u00dcberesetzer und Journalisten M. Hvorecky. Das Projekt wird gef\u00f6rdert vom <a rel=\"noreferrer noopener\" href=\"https:\/\/www.litcentrum.sk\/\" target=\"_blank\"><mark style=\"background-color:rgba(0, 0, 0, 0);color:#3366ff\" class=\"has-inline-color\">Slowakischen Literaturzentrum Bratislava<\/mark><\/a>.<\/p>\n<p class=\"has-black-color has-text-color\"><strong>27.10.2023 19:30 Lesung f\u00fcr Erwachsene \u201eEin Mitteleurop\u00e4er aus Bratislava zu Gast in Dresden&#8220;<\/strong><\/p>\n<p class=\"has-black-color has-text-color\">Informationen finden Sie <a rel=\"noreferrer noopener\" href=\"https:\/\/augusto-sachsen.de\/veranstaltungen\/t\/4216903\/27.10.2023_ein-mitteleuropaeer-aus-bratislava-zu-gast-in-dresden\" target=\"_blank\"><mark style=\"background-color:rgba(0, 0, 0, 0);color:#3366ff\" class=\"has-inline-color\">hier<\/mark><\/a> und bei <a rel=\"noreferrer noopener\" href=\"https:\/\/www.facebook.com\/events\/292166160067212\" target=\"_blank\"><mark style=\"background-color:rgba(0, 0, 0, 0);color:#3366ff\" class=\"has-inline-color\">Facebook.<\/mark> <\/a><\/p>\n<p class=\"has-black-color has-text-color\">\n<p class=\"has-black-color has-text-color\"><strong>28.10.203 10:30 Lesung f\u00fcr Familien \u201eDie Donau &#8211; Ein magischer Fluss\u201c <\/strong><\/p>\n<p class=\"has-black-color has-text-color\">Informationen finden Sie <a rel=\"noreferrer noopener\" href=\"https:\/\/augusto-sachsen.de\/veranstaltungen\/t\/4216921\/28.10.2023_familienlesung-mit-michal-hvoreck%25C3%25BD-donau-ein-magischer-fluss\" target=\"_blank\"><mark style=\"background-color:rgba(0, 0, 0, 0);color:#3366ff\" class=\"has-inline-color\">hier<\/mark><\/a> und bei <a rel=\"noreferrer noopener\" href=\"https:\/\/www.facebook.com\/events\/599053192432561\" target=\"_blank\"><mark style=\"background-color:rgba(0, 0, 0, 0);color:#3366ff\" class=\"has-inline-color\">Facebook.<\/mark> <\/a><\/p>\n<p>. <\/p>\n<figure class=\"wp-block-gallery has-nested-images columns-default is-cropped wp-block-gallery-4 is-layout-flex wp-block-gallery-is-layout-flex\">\n<figure class=\"wp-block-image size-large\"><a href=\"http:\/\/slowakei-leipzig.de\/wp-content\/uploads\/2024\/04\/FB-Header-Hvorecky-Lesung-Leipzig.jpg\"><img loading=\"lazy\" decoding=\"async\" width=\"1024\" height=\"580\" data-id=\"2882\" src=\"http:\/\/slowakei-leipzig.de\/wp-content\/uploads\/2024\/04\/FB-Header-Hvorecky-Lesung-Leipzig-1024x580.jpg\" alt=\"\" class=\"wp-image-2882\" srcset=\"https:\/\/slowakei-leipzig.de\/wp-content\/uploads\/2024\/04\/FB-Header-Hvorecky-Lesung-Leipzig-1024x580.jpg 1024w, https:\/\/slowakei-leipzig.de\/wp-content\/uploads\/2024\/04\/FB-Header-Hvorecky-Lesung-Leipzig-300x170.jpg 300w, https:\/\/slowakei-leipzig.de\/wp-content\/uploads\/2024\/04\/FB-Header-Hvorecky-Lesung-Leipzig-768x435.jpg 768w, https:\/\/slowakei-leipzig.de\/wp-content\/uploads\/2024\/04\/FB-Header-Hvorecky-Lesung-Leipzig.jpg 1200w\" sizes=\"auto, (max-width: 1024px) 100vw, 1024px\" \/><\/a><\/figure>\n<\/figure>\n<p><a href=\"\"><\/a><a href=\"\"><\/a><\/p>\n<hr class=\"wp-block-separator has-alpha-channel-opacity\"\/>\n<h6 class=\"wp-block-heading\">26.10. &#8211; 12.11.2023 | Kulturfestival<\/h6>\n<h4 class=\"wp-block-heading has-text-color\" style=\"color:#3366ff\"><strong>25. Tschechisch-Deutsche Kulturtage Dresden &#8211; Slowakisches Programm<\/strong><\/h4>\n<p class=\"has-black-color has-text-color\">Vom 26.10. bis zum 12.11.2023 finden zum 25. Mal die Tschechisch-Deutschen Kulturtage in Dresden statt. Wie jedes Jahr l\u00e4sst sich die enge Verbindung Tschechiens zur Slowakei nicht leugnen und wird gerade in diesem Jahr &#8211; 30 Jahre unabh\u00e4ngige Staatsgr\u00fcndungen &#8211; explizit hervorgehoben. Das Gesamtprogramm finden Sie <a rel=\"noreferrer noopener\" href=\"https:\/\/www.tdkt.info\/programm\/veranstaltungen\/\" target=\"_blank\"><mark style=\"background-color:rgba(0, 0, 0, 0);color:#3366ff\" class=\"has-inline-color\">hier<\/mark><\/a><mark style=\"background-color:rgba(0, 0, 0, 0);color:#176fe9\" class=\"has-inline-color\">.<\/mark>  Veranstaltung auf <a href=\"https:\/\/www.facebook.com\/TschechischDeutscheKulturtage\" target=\"_blank\" rel=\"noreferrer noopener\"><mark style=\"background-color:rgba(0, 0, 0, 0);color:#3366ff\" class=\"has-inline-color\">Facebook<\/mark><\/a>.<\/p>\n<figure class=\"wp-block-image size-large is-resized\"><a href=\"http:\/\/slowakei-leipzig.de\/wp-content\/uploads\/2023\/08\/334665398_926007815251686_8476256698525511991_n.jpg\"><img loading=\"lazy\" decoding=\"async\" width=\"1024\" height=\"390\" src=\"http:\/\/slowakei-leipzig.de\/wp-content\/uploads\/2023\/08\/334665398_926007815251686_8476256698525511991_n-1024x390.jpg\" alt=\"\" class=\"wp-image-2787\" style=\"width:727px;height:276px\" srcset=\"https:\/\/slowakei-leipzig.de\/wp-content\/uploads\/2023\/08\/334665398_926007815251686_8476256698525511991_n-1024x390.jpg 1024w, https:\/\/slowakei-leipzig.de\/wp-content\/uploads\/2023\/08\/334665398_926007815251686_8476256698525511991_n-300x114.jpg 300w, https:\/\/slowakei-leipzig.de\/wp-content\/uploads\/2023\/08\/334665398_926007815251686_8476256698525511991_n-768x292.jpg 768w, https:\/\/slowakei-leipzig.de\/wp-content\/uploads\/2023\/08\/334665398_926007815251686_8476256698525511991_n-1536x585.jpg 1536w, https:\/\/slowakei-leipzig.de\/wp-content\/uploads\/2023\/08\/334665398_926007815251686_8476256698525511991_n.jpg 1708w\" sizes=\"auto, (max-width: 1024px) 100vw, 1024px\" \/><\/a><\/figure>\n<div class=\"wp-block-group is-vertical is-layout-flex wp-container-core-group-is-layout-8cf370e7 wp-block-group-is-layout-flex\">\n<p class=\"has-black-color has-text-color\"><strong>27.10.2023<\/strong> &nbsp; \u2022 &nbsp; 09:00 Uhr -17:00&nbsp;&nbsp; \u2022 &nbsp;&nbsp; Zentralbibliothek im Kulturpalast, Dresden<\/p>\n<p class=\"has-black-color has-text-color\"><strong>14. Bohemicum Dresdense: Vom Maulwurf (und davor) bis heute. Tschechische und slowakische Kinder\u2010 und Jugendliteratur&nbsp;<\/strong><\/p>\n<p class=\"has-black-color has-text-color\"><a href=\"\"><\/a>Infos <a rel=\"noreferrer noopener\" href=\"https:\/\/www.tdkt.info\/events\/2023\/bohemicum-dresdense\/\" target=\"_blank\"><mark style=\"background-color:rgba(0, 0, 0, 0);color:#3366ff\" class=\"has-inline-color\">hier<\/mark><\/a><\/p>\n<\/div>\n<div class=\"wp-block-group is-vertical is-layout-flex wp-container-core-group-is-layout-8cf370e7 wp-block-group-is-layout-flex\">\n<p class=\"has-black-color has-text-color\"><strong>01.11.2023<\/strong> &nbsp; \u2022 &nbsp; 18:00 Uhr &nbsp;&nbsp; \u2022 &nbsp;&nbsp; Gedenkst\u00e4tte Bautzner Stra\u00dfe, Dresden<\/p>\n<p class=\"has-black-color has-text-color\"><strong>Film und Podiumsdiskussion: &#8222;Von Deutschland nach Deutschland \u00fcber die Tschechoslowakei&#8220;<\/strong><\/p>\n<p class=\"has-black-color has-text-color\"><a href=\"\"><\/a>Infos <a rel=\"noreferrer noopener\" href=\"https:\/\/www.tdkt.info\/events\/2023\/from-germany-to-germany-via-czechoslowakia\/\" target=\"_blank\"><mark style=\"background-color:rgba(0, 0, 0, 0);color:#3366ff\" class=\"has-inline-color\">hier<\/mark><\/a><\/p>\n<\/div>\n<div class=\"wp-block-group is-vertical is-layout-flex wp-container-core-group-is-layout-8cf370e7 wp-block-group-is-layout-flex\">\n<p class=\"has-black-color has-text-color\"><strong>&nbsp;05.11.2023<\/strong> &nbsp; \u2022 &nbsp; 18:00 Uhr &nbsp;&nbsp; \u2022 &nbsp;&nbsp; Programmkino Ost, Dresden<\/p>\n<p class=\"has-black-color has-text-color\"><strong>Historisches Drama: &#8222;Il Boemo&#8220;<\/strong> (CZ\/IT\/SK 2022, 140 min, Regie: Petr V\u00e1clav, OmdtU)<\/p>\n<p class=\"has-black-color has-text-color\"><a href=\"\"><\/a>Infos <a rel=\"noreferrer noopener\" href=\"https:\/\/www.tdkt.info\/events\/2023\/il-boemo\/\" target=\"_blank\"><mark style=\"background-color:rgba(0, 0, 0, 0);color:#3366ff\" class=\"has-inline-color\">hier<\/mark><\/a><\/p>\n<\/div>\n<div class=\"wp-block-group is-vertical is-layout-flex wp-container-core-group-is-layout-8cf370e7 wp-block-group-is-layout-flex\">\n<p class=\"has-black-color has-text-color\"><strong>&nbsp;08.11.2023 &nbsp; <\/strong>\u2022 &nbsp; 18:00 Uhr &nbsp;&nbsp; \u2022 &nbsp;&nbsp; Gedenkst\u00e4tte Bautzner Stra\u00dfe, Dresden<\/p>\n<p class=\"has-black-color has-text-color\"><strong>Podiumsdiskussion: Geteilte Erinnerung? Der Prager Fr\u00fchling im Ged\u00e4chtnis der Tschechen, Slowaken und Ostdeutschen<\/strong><\/p>\n<p class=\"has-black-color has-text-color\">Infos<a rel=\"noreferrer noopener\" href=\"https:\/\/www.tdkt.info\/events\/2023\/geteilte-erinnerung\/\" target=\"_blank\"> <mark style=\"background-color:rgba(0, 0, 0, 0);color:#3366ff\" class=\"has-inline-color\">hier<\/mark><\/a><\/p>\n<\/div>\n<div class=\"wp-block-group is-vertical is-layout-flex wp-container-core-group-is-layout-8cf370e7 wp-block-group-is-layout-flex\">\n<p class=\"has-black-color has-text-color\">&nbsp;<strong>09.11.2023<\/strong> &nbsp; \u2022 &nbsp; 18:00 Uhr &nbsp;&nbsp; \u2022 &nbsp;&nbsp; Stadtbibliothek Sebnitz<\/p>\n<p class=\"has-black-color has-text-color\"><strong>Podiumsdiskussion mit Film: Lasst uns Freunde bleiben. Die Aufl\u00f6sung der Tschechoslowakei.<\/strong><\/p>\n<p class=\"has-black-color has-text-color\">In einem Podiumsgespr\u00e4ch mit dem slowakischen Historiker Du\u0161an Sege\u0161 wollen wir die slowakische Sicht auf die Ereignisse beleuchten. Einf\u00fchrend wird dazu eine kurze Doku des Tschechischen Fernsehens gezeigt.<\/p>\n<p class=\"has-black-color has-text-color\"><a href=\"\"><\/a>Infos <a rel=\"noreferrer noopener\" href=\"https:\/\/www.tdkt.info\/events\/2023\/trennung-tschechien-slowakei\/\" target=\"_blank\"><mark style=\"background-color:rgba(0, 0, 0, 0);color:#3366ff\" class=\"has-inline-color\">hier<\/mark><\/a><\/p>\n<\/div>\n<hr class=\"wp-block-separator has-alpha-channel-opacity\"\/>\n<h6 class=\"wp-block-heading\">28.09.2023 | Konzert<\/h6>\n<h4 class=\"wp-block-heading has-text-color\" style=\"color:#3366ff\"><strong>Wirtschaft trifft Kultur: Altar Quartet (SVK) + K\u00e4stner\/Meinig<\/strong><\/h4>\n<p class=\"has-black-color has-text-color\">Zeit: 19:00 &#8211; 22:00<\/p>\n<p class=\"has-black-color has-text-color\">Ort: Alte Handelsb\u00f6rse Leipzig<\/p>\n<figure class=\"wp-block-image size-large\"><a href=\"http:\/\/slowakei-leipzig.de\/wp-content\/uploads\/2023\/08\/Unbenannt.jpg\"><img loading=\"lazy\" decoding=\"async\" width=\"1024\" height=\"374\" src=\"http:\/\/slowakei-leipzig.de\/wp-content\/uploads\/2023\/08\/Unbenannt-1024x374.jpg\" alt=\"\" class=\"wp-image-2783\" srcset=\"https:\/\/slowakei-leipzig.de\/wp-content\/uploads\/2023\/08\/Unbenannt-1024x374.jpg 1024w, https:\/\/slowakei-leipzig.de\/wp-content\/uploads\/2023\/08\/Unbenannt-300x109.jpg 300w, https:\/\/slowakei-leipzig.de\/wp-content\/uploads\/2023\/08\/Unbenannt-768x280.jpg 768w, https:\/\/slowakei-leipzig.de\/wp-content\/uploads\/2023\/08\/Unbenannt.jpg 1110w\" sizes=\"auto, (max-width: 1024px) 100vw, 1024px\" \/><\/a><\/figure>\n<p class=\"has-black-color has-text-color\">In Zusammenarbeit mit dem Honorarkonsul der Slowakischen Republik f\u00fcr Sachsen und Th\u00fcringen, Herrn Dr. Albrecht Tintelnot, dem Slowakischen Institut Berlin, der IHK zu Leipzig sowie unter Regie des LeiJAZZig e. V. findet im Rahmen der neuen Veranstaltungsreihe \u201e<a href=\"https:\/\/www.leipzig.ihk.de\/infos-fuer-unternehmen\/wirtschaft-trifft-kultur\/\" target=\"_blank\" rel=\"noreferrer noopener\"><mark style=\"background-color:rgba(0, 0, 0, 0);color:#3366ff\" class=\"has-inline-color\">Wirtschaft trifft Kultur<\/mark><\/a>\u201c ein deutsch-slowakisches Jazzkonzert statt. <\/p>\n<p class=\"has-black-color has-text-color\">Die slowakischen Ausnahmemusiker des \u201e<a rel=\"noreferrer noopener\" href=\"https:\/\/www.jazz.sk\/musicians\/nikolaj-nikitin\" target=\"_blank\"><mark style=\"background-color:rgba(0, 0, 0, 0);color:#3366ff\" class=\"has-inline-color\">Altar Quartet<\/mark><\/a>\u201c unter der Leitung des Saxophonisten <a rel=\"noreferrer noopener\" href=\"https:\/\/www.jazz.sk\/musicians\/nikolaj-nikitin\" target=\"_blank\"><mark style=\"background-color:rgba(0, 0, 0, 0);color:#3366ff\" class=\"has-inline-color\">Nikolai Nikitin<\/mark><\/a><mark style=\"background-color:rgba(0, 0, 0, 0);color:#3366e3\" class=\"has-inline-color\"> <\/mark>und des Pianisten <a rel=\"noreferrer noopener\" href=\"https:\/\/www.popular.sk\/stitky\/lubos-sramek\" target=\"_blank\"><mark style=\"background-color:rgba(0, 0, 0, 0);color:#3366ff\" class=\"has-inline-color\">\u013dubo\u0161 \u0160r\u00e1mek<\/mark><\/a> treffen auf die Leipziger <a rel=\"noreferrer noopener\" href=\"http:\/\/floriankaestner.com\/info\/\" target=\"_blank\"><mark style=\"background-color:rgba(0, 0, 0, 0);color:#3366ff\" class=\"has-inline-color\">Florian K\u00e4stner<\/mark><\/a> (p) und <a rel=\"noreferrer noopener\" href=\"http:\/\/andrismeinig.de\/\" target=\"_blank\"><mark style=\"background-color:rgba(0, 0, 0, 0);color:#0566ff\" class=\"has-inline-color\">Andris Meinig<\/mark><\/a> (kb). Gemeinsam werden sie die B\u00fchne der Alten B\u00f6rse mit wunderbarer Musik erf\u00fcllen. <\/p>\n<p class=\"has-black-color has-text-color\">Weitere <a rel=\"noreferrer noopener\" href=\"https:\/\/www.leipjazzig.de\/event\/wirtschaft-trifft-kultur-altar-quartet-svk-kaestner-meinig\/\" target=\"_blank\"><mark style=\"background-color:rgba(0, 0, 0, 0);color:#3366e3\" class=\"has-inline-color\">Informationen<\/mark><\/a> &#8211; Veranstaltung auf<strong> <\/strong><a rel=\"noreferrer noopener\" href=\"https:\/\/www.facebook.com\/events\/1423010701855239\" target=\"_blank\"><mark style=\"background-color:rgba(0, 0, 0, 0);color:#3366ff\" class=\"has-inline-color\">Facebook<\/mark><\/a><\/p>\n<p class=\"has-black-color has-text-color\">Kooperationspartner\/ F\u00f6rderer : <a rel=\"noreferrer noopener\" href=\"https:\/\/www.leipjazzig.de\/\" target=\"_blank\"><mark style=\"background-color:rgba(0, 0, 0, 0);color:#3366ff\" class=\"has-inline-color\">LeipJAZZig e. <\/mark>V.<\/a> &#8211; <a rel=\"noreferrer noopener\" href=\"https:\/\/www.mzv.sk\/siberlin\" target=\"_blank\"><mark style=\"background-color:rgba(0, 0, 0, 0);color:#3366e1\" class=\"has-inline-color\">Slowakisches Institut Berlin<\/mark><\/a><mark style=\"background-color:rgba(0, 0, 0, 0);color:#3366ff\" class=\"has-inline-color\"> <\/mark>&#8211; <a rel=\"noreferrer noopener\" href=\"https:\/\/www.leipzig.ihk.de\/infos-fuer-unternehmen\/wirtschaft-trifft-kultur\/\" target=\"_blank\"><mark style=\"background-color:rgba(0, 0, 0, 0);color:#3366ff\" class=\"has-inline-color\">IHK zu Leipzig<\/mark><\/a> &#8211; <a rel=\"noreferrer noopener\" href=\"https:\/\/www.fpu.sk\/sk\/\" target=\"_blank\"><mark style=\"background-color:rgba(0, 0, 0, 0);color:#3366ff\" class=\"has-inline-color\">Fond na podporu umenia<\/mark><\/a><\/p>\n<p>Karten im Vorverkauf bei <a rel=\"noreferrer noopener\" href=\"https:\/\/www.tixforgigs.com\/Event\/50741\" target=\"_blank\"><mark style=\"background-color:rgba(0, 0, 0, 0);color:#3366ff\" class=\"has-inline-color\">TixforGigs<\/mark> <\/a>und am 28. September ab 18 Uhr an der Abendkasse.<\/p>\n<div class=\"wp-block-columns are-vertically-aligned-center is-layout-flex wp-container-core-columns-is-layout-9d6595d7 wp-block-columns-is-layout-flex\">\n<div class=\"wp-block-column is-vertically-aligned-center is-layout-flow wp-block-column-is-layout-flow\">\n<figure class=\"wp-block-image size-full is-resized\"><a href=\"http:\/\/slowakei-leipzig.de\/wp-content\/uploads\/2023\/09\/327160732_686211043223864_4624040670233236009_n.jpg\"><img loading=\"lazy\" decoding=\"async\" width=\"315\" height=\"106\" src=\"http:\/\/slowakei-leipzig.de\/wp-content\/uploads\/2023\/09\/327160732_686211043223864_4624040670233236009_n.jpg\" alt=\"\" class=\"wp-image-2799\" style=\"width:114px;height:38px\" srcset=\"https:\/\/slowakei-leipzig.de\/wp-content\/uploads\/2023\/09\/327160732_686211043223864_4624040670233236009_n.jpg 315w, https:\/\/slowakei-leipzig.de\/wp-content\/uploads\/2023\/09\/327160732_686211043223864_4624040670233236009_n-300x101.jpg 300w\" sizes=\"auto, (max-width: 315px) 100vw, 315px\" \/><\/a><\/figure>\n<\/div>\n<div class=\"wp-block-column is-vertically-aligned-center is-layout-flow wp-block-column-is-layout-flow\">\n<figure class=\"wp-block-image size-full is-resized\"><a href=\"http:\/\/slowakei-leipzig.de\/wp-content\/uploads\/2023\/09\/WirtschaftTrifftKultur-300x192-1.png\"><img loading=\"lazy\" decoding=\"async\" width=\"300\" height=\"192\" src=\"http:\/\/slowakei-leipzig.de\/wp-content\/uploads\/2023\/09\/WirtschaftTrifftKultur-300x192-1.png\" alt=\"\" class=\"wp-image-2796\" style=\"width:86px;height:54px\"\/><\/a><\/figure>\n<\/div>\n<div class=\"wp-block-column is-vertically-aligned-center is-layout-flow wp-block-column-is-layout-flow\">\n<figure class=\"wp-block-image size-large is-resized\"><a href=\"http:\/\/slowakei-leipzig.de\/wp-content\/uploads\/2023\/09\/FPU_logo1_modre-1-scaled.jpg\"><img loading=\"lazy\" decoding=\"async\" width=\"1024\" height=\"768\" src=\"http:\/\/slowakei-leipzig.de\/wp-content\/uploads\/2023\/09\/FPU_logo1_modre-1-1024x768.jpg\" alt=\"\" class=\"wp-image-2795\" style=\"width:101px;height:76px\" srcset=\"https:\/\/slowakei-leipzig.de\/wp-content\/uploads\/2023\/09\/FPU_logo1_modre-1-1024x768.jpg 1024w, https:\/\/slowakei-leipzig.de\/wp-content\/uploads\/2023\/09\/FPU_logo1_modre-1-300x225.jpg 300w, https:\/\/slowakei-leipzig.de\/wp-content\/uploads\/2023\/09\/FPU_logo1_modre-1-768x576.jpg 768w, https:\/\/slowakei-leipzig.de\/wp-content\/uploads\/2023\/09\/FPU_logo1_modre-1-1536x1152.jpg 1536w, https:\/\/slowakei-leipzig.de\/wp-content\/uploads\/2023\/09\/FPU_logo1_modre-1-2048x1536.jpg 2048w\" sizes=\"auto, (max-width: 1024px) 100vw, 1024px\" \/><\/a><\/figure>\n<\/div>\n<div class=\"wp-block-column is-vertically-aligned-center is-layout-flow wp-block-column-is-layout-flow\">\n<figure class=\"wp-block-image size-large\"><a href=\"http:\/\/slowakei-leipzig.de\/wp-content\/uploads\/2023\/09\/si-berlin-DE-1.png\"><img loading=\"lazy\" decoding=\"async\" width=\"1024\" height=\"225\" src=\"http:\/\/slowakei-leipzig.de\/wp-content\/uploads\/2023\/09\/si-berlin-DE-1-1024x225.png\" alt=\"\" class=\"wp-image-2798\" srcset=\"https:\/\/slowakei-leipzig.de\/wp-content\/uploads\/2023\/09\/si-berlin-DE-1-1024x225.png 1024w, https:\/\/slowakei-leipzig.de\/wp-content\/uploads\/2023\/09\/si-berlin-DE-1-300x66.png 300w, https:\/\/slowakei-leipzig.de\/wp-content\/uploads\/2023\/09\/si-berlin-DE-1-768x169.png 768w, https:\/\/slowakei-leipzig.de\/wp-content\/uploads\/2023\/09\/si-berlin-DE-1-1536x337.png 1536w, https:\/\/slowakei-leipzig.de\/wp-content\/uploads\/2023\/09\/si-berlin-DE-1.png 1709w\" sizes=\"auto, (max-width: 1024px) 100vw, 1024px\" \/><\/a><\/figure>\n<\/div>\n<div class=\"wp-block-column is-vertically-aligned-center is-layout-flow wp-block-column-is-layout-flow\">\n<figure class=\"wp-block-image size-full\"><a href=\"http:\/\/slowakei-leipzig.de\/wp-content\/uploads\/2021\/06\/Logo-HK-Leipzig.png\"><img loading=\"lazy\" decoding=\"async\" width=\"419\" height=\"79\" src=\"http:\/\/slowakei-leipzig.de\/wp-content\/uploads\/2021\/06\/Logo-HK-Leipzig.png\" alt=\"\" class=\"wp-image-2147\" srcset=\"https:\/\/slowakei-leipzig.de\/wp-content\/uploads\/2021\/06\/Logo-HK-Leipzig.png 419w, https:\/\/slowakei-leipzig.de\/wp-content\/uploads\/2021\/06\/Logo-HK-Leipzig-300x57.png 300w\" sizes=\"auto, (max-width: 419px) 100vw, 419px\" \/><\/a><\/figure>\n<\/div>\n<\/div>\n<hr class=\"wp-block-separator has-alpha-channel-opacity\"\/>\n<h6 class=\"wp-block-heading\">04.\/05.07.2023 | Lesung und Gespr\u00e4ch<\/h6>\n<h4 class=\"wp-block-heading has-text-color\" style=\"color:#3366ff\"><strong>Lesung und Gespr\u00e4ch: Michal Hvorecky &#8211; Ein Mitteleurop\u00e4er aus Bratislava<\/strong><\/h4>\n<p class=\"has-black-color has-text-color\">Der slowakische Autor und Journalist Michal Hvorecky (1976) liest aus seinem aktuellsten Buch \u201eTahiti Utopia\u201c, in welchem er der Idee nachgeht, wie die Geschichte verlaufen w\u00e4re, wenn es Gro\u00dfungarn noch geben und die Slowakei nicht existieren w\u00fcrde. Wenn die Slowaken Mitteleuropa verlassen h\u00e4tten und stattdessen auf der Insel Tahiti einen neuen Versuch eines Staates gewagt h\u00e4tten. Hvorecky greift dabei auf den slowakischen Volkshelden Milan Rastislav \u0160tef\u00e1nik zur\u00fcck, der auch die S\u00fcdsee erforscht hat, aber bei einem tragischen Flugzeugunfall auf ungekl\u00e4rte Weise zu Tode kam. Der Roman spielt im Jahr 2020 und stellt die Geschichte auf den Kopf, betrachtet den neuen Nationalismus und erz\u00e4hlt von der Slowakei aus einer ungewohnten Perspektive.<br \/>\u201eDie mitteleurop\u00e4ische Geschichte wurde noch nie so unterhaltsam erz\u00e4hlt.\u201c schreibt der Tropen Verlag aus seiner Webseite.<\/p>\n<div class=\"wp-block-image\">\n<figure class=\"aligncenter size-large is-resized\"><a href=\"http:\/\/slowakei-leipzig.de\/wp-content\/uploads\/2023\/06\/FB-Header-Hvorecky-Lesung-Leipzig.jpg\"><img loading=\"lazy\" decoding=\"async\" width=\"1024\" height=\"580\" src=\"http:\/\/slowakei-leipzig.de\/wp-content\/uploads\/2023\/06\/FB-Header-Hvorecky-Lesung-Leipzig-1024x580.jpg\" alt=\"\" class=\"wp-image-2646\" style=\"width:669px;height:378px\" srcset=\"https:\/\/slowakei-leipzig.de\/wp-content\/uploads\/2023\/06\/FB-Header-Hvorecky-Lesung-Leipzig-1024x580.jpg 1024w, https:\/\/slowakei-leipzig.de\/wp-content\/uploads\/2023\/06\/FB-Header-Hvorecky-Lesung-Leipzig-300x170.jpg 300w, https:\/\/slowakei-leipzig.de\/wp-content\/uploads\/2023\/06\/FB-Header-Hvorecky-Lesung-Leipzig-768x435.jpg 768w, https:\/\/slowakei-leipzig.de\/wp-content\/uploads\/2023\/06\/FB-Header-Hvorecky-Lesung-Leipzig.jpg 1200w\" sizes=\"auto, (max-width: 1024px) 100vw, 1024px\" \/><\/a><\/figure>\n<\/div>\n<p class=\"has-black-color has-text-color\">\n<p class=\"has-black-color has-text-color\">\n<p class=\"has-black-color has-text-color\">\n<p class=\"has-black-color has-text-color\">\n<p class=\"has-black-color has-text-color\">\n<p class=\"has-black-color has-text-color\">\n<p class=\"has-black-color has-text-color\">\n<p class=\"has-black-color has-text-color\">\n<p class=\"has-black-color has-text-color\">\n<p class=\"has-black-color has-text-color\">\n<p class=\"has-black-color has-text-color\">\n<p class=\"has-black-color has-text-color\">\n<p class=\"has-black-color has-text-color\">\n<p class=\"has-black-color has-text-color\">\n<p class=\"has-black-color has-text-color\">\n<p class=\"has-black-color has-text-color\">\n<p class=\"has-black-color has-text-color\">\n<p class=\"has-black-color has-text-color\">\n<p class=\"has-black-color has-text-color\">\n<p class=\"has-black-color has-text-color\">\n<p class=\"has-black-color has-text-color\">\n<p class=\"has-black-color has-text-color\">\n<p class=\"has-black-color has-text-color\">\n<p class=\"has-black-color has-text-color\">&gt;&gt; <strong>04.07.2023 19:30 Uhr \/\/ bei<a rel=\"noreferrer noopener\" href=\"https:\/\/www.rotorbooks.de\/\" data-type=\"URL\" data-id=\"https:\/\/www.rotorbooks.de\/\" target=\"_blank\"> <mark style=\"background-color:rgba(0, 0, 0, 0);color:#3366ff\" class=\"has-inline-color\">Rotorbooks<\/mark><\/a>,<\/strong> Kolonnadenstra\u00dfe 5-7, Leipzig &lt;&lt;<br \/>Freuen Sie sich auf einen spannenden Abend und kommen Sie mit Michal Hvorecky ins Gespr\u00e4ch. <br \/> Moderation: Stefanie Bose (<em>Sprach- und Kulturmittlerin sowie \u00dcbersetzerin aus dem Slowakischen und Tschechischen)<\/em><br \/>Eintritt frei. \/\/ Da die Pl\u00e4tze begrenzt sind, wird um vorherige Anmeldung gebeten? per E-Mail an <mark style=\"background-color:rgba(0, 0, 0, 0);color:#3366ff\" class=\"has-inline-color\">books@rotorbooks.de<\/mark><\/p>\n<p>&gt;&gt; <strong>05.07.2023 9:15 \u2013 20:45 Uhr \/\/ an der Universit\u00e4t Leipzig \/ Institut f\u00fcr Slavistik<\/strong> &lt;&lt;<br \/>im Rahmen des Seminars &#8222;Tschechische Kultur und Literatur des 20. und 21. Jh.s&#8220; (NSG, Raum 122)<br \/>Eintritt frei. \/\/ f\u00fcr Studierende und Universit\u00e4tsangeh\u00f6rige \/\/ <a rel=\"noreferrer noopener\" href=\"https:\/\/www.philol.uni-leipzig.de\/aktuelles-u-veranstaltungen\/detail-nachrichten\/artikel\/lesung-und-gespraech-mit-michal-hvorecky-ein-mitteleuropaeer-aus-bratislava-slowakei-2023-06-12?fbclid=IwAR2hKfzt86_6a0_zJd5IioyPfjhljvmrggC0uvFb3WjrwpfZXTzHMQzJ78Q\" target=\"_blank\"><mark style=\"background-color:rgba(0, 0, 0, 0);color:#3366ff\" class=\"has-inline-color\">Info hier<\/mark><\/a><\/p>\n<p class=\"has-black-color has-text-color\">Weitere Informationen zum Autor und seinen auf Deutsch erschienen B\u00fcchern beim <mark style=\"background-color:rgba(0, 0, 0, 0);color:#3366ff\" class=\"has-inline-color\"><a href=\"https:\/\/www.klett-cotta.de\/buch\/Gegenwartsliteratur\/Tahiti_Utopia\/136732\" data-type=\"URL\" data-id=\"https:\/\/www.klett-cotta.de\/buch\/Gegenwartsliteratur\/Tahiti_Utopia\/136732\" target=\"_blank\" rel=\"noreferrer noopener\">Tropen Verlag<\/a>.<\/mark><\/p>\n<p class=\"has-black-color has-text-color\"><strong>Kooperationspartner\/Unterst\u00fctzer der Lesung am 04.07.2023<\/strong><br \/>Slowakisches Literaturzentrum Bratislava<br \/>Tropen Verlag <br \/>Rotorbooks <br \/>Die F\u00e4hre &#8211; S\u00e4chsischer Verein zur F\u00f6rderung literarischer \u00dcbersetzungen e. V. <br \/>St\u00e4dtepartnerschaft Leipzig &#8211; Brno e. V.<\/p>\n<p class=\"has-black-color has-text-color\">Mit herzlicher Unterst\u00fctzung von Marie-Theres Cermann (<a href=\"https:\/\/www.litcentrum.sk\/autor\/marie-theres-cermann\/zivotopis-autora\" data-type=\"URL\" data-id=\"https:\/\/www.litcentrum.sk\/autor\/marie-theres-cermann\/zivotopis-autora\" target=\"_blank\" rel=\"noreferrer noopener\"><mark style=\"background-color:rgba(0, 0, 0, 0);color:#3366ff\" class=\"has-inline-color\">\u00dcbersetzerin<\/mark><\/a>)<\/p>\n<p class=\"has-black-color has-text-color\"><strong>Kooperationspartner\/Unterst\u00fctzer<\/strong> <strong>der Lesung am 05.07.2023<\/strong><br \/>Slowakisches Literaturzentrum Bratislava<br \/>Tropen Verlag<br \/>Universit\u00e4t Leipzig \u2013 Institut f\u00fcr Slawistik<br \/>Honorarkonsul der Slowakischen Republik in Leipzig<\/p>\n<div class=\"wp-block-columns is-layout-flex wp-container-core-columns-is-layout-9d6595d7 wp-block-columns-is-layout-flex\">\n<div class=\"wp-block-column is-vertically-aligned-center is-layout-flow wp-block-column-is-layout-flow\">\n<figure class=\"wp-block-image size-full is-resized\"><a href=\"https:\/\/www.litcentrum.sk\/\" target=\"_blank\" rel=\"noreferrer noopener\"><img loading=\"lazy\" decoding=\"async\" width=\"170\" height=\"170\" src=\"http:\/\/slowakei-leipzig.de\/wp-content\/uploads\/2023\/06\/slc-logo-sk.png\" alt=\"\" class=\"wp-image-2697\" style=\"width:97px;height:97px\" srcset=\"https:\/\/slowakei-leipzig.de\/wp-content\/uploads\/2023\/06\/slc-logo-sk.png 170w, https:\/\/slowakei-leipzig.de\/wp-content\/uploads\/2023\/06\/slc-logo-sk-150x150.png 150w, https:\/\/slowakei-leipzig.de\/wp-content\/uploads\/2023\/06\/slc-logo-sk-100x100.png 100w\" sizes=\"auto, (max-width: 170px) 100vw, 170px\" \/><\/a><\/figure>\n<\/div>\n<div class=\"wp-block-column is-vertically-aligned-center is-layout-flow wp-block-column-is-layout-flow\">\n<figure class=\"wp-block-image size-medium is-resized\"><a href=\"https:\/\/www.klett-cotta.de\/buch\/Gegenwartsliteratur\/Tahiti_Utopia\/136732\" target=\"_blank\" rel=\"noreferrer noopener\"><img loading=\"lazy\" decoding=\"async\" width=\"300\" height=\"259\" src=\"http:\/\/slowakei-leipzig.de\/wp-content\/uploads\/2023\/06\/Tropen_Wort_Bild_gross-300x259.jpg\" alt=\"\" class=\"wp-image-2698\" style=\"width:69px;height:59px\" srcset=\"https:\/\/slowakei-leipzig.de\/wp-content\/uploads\/2023\/06\/Tropen_Wort_Bild_gross-300x259.jpg 300w, https:\/\/slowakei-leipzig.de\/wp-content\/uploads\/2023\/06\/Tropen_Wort_Bild_gross-1024x886.jpg 1024w, https:\/\/slowakei-leipzig.de\/wp-content\/uploads\/2023\/06\/Tropen_Wort_Bild_gross-768x664.jpg 768w, https:\/\/slowakei-leipzig.de\/wp-content\/uploads\/2023\/06\/Tropen_Wort_Bild_gross-1536x1329.jpg 1536w, https:\/\/slowakei-leipzig.de\/wp-content\/uploads\/2023\/06\/Tropen_Wort_Bild_gross-2048x1771.jpg 2048w\" sizes=\"auto, (max-width: 300px) 100vw, 300px\" \/><\/a><\/figure>\n<\/div>\n<div class=\"wp-block-column is-vertically-aligned-center is-layout-flow wp-block-column-is-layout-flow\">\n<figure class=\"wp-block-image size-medium\"><a href=\"https:\/\/www.rotorbooks.de\/\" target=\"_blank\" rel=\"noreferrer noopener\"><img loading=\"lazy\" decoding=\"async\" width=\"300\" height=\"300\" src=\"http:\/\/slowakei-leipzig.de\/wp-content\/uploads\/2023\/06\/Rotobooks_4494546-logo-300x300.jpg\" alt=\"\" class=\"wp-image-2701\" srcset=\"https:\/\/slowakei-leipzig.de\/wp-content\/uploads\/2023\/06\/Rotobooks_4494546-logo-300x300.jpg 300w, https:\/\/slowakei-leipzig.de\/wp-content\/uploads\/2023\/06\/Rotobooks_4494546-logo-150x150.jpg 150w, https:\/\/slowakei-leipzig.de\/wp-content\/uploads\/2023\/06\/Rotobooks_4494546-logo-768x768.jpg 768w, https:\/\/slowakei-leipzig.de\/wp-content\/uploads\/2023\/06\/Rotobooks_4494546-logo-100x100.jpg 100w, https:\/\/slowakei-leipzig.de\/wp-content\/uploads\/2023\/06\/Rotobooks_4494546-logo.jpg 1021w\" sizes=\"auto, (max-width: 300px) 100vw, 300px\" \/><\/a><\/figure>\n<\/div>\n<div class=\"wp-block-column is-vertically-aligned-center is-layout-flow wp-block-column-is-layout-flow\">\n<div class=\"wp-block-image\">\n<figure class=\"aligncenter size-full is-resized\"><a href=\"https:\/\/www.faehre-sachsen.de\/\" target=\"_blank\" rel=\"noreferrer noopener\"><img loading=\"lazy\" decoding=\"async\" width=\"209\" height=\"72\" src=\"http:\/\/slowakei-leipzig.de\/wp-content\/uploads\/2023\/06\/Faehre_Logo.png\" alt=\"\" class=\"wp-image-2700\" style=\"width:89px;height:30px\"\/><\/a><\/figure>\n<\/div>\n<\/div>\n<div class=\"wp-block-column is-vertically-aligned-center is-layout-flow wp-block-column-is-layout-flow\">\n<figure class=\"wp-block-image size-medium is-resized\"><a href=\"https:\/\/www.philol.uni-leipzig.de\/aktuelles-u-veranstaltungen\/detail-nachrichten\/artikel\/lesung-und-gespraech-mit-michal-hvorecky-ein-mitteleuropaeer-aus-bratislava-slowakei-2023-06-12?fbclid=IwAR2hKfzt86_6a0_zJd5IioyPfjhljvmrggC0uvFb3WjrwpfZXTzHMQzJ78Q\" target=\"_blank\" rel=\"noreferrer noopener\"><img loading=\"lazy\" decoding=\"async\" width=\"300\" height=\"105\" src=\"http:\/\/slowakei-leipzig.de\/wp-content\/uploads\/2023\/06\/uni-leipzig-300x105.jpg\" alt=\"\" class=\"wp-image-2699\" style=\"width:107px;height:37px\" srcset=\"https:\/\/slowakei-leipzig.de\/wp-content\/uploads\/2023\/06\/uni-leipzig-300x105.jpg 300w, https:\/\/slowakei-leipzig.de\/wp-content\/uploads\/2023\/06\/uni-leipzig.jpg 474w\" sizes=\"auto, (max-width: 300px) 100vw, 300px\" \/><\/a><\/figure>\n<\/div>\n<div class=\"wp-block-column is-vertically-aligned-center is-layout-flow wp-block-column-is-layout-flow\">\n<figure class=\"wp-block-image size-medium is-resized\"><a href=\"https:\/\/www.slowakei-leipzig.de\"><img loading=\"lazy\" decoding=\"async\" width=\"300\" height=\"57\" src=\"http:\/\/slowakei-leipzig.de\/wp-content\/uploads\/2021\/06\/LOGO_Honorarkonsul_leipzig-DE-300x57.png\" alt=\"\" class=\"wp-image-2182\" style=\"width:150px;height:29px\" srcset=\"https:\/\/slowakei-leipzig.de\/wp-content\/uploads\/2021\/06\/LOGO_Honorarkonsul_leipzig-DE-300x57.png 300w, https:\/\/slowakei-leipzig.de\/wp-content\/uploads\/2021\/06\/LOGO_Honorarkonsul_leipzig-DE-768x145.png 768w, https:\/\/slowakei-leipzig.de\/wp-content\/uploads\/2021\/06\/LOGO_Honorarkonsul_leipzig-DE-1024x194.png 1024w\" sizes=\"auto, (max-width: 300px) 100vw, 300px\" \/><\/a><\/figure>\n<\/div>\n<div class=\"wp-block-column is-vertically-aligned-center is-layout-flow wp-block-column-is-layout-flow\">\n<div class=\"wp-block-image\">\n<figure class=\"aligncenter size-medium is-resized\"><a href=\"https:\/\/www.leipzig-brno.de\" target=\"_blank\" rel=\"noreferrer noopener\"><img loading=\"lazy\" decoding=\"async\" width=\"300\" height=\"300\" src=\"http:\/\/slowakei-leipzig.de\/wp-content\/uploads\/2023\/06\/Staedtepartnerschaft-Logo-300x300.jpg\" alt=\"\" class=\"wp-image-2702\" style=\"width:50px;height:50px\" srcset=\"https:\/\/slowakei-leipzig.de\/wp-content\/uploads\/2023\/06\/Staedtepartnerschaft-Logo-300x300.jpg 300w, https:\/\/slowakei-leipzig.de\/wp-content\/uploads\/2023\/06\/Staedtepartnerschaft-Logo-1024x1024.jpg 1024w, https:\/\/slowakei-leipzig.de\/wp-content\/uploads\/2023\/06\/Staedtepartnerschaft-Logo-150x150.jpg 150w, https:\/\/slowakei-leipzig.de\/wp-content\/uploads\/2023\/06\/Staedtepartnerschaft-Logo-768x768.jpg 768w, https:\/\/slowakei-leipzig.de\/wp-content\/uploads\/2023\/06\/Staedtepartnerschaft-Logo-100x100.jpg 100w, https:\/\/slowakei-leipzig.de\/wp-content\/uploads\/2023\/06\/Staedtepartnerschaft-Logo.jpg 1200w\" sizes=\"auto, (max-width: 300px) 100vw, 300px\" \/><\/a><\/figure>\n<\/div>\n<\/div>\n<\/div>\n<hr class=\"wp-block-separator has-alpha-channel-opacity\"\/>\n<h6 class=\"wp-block-heading\">21.03.2023 | Kino<\/h6>\n<h4 class=\"wp-block-heading\"><span style=\"color: #3366ff;\"><strong>Film in Leipzig &#8222;The Killing of a Journalist&#8220; &#8211; \u00fcber den Mord an dem slowakischen Journalisten J\u00e1n Kuciak<\/strong><\/span><\/h4>\n<div class=\"wp-block-image\">\n<figure class=\"alignleft is-resized\"><img loading=\"lazy\" decoding=\"async\" width=\"212\" height=\"300\" src=\"http:\/\/slowakei-leipzig.de\/wp-content\/uploads\/2023\/03\/Film-Jan-Kuciak-1-212x300.jpg\" alt=\"\" class=\"wp-image-2503\" style=\"width:195px;height:276px\"\/><\/figure>\n<\/div>\n<p><span style=\"color: #000000;\"><strong>Datum\/ Zeit: <\/strong>21.03.2023 &#8211; 18:30 &#8211; 20:00 Uhr<strong><br \/>Veranstalter:<\/strong> Eine Welt e.V. Leipzig<\/span><\/p>\n<p><span style=\"color: #000000;\"><strong>Veranstaltungsort:<\/strong> EINE-WELT-HAUS, <span class=\"tribe-address\"><span class=\"tribe-street-address\">Prinz-Eugen-Str. 25, <\/span><span class=\"tribe-locality\">Leipzig<\/span><span class=\"tribe-delimiter\">,<\/span> <span class=\"tribe-postal-code\">04277<\/span> <\/span><\/span><\/p>\n<p><span style=\"color: #000000;\">Regie: Matt Sarnecki | DK, CZ, US | 2022 | 100 Min. | OmeU \u2013 Freier Eintritt.<\/span><\/p>\n<p><span style=\"color: #000000;\">Mehr Informationen:<\/span> <a href=\"https:\/\/einewelt-leipzig.de\/event\/the-killing-of-a-journalist\/\" target=\"_blank\" rel=\"noopener noreferrer\"><span style=\"color: #3366ff;\">hier<\/span><\/a><\/p>\n<p><span style=\"color: #000000;\">oder auf<\/span>&nbsp;<span style=\"color: #3366ff;\"><a style=\"color: #3366ff;\" rel=\"noopener noreferrer\" href=\"https:\/\/www.facebook.com\/events\/604099887812499?ref=newsfeed\" target=\"_blank\"> Facebook.<\/a><\/span><\/p>\n<p>..<\/p>\n<\/p>\n<hr class=\"wp-block-separator has-alpha-channel-opacity\"\/>\n<h6 class=\"wp-block-heading\">06.02.2023 | Online-Lesung &amp; Konzert<\/h6>\n<h4 class=\"wp-block-heading\"><span style=\"color: #3366ff;\"><strong>Digitale Buchvorstellung mit Bildervortrag, Lesung und Konzert: <\/strong><\/span><br \/><strong><span style=\"color: #3366ff;\">Literarischer Reisef\u00fchrer Pressburg \/ Bratislava<\/span><br \/><\/strong><\/h4>\n<p><span style=\"color: #000000;\">mit der Autorin Renata SakoHoess, dem Schauspieler Thomas Birnstiel, den Pianistinnen Eva Herrmann und Inna Schur und dem Geiger Markus Koppe<\/span><\/p>\n<p><span style=\"color: #000000;\">Montag, 6. Februar 2023, 18 Uhr<\/span><br \/><a href=\"https:\/\/www.youtube.com\/watch?v=7zoXfeJrPYA\" target=\"_blank\" rel=\"noopener noreferrer\"><span style=\"color: #0000ff;\"><span style=\"color: #3366ff;\">YouTube-Premiere<\/span><\/span><\/a><br \/><span style=\"color: #000000;\">Tauschen Sie sich mit der Autorin und den Musiker\/inne\/n im Live-Chat aus!<\/span><\/p>\n<div class=\"wp-block-image\">\n<figure class=\"alignleft\"><img loading=\"lazy\" decoding=\"async\" width=\"300\" height=\"169\" src=\"http:\/\/slowakei-leipzig.de\/wp-content\/uploads\/2023\/01\/sako-hoess-digital-300x169.jpg\" alt=\"\" class=\"wp-image-2435\" srcset=\"https:\/\/slowakei-leipzig.de\/wp-content\/uploads\/2023\/01\/sako-hoess-digital-300x169.jpg 300w, https:\/\/slowakei-leipzig.de\/wp-content\/uploads\/2023\/01\/sako-hoess-digital-768x432.jpg 768w, https:\/\/slowakei-leipzig.de\/wp-content\/uploads\/2023\/01\/sako-hoess-digital-1024x576.jpg 1024w, https:\/\/slowakei-leipzig.de\/wp-content\/uploads\/2023\/01\/sako-hoess-digital.jpg 1246w\" sizes=\"auto, (max-width: 300px) 100vw, 300px\" \/><\/figure>\n<\/div>\n<p><span style=\"color: #000000;\">Dieser \u201eh\u00f6chst lesenswerte\u201c Literarische Reisef\u00fchrer, wie die \u201eJ\u00fcdische Allgemeine\u201c urteilte, stellt die slowakische Hauptstadt durch das Prisma von Autorinnen und Autoren aus mehreren Jahrhunderten vor. Das fr\u00fchere Pressburg \u2013 ungarisch Pozsony, slowakisch seit 1919 Bratislava \u2013 war jahrhundertelang ungarische Kr\u00f6nungsstadt und lag an den wichtigen Handelswegen Mitteleuropas. Mehrsprachigkeit war pr\u00e4gend f\u00fcr die hier geborenen und lebenden Literaturschaffenden. Zu diesen geh\u00f6rt der gro\u00dfe Barockgelehrte Matthias Bel oder der deutschsprachige Schriftsteller und \u00dcbersetzer Alfred Marnau, in dessen Werken sich die bewegte Geschichte des 20. Jahrhunderts zeigt. Die Donaustadt erscheint oft als Erinnerungsort, etwa in den zwischen den Weltkriegen entstandenen \u201ePre\u00dfburger Interieurs\u201c von Elsa Grailich oder den \u201ePre\u00dfburger Ghettobildern\u201c von Karl Benyovszky. Sechs literarische Spazierg\u00e4nge begleiten durch die Vielschichtigkeit der Donaumetropole, die auch Schreibende der Gegenwart wie Michal Hvoreck\u00fd oder Jana Be\u0148ov\u00e1 immer wieder fasziniert.<\/span><\/p>\n<p>B<span style=\"color: #000000;\">itte beachten Sie folgenden Hinweis zur<\/span> <span style=\"color: #3366ff;\"><strong><a style=\"color: #3366ff;\" href=\"https:\/\/www.youtube.com\/watch?v=7zoXfeJrPYA\" target=\"_blank\" rel=\"noopener noreferrer\">Online-Teilnahme<\/a><\/strong>:<\/span> <span style=\"color: #000000;\">Die Beteiligung des Publikums ist per Live-Chat m\u00f6glich. Dazu ben\u00f6tigen Sie einen Google- oder YouTube-Account. Mit Ihrer Teilnahme erkl\u00e4ren Sie sich mit der Speicherung und Verbreitung des Live-Chats einverstanden.<\/span><\/p>\n<p>Der Film kann auch nach der Premiere jederzeit abgerufen werden.<\/p>\n<p><span style=\"color: #000000;\">Eine Veranstaltung des<\/span> <span style=\"color: #0000ff;\"><a style=\"color: #0000ff;\" href=\"http:\/\/www.kulturforum.info\" target=\"_blank\" rel=\"noopener noreferrer\"><span style=\"color: #3366ff;\">Deutsches Kulturforum \u00f6stliches Europa e. V.<\/span><\/a><\/span><\/p>\n<hr class=\"wp-block-separator has-alpha-channel-opacity\"\/>\n<h6 class=\"wp-block-heading\">16.12.2022 \u2013 12.03.2023 | Ausstellung\/v\u00fdstava<\/h6>\n<h4 class=\"wp-block-heading\"><span style=\"color: #3366ff;\"><strong>V\u00ddSTAVA: Oto Hudec \u2013 Earthrise!<\/strong><\/span><\/h4>\n<figure class=\"wp-block-image size-full is-resized\"><a href=\"http:\/\/slowakei-leipzig.de\/wp-content\/uploads\/2023\/05\/Ausstellung-earthrise-_-web37.jpg\"><img loading=\"lazy\" decoding=\"async\" width=\"900\" height=\"444\" src=\"http:\/\/slowakei-leipzig.de\/wp-content\/uploads\/2023\/05\/Ausstellung-earthrise-_-web37.jpg\" alt=\"\" class=\"wp-image-2591\" style=\"width:572px;height:282px\" srcset=\"https:\/\/slowakei-leipzig.de\/wp-content\/uploads\/2023\/05\/Ausstellung-earthrise-_-web37.jpg 900w, https:\/\/slowakei-leipzig.de\/wp-content\/uploads\/2023\/05\/Ausstellung-earthrise-_-web37-300x148.jpg 300w, https:\/\/slowakei-leipzig.de\/wp-content\/uploads\/2023\/05\/Ausstellung-earthrise-_-web37-768x379.jpg 768w\" sizes=\"auto, (max-width: 900px) 100vw, 900px\" \/><\/a><\/figure>\n<p><span style=\"color: #000000;\"><strong>Vernis\u00e1\u017e:<\/strong> 15. 12. 2022 o 18:00<\/span><br \/><span style=\"color: #000000;\"><strong>Trvanie v\u00fdstavy:<\/strong> 16. 12. 2022 \u2013 12. 3. 2023<\/span><br \/><span style=\"color: #000000;\"><strong>Kur\u00e1torky:<\/strong>&nbsp;Lenka Kukurov\u00e1, Verena Tintelnot<\/span><br \/><span style=\"color: #000000;\"><strong>kde:&nbsp;<\/strong> Al\u017ebetina 22, Ko\u0161ice<\/span><\/p>\n<p><span style=\"color: #000000;\">&#8222;V\u00fdstava s n\u00e1zvom Earthrise! je umeleck\u00fdm koment\u00e1rom ku vz\u0165ahu \u010dloveka so \u017eivotn\u00fdm prostred\u00edm a z\u00e1rove\u0148 apelom na zmenu. Ko\u0161ick\u00fd umelec Oto Hudec, ako obyvate\u013e plan\u00e9ty Zem, vo v\u00fdstave predstavuje diela, ktor\u00e9 vznikli za minul\u00fdch p\u00e4\u0165 rokov na Slovensku, no i v Gruz\u00ednsku, Nemecku, \u010ceskej republike, \u010di na Kapverdsk\u00fdch ostrovoch.<\/span><\/p>\n<p><span style=\"color: #000000;\">N\u00e1zov v\u00fdstavy odkazuje k fotografii Zeme, ktor\u00e1 vznikla po\u010das vesm\u00edrneho letu v roku 1968 a je na nej zachyten\u00fd povrch mesiaca s \u201evych\u00e1dzaj\u00facou Zemou\u201c na horizonte. Hudec sa pohr\u00e1va s v\u00fdznamom anglick\u00e9ho slova a pridan\u00edm v\u00fdkri\u010dn\u00edka vyz\u00fdva k povstaniu Zeme, \u010d\u00edm ju stavia do centra pozornosti a z\u00e1rove\u0148 vyz\u00fdva na jej akt\u00edvnu ochranu. &#8230;&#8220;<\/span><\/p>\n<p><a href=\"https:\/\/vsg.sk\/oto-hudec-earthrise\/\" target=\"_blank\" rel=\"noopener noreferrer\"><span style=\"color: #3366ff;\">\u010citaj viac!<\/span><\/a><\/p>\n<h4 class=\"wp-block-heading\"><span style=\"color: #3366ff;\"><strong>Exhibition: Oto Hudec \u2013 Earthrise!<\/strong><\/span><\/h4>\n<p><span style=\"color: #000000;\">&#8222;the exhibition <em>Earthrise!<\/em> is an artistic commentary on the relationship between people and the environment and, simultaneously, an appeal for change. Ko\u0161ice artist Oto Hudec, as a resident of the planet Earth, presents in the exhibition works created over the past five years in Slovakia and Georgia, Germany, the Czech Republic, and the Cape Verde Islands.<\/span><\/p>\n<p><span style=\"color: #000000;\">The exhibition&#8217;s title refers to a photograph of Earth taken during spaceflight in 1968 that captures the moon&#8217;s surface with &#8222;Earth rising&#8220; on the horizon. The artist plays with the meaning of the English word and, by adding an exclamation point, calls for the Earth to rise up, putting it in the center of attention and, at the same time, calling for its active protection. &#8230;&#8220;<\/span><\/p>\n<p><span style=\"color: #3366ff;\"><a style=\"color: #3366ff;\" href=\"https:\/\/vsg.sk\/en\/oto-hudec-earthrise-2\/\" target=\"_blank\" rel=\"noopener noreferrer\">read more!<\/a><\/span><\/p>\n<section>\n<hr \/>\n<\/section>\n<h6 class=\"wp-block-heading\"><strong>10.10.2022 \/ Vortrag und Empfang<\/strong><\/h6>\n<div class=\"wp-block-group\">\n<div class=\"wp-block-group__inner-container is-layout-constrained wp-block-group-is-layout-constrained\">\n<h4 class=\"wp-block-heading has-text-color\" style=\"color:#3366ff\"><strong>Vortrag von Ivan Miklo\u0161: &#8222;War in Ukraine \u2013 How it can end and what to do for the stability and prosperity in Central and Eastern Europe\u201d &#8211; Perspective from Visegr\u00e1d 4<\/strong><\/h4>\n<div class=\"wp-block-group is-vertical is-layout-flex wp-container-core-group-is-layout-8cf370e7 wp-block-group-is-layout-flex\">\n<p class=\"has-black-color has-text-color\">aus Anlass der slowakischen Pr\u00e4sidentschaft der Visegr\u00e1d-Gruppe 2022\/2023 <\/p>\n<p class=\"has-black-color has-text-color\">im Auditorium der S\u00e4chsischen Aufbaubank, neue Hauptverwaltung Leipzig<\/p>\n<p class=\"has-black-color has-text-color\"><strong>Ivan Miklo\u0161, <\/strong>war eine der f\u00fchrenden Pers\u00f6nlichkeiten der wirtschaftlichen Transformation in der Slowakei. W\u00e4hrend seiner Amtszeit in den Regierungen von Mikul\u00e1\u0161 Dzurinda (1998-2002 und 2002-2006) konnte die Slowakei eine Reihe von internationalen Erfolgen verbuchen, insbesondere den Beitritt zur OECD (2000), zur NATO (2004) und zur Europ\u00e4ischen Union (2004). Unter seiner F\u00fchrung wurden zahlreiche Reformma\u00dfnahmen, insbesondere im Steuerbereich, durchgef\u00fchrt. Im Jahr 2004 wurde er von der Zeitschrift Euromoney als &#8222;Bester Finanzminister&#8220; ausgezeichnet. Er hat zahlreiche nationale und internationale Auszeichnungen erhalten und wird oft als einer der besten slowakischen Wirtschaftswissenschaftler bezeichnet. Er ist Autor des Buches The Book of Reforms (2005) und anderer Fachpublikationen.<\/p>\n<p class=\"has-black-color has-text-color\">Seit 2014 ist er Mitglied des internationalen Beraterstabs des Nationalen Reformrats der Ukraine und der Plattform VoxUkraine und in den folgenden Jahren bis heute in verschiedenen beratenden Positionen f\u00fcr die ukrainische Regierung t\u00e4tig.<\/p>\n<p class=\"has-black-color has-text-color\">Von 2016-2020 leitete er die Strategische Gruppe zur Unterst\u00fctzung der Reformen in der Ukraine (SAGSUR). Au\u00dferdem ist er Mitbegr\u00fcnder des ukrainischen wirtschaftlichen Think Tanks Centre for Economic Strategy.<\/p>\n<p class=\"has-black-color has-text-color\">Im Jahr 2010 gr\u00fcndete Ivan Miklo\u0161 das Online-Projekt \u201eUniverzita pre moderne Slovensko\u201c (Universit\u00e4t f\u00fcr eine moderne Slowakei), dessen Ziel es ist, wirtschaftswissenschaftliches Wissen an die breite Bev\u00f6lkerung zu vermitteln <mark style=\"background-color:rgba(0, 0, 0, 0);color:#00001e\" class=\"has-inline-color\">(<\/mark><a href=\"http:\/\/www.upms.sk\" target=\"_blank\" rel=\"noreferrer noopener\"><mark style=\"background-color:rgba(0, 0, 0, 0);color:#3266ff\" class=\"has-inline-color\">www.upms.sk<\/mark><\/a><mark style=\"background-color:rgba(0, 0, 0, 0);color:#00001e\" class=\"has-inline-color\"><strong>)<\/strong><\/mark><strong>.<\/strong><\/p>\n<\/p>\n<\/div>\n<div class=\"wp-block-columns is-layout-flex wp-container-core-columns-is-layout-9d6595d7 wp-block-columns-is-layout-flex\">\n<div class=\"wp-block-column is-layout-flow wp-block-column-is-layout-flow\">\n<figure class=\"wp-block-image size-large\"><a href=\"http:\/\/slowakei-leipzig.de\/wp-content\/uploads\/2023\/05\/221010-SAB-Dr-Tintelnot-077-scaled.jpg\"><img loading=\"lazy\" decoding=\"async\" width=\"1024\" height=\"683\" src=\"http:\/\/slowakei-leipzig.de\/wp-content\/uploads\/2023\/05\/221010-SAB-Dr-Tintelnot-077-1024x683.jpg\" alt=\"\" class=\"wp-image-2517\" srcset=\"https:\/\/slowakei-leipzig.de\/wp-content\/uploads\/2023\/05\/221010-SAB-Dr-Tintelnot-077-1024x683.jpg 1024w, https:\/\/slowakei-leipzig.de\/wp-content\/uploads\/2023\/05\/221010-SAB-Dr-Tintelnot-077-300x200.jpg 300w, https:\/\/slowakei-leipzig.de\/wp-content\/uploads\/2023\/05\/221010-SAB-Dr-Tintelnot-077-768x512.jpg 768w, https:\/\/slowakei-leipzig.de\/wp-content\/uploads\/2023\/05\/221010-SAB-Dr-Tintelnot-077-1536x1024.jpg 1536w, https:\/\/slowakei-leipzig.de\/wp-content\/uploads\/2023\/05\/221010-SAB-Dr-Tintelnot-077-2048x1365.jpg 2048w\" sizes=\"auto, (max-width: 1024px) 100vw, 1024px\" \/><\/a><figcaption class=\"wp-element-caption\">Dr. Albrecht Tintelnot (Honorarkonsul der Slowakischen Republik in Sachsen und Th\u00fcringen)<\/p>\n<p>(c) Steffen Junghans<\/figcaption><\/figure>\n<\/div>\n<div class=\"wp-block-column is-layout-flow wp-block-column-is-layout-flow\">\n<figure class=\"wp-block-image size-large\"><a href=\"http:\/\/slowakei-leipzig.de\/wp-content\/uploads\/2023\/05\/221010-SAB-Dr-Tintelnot-103-scaled.jpg\"><img loading=\"lazy\" decoding=\"async\" width=\"1024\" height=\"683\" src=\"http:\/\/slowakei-leipzig.de\/wp-content\/uploads\/2023\/05\/221010-SAB-Dr-Tintelnot-103-1024x683.jpg\" alt=\"\" class=\"wp-image-2520\" srcset=\"https:\/\/slowakei-leipzig.de\/wp-content\/uploads\/2023\/05\/221010-SAB-Dr-Tintelnot-103-1024x683.jpg 1024w, https:\/\/slowakei-leipzig.de\/wp-content\/uploads\/2023\/05\/221010-SAB-Dr-Tintelnot-103-300x200.jpg 300w, https:\/\/slowakei-leipzig.de\/wp-content\/uploads\/2023\/05\/221010-SAB-Dr-Tintelnot-103-768x512.jpg 768w, https:\/\/slowakei-leipzig.de\/wp-content\/uploads\/2023\/05\/221010-SAB-Dr-Tintelnot-103-1536x1024.jpg 1536w, https:\/\/slowakei-leipzig.de\/wp-content\/uploads\/2023\/05\/221010-SAB-Dr-Tintelnot-103-2048x1365.jpg 2048w\" sizes=\"auto, (max-width: 1024px) 100vw, 1024px\" \/><\/a><figcaption class=\"wp-element-caption\">Ivan Miklo\u0161 (ehemaliger Finanzminister der Slowakischen Republik) <\/figcaption><\/figure>\n<p>(c) Steffen Junghans<\/p>\n<\/div>\n<div class=\"wp-block-column is-layout-flow wp-block-column-is-layout-flow\">\n<figure class=\"wp-block-image size-large\"><a href=\"http:\/\/slowakei-leipzig.de\/wp-content\/uploads\/2023\/05\/221010-SAB-Dr-Tintelnot-088-scaled.jpg\"><img loading=\"lazy\" decoding=\"async\" width=\"1024\" height=\"683\" src=\"http:\/\/slowakei-leipzig.de\/wp-content\/uploads\/2023\/05\/221010-SAB-Dr-Tintelnot-088-1024x683.jpg\" alt=\"\" class=\"wp-image-2519\" srcset=\"https:\/\/slowakei-leipzig.de\/wp-content\/uploads\/2023\/05\/221010-SAB-Dr-Tintelnot-088-1024x683.jpg 1024w, https:\/\/slowakei-leipzig.de\/wp-content\/uploads\/2023\/05\/221010-SAB-Dr-Tintelnot-088-300x200.jpg 300w, https:\/\/slowakei-leipzig.de\/wp-content\/uploads\/2023\/05\/221010-SAB-Dr-Tintelnot-088-768x512.jpg 768w, https:\/\/slowakei-leipzig.de\/wp-content\/uploads\/2023\/05\/221010-SAB-Dr-Tintelnot-088-1536x1024.jpg 1536w, https:\/\/slowakei-leipzig.de\/wp-content\/uploads\/2023\/05\/221010-SAB-Dr-Tintelnot-088-2048x1365.jpg 2048w\" sizes=\"auto, (max-width: 1024px) 100vw, 1024px\" \/><\/a><figcaption class=\"wp-element-caption\"> S. E. Mari\u00e1n Jakub\u00f3cy (Botschafter der Slowakischen Republik in Berlin)<\/figcaption><\/figure>\n<p>(c) Steffen Junghans<\/p>\n<\/div>\n<\/div>\n<div class=\"wp-block-columns is-layout-flex wp-container-core-columns-is-layout-9d6595d7 wp-block-columns-is-layout-flex\">\n<div class=\"wp-block-column is-layout-flow wp-block-column-is-layout-flow\">\n<figure class=\"wp-block-image size-large\"><a href=\"http:\/\/slowakei-leipzig.de\/wp-content\/uploads\/2023\/05\/221010-SAB-Dr-Tintelnot-169-scaled.jpg\"><img loading=\"lazy\" decoding=\"async\" width=\"1024\" height=\"683\" src=\"http:\/\/slowakei-leipzig.de\/wp-content\/uploads\/2023\/05\/221010-SAB-Dr-Tintelnot-169-1024x683.jpg\" alt=\"\" class=\"wp-image-2523\" srcset=\"https:\/\/slowakei-leipzig.de\/wp-content\/uploads\/2023\/05\/221010-SAB-Dr-Tintelnot-169-1024x683.jpg 1024w, https:\/\/slowakei-leipzig.de\/wp-content\/uploads\/2023\/05\/221010-SAB-Dr-Tintelnot-169-300x200.jpg 300w, https:\/\/slowakei-leipzig.de\/wp-content\/uploads\/2023\/05\/221010-SAB-Dr-Tintelnot-169-768x512.jpg 768w, https:\/\/slowakei-leipzig.de\/wp-content\/uploads\/2023\/05\/221010-SAB-Dr-Tintelnot-169-1536x1024.jpg 1536w, https:\/\/slowakei-leipzig.de\/wp-content\/uploads\/2023\/05\/221010-SAB-Dr-Tintelnot-169-2048x1365.jpg 2048w\" sizes=\"auto, (max-width: 1024px) 100vw, 1024px\" \/><\/a><\/figure>\n<p>(c) Steffen Junghans<\/p>\n<\/div>\n<div class=\"wp-block-column is-layout-flow wp-block-column-is-layout-flow\">\n<figure class=\"wp-block-image size-large\"><a href=\"http:\/\/slowakei-leipzig.de\/wp-content\/uploads\/2023\/05\/221010-SAB-Dr-Tintelnot-151-scaled.jpg\"><img loading=\"lazy\" decoding=\"async\" width=\"1024\" height=\"683\" src=\"http:\/\/slowakei-leipzig.de\/wp-content\/uploads\/2023\/05\/221010-SAB-Dr-Tintelnot-151-1024x683.jpg\" alt=\"\" class=\"wp-image-2522\" srcset=\"https:\/\/slowakei-leipzig.de\/wp-content\/uploads\/2023\/05\/221010-SAB-Dr-Tintelnot-151-1024x683.jpg 1024w, https:\/\/slowakei-leipzig.de\/wp-content\/uploads\/2023\/05\/221010-SAB-Dr-Tintelnot-151-300x200.jpg 300w, https:\/\/slowakei-leipzig.de\/wp-content\/uploads\/2023\/05\/221010-SAB-Dr-Tintelnot-151-768x512.jpg 768w, https:\/\/slowakei-leipzig.de\/wp-content\/uploads\/2023\/05\/221010-SAB-Dr-Tintelnot-151-1536x1024.jpg 1536w, https:\/\/slowakei-leipzig.de\/wp-content\/uploads\/2023\/05\/221010-SAB-Dr-Tintelnot-151-2048x1365.jpg 2048w\" sizes=\"auto, (max-width: 1024px) 100vw, 1024px\" \/><\/a><\/figure>\n<p>(c) Steffen Junghans<\/p>\n<\/div>\n<div class=\"wp-block-column is-layout-flow wp-block-column-is-layout-flow\">\n<figure class=\"wp-block-image size-large\"><a href=\"http:\/\/slowakei-leipzig.de\/wp-content\/uploads\/2023\/05\/221010-SAB-Dr-Tintelnot-131-scaled.jpg\"><img loading=\"lazy\" decoding=\"async\" width=\"1024\" height=\"683\" src=\"http:\/\/slowakei-leipzig.de\/wp-content\/uploads\/2023\/05\/221010-SAB-Dr-Tintelnot-131-1024x683.jpg\" alt=\"\" class=\"wp-image-2521\" srcset=\"https:\/\/slowakei-leipzig.de\/wp-content\/uploads\/2023\/05\/221010-SAB-Dr-Tintelnot-131-1024x683.jpg 1024w, https:\/\/slowakei-leipzig.de\/wp-content\/uploads\/2023\/05\/221010-SAB-Dr-Tintelnot-131-300x200.jpg 300w, https:\/\/slowakei-leipzig.de\/wp-content\/uploads\/2023\/05\/221010-SAB-Dr-Tintelnot-131-768x512.jpg 768w, https:\/\/slowakei-leipzig.de\/wp-content\/uploads\/2023\/05\/221010-SAB-Dr-Tintelnot-131-1536x1024.jpg 1536w, https:\/\/slowakei-leipzig.de\/wp-content\/uploads\/2023\/05\/221010-SAB-Dr-Tintelnot-131-2048x1365.jpg 2048w\" sizes=\"auto, (max-width: 1024px) 100vw, 1024px\" \/><\/a><\/figure>\n<p>(c) Steffen Junghans<\/p>\n<\/div>\n<\/div>\n<\/div>\n<\/div>\n<hr class=\"wp-block-separator has-alpha-channel-opacity\"\/>\n","protected":false},"excerpt":{"rendered":"<p>Aktuelle Veranstaltungshinweise finden Sie auch auf den Internetseiten des Slowakischen Institutes Berlin: www.mzv.sk\/siberlin und auf der Facebookseite des Institutes: www.facebook.com\/institut.berlin. Diese und weitere Veranstaltungen finden Sie auch auf Facebook (auch ohne eigenen Account): www.facebook.com\/slowakei.leipzig Archiv 2014 &#8211; 2015 &#8211; 2016 &#8211; 2017 &#8211; 2019 &#8211; 2020\/2021 &#8211; 2022 Veranstaltungen 2026 20.03.2026 | 19:30-20:30 Uhr | [&hellip;]<\/p>\n","protected":false},"author":3,"featured_media":0,"parent":73,"menu_order":1,"comment_status":"closed","ping_status":"closed","template":"","meta":{"footnotes":""},"class_list":["post-79","page","type-page","status-publish","hentry"],"_links":{"self":[{"href":"https:\/\/slowakei-leipzig.de\/index.php?rest_route=\/wp\/v2\/pages\/79","targetHints":{"allow":["GET"]}}],"collection":[{"href":"https:\/\/slowakei-leipzig.de\/index.php?rest_route=\/wp\/v2\/pages"}],"about":[{"href":"https:\/\/slowakei-leipzig.de\/index.php?rest_route=\/wp\/v2\/types\/page"}],"author":[{"embeddable":true,"href":"https:\/\/slowakei-leipzig.de\/index.php?rest_route=\/wp\/v2\/users\/3"}],"replies":[{"embeddable":true,"href":"https:\/\/slowakei-leipzig.de\/index.php?rest_route=%2Fwp%2Fv2%2Fcomments&post=79"}],"version-history":[{"count":574,"href":"https:\/\/slowakei-leipzig.de\/index.php?rest_route=\/wp\/v2\/pages\/79\/revisions"}],"predecessor-version":[{"id":3059,"href":"https:\/\/slowakei-leipzig.de\/index.php?rest_route=\/wp\/v2\/pages\/79\/revisions\/3059"}],"up":[{"embeddable":true,"href":"https:\/\/slowakei-leipzig.de\/index.php?rest_route=\/wp\/v2\/pages\/73"}],"wp:attachment":[{"href":"https:\/\/slowakei-leipzig.de\/index.php?rest_route=%2Fwp%2Fv2%2Fmedia&parent=79"}],"curies":[{"name":"wp","href":"https:\/\/api.w.org\/{rel}","templated":true}]}}