{"id":76,"date":"2014-05-15T15:56:39","date_gmt":"2014-05-15T13:56:39","guid":{"rendered":"http:\/\/slowakei-leipzig.de\/?page_id=76"},"modified":"2025-07-21T11:41:02","modified_gmt":"2025-07-21T09:41:02","slug":"nachrichten","status":"publish","type":"page","link":"https:\/\/slowakei-leipzig.de\/?page_id=76","title":{"rendered":"Nachrichten"},"content":{"rendered":"<h5 class=\"wp-block-heading\">&nbsp;<\/h5>\n<hr class=\"wp-block-separator has-alpha-channel-opacity\"\/>\n<p><strong>Hinweis:<\/strong> Aktuelle Nachrichten finden Sie ab sofort auf unserer Facebook-Seite (<a href=\"https:\/\/www.facebook.com\/slowakei.leipzig\">https:\/\/www.facebook.com\/slowakei.leipzig<\/a>).<\/p>\n<hr class=\"wp-block-separator has-alpha-channel-opacity\"\/>\n<h6 class=\"wp-block-heading\"><strong>20.04.-24.11.2024 \/ Kunst<\/strong><\/h6>\n<h5 class=\"wp-block-heading has-text-color\" style=\"color:#3366ff\"><strong>Slowakische Beteiligung an der Biennale Venedig 2024<\/strong><\/h5>\n<p class=\"has-black-color has-text-color\"><strong>Der bereits in Leipzig ausgestellte slowakische K\u00fcnstler Oto Hudec vertritt sein Land auf der diesj\u00e4hrigen Biennale in Venedig<\/strong><\/p>\n<p class=\"has-black-color has-text-color\">Der slowakische zeitgen\u00f6ssische K\u00fcnstler Oto Hudec, dessen Arbeiten zusammen mit Werken von Rudolf Sikora im Jahr 2021 im Rahmen der von Dr. Lenka Kukurov\u00e1 und Dr. Verena Tintelnot kuratierten Ausstellung <em>Konnexionen <\/em>in der Leipziger M\u00e4dler-Passage gezeigt wurden, wird in diesem Jahr die Slowakei auf der <a rel=\"noreferrer noopener\" href=\"https:\/\/www.labiennale.org\/en\/art\/2024\" target=\"_blank\"><mark style=\"background-color:rgba(0, 0, 0, 0);color:#3366ff\" class=\"has-inline-color\">Biennale in Venedig<\/mark><\/a> vertreten.<\/p>\n<p class=\"has-black-color has-text-color\">Das Leipziger Ausstellungsprojekt, das die Aufmerksamkeit unz\u00e4hliger interessierter Passanten auf sich zog, konnte nicht zuletzt dank der freundlichen Unterst\u00fctzung der Stadt Leipzig und der M\u00e4dler-Passage realisiert werden.<\/p>\n<figure class=\"wp-block-image size-large\"><a href=\"http:\/\/slowakei-leipzig.de\/wp-content\/uploads\/2024\/04\/SNG_Facebookseite_Foto-Roberto-Moro.jpg\"><img loading=\"lazy\" decoding=\"async\" width=\"1024\" height=\"683\" src=\"http:\/\/slowakei-leipzig.de\/wp-content\/uploads\/2024\/04\/SNG_Facebookseite_Foto-Roberto-Moro-1024x683.jpg\" alt=\"\" class=\"wp-image-2851\" srcset=\"https:\/\/slowakei-leipzig.de\/wp-content\/uploads\/2024\/04\/SNG_Facebookseite_Foto-Roberto-Moro-1024x683.jpg 1024w, https:\/\/slowakei-leipzig.de\/wp-content\/uploads\/2024\/04\/SNG_Facebookseite_Foto-Roberto-Moro-300x200.jpg 300w, https:\/\/slowakei-leipzig.de\/wp-content\/uploads\/2024\/04\/SNG_Facebookseite_Foto-Roberto-Moro-768x512.jpg 768w, https:\/\/slowakei-leipzig.de\/wp-content\/uploads\/2024\/04\/SNG_Facebookseite_Foto-Roberto-Moro-1536x1024.jpg 1536w, https:\/\/slowakei-leipzig.de\/wp-content\/uploads\/2024\/04\/SNG_Facebookseite_Foto-Roberto-Moro.jpg 2048w\" sizes=\"auto, (max-width: 1024px) 100vw, 1024px\" \/><\/a><\/figure>\n<p class=\"has-black-color has-text-color\">Das Biennale-Projekt mit dem Titel <em><mark style=\"background-color:rgba(0, 0, 0, 0);color:#3366fd\" class=\"has-inline-color\"><a href=\"https:\/\/floatingarboretum.sng.sk\/\" target=\"_blank\" rel=\"noreferrer noopener\">Floating Arboretum<\/a><\/mark><\/em> wird in Zusammenarbeit mit der Kommissarin<em><strong> <\/strong><\/em>Monika Kr\u010dm\u00e1rik und der Kuratorin<em> <\/em>L\u00fddia Pribi\u0161ov\u00e1 (Kunsthalle Bratislava) im Gardini della Biennale realisiert. Es besteht aus einer audiovisuellen Installation und thematisiert die Bedrohungen, denen B\u00e4ume weltweit ausgesetzt sind, sowie M\u00f6glichkeiten zu deren Schutz.<\/p>\n<p class=\"has-black-color has-text-color\">Parallel zur Er\u00f6ffnung der Biennale soll es einen Launch der Webseite floatingarboretum.sng.sk geben, auf der die \u00d6ffentlichkeit eigene Geschichten konkreter B\u00e4ume beisteuern kann.<\/p>\n<p class=\"has-black-color has-text-color\">Die 60. Biennale Venedig \u201eStranieri Ovunque &#8211; Foreigners Everywhere\u201c, die von Adriano Pedrosa kuratiert ist, findet vom 20. April bis zum 24. November 2024 statt.<\/p>\n<h5 class=\"wp-block-heading has-text-color\" style=\"color:#3366ff\">\n<hr class=\"wp-block-separator has-alpha-channel-opacity\"\/><\/h5>\n<h6 class=\"wp-block-heading\"><strong>21.\/22.03.1024 \/ Leipziger Buchmesse<\/strong><\/h6>\n<h5 class=\"wp-block-heading has-text-color\" style=\"color:#3366ff\"><strong>Slowakische Literatur zur Leipziger Buchmesse 2024<\/strong><\/h5>\n<p class=\"has-black-color has-text-color\">Zur diesej\u00e4hrigen Buchmesse hat das <mark style=\"background-color:rgba(0, 0, 0, 0);color:#3366ff\" class=\"has-inline-color\"><a href=\"https:\/\/www.litcentrum.sk\/en\" target=\"_blank\" rel=\"noreferrer noopener\">Slowakische Literaturzentrum<\/a><\/mark> wieder einen slowakischen Nationalstand auf der Messe organisiert. In Kooperation mit weiteren Partnern fanden im Rahmen des Festivals &#8222;Leipzig liest&#8220; unter anderem zwei Lesungen mit dem slowakischen Autoren Pavol Rankov statt.<\/p>\n<p class=\"has-black-color has-text-color\">Rankov stellte am<strong> Donnerstagabend<\/strong> dem deutschen Publikum sein Buch &#8222;Der kleine Donaukrieg&#8220; (Der heilige Metzger von \u0160amor\u00edn und andere Geschichten aus dem kleinen Donaukrieg) vor.<\/p>\n<p class=\"has-black-color has-text-color\">Der Autor sprach nicht nur \u00fcber die Grenzen zwischen Realit\u00e4t und Fiktion, die Beziehungen zwischen Slowaken und Ungarn, sondern auch \u00fcber authentische Multikulturalit\u00e4t, seine kreativen Inspirationen und seine eigenen famili\u00e4ren Wurzeln.<\/p>\n<p class=\"has-black-color has-text-color\">Die Lesung im Leibniz-Institut f\u00fcr Geschichte und Kultur des \u00f6stlichen Europa (GWZO) wurde von dem Literaturwissenschaftler Dr. Stephan Krause moderiert.<\/p>\n<p class=\"has-black-color has-text-color\">Die \u00dcbersetzerin des Buches, Dr. Sl\u00e1vka Rude-Porubsk\u00e1, las Ausz\u00fcge aus dem Buch auf Deutsch und dolmetschte die Veranstaltung.<\/p>\n<p class=\"has-black-color has-text-color\">Die Veranstaltung wurde vom Honorarkonsulat der Slowakischen Republik in Leipzig in Zusammenarbeit mit dem Slowakischen Literaturzentrum, Danube Books und GWZO organisiert.<\/p>\n<figure class=\"wp-block-gallery has-nested-images columns-default is-cropped wp-block-gallery-1 is-layout-flex wp-block-gallery-is-layout-flex\">\n<figure class=\"wp-block-image size-large\"><a href=\"http:\/\/slowakei-leipzig.de\/wp-content\/uploads\/2024\/04\/433685371_827300879428833_6241682995553145330_n-1.jpg\"><img loading=\"lazy\" decoding=\"async\" width=\"1024\" height=\"537\" data-id=\"2873\" src=\"http:\/\/slowakei-leipzig.de\/wp-content\/uploads\/2024\/04\/433685371_827300879428833_6241682995553145330_n-1-1024x537.jpg\" alt=\"\" class=\"wp-image-2873\" srcset=\"https:\/\/slowakei-leipzig.de\/wp-content\/uploads\/2024\/04\/433685371_827300879428833_6241682995553145330_n-1-1024x537.jpg 1024w, https:\/\/slowakei-leipzig.de\/wp-content\/uploads\/2024\/04\/433685371_827300879428833_6241682995553145330_n-1-300x157.jpg 300w, https:\/\/slowakei-leipzig.de\/wp-content\/uploads\/2024\/04\/433685371_827300879428833_6241682995553145330_n-1-768x402.jpg 768w, https:\/\/slowakei-leipzig.de\/wp-content\/uploads\/2024\/04\/433685371_827300879428833_6241682995553145330_n-1-1536x805.jpg 1536w, https:\/\/slowakei-leipzig.de\/wp-content\/uploads\/2024\/04\/433685371_827300879428833_6241682995553145330_n-1.jpg 2000w\" sizes=\"auto, (max-width: 1024px) 100vw, 1024px\" \/><\/a><\/figure>\n<figure class=\"wp-block-image size-large\"><a href=\"http:\/\/slowakei-leipzig.de\/wp-content\/uploads\/2024\/04\/433685395_827300746095513_718967076508360035_n-1.jpg\"><img loading=\"lazy\" decoding=\"async\" width=\"1024\" height=\"537\" data-id=\"2874\" src=\"http:\/\/slowakei-leipzig.de\/wp-content\/uploads\/2024\/04\/433685395_827300746095513_718967076508360035_n-1-1024x537.jpg\" alt=\"\" class=\"wp-image-2874\" srcset=\"https:\/\/slowakei-leipzig.de\/wp-content\/uploads\/2024\/04\/433685395_827300746095513_718967076508360035_n-1-1024x537.jpg 1024w, https:\/\/slowakei-leipzig.de\/wp-content\/uploads\/2024\/04\/433685395_827300746095513_718967076508360035_n-1-300x157.jpg 300w, https:\/\/slowakei-leipzig.de\/wp-content\/uploads\/2024\/04\/433685395_827300746095513_718967076508360035_n-1-768x402.jpg 768w, https:\/\/slowakei-leipzig.de\/wp-content\/uploads\/2024\/04\/433685395_827300746095513_718967076508360035_n-1-1536x805.jpg 1536w, https:\/\/slowakei-leipzig.de\/wp-content\/uploads\/2024\/04\/433685395_827300746095513_718967076508360035_n-1.jpg 2000w\" sizes=\"auto, (max-width: 1024px) 100vw, 1024px\" \/><\/a><\/figure>\n<figure class=\"wp-block-image size-large\"><a href=\"http:\/\/slowakei-leipzig.de\/wp-content\/uploads\/2024\/04\/434166053_828098249349096_8968068605923226899_n.jpg\"><img loading=\"lazy\" decoding=\"async\" width=\"1024\" height=\"768\" data-id=\"2872\" src=\"http:\/\/slowakei-leipzig.de\/wp-content\/uploads\/2024\/04\/434166053_828098249349096_8968068605923226899_n-1024x768.jpg\" alt=\"\" class=\"wp-image-2872\" srcset=\"https:\/\/slowakei-leipzig.de\/wp-content\/uploads\/2024\/04\/434166053_828098249349096_8968068605923226899_n-1024x768.jpg 1024w, https:\/\/slowakei-leipzig.de\/wp-content\/uploads\/2024\/04\/434166053_828098249349096_8968068605923226899_n-300x225.jpg 300w, https:\/\/slowakei-leipzig.de\/wp-content\/uploads\/2024\/04\/434166053_828098249349096_8968068605923226899_n-768x576.jpg 768w, https:\/\/slowakei-leipzig.de\/wp-content\/uploads\/2024\/04\/434166053_828098249349096_8968068605923226899_n-1536x1152.jpg 1536w, https:\/\/slowakei-leipzig.de\/wp-content\/uploads\/2024\/04\/434166053_828098249349096_8968068605923226899_n.jpg 1600w\" sizes=\"auto, (max-width: 1024px) 100vw, 1024px\" \/><\/a><\/figure>\n<\/figure>\n<p class=\"has-black-color has-text-color\">Am <strong>Freitag <\/strong>konnte das Buch auch auf der B\u00fchne des Caf\u00e9 Europa (Halle 4, E401\/E403) auf der Leipziger Buchmesse pr\u00e4sentiert werden. Der \u00dcbersetzer Mirko Kraetsch moderierte das Gespr\u00e4che mit Pavol Rankov und Dr. Sl\u00e1vka Rude-Porubsk\u00e1 (die auch dolmetschte). Dr. Rude-Porubsk\u00e1 hat den den Roman Der Kleine Donaukrieg&#8220; ins Deutsche \u00fcbersetzt. Es war ihre erste Roman\u00fcbersetzung. Gesprochen wurde auch dar\u00fcber, wie dieser dystopische Roman \u00fcber einen fiktiven Krieg zwischen Ungarn und Slowaken f\u00fcr den deutschen Buchmarkt entdeckt wurde und wie es ihr gelang, eine Zusammenarbeit mit dem Verlag Danube Books aufzubauen.<\/p>\n<p class=\"has-black-color has-text-color\">Pavol Rankov antwortete mit Witz auf die anregenden Fragen des Moderators zur aktuellen und vergangenen gesellschaftspolitischen Situation in Europa und erl\u00e4uterte auch die vielen Parallelen zur Vergangenheit, die das slowakisch-ungarische Grenzgebiet oder die Balkankriege betreffen.<\/p>\n<p class=\"has-black-color has-text-color\">Beide Lesungen waren sehr gut besucht.<\/p>\n<p class=\"has-black-color has-text-color\">Das Buch Der Kleine Donaukrieg ist beim Verlag <mark style=\"background-color:rgba(0, 0, 0, 0);color:#0566ff\" class=\"has-inline-color\"><a href=\"https:\/\/www.danube-books.eu\/pavol-rankov-der-kleine-donaukrieg\" target=\"_blank\" rel=\"noreferrer noopener\">danube books<\/a> <\/mark>erh\u00e4ltlich. <\/p>\n<p class=\"has-black-color has-text-color\">&#8211;&gt; <strong>Bericht zur Veranstaltung bei Radio Slowakei International (RSI) vom 22.03.2024: <\/strong><mark style=\"background-color:rgba(0, 0, 0, 0);color:#3366ff\" class=\"has-inline-color\"><strong><a href=\"https:\/\/dersi.rtvs.sk\/clanky\/tagesthema\/357641\/die-slowakei-auf-der-internationalen-leipziger-buchmesse?fbclid=IwAR12jdnU2MXq2BVqr8Udv1RVhvLD7CNnVv-VLGzLhegw1LtXz0u7Y64Yceo_aem_AeHaXVxWk9MkDwZ0rdJqX3C-HGKgJUoosY0Uk9ktSxUKGVzInjBB0ec6CB4xcGKD0pdYLpTPGZzC0oqXJ77BElF7\" target=\"_blank\" rel=\"noreferrer noopener\">Link<\/a><\/strong><\/mark><\/p>\n<p class=\"has-black-color has-text-color\">&#8211;&gt; <strong>Interview mit M\u00e1ria Feren\u010duhov\u00e1, Zuzana Hus\u00e1rov\u00e1 und Pavol Rankov und ihre Lesereisen ins Ausland <\/strong>(Slowakisch) vom 25.03.2024: <mark style=\"background-color:rgba(0, 0, 0, 0);color:#3366ff\" class=\"has-inline-color\"><strong><a rel=\"noreferrer noopener\" href=\"https:\/\/devin.rtvs.sk\/clanky\/kulturny-dennik\/357863\/maria-ferencuhova-zuzana-husarova-a-pavol-rankov-a-ich-zahranicne-cesty-za-literaturou\" target=\"_blank\">Link<\/a><\/strong><\/mark><\/p>\n<\/p>\n<hr class=\"wp-block-separator has-alpha-channel-opacity\"\/>\n<h6 class=\"wp-block-heading\"><strong>15.09.2023 \/ Verleihung einer Ehrenmedaille<\/strong><\/h6>\n<h5 class=\"wp-block-heading has-text-color\" style=\"color:#3366ff\"><strong>Auszeichnung f\u00fcr Honorarkonsul Dr. Tintelnot<\/strong><\/h5>\n<p class=\"has-black-color has-text-color\">Herr Marek Sobola \u00fcbergab im Rahmen des Projektes \u201eFriedensbaum\u201c (<a href=\"https:\/\/www.tofp.eu\/\"><mark style=\"background-color:rgba(0, 0, 0, 0);color:#3366fd\" class=\"has-inline-color\">Strom pokoja<\/mark><\/a>) am 15.09.2023 in Leipzig eine Ehrenmedaille an Dr. Albrecht Tintelnot. Geehrt wird der Honorarkonsul damit f\u00fcr die Unterst\u00fctzung des Projekte mit der Pflanzung eines Baumes in Leipzig.  Die Krim-Linde wurde im November 2019 in der Lindenallee des V\u00f6lkerschlachtdenkmals gepflanzt. Die Teilnahme an der feierlichen Zeremonie f\u00fcr alle Projektf\u00f6rderer weltweit  im September 2022 in \u017dilina konnte der Honorarkonsul leider nicht erm\u00f6glichen. <\/p>\n<figure class=\"wp-block-image size-large is-resized\"><a href=\"http:\/\/slowakei-leipzig.de\/wp-content\/uploads\/2023\/12\/Sobola2-scaled.jpg\"><img loading=\"lazy\" decoding=\"async\" width=\"1024\" height=\"768\" src=\"http:\/\/slowakei-leipzig.de\/wp-content\/uploads\/2023\/12\/Sobola2-1024x768.jpg\" alt=\"\" class=\"wp-image-2812\" style=\"width:401px;height:301px\" srcset=\"https:\/\/slowakei-leipzig.de\/wp-content\/uploads\/2023\/12\/Sobola2-1024x768.jpg 1024w, https:\/\/slowakei-leipzig.de\/wp-content\/uploads\/2023\/12\/Sobola2-300x225.jpg 300w, https:\/\/slowakei-leipzig.de\/wp-content\/uploads\/2023\/12\/Sobola2-768x576.jpg 768w, https:\/\/slowakei-leipzig.de\/wp-content\/uploads\/2023\/12\/Sobola2-1536x1152.jpg 1536w, https:\/\/slowakei-leipzig.de\/wp-content\/uploads\/2023\/12\/Sobola2-2048x1536.jpg 2048w\" sizes=\"auto, (max-width: 1024px) 100vw, 1024px\" \/><\/a><\/figure>\n<hr class=\"wp-block-separator has-alpha-channel-opacity\"\/>\n<h6 class=\"wp-block-heading\"><strong>20.06.2023 \/ Amtszeitende der slowakischen Pr\u00e4sidentin<\/strong><\/h6>\n<h5 class=\"wp-block-heading has-text-color\" style=\"color:#3366ff\"><strong>Zuzana \u010caputov\u00e1 will 2024 nicht wieder zur Wahl antreten<\/strong><\/h5>\n<p class=\"has-black-color has-text-color\">Ein zusammenfassender FAZ Artikel von Stephan L\u00f6wenstein vom 20.06.2023 informiert \u00fcber Hintergr\u00fcnde und Gr\u00fcnde f\u00fcr die Entscheidung, der in der Slowakei und im Ausland beliebten Politikerin. Ihr Amtszeit endet im Juni 2024.<\/p>\n<p>Zum Artikel geht es <a href=\"https:\/\/www.faz.net\/aktuell\/politik\/ausland\/slowakei-keine-neue-kandidatur-von-aputova-18977663.html\" data-type=\"URL\" target=\"_blank\" rel=\"noreferrer noopener\">hier<\/a>. <\/p>\n<hr class=\"wp-block-separator has-alpha-channel-opacity\"\/>\n<h6 class=\"wp-block-heading\"><strong>28.04.2023 \/ neuer Honorarkonsul in Leipzig<\/strong><\/h6>\n<h5 class=\"wp-block-heading\"><strong><span style=\"color: #0000ff;\"><span style=\"color: #0080ff;\"><span style=\"color: #3366ff;\">Amtseinf\u00fchrung von&nbsp;Herrn Heiko Schmidt als Honorarkonsul der Republik Bulgarien f\u00fcr den Freistaat Sachsen<\/span><\/span><\/span><\/strong><\/h5>\n<p><span style=\"color: #333333;\">Zu dem Festakt und Empfang, an dem auch die au\u00dferordentliche und bevollm\u00e4chtigte Botschafterin der Republik Bulgarien I.E. Elena Shekerletova teilnahm, waren zahlreiche G\u00e4ste anl\u00e4sslich der Inauguration des neuen Honorarkonsuls f\u00fcr die Republik Bulgarien in Leipzig im Club International e.V. zusammengekommen.<\/span><\/p>\n<div class=\"wp-block-group\">\n<div class=\"wp-block-group__inner-container is-layout-constrained wp-block-group-is-layout-constrained\">\n<div class=\"wp-block-columns is-layout-flex wp-container-core-columns-is-layout-9d6595d7 wp-block-columns-is-layout-flex\">\n<div class=\"wp-block-column is-layout-flow wp-block-column-is-layout-flow\">\n<figure class=\"wp-block-image size-large\"><a href=\"http:\/\/slowakei-leipzig.de\/wp-content\/uploads\/2023\/05\/HK-BG-und-AT-scaled.jpg\"><img loading=\"lazy\" decoding=\"async\" width=\"1024\" height=\"768\" src=\"http:\/\/slowakei-leipzig.de\/wp-content\/uploads\/2023\/05\/HK-BG-und-AT-1024x768.jpg\" alt=\"\" class=\"wp-image-2514\" srcset=\"https:\/\/slowakei-leipzig.de\/wp-content\/uploads\/2023\/05\/HK-BG-und-AT-1024x768.jpg 1024w, https:\/\/slowakei-leipzig.de\/wp-content\/uploads\/2023\/05\/HK-BG-und-AT-300x225.jpg 300w, https:\/\/slowakei-leipzig.de\/wp-content\/uploads\/2023\/05\/HK-BG-und-AT-768x576.jpg 768w, https:\/\/slowakei-leipzig.de\/wp-content\/uploads\/2023\/05\/HK-BG-und-AT-1536x1152.jpg 1536w, https:\/\/slowakei-leipzig.de\/wp-content\/uploads\/2023\/05\/HK-BG-und-AT-2048x1536.jpg 2048w\" sizes=\"auto, (max-width: 1024px) 100vw, 1024px\" \/><\/a><\/figure>\n<\/div>\n<div class=\"wp-block-column is-vertically-aligned-center is-layout-flow wp-block-column-is-layout-flow\">\n<figure class=\"wp-block-image size-large\"><a href=\"http:\/\/slowakei-leipzig.de\/wp-content\/uploads\/2023\/05\/HK-BG-und-AT_2-scaled.jpg\"><img loading=\"lazy\" decoding=\"async\" width=\"1024\" height=\"768\" src=\"http:\/\/slowakei-leipzig.de\/wp-content\/uploads\/2023\/05\/HK-BG-und-AT_2-1024x768.jpg\" alt=\"\" class=\"wp-image-2513\" srcset=\"https:\/\/slowakei-leipzig.de\/wp-content\/uploads\/2023\/05\/HK-BG-und-AT_2-1024x768.jpg 1024w, https:\/\/slowakei-leipzig.de\/wp-content\/uploads\/2023\/05\/HK-BG-und-AT_2-300x225.jpg 300w, https:\/\/slowakei-leipzig.de\/wp-content\/uploads\/2023\/05\/HK-BG-und-AT_2-768x576.jpg 768w, https:\/\/slowakei-leipzig.de\/wp-content\/uploads\/2023\/05\/HK-BG-und-AT_2-1536x1152.jpg 1536w, https:\/\/slowakei-leipzig.de\/wp-content\/uploads\/2023\/05\/HK-BG-und-AT_2-2048x1536.jpg 2048w\" sizes=\"auto, (max-width: 1024px) 100vw, 1024px\" \/><\/a><\/figure>\n<\/div>\n<\/div>\n<\/div>\n<\/div>\n<p><span style=\"color: #333333;\">Im Rahmen der feierlichen Zeremonie \u00fcberreichte I. E. Botschafterin Shekerletova Herrn Heiko Schmidt, Gesch\u00e4ftsf\u00fchrer der INNO-CON und stellvertretender Vorsitzender des Deutsch-Bulgarischen Forum, die Berufung als Honorarkonsul Bulgariens f\u00fcr den Freistaat Sachsen.<\/span><\/p>\n<p><span style=\"color: #333333;\">Pressebericht und weitere Fotos auf der Seite der<\/span><span style=\"color: #0080ff;\"><a style=\"color: #0080ff;\" href=\"https:\/\/inno-con.de\/de\/aktuelles\/feierliche-amtseinfuehrung-des-honorarkonsul-bulgariens-fuer-den-freistaat-sachsen-a\" target=\"_blank\" rel=\"noopener\"><span style=\"color: #3366ff;\"> INNO-CON GmbH<\/span><\/a><\/span>.<\/p>\n<p><span style=\"color: #0080ff;\"><a style=\"color: #0080ff;\" rel=\"noopener\" href=\"https:\/\/www.mfa.bg\/de\/embassies\/germany\/news\/37423\" target=\"_blank\"><span style=\"color: #3366ff;\">Botschaft der Republik Bulgarie<\/span>n<\/a><\/span><span style=\"color: #333333;\"> in Deutschland.<\/span><\/p>\n<hr class=\"wp-block-separator has-alpha-channel-opacity is-style-default\"\/>\n<h6 class=\"wp-block-heading\"><strong>31.10.2022 \/ Preisverleihung<\/strong><\/h6>\n<h5 class=\"wp-block-heading has-text-color\" style=\"color:#3366ff\"><strong>Verleihung des Freiheitspreises an Zuzana<em> \u010caputov\u00e1<\/em><\/strong><\/h5>\n<p class=\"has-black-color has-text-color\">Die Friedrich-Naumann-Stiftung f\u00fcr die Freiheit verlieh der Pr\u00e4sidentin der Slowakischen Republik Zuzana \u010caputov\u00e1 den Freiheitspreis f\u00fcr ihren Einsatz f\u00fcr die liberale Demokratie. Mehr zur Preisverleihung auf der Seite der <a rel=\"noreferrer noopener\" href=\"https:\/\/www.freiheit.org\/de\/deutschland\/freiheitspreis-fuer-die-slowakische-praesidentin-zuzana-caputova\" target=\"_blank\"><mark style=\"background-color:rgba(0, 0, 0, 0);color:#3366ff\" class=\"has-inline-color\">Friedrich-Naumann-Stiftung<\/mark><\/a>.<\/p>\n<figure class=\"wp-block-image size-full\"><a href=\"http:\/\/slowakei-leipzig.de\/wp-content\/uploads\/2023\/05\/Facebook-Meldung_Caputova_Zusana_Freiheitspreis_Frankfurt.jpg\"><img loading=\"lazy\" decoding=\"async\" width=\"563\" height=\"786\" src=\"http:\/\/slowakei-leipzig.de\/wp-content\/uploads\/2023\/05\/Facebook-Meldung_Caputova_Zusana_Freiheitspreis_Frankfurt.jpg\" alt=\"\" class=\"wp-image-2515\" srcset=\"https:\/\/slowakei-leipzig.de\/wp-content\/uploads\/2023\/05\/Facebook-Meldung_Caputova_Zusana_Freiheitspreis_Frankfurt.jpg 563w, https:\/\/slowakei-leipzig.de\/wp-content\/uploads\/2023\/05\/Facebook-Meldung_Caputova_Zusana_Freiheitspreis_Frankfurt-215x300.jpg 215w\" sizes=\"auto, (max-width: 563px) 100vw, 563px\" \/><\/a><\/figure>\n<hr class=\"wp-block-separator has-alpha-channel-opacity is-style-default\"\/>\n<h6 class=\"wp-block-heading\"><strong>10.10.2022 \/ Vortrag und Empfang<\/strong><\/h6>\n<div class=\"wp-block-group\">\n<div class=\"wp-block-group__inner-container is-layout-constrained wp-block-group-is-layout-constrained\">\n<h5 class=\"wp-block-heading has-text-color\" style=\"color:#3366ff\"><strong>Vortrag von Ivan Miklo\u0161: &#8222;War in Ukraine \u2013 How it can end and what to do for the stability and prosperity in Central and Eastern Europe\u201d &#8211; Perspective from Visegr\u00e1d 4 &#8211;<\/strong><\/h5>\n<div class=\"wp-block-group is-vertical is-layout-flex wp-container-core-group-is-layout-8cf370e7 wp-block-group-is-layout-flex\">\n<p class=\"has-black-color has-text-color\">aus Anlass der slowakischen Pr\u00e4sidentschaft der Visegr\u00e1d-Gruppe 2022\/2023 <\/p>\n<p class=\"has-black-color has-text-color\">im Auditorium der S\u00e4chsischen Aufbaubank, neue Hauptverwaltung Leipzig<\/p>\n<p class=\"has-black-color has-text-color\"><strong>Ivan Miklo\u0161, <\/strong>war eine der f\u00fchrenden Pers\u00f6nlichkeiten der wirtschaftlichen Transformation in der Slowakei. W\u00e4hrend seiner Amtszeit in den Regierungen von Mikul\u00e1\u0161 Dzurinda (1998-2002 und 2002-2006) konnte die Slowakei eine Reihe von internationalen Erfolgen verbuchen, insbesondere den Beitritt zur OECD (2000), zur NATO (2004) und zur Europ\u00e4ischen Union (2004). Unter seiner F\u00fchrung wurden zahlreiche Reformma\u00dfnahmen, insbesondere im Steuerbereich, durchgef\u00fchrt. Im Jahr 2004 wurde er von der Zeitschrift Euromoney als &#8222;Bester Finanzminister&#8220; ausgezeichnet. Er hat zahlreiche nationale und internationale Auszeichnungen erhalten und wird oft als einer der besten slowakischen Wirtschaftswissenschaftler bezeichnet. Er ist Autor des Buches The Book of Reforms (2005) und anderer Fachpublikationen.<\/p>\n<p class=\"has-black-color has-text-color\">Seit 2014 ist er Mitglied des internationalen Beraterstabs des Nationalen Reformrats der Ukraine und der Plattform VoxUkraine und in den folgenden Jahren bis heute in verschiedenen beratenden Positionen f\u00fcr die ukrainische Regierung t\u00e4tig.<\/p>\n<p class=\"has-black-color has-text-color\">Von 2016-2020 leitete er die Strategische Gruppe zur Unterst\u00fctzung der Reformen in der Ukraine (SAGSUR). Au\u00dferdem ist er Mitbegr\u00fcnder des ukrainischen wirtschaftlichen Think Tanks Centre for Economic Strategy.<\/p>\n<p class=\"has-black-color has-text-color\">Im Jahr 2010 gr\u00fcndete Ivan Miklo\u0161 das Online-Projekt \u201eUniverzita pre moderne Slovensko\u201c (Universit\u00e4t f\u00fcr eine moderne Slowakei), dessen Ziel es ist, wirtschaftswissenschaftliches Wissen an die breite Bev\u00f6lkerung zu vermitteln <mark style=\"background-color:rgba(0, 0, 0, 0);color:#00001e\" class=\"has-inline-color\">(<\/mark><a href=\"http:\/\/www.upms.sk\" target=\"_blank\" rel=\"noreferrer noopener\"><mark style=\"background-color:rgba(0, 0, 0, 0);color:#3266ff\" class=\"has-inline-color\">www.upms.sk<\/mark><\/a><mark style=\"background-color:rgba(0, 0, 0, 0);color:#00001e\" class=\"has-inline-color\"><strong>)<\/strong><\/mark><strong>.<\/strong><\/p>\n<\/p>\n<\/div>\n<div class=\"wp-block-columns is-layout-flex wp-container-core-columns-is-layout-9d6595d7 wp-block-columns-is-layout-flex\">\n<div class=\"wp-block-column is-layout-flow wp-block-column-is-layout-flow\">\n<figure class=\"wp-block-image size-large\"><a href=\"http:\/\/slowakei-leipzig.de\/wp-content\/uploads\/2023\/05\/221010-SAB-Dr-Tintelnot-077-scaled.jpg\"><img loading=\"lazy\" decoding=\"async\" width=\"1024\" height=\"683\" src=\"http:\/\/slowakei-leipzig.de\/wp-content\/uploads\/2023\/05\/221010-SAB-Dr-Tintelnot-077-1024x683.jpg\" alt=\"\" class=\"wp-image-2517\" srcset=\"https:\/\/slowakei-leipzig.de\/wp-content\/uploads\/2023\/05\/221010-SAB-Dr-Tintelnot-077-1024x683.jpg 1024w, https:\/\/slowakei-leipzig.de\/wp-content\/uploads\/2023\/05\/221010-SAB-Dr-Tintelnot-077-300x200.jpg 300w, https:\/\/slowakei-leipzig.de\/wp-content\/uploads\/2023\/05\/221010-SAB-Dr-Tintelnot-077-768x512.jpg 768w, https:\/\/slowakei-leipzig.de\/wp-content\/uploads\/2023\/05\/221010-SAB-Dr-Tintelnot-077-1536x1024.jpg 1536w, https:\/\/slowakei-leipzig.de\/wp-content\/uploads\/2023\/05\/221010-SAB-Dr-Tintelnot-077-2048x1365.jpg 2048w\" sizes=\"auto, (max-width: 1024px) 100vw, 1024px\" \/><\/a><figcaption class=\"wp-element-caption\">Dr. Albrecht Tintelnot (Honorarkonsul der Slowakischen Republik in Sachsen und Th\u00fcringen)<\/p>\n<p>(c) Steffen Junghans<\/figcaption><\/figure>\n<\/div>\n<div class=\"wp-block-column is-layout-flow wp-block-column-is-layout-flow\">\n<figure class=\"wp-block-image size-large\"><a href=\"http:\/\/slowakei-leipzig.de\/wp-content\/uploads\/2023\/05\/221010-SAB-Dr-Tintelnot-103-scaled.jpg\"><img loading=\"lazy\" decoding=\"async\" width=\"1024\" height=\"683\" src=\"http:\/\/slowakei-leipzig.de\/wp-content\/uploads\/2023\/05\/221010-SAB-Dr-Tintelnot-103-1024x683.jpg\" alt=\"\" class=\"wp-image-2520\" srcset=\"https:\/\/slowakei-leipzig.de\/wp-content\/uploads\/2023\/05\/221010-SAB-Dr-Tintelnot-103-1024x683.jpg 1024w, https:\/\/slowakei-leipzig.de\/wp-content\/uploads\/2023\/05\/221010-SAB-Dr-Tintelnot-103-300x200.jpg 300w, https:\/\/slowakei-leipzig.de\/wp-content\/uploads\/2023\/05\/221010-SAB-Dr-Tintelnot-103-768x512.jpg 768w, https:\/\/slowakei-leipzig.de\/wp-content\/uploads\/2023\/05\/221010-SAB-Dr-Tintelnot-103-1536x1024.jpg 1536w, https:\/\/slowakei-leipzig.de\/wp-content\/uploads\/2023\/05\/221010-SAB-Dr-Tintelnot-103-2048x1365.jpg 2048w\" sizes=\"auto, (max-width: 1024px) 100vw, 1024px\" \/><\/a><figcaption class=\"wp-element-caption\">Ivan Miklo\u0161 (ehemaliger Finanzminister der Slowakischen Republik) <\/figcaption><\/figure>\n<p>(c) Steffen Junghans<\/p>\n<\/div>\n<div class=\"wp-block-column is-layout-flow wp-block-column-is-layout-flow\">\n<figure class=\"wp-block-image size-large\"><a href=\"http:\/\/slowakei-leipzig.de\/wp-content\/uploads\/2023\/05\/221010-SAB-Dr-Tintelnot-088-scaled.jpg\"><img loading=\"lazy\" decoding=\"async\" width=\"1024\" height=\"683\" src=\"http:\/\/slowakei-leipzig.de\/wp-content\/uploads\/2023\/05\/221010-SAB-Dr-Tintelnot-088-1024x683.jpg\" alt=\"\" class=\"wp-image-2519\" srcset=\"https:\/\/slowakei-leipzig.de\/wp-content\/uploads\/2023\/05\/221010-SAB-Dr-Tintelnot-088-1024x683.jpg 1024w, https:\/\/slowakei-leipzig.de\/wp-content\/uploads\/2023\/05\/221010-SAB-Dr-Tintelnot-088-300x200.jpg 300w, https:\/\/slowakei-leipzig.de\/wp-content\/uploads\/2023\/05\/221010-SAB-Dr-Tintelnot-088-768x512.jpg 768w, https:\/\/slowakei-leipzig.de\/wp-content\/uploads\/2023\/05\/221010-SAB-Dr-Tintelnot-088-1536x1024.jpg 1536w, https:\/\/slowakei-leipzig.de\/wp-content\/uploads\/2023\/05\/221010-SAB-Dr-Tintelnot-088-2048x1365.jpg 2048w\" sizes=\"auto, (max-width: 1024px) 100vw, 1024px\" \/><\/a><figcaption class=\"wp-element-caption\"> S. E. Mari\u00e1n Jakub\u00f3cy (Botschafter der Slowakischen Republik in Berlin)<\/figcaption><\/figure>\n<p>(c) Steffen Junghans<\/p>\n<\/div>\n<\/div>\n<div class=\"wp-block-columns is-layout-flex wp-container-core-columns-is-layout-9d6595d7 wp-block-columns-is-layout-flex\">\n<div class=\"wp-block-column is-layout-flow wp-block-column-is-layout-flow\">\n<figure class=\"wp-block-image size-large\"><a href=\"http:\/\/slowakei-leipzig.de\/wp-content\/uploads\/2023\/05\/221010-SAB-Dr-Tintelnot-169-scaled.jpg\"><img loading=\"lazy\" decoding=\"async\" width=\"1024\" height=\"683\" src=\"http:\/\/slowakei-leipzig.de\/wp-content\/uploads\/2023\/05\/221010-SAB-Dr-Tintelnot-169-1024x683.jpg\" alt=\"\" class=\"wp-image-2523\" srcset=\"https:\/\/slowakei-leipzig.de\/wp-content\/uploads\/2023\/05\/221010-SAB-Dr-Tintelnot-169-1024x683.jpg 1024w, https:\/\/slowakei-leipzig.de\/wp-content\/uploads\/2023\/05\/221010-SAB-Dr-Tintelnot-169-300x200.jpg 300w, https:\/\/slowakei-leipzig.de\/wp-content\/uploads\/2023\/05\/221010-SAB-Dr-Tintelnot-169-768x512.jpg 768w, https:\/\/slowakei-leipzig.de\/wp-content\/uploads\/2023\/05\/221010-SAB-Dr-Tintelnot-169-1536x1024.jpg 1536w, https:\/\/slowakei-leipzig.de\/wp-content\/uploads\/2023\/05\/221010-SAB-Dr-Tintelnot-169-2048x1365.jpg 2048w\" sizes=\"auto, (max-width: 1024px) 100vw, 1024px\" \/><\/a><\/figure>\n<p>(c) Steffen Junghans<\/p>\n<\/div>\n<div class=\"wp-block-column is-layout-flow wp-block-column-is-layout-flow\">\n<figure class=\"wp-block-image size-large\"><a href=\"http:\/\/slowakei-leipzig.de\/wp-content\/uploads\/2023\/05\/221010-SAB-Dr-Tintelnot-151-scaled.jpg\"><img loading=\"lazy\" decoding=\"async\" width=\"1024\" height=\"683\" src=\"http:\/\/slowakei-leipzig.de\/wp-content\/uploads\/2023\/05\/221010-SAB-Dr-Tintelnot-151-1024x683.jpg\" alt=\"\" class=\"wp-image-2522\" srcset=\"https:\/\/slowakei-leipzig.de\/wp-content\/uploads\/2023\/05\/221010-SAB-Dr-Tintelnot-151-1024x683.jpg 1024w, https:\/\/slowakei-leipzig.de\/wp-content\/uploads\/2023\/05\/221010-SAB-Dr-Tintelnot-151-300x200.jpg 300w, https:\/\/slowakei-leipzig.de\/wp-content\/uploads\/2023\/05\/221010-SAB-Dr-Tintelnot-151-768x512.jpg 768w, https:\/\/slowakei-leipzig.de\/wp-content\/uploads\/2023\/05\/221010-SAB-Dr-Tintelnot-151-1536x1024.jpg 1536w, https:\/\/slowakei-leipzig.de\/wp-content\/uploads\/2023\/05\/221010-SAB-Dr-Tintelnot-151-2048x1365.jpg 2048w\" sizes=\"auto, (max-width: 1024px) 100vw, 1024px\" \/><\/a><\/figure>\n<p>(c) Steffen Junghans<\/p>\n<\/div>\n<div class=\"wp-block-column is-layout-flow wp-block-column-is-layout-flow\">\n<figure class=\"wp-block-image size-large\"><a href=\"http:\/\/slowakei-leipzig.de\/wp-content\/uploads\/2023\/05\/221010-SAB-Dr-Tintelnot-131-scaled.jpg\"><img loading=\"lazy\" decoding=\"async\" width=\"1024\" height=\"683\" src=\"http:\/\/slowakei-leipzig.de\/wp-content\/uploads\/2023\/05\/221010-SAB-Dr-Tintelnot-131-1024x683.jpg\" alt=\"\" class=\"wp-image-2521\" srcset=\"https:\/\/slowakei-leipzig.de\/wp-content\/uploads\/2023\/05\/221010-SAB-Dr-Tintelnot-131-1024x683.jpg 1024w, https:\/\/slowakei-leipzig.de\/wp-content\/uploads\/2023\/05\/221010-SAB-Dr-Tintelnot-131-300x200.jpg 300w, https:\/\/slowakei-leipzig.de\/wp-content\/uploads\/2023\/05\/221010-SAB-Dr-Tintelnot-131-768x512.jpg 768w, https:\/\/slowakei-leipzig.de\/wp-content\/uploads\/2023\/05\/221010-SAB-Dr-Tintelnot-131-1536x1024.jpg 1536w, https:\/\/slowakei-leipzig.de\/wp-content\/uploads\/2023\/05\/221010-SAB-Dr-Tintelnot-131-2048x1365.jpg 2048w\" sizes=\"auto, (max-width: 1024px) 100vw, 1024px\" \/><\/a><\/figure>\n<p>(c) Steffen Junghans<\/p>\n<\/div>\n<\/div>\n<\/div>\n<\/div>\n<hr class=\"wp-block-separator has-alpha-channel-opacity\"\/>\n<h6 class=\"wp-block-heading\"><strong>04.06.2022 \/ Radiobericht<\/strong><\/h6>\n<h5 class=\"wp-block-heading has-text-color\" style=\"color:#3366ff\"><span style=\"color: #3366ff;\"><strong><span class=\"b-headline article-header-kicker u-responsive-font-md-xxl-1 has-subline\"><span class=\"headline-kicker\">Di<span style=\"color: #3366ff;\">e f\u00fcnfte Gewalt &#8211; <\/span><\/span><\/span><span class=\"b-headline article-header-title u-responsive-font-xxxl-xxxxl-1 has-no-line has-subline\"><span class=\"headline-title\"><span style=\"color: #3366ff;\">\u00dcber die<\/span> St\u00e4rke der slowakischen B\u00fcrgergesellschaft<\/span><\/span><\/strong><\/span><\/h5>\n<p>Ein Bericht von <a href=\"https:\/\/www.deutschlandfunk.de\/die-fuenfte-gewalt-ueber-die-staerke-der-slowakischen-buergergesellschaft-dlf-7e2346fd-100.html?fbclid=IwAR20HqEeK--HON8oFUgKE_Ui0bJArNgwUxZZn1nG3bz8e7xNp3o0p6rCMIY\" target=\"_blank\" rel=\"noopener noreferrer\"><span style=\"color: #0000ff;\"><span style=\"color: #3366ff;\">Deutschlandfunk<\/span><\/span><\/a> von Kilian Kirchge\u00dfner<\/p>\n<p>Korruption, mangelhafte Gesetze, ungel\u00f6ste Probleme \u2013 in der Slowakei springen engagierte B\u00fcrgerinnen und B\u00fcrger an vielen Stellen ein, wo der Staat M\u00e4ngel oder L\u00fccken aufweist. Sie k\u00fcmmern sich um Umweltschutz, Integration und Gefl\u00fcchtete, entlassen den Staat aber auch nicht aus der Verantwortung.<\/p>\n<p>Quelle: Deutschlandfunk Webseite, Kirchge\u00dfner, Kilian | 04. Juni 2022, 11:05 Uhr, 55 Minuten<\/p>\n<hr class=\"wp-block-separator has-alpha-channel-opacity\"\/>\n<h6 class=\"wp-block-heading\"><strong>12.05.2022<\/strong><strong> \/ Preisverleihung<\/strong><\/h6>\n<h5 class=\"wp-block-heading\"><strong><span style=\"color: #3366ff;\">Princ Michael Saxe-Weimar-Eisenach je \u010fal\u0161\u00edm lauret\u00e1tom mierov\u00e9ho ocenenia<\/span><br \/><\/strong><\/h5>\n<p>Eisenach, Hrad Wartburg, 12. m\u00e1j 2022. Servare et Manere na zasadnut\u00ed koncom minul\u00e9ho roka rozhodlo o ocenen\u00ed Jeho Kr\u00e1\u013eovskej V\u00fdsosti Princa Michaela Saxe-Weimar-Eisenacha. Princ Michael patr\u00ed k popredn\u00fdm osobnostiam, ktor\u00ed sa venuj\u00fa z\u00e1chrane a zachov\u00e1vaniu historick\u00fdch hodn\u00f4t a kult\u00farneho dedi\u010dstva pre \u010fal\u0161ie gener\u00e1cie a s\u00fa tie\u017e nosite\u013emi trad\u00edci\u00ed. Princ je s\u00fa\u010dasnou Hlavou ve\u013ekovojvodsk\u00e9ho rodu Saxe-Weimar-Eisenach, ako aj Hlavou rodu Wettinovcov. Je to dynastia nemeck\u00fdch gr\u00f3fov, vojvodov, knie\u017eat-kurfirstov a kr\u00e1\u013eov, ktor\u00e1 kedysi vl\u00e1dla \u00fazemiam v dne\u0161n\u00fdch spolkov\u00fdch krajin\u00e1ch Sasko, Sasko-Anhaltsko a Dur\u00ednsko. Dynastia je jednou z najstar\u0161\u00edch v Eur\u00f3pe.<\/p>\n<p>Koncom minul\u00e9ho roka Princ oslavoval v\u00fdznamn\u00e9 \u017eivotn\u00e9 jubileum a preto mu bola k pr\u00edle\u017eitosti jeho 75. naroden\u00edn udelen\u00e1 Pam\u00e4tn\u00e1 medaila Stromu pokoja v \u0160peci\u00e1lnej triede s rub\u00ednmi, jedno z na\u0161ich najvy\u0161\u0161\u00edch ocenen\u00ed. Ocenenie bolo odovzdan\u00e9 v are\u00e1li hradu Wartburg, ktor\u00fd zohr\u00e1val v dejin\u00e1ch Eur\u00f3py v\u00fdznamn\u00fa \u00falohu a aj preto bol v roku 1999 zap\u00edsan\u00fd do zoznamu svetov\u00e9ho kult\u00farneho dedi\u010dstva UNESCO.<\/p>\n<p><span style=\"color: #3366ff;\"><a style=\"color: #3366ff;\" href=\"https:\/\/www.tofp.eu\/sk\/michael-prince-of-saxe-weimar-eisenach-is-another-peace-award-laureate\/\" target=\"_blank\" rel=\"noopener noreferrer\">Zdroj<\/a>:<\/span> Projekt Strom pokoja<\/p>\n<hr class=\"wp-block-separator has-alpha-channel-opacity\"\/>\n<h6 class=\"wp-block-heading\"><strong>31.05.2021 \/ Kulturtage<img loading=\"lazy\" decoding=\"async\" width=\"250\" height=\"113\" class=\"wp-image-2197 alignright\" src=\"http:\/\/slowakei-leipzig.de\/wp-content\/uploads\/2021\/06\/Logo-Kulturtage-300x135.jpg\" alt=\"\" style=\"width: 250px;\" srcset=\"https:\/\/slowakei-leipzig.de\/wp-content\/uploads\/2021\/06\/Logo-Kulturtage-300x135.jpg 300w, https:\/\/slowakei-leipzig.de\/wp-content\/uploads\/2021\/06\/Logo-Kulturtage.jpg 732w\" sizes=\"auto, (max-width: 250px) 100vw, 250px\" \/><br \/><\/strong><\/h6>\n<h5 class=\"wp-block-heading\"><strong><span style=\"color: #4269eb;\">Slowakische Kultur in f\u00fcnf deutschen St\u00e4dten im Sommer 2021<\/span><\/strong><\/h5>\n<p><em>Radiobeitrag RTVS &#8211; Radio Slowakei International:<\/em><\/p>\n<p>Nach einer unfreiwilligen Pause, in der wir nicht \u00fcber das Programm der slowakischen Institute in Berlin und Wien berichtet haben &#8211; da es wegen der Pandemie eigentlich keine \u00f6ffentlichen Kulturveranstaltungen gab &#8211; planen wir endlich an unsere Zusammenarbeit wieder anzukn\u00fcpfen. Nach langen Monaten der kulturellen \u201eFastenzeit&#8220; zeigt sich nun langsam ein Licht am Ende des Tunnels, sehr langsam kehren wir zu unserer Normalit\u00e4t zur\u00fcck und schrittweise sperrt auch die Kultur wieder. Das Slowakische Institut in Berlin hat sich entschieden, sofort nach der Lockerung der pandemischen Ma\u00dfnahmen, in den Monaten Juni bis September 2021 eine Pr\u00e4sentation der slowakischen Kultur im Rahmen der \u201eKulturtage der Slowakei in Deutschland&#8220; zu organisieren. Um mehr dar\u00fcber zu erfahren und auch Sie, liebe H\u00f6rer dar\u00fcber informieren zu k\u00f6nnen, haben wir uns gleich mit dem Leiter des Instituts Ivo Hanu\u0161 in Kontakt gesetzt.<\/p>\n<p><span style=\"color: #3366ff;\"><a style=\"color: #3366ff;\" href=\"https:\/\/dersi.rtvs.sk\/clanky\/kultur\/259076\/slowakische-kultur-in-funf-deutschen-stadten-im-sommer-2021\" target=\"_blank\" rel=\"noopener noreferrer\"><strong>Hier<\/strong><\/a> <\/span>Beitrag anh\u00f6ren.<\/p>\n<p><strong><span style=\"color: #3366ff;\"><a style=\"color: #3366ff;\" href=\"https:\/\/www.facebook.com\/institut.berlin\/photos\/pcb.4169348076485200\/4169347479818593\/\" target=\"_blank\" rel=\"noopener noreferrer\">Kulturtage der Slowakei in Deutschland<\/a><\/span> &#8211;<\/strong> Slowakisches Institut Berlin<\/p>\n<h6 class=\"wp-block-heading\"><strong><a href=\"http:\/\/slowakei-leipzig.de\/wp-content\/uploads\/2021\/06\/Leaflet_Kulturtage_2021.pdf\"><span style=\"color: #3366ff;\">Programmflyer zu den Kulturtagen<\/span><\/a><\/strong><\/h6>\n<hr class=\"wp-block-separator has-alpha-channel-opacity\"\/>\n<div class=\"rq0escxv l9j0dhe7 du4w35lb j83agx80 cbu4d94t pfnyh3mw d2edcug0 hpfvmrgz nqmvxvec ph5uu5jm b3onmgus e5nlhep0 ecm0bbzt\">\n<div class=\"aovydwv3 j83agx80 wkznzc2l dlu2gh78\">\n<h6 class=\"b3onmgus e5nlhep0 ph5uu5jm ecm0bbzt spb7xbtv bkmhp75w emlxlaya s45kfl79 cwj9ozl2\"><strong>29.04.2021 \/ Open Call \/ dotacia<br \/><\/strong><\/h6>\n<div class=\"row\">\n<div class=\"col-lg-7 col-md-7 col-sm-12 top-article-info top-article-full\">\n<h5><span style=\"color: #4269eb;\"><strong>Open Call: Grant for a Translation into German<\/strong><\/span><\/h5>\n<\/div>\n<\/div>\n<div class=\"row\">\n<div class=\"col-lg-6 col-lg-offset-3 col-md-8 col-md-offset-2 col-sm-10 col-sm-offset-1 col-xs-12\">\n<div class=\"abstract\">\n<div class=\"field field-name-field-summary field-type-text-long field-label-hidden\">\n<div class=\"field-items\">\n<div class=\"field-item even\">\n<p>The Slovak Literary Center (LIC) announces an open call for a financial grant for a translation sample of original Slovak literature into German language.<\/p>\n<\/div>\n<\/div>\n<\/div>\n<\/div>\n<div class=\"field field-name-body field-type-text-with-summary field-label-hidden\">\n<div class=\"field-items\">\n<div class=\"field-item even\">\n<p><strong>Basic Information<\/strong><\/p>\n<p>The grant for a <strong>translation sample from a work of&nbsp;original Slovak literature into German lanaguage&nbsp;<\/strong>allows professional literary translators to apply for a financial assistance <u><strong>without<\/strong><\/u><strong>&nbsp;commitment of a publishing contract<\/strong>. The grant covers the translator&#8217;s fee for a sample of a literary work that they are interested in translating in its entirety, thus allowing them to obtain German-language material that they can use when negotiating&nbsp;with potential publishers.<\/p>\n<p><strong>Dates<\/strong><\/p>\n<ul>\n<li>Open call announcement: 1 May 2021<\/li>\n<li>Application deadline: 31 May 2021<\/li>\n<li>Announcement of supported applicants: 10 June 2021<\/li>\n<li>Translation submission: 30 August 2021<\/li>\n<li>for more information: <a href=\"https:\/\/www.litcentrum.sk\/en\/article\/open-call-grant-translation-german?fbclid=IwAR1GO7zlT1KwT6T5y494X-yfMb27IWW1QcdUpI4_U7I2Xu3eZB6ZX6q9jnQ\" target=\"_blank\" rel=\"noopener noreferrer\"><span style=\"color: #3366ff;\">click&nbsp; here<\/span><\/a><\/li>\n<\/ul>\n<p>Inform\u00e1cie v Sloven\u010dine n\u00e1jdete<span style=\"color: #3366ff;\"><a style=\"color: #3366ff;\" href=\"https:\/\/www.litcentrum.sk\/clanok\/vyzva-dotacia-na-preklad-ukazky-do-nemeckeho-jazyka\" target=\"_blank\" rel=\"noopener noreferrer\"> tu<\/a>.<\/span><\/p>\n<\/div>\n<hr \/>\n<\/div>\n<\/div>\n<\/div>\n<\/div>\n<h6 class=\"b3onmgus e5nlhep0 ph5uu5jm ecm0bbzt spb7xbtv bkmhp75w emlxlaya s45kfl79 cwj9ozl2\"><strong>15.04.2021 \/ Korona<\/strong><\/h6>\n<\/div>\n<\/div>\n<div class=\"rq0escxv l9j0dhe7 du4w35lb j83agx80 cbu4d94t g5gj957u d2edcug0 hpfvmrgz on77hlbc buofh1pr o8rfisnq ph5uu5jm b3onmgus ihqw7lf3 ecm0bbzt\">\n<div class=\"tr9rh885\">\n<div class=\"j83agx80 cbu4d94t obtkqiv7 sv5sfqaa\">\n<div class=\"bi6gxh9e aov4n071\">\n<h5 class=\"gmql0nx0 l94mrbxd p1ri9a11 lzcic4wl d2edcug0 hpfvmrgz\" dir=\"auto\" tabindex=\"-1\"><span style=\"color: #4269eb;\"><strong><span class=\"d2edcug0 hpfvmrgz qv66sw1b c1et5uql lr9zc1uh a8c37x1j keod5gw0 nxhoafnm aigsh9s9 embtmqzv fe6kdd0r mau55g9w c8b282yb hrzyx87i m6dqt4wy h7mekvxk hnhda86s oo9gr5id hzawbc8m\" dir=\"auto\">Slovensk\u00e9 ve\u013evyslanectvo v Nemecku \/ Slowakische Botschaft in Deutschland<\/span> informuje:<\/strong><\/span><\/h5>\n<\/div>\n<\/div>\n<\/div>\n<\/div>\n<div class=\"kvgmc6g5 cxmmr5t8 oygrvhab hcukyx3x c1et5uql ii04i59q\">\n<div dir=\"auto\">\u010eal\u0161ie dobr\u00e9 spr\u00e1vy pre Slov\u00e1kov, ktor\u00ed cestuj\u00fa do Nemecka!<\/div>\n<div dir=\"auto\">&nbsp;<\/div>\n<\/div>\n<div class=\"o9v6fnle cxmmr5t8 oygrvhab hcukyx3x c1et5uql ii04i59q\">\n<div dir=\"auto\">Mil\u00ed priatelia,<\/div>\n<\/div>\n<div class=\"o9v6fnle cxmmr5t8 oygrvhab hcukyx3x c1et5uql ii04i59q\">\n<div dir=\"auto\">od nedele 11. apr\u00edla 2021 sa op\u00e4\u0165 zmier\u0148uj\u00fa podmienky na cestu do Nemecka pre \u013eud\u00ed cestuj\u00facich zo SR.<\/div>\n<\/div>\n<div class=\"o9v6fnle cxmmr5t8 oygrvhab hcukyx3x c1et5uql ii04i59q\">\n<div dir=\"auto\">Vstup do krajiny bude po novom umo\u017enen\u00fd aj osob\u00e1m bez trval\u00e9ho alebo registrovan\u00e9ho pobytu v Nemecku.<\/div>\n<\/div>\n<div class=\"o9v6fnle cxmmr5t8 oygrvhab hcukyx3x c1et5uql ii04i59q\">\n<div dir=\"auto\">Zmier\u0148uj\u00fa sa aj podmienky pri preukazovan\u00ed testov na COVID-19. Od 11. apr\u00edla 2021 sa osoby, ktor\u00e9 cestuj\u00fa zo SR musia do 48 hod\u00edn po vstupe na \u00fazemie Nemecka preuk\u00e1za\u0165 negat\u00edvnym antig\u00e9nov\u00fdm, alebo PCR testom a tento mus\u00ed by\u0165 vykonan\u00fd do 48 hod\u00edn pred vstupom alebo do 48 hod\u00edn po vstupe do krajiny. Existuj\u00fa aj v\u00fdnimky pre konkr\u00e9tne skupiny os\u00f4b, pre viac inform\u00e1ci\u00ed o zmene re\u017eimu na hraniciach nav\u0161t\u00edvte <a href=\"https:\/\/www.mzv.sk\/cestovanie\/covid19\/obmedzenia-na-hraniciach?fbclid=IwAR0ud5QrcVL6Vhby3n3ZDsVRJHTv9tLoOUYKfMqlwmPkLDppeRXAjU5of-o#nemecko\" target=\"_blank\" rel=\"noopener noreferrer\"><span style=\"color: #3366ff;\">webov\u00fa str\u00e1nku.&nbsp;<\/span><\/a><\/div>\n<\/div>\n<div dir=\"auto\">&nbsp;<\/div>\n<div dir=\"auto\">Informationen auf Deutsch zu den aktuellen Reisebeschr\u00e4nkungen zwischen der Slowakei und Deutschland finden Sie auch auf der Seite der <a href=\"https:\/\/pressburg.diplo.de\/sk-de\" target=\"_blank\" rel=\"noopener noreferrer\"><span style=\"color: #3366ff;\">Deutschen Botschaft Bratislava.<\/span><\/a><\/div>\n<div dir=\"auto\">&nbsp;<\/div>\n<hr class=\"wp-block-separator has-alpha-channel-opacity\"\/>\n<h6 class=\"wp-block-heading\"><span class=\"date-display-single\"><strong>16.02.2021 \/ Korona<\/strong><\/span><\/h6>\n<h5 class=\"wp-block-heading\"><span style=\"color: #4269eb;\"><strong>MZVEZ SR upozor\u0148uje na pr\u00edsnej\u0161\u00ed re\u017eim na hraniciach Slovenska a \u010fal\u0161\u00edch \u0161t\u00e1tov E\u00da \u010di sveta. Plat\u00ed odpor\u00fa\u010danie necestova\u0165! (cestovn\u00e9 odpor\u00fa\u010danie pre v\u0161etky krajiny)<\/strong><\/span><\/h5>\n<div class=\"o9v6fnle cxmmr5t8 oygrvhab hcukyx3x c1et5uql ii04i59q\">\n<div dir=\"auto\">\n<p><a href=\"https:\/\/www.mzv.sk\/web\/berlin\/spravy\/-\/asset_publisher\/qUcjGk6Falrh\/content\/mzvez-sr-upozornuje-na-prisnejsi-rezim-na-hraniciach-slovenska-a-dalsich-statov-eu-ci-sveta-plati-odporucanie-necestovat-cestovne-odporucanie-pre-vset\/10182?p_p_auth=eCqq1VsW&amp;_101_INSTANCE_qUcjGk6Falrh_redirect=%2Fweb%2Fberlin\" target=\"_blank\" rel=\"noopener noreferrer\"><span style=\"color: #3366ff;\">Cestovn\u00e9 odpor\u00fa\u010danie | Oznamy a upozornenia pred cestovan\u00edm<\/span><\/a><\/p>\n<hr \/>\n<h6 class=\"field-item even\"><span class=\"date-display-single\"><strong>15.02.2021 \/ Volksz\u00e4hlung<br \/><\/strong><\/span><\/h6>\n<h5><span style=\"color: #4269eb;\"><strong>Elektronick\u00e9 s\u010d\u00edtanie obyvate\u013eov Slovenskej republiky<\/strong><\/span><\/h5>\n<p>Vobdob\u00ed od 15. febru\u00e1ra 2021 do 31. marca 2021 sa bude realizova\u0165 elektronick\u00e9 s\u010d\u00edtanie obyvate\u013eov Slovenskej republiky.<\/p>\n<\/div>\n<\/div>\n<div class=\"o9v6fnle cxmmr5t8 oygrvhab hcukyx3x c1et5uql ii04i59q\">\n<div dir=\"auto\">Povinnos\u0165 s\u010d\u00edta\u0165 sa vyplnen\u00edm (online) s\u010d\u00edtacieho formul\u00e1ra maj\u00fa v\u0161etci obyvatelia Slovenskej republiky. Obyvate\u013eom sa rozumie ka\u017ed\u00fd, kto m\u00e1 v Slovenskej republike trval\u00fd, prechodn\u00fd alebo tolerovan\u00fd pobyt. Obyvate\u013eom sa z\u00e1rove\u0148 rozumie aj ob\u010dan Eur\u00f3pskej \u00fanie, ktor\u00fd m\u00e1 na \u00fazem\u00ed Slovenskej republiky obvykl\u00fd pobyt. Za neplnolet\u00e9ho obyvate\u013ea a za obyvate\u013ea, ktor\u00fd nie je sp\u00f4sobil\u00fd na pr\u00e1vne \u00fakony m\u00e1 povinnos\u0165 vyplni\u0165 s\u010d\u00edtac\u00ed formul\u00e1r jeho z\u00e1konn\u00fd z\u00e1stupca.<\/div>\n<\/div>\n<div class=\"o9v6fnle cxmmr5t8 oygrvhab hcukyx3x c1et5uql ii04i59q\">\n<div dir=\"auto\">S\u010d\u00edtac\u00ed formul\u00e1r, ako aj bli\u017e\u0161ie inform\u00e1cie k s\u010d\u00edtaniu obyvate\u013eov s\u00fa pre V\u00e1s k dispoz\u00edcii na webovej str\u00e1nke <a class=\"oajrlxb2 g5ia77u1 qu0x051f esr5mh6w e9989ue4 r7d6kgcz rq0escxv nhd2j8a9 nc684nl6 p7hjln8o kvgmc6g5 cxmmr5t8 oygrvhab hcukyx3x jb3vyjys rz4wbd8a qt6c0cv9 a8nywdso i1ao9s8h esuyzwwr f1sip0of lzcic4wl py34i1dx gpro0wi8\" tabindex=\"0\" role=\"link\" href=\"https:\/\/l.facebook.com\/l.php?u=https%3A%2F%2Fwww.scitanie.sk%2F%3Ffbclid%3DIwAR2IECzgu6nn_NOYJMdEkpx44qag3gn7DPqMU3rLZOhe7JMLzl8X92qWZGw&amp;h=AT0t-_1C9TkSNYSCY3VypS8rOTwYk9KNTKtHgBXKTQbjeukrb5CAMvFiG9AUiAl3NPSijuYDrqBRSRlQBdZaePjYI8hIQJpUj1Mup6PqjMhoU2whHRcYUFBfFkWVFgRBcBlT&amp;__tn__=-UK-y-R&amp;c[0]=AT1zUtz0N0U6UL3FeIRYrb_y1FTbGEJS1bEsrLyX6X5_f0rxSuC0KUkMG2ztpg6mNvA0qWKx1Nd0307rFBMhlpb9mM0HzZqYUOC1gsudYdYFczqpBO8kj8DIqwBNB6i764IBcmb79UyYgn4UfXwpmD8Mmz3fDdplZFDc9IPAbxOyrCjEsObPiHEIxwwiJLp-VA5h17_hMRKwTK_c6zr1EcLnt1lT0BYXST0CdalSUF7YKIhE0oJzd3v1\" target=\"_blank\" rel=\"nofollow noopener noreferrer\">www.scitanie.sk.<\/a><\/div>\n<div dir=\"auto\">&nbsp;<\/div>\n<div dir=\"auto\">&nbsp;<\/div>\n<\/div>\n<hr class=\"wp-block-separator has-alpha-channel-opacity\"\/>\n<h6 class=\"wp-block-heading\"><span class=\"date-display-single\"><strong>14.01.2021 \/ Neuerscheinung<\/strong><\/span><\/h6>\n<h5 class=\"wp-block-heading\"><span style=\"color: #4269eb;\"><strong><span class=\"kicker\">Lyrik von Mila Haugov\u00e1<\/span><span class=\"hide\">: <\/span>Schlagfertigkeit der Seele<\/strong><\/span><\/h5>\n<p>Alterssexualit\u00e4t, der Doppelpunkt als Dominantseptakkord: F\u00fcr ihre Lyrik erh\u00e4lt Mila Haugov\u00e1 Anerkennung auch au\u00dferhalb der Slowakei.<\/p>\n<p>Quelle: <a href=\"https:\/\/taz.de\/Lyrik-von-Mila-Haugova\/!5744041\/\" target=\"_blank\" rel=\"noopener noreferrer\">Artikel auf TAZ Online<\/a> (11.02.2021)<\/p>\n<div class=\"text_exposed_show\">\n<hr \/>\n<\/div>\n<h6 class=\"wp-block-heading\"><span class=\"date-display-single\"><strong>12.12.2020 \/ Neuerscheinung<br \/><\/strong><\/span><\/h6>\n<h5 class=\"wp-block-heading\"><span style=\"color: #4269eb;\"><strong>OSTRAGEHEGE &#8211; Zeitschrift f\u00fcr Literatur und Kunst (Nr. 98)<\/strong><\/span><\/h5>\n<p>mit slowakischen Autor*innen<\/p>\n<div class=\"field field-name-field-person field-type-entityreference field-label-hidden\">\n<div class=\"field-items\">\n<div class=\"field-item even\"><a href=\"https:\/\/www.litcentrum.sk\/autor\/peter-darovec\" target=\"_blank\" rel=\"noopener noreferrer\">Peter Darovec<\/a><\/div>\n<div class=\"field-item odd\"><a href=\"https:\/\/www.litcentrum.sk\/autor\/peter-darovec\" target=\"_blank\" rel=\"noopener noreferrer\">Daniel Majling<\/a><\/div>\n<div class=\"field-item even\"><a href=\"https:\/\/www.litcentrum.sk\/autor\/peter-darovec\" target=\"_blank\" rel=\"noopener noreferrer\">Alexandra Salmela<\/a><\/div>\n<div class=\"field-item odd\"><a href=\"https:\/\/www.litcentrum.sk\/autor\/peter-darovec\" target=\"_blank\" rel=\"noopener noreferrer\">Ivan Mede\u0161i<\/a><\/div>\n<div class=\"field-item even\"><a href=\"https:\/\/www.litcentrum.sk\/autor\/peter-darovec\" target=\"_blank\" rel=\"noopener noreferrer\">Milo Jan\u00e1\u010d<\/a><\/div>\n<\/div>\n<\/div>\n<p>Mehr unter: <a href=\"http:\/\/www.ostra-gehege.de\/\" target=\"_blank\" rel=\"noopener noreferrer\">www.ostra-gehege.de\/<\/a><\/p>\n<hr class=\"wp-block-separator has-alpha-channel-opacity\"\/>\n<div class=\"row\">\n<div class=\"main-content col-md-12 col-sm-12\">\n<div class=\"region region-content\">\n<div id=\"block-system-main\" class=\"block block-system\">\n<div class=\"content\">\n<div id=\"node-168164\" class=\"container node node-article node-promoted node-sticky node-full node--article--full clearfix\">\n<div class=\"row\">\n<div class=\"col-lg-7 col-md-7 col-sm-12 top-article-info top-article-full\">\n<div class=\"article-meta\">\n<div class=\"date\">\n<div class=\"field field-name-field-date field-type-datetime field-label-hidden\">\n<div class=\"field-items\">\n<h6 class=\"field-item even\"><span class=\"date-display-single\"><strong>05.09.2019 \/ Ausschreibung<\/strong><br \/><\/span><\/h6>\n<\/div>\n<\/div>\n<\/div>\n<\/div>\n<h5><span style=\"color: #4269eb;\"><strong>Dot\u00e1cia na preklad do nemeck\u00e9ho jazyka<\/strong><\/span><\/h5>\n<h5><span style=\"color: #4269eb;\"><strong>F\u00f6rderung von \u00dcbersetzungen slowakischer Literatur ins Deutsche<\/strong><\/span><\/h5>\n<\/div>\n<figure><img loading=\"lazy\" decoding=\"async\" class=\"img-cover\" src=\"https:\/\/www.litcentrum.sk\/sites\/default\/files\/styles\/homepage-top-article\/public\/news_images\/preklady.jpg?itok=6xQz_kO3\" alt=\"Dot\u00e1cia na preklad do nemeck\u00e9ho jazyka\" width=\"591\" height=\"389\"\/><\/figure>\n<div class=\"col-lg-5 col-md-5 col-sm-12 top-image-overflow-right\"><\/div>\n<\/div>\n<div class=\"row\">\n<div class=\"col-lg-6 col-lg-offset-3 col-md-8 col-md-offset-2 col-sm-10 col-sm-offset-1 col-xs-12\">\n<div class=\"abstract\">\n<div class=\"field field-name-field-summary field-type-text-long field-label-hidden\">\n<div class=\"field-items\">\n<div class=\"field-item even\">\n<p>Liter\u00e1rne informa\u010dn\u00e9 centrum vyhlasuje v\u00fdzvu na z\u00edskanie dot\u00e1cie&nbsp;na preklad uk\u00e1\u017eky slovenskej p\u00f4vodnej literat\u00fary do nemeck\u00e9ho jazyka.<\/p>\n<\/div>\n<\/div>\n<\/div>\n<\/div>\n<div class=\"field field-name-body field-type-text-with-summary field-label-hidden\">\n<div class=\"field-items\">\n<div class=\"field-item even\">\n<p><u><strong>Z\u00e1kladn\u00e9 inform\u00e1cie v slovenskom jazyku<\/strong><\/u> (inform\u00e1cie v nemeckom jazyku n\u00e1jdete ni\u017e\u0161ie &#8211;&nbsp;Informationen in deutscher Sprache finden Sie weiter unten)<strong>: <\/strong><\/p>\n<p>Grant na <strong>preklad uk\u00e1\u017eky z&nbsp;diela p\u00f4vodnej slovenskej literat\u00fary do nemeck\u00e9ho jazyka<\/strong> umo\u017e\u0148uje profesion\u00e1lnym prekladate\u013eom umeleckej literat\u00fary do nemeck\u00e9ho jazyka uch\u00e1dza\u0165 sa o finan\u010dn\u00fa dot\u00e1ciu <strong>bez<\/strong> <strong>viazanosti na zmluvu s&nbsp;vydavate\u013estvom. <\/strong>Dot\u00e1cia pokryje honor\u00e1r za preklad \u010dasti diela, ktor\u00e9 maj\u00fa z\u00e1ujem preklada\u0165 cel\u00e9, a z\u00edska\u0165 tak materi\u00e1l v&nbsp;nemeckom jazyku, ktor\u00fd m\u00f4\u017eu vyu\u017ei\u0165 pri rokovan\u00ed s&nbsp;bud\u00facimi vydavate\u013emi.<\/p>\n<p>Dot\u00e1cia vo v\u00fd\u0161ke <strong>18 eur za normostranu sa via\u017ee na 15 \u2013 25 normostr\u00e1n<\/strong> (normostrana je 1800 znakov) uk\u00e1\u017eky v&nbsp;nemeckej verzii.<\/p>\n<p>Prekladate\u013e, ktor\u00fd z\u00edska dot\u00e1ciu na uk\u00e1\u017eku, m\u00e1 automaticky n\u00e1rok na prekladate\u013esk\u00fa rezidenciu SCUP v Bratislave.<\/p>\n<p><strong>Term\u00edny\/ Termine: <\/strong><\/p>\n<p>Uz\u00e1vierka posielania \u017eiadost\u00ed \/ Deadline: <strong>30. 9. 2019<\/strong><\/p>\n<p>Vyhl\u00e1senie podporen\u00fdch uch\u00e1dza\u010dov\/ Bekanntmachung der gef\u00f6rderten Antragsteller: <strong>10. 10. 2019<\/strong><\/p>\n<p>Predlo\u017eenie prekladu \/ \u00dcbermittlung der \u00dcbersetzung: <strong>30. 11. 2019<\/strong><\/p>\n<p><strong>Kontakt:<\/strong><\/p>\n<p>Liter\u00e1rne informa\u010dn\u00e9 centrum, N\u00e1mestie SNP 12, 81102 Bratislava, Slovensk\u00e1 republika<\/p>\n<p><span style=\"color: #3366ff;\"><u><a style=\"color: #3366ff;\" href=\"mailto:katarina.balcarova@litcentrum.sk\">katarina.balcarova@litcentrum.sk<\/a><\/u><\/span><\/p>\n<p><span style=\"color: #3366ff;\">&nbsp;<u><a style=\"color: #3366ff;\" href=\"http:\/\/www.litcentrum.sk\/\">www.litcentrum.sk<\/a><\/u><\/span><\/p>\n<p><strong><u>Grundelegende Informationen:<br \/><\/u><\/strong><\/p>\n<p><a id=\"Ausschreibung\" name=\"Ausschreibung\"><\/a> Die F\u00f6rderung eines <strong>Probeauszugs slowakischer Originalliteratur ins Deutsche <\/strong>erm\u00f6glicht professionellen \u00dcbersetzerinnen und \u00dcbersetzern literarischer Werke ins Deutsche die Bewerbung um eine finanzielle Dotation ohne die <strong>Vorbedingung eines Vertrags mit einem Verlag<\/strong>. Die F\u00f6rderung deckt das Honorar f\u00fcr die \u00dcbersetzung des Teils eines Werks ab, dessen vollst\u00e4ndige \u00dcbersetzung vom F\u00f6rderungswerber in Aussicht genommen ist. Zweck ist die Erstellung einer Textprobe in deutscher Sprache, um die Verhandlungen mit einem k\u00fcnftigen Verlag zu erleichtern.<\/p>\n<p>Die F\u00f6rderung in H\u00f6he von <strong>18.- Euro pro Normseite wird f\u00fcr 15-25 Normseiten<\/strong> (eine Normseite sind 1.800 Zeichen) eines Probeauszugs in deutscher Sprache gew\u00e4hrt.<\/p>\n<\/div>\n<\/div>\n<\/div>\n<\/div>\n<\/div>\n<\/div>\n<\/div>\n<\/div>\n<\/div>\n<\/div>\n<\/div>\n<p><strong><span style=\"color: #3366ff;\"><a style=\"color: #3366ff;\" href=\"https:\/\/www.litcentrum.sk\/clanok\/dotacia-na-preklad-do-nemeckeho-jazyka\">Weitere Informationen \/ \u010eal\u0161ie inform\u00e1cie<\/a><\/span><\/strong><\/p>\n<hr class=\"wp-block-separator has-alpha-channel-opacity\"\/>\n<h6 class=\"wp-block-heading\"><strong>M\u00e4rz 2019 | Pr\u00e4sidentschaftswahl<\/strong><\/h6>\n<p>Die Slowakei w\u00e4hlt am 16. M\u00e4rz 2019 eine neue Pr\u00e4sidentin oder einen neuen Pr\u00e4sidenten. Eine \u00dcbersicht \u00fcber die Kandidaten finden Sie hier: <a href=\"http:\/\/www.minv.sk\/swift_data\/source\/verejna_sprava\/volby_a_referendum\/130_prezident\/p19_2info\/WP19_Kandidati.htm\"><span style=\"color: #3366ff;\">www.minv.sk\/swift_data\/source\/verejna_sprava\/volby_a_referendum\/130_prezident\/p19_2info\/WP19_Kandidati.htm<\/span><\/a><\/p>\n<p>Wenn im ersten Wahlgang kein Kandidat die Mehrheit erlangt, findet ein zweiter Wahlgang am 30.03.2019 statt.<\/p>\n<p>Gew\u00e4hlt werden muss am Ort des Hauptwohnsitzes.<\/p>\n<p>F\u00fcr Slowaken, die dauerhaft im Ausland leben, ist es nicht m\u00f6glich Ihre Stimme per Briefwahl oder an Botschaften oder Konsulaten abzugeben.<\/p>\n<hr class=\"wp-block-separator has-alpha-channel-opacity\"\/>\n<h6 class=\"wp-block-heading\"><strong>2018\/2019 | Sch\u00fcler- und Kulturaustausch<\/strong><\/h6>\n<h5 class=\"wp-block-heading\"><span style=\"color: #4269eb;\"><strong>Sch\u00fcleraustauschprogramm f\u00fcr weltoffene Familien &#8211; jetzt bewerben!<\/strong><\/span><\/h5>\n<p>Sch\u00fclerinnen und Sch\u00fcler, die sich f\u00fcr die Slowakei&nbsp; interessieren, haben jetzt die M\u00f6glichkeit, sich f\u00fcr das Austauschjahr 2018\/19 in der Slowakei zu bewerben. Dort leben sie in einer Gastfamilie, besuchen die Schule vor Ort und lernen so den slowakischen Alltag kennen. Die Sch\u00fclerinnen und Sch\u00fcler m\u00fcssen bei der Abreise im Sommer 2018 zwischen 15 und 18 Jahre alt sein.<\/p>\n<p>Organisiert wird das Austauschjahr von der gemeinn\u00fctzigen Austauschorganisation Deutsches Youth For Understanding Komitee e.V. (YFU), die sich f\u00fcr interkulturelle Bildung und Toleranz einsetzt und mit den Programmen keinerlei finanziellen Gewinn erzielt. Alle Austauschsch\u00fcler werden umfassend auf das Austauscherlebnis vorbereitet und w\u00e4hrend des Jahres pers\u00f6nlich begleitet. Bei Bedarf vergibt YFU Stipendien f\u00fcr das Austauschjahr. Weitere Informationen zum Austauschjahr in der Slowakei finden Sie auch online unter <a href=\"http:\/\/www.yfu.de\/slowakei\" target=\"_blank\" rel=\"noopener noreferrer\"><span style=\"color: #3366ff;\">www.yfu.de\/slowakei<\/span><\/a>.<\/p>\n<div class=\"wp-block-image\">\n<figure class=\"alignright is-resized\"><a href=\"http:\/\/slowakei-leipzig.de\/wp-content\/uploads\/2014\/05\/YFU-Logo.jpg\"><img loading=\"lazy\" decoding=\"async\" width=\"300\" height=\"194\" src=\"http:\/\/slowakei-leipzig.de\/wp-content\/uploads\/2014\/05\/YFU-Logo-300x194.jpg\" alt=\"YFU-Logo\" class=\"wp-image-857\" style=\"width:232px;height:150px\" srcset=\"https:\/\/slowakei-leipzig.de\/wp-content\/uploads\/2014\/05\/YFU-Logo-300x194.jpg 300w, https:\/\/slowakei-leipzig.de\/wp-content\/uploads\/2014\/05\/YFU-Logo-1000x650.jpg 1000w, https:\/\/slowakei-leipzig.de\/wp-content\/uploads\/2014\/05\/YFU-Logo.jpg 1004w\" sizes=\"auto, (max-width: 300px) 100vw, 300px\" \/><\/a><\/figure>\n<\/div>\n<p>Deutsches Youth For Understanding Komitee e.V. (YFU)<br \/>Internationaler Jugendaustausch<\/p>\n<p>Oberaltenallee 6, 22081 Hamburg<\/p>\n<p><a href=\"http:\/\/www.yfu.de\" target=\"_blank\" rel=\"noopener noreferrer\">&nbsp;<span style=\"color: #3366ff;\">www.yfu.de<\/span><\/a><\/p>\n<hr class=\"wp-block-separator has-alpha-channel-opacity\"\/>\n<h6 class=\"wp-block-heading\">13.02.2017 | Publikation<\/h6>\n<h5 class=\"wp-block-heading\"><span style=\"color: #4269eb;\"><strong>Literarischer Reisef\u00fchrer Pressburg | Liter\u00e1rny Sprievodca Bratislava<br \/>Sechs Stadtspazierg\u00e4nge. Erschienen im November 2017<\/strong><\/span><\/h5>\n<p><strong>Pressburg<\/strong> \u2013 ungarisch Pozsony, slowakisch seit 1919 Bratislava \u2013 ist mehr als die kleine Schwester Wiens. Es war jahrhundertelang ungarische Kr\u00f6nungsstadt und lag an den wichtigen Handelswegen Mitteleuropas. Mehrsprachigkeit war pr\u00e4gend f\u00fcr die hier geborenen und lebenden Autoren. Zu diesen geh\u00f6rt der gro\u00dfe Barockgelehrte Matthias Bel oder der deutschsprachige Schriftsteller und \u00dcbersetzer Alfred Marnau, in dessen Werken sich die bewegte Geschichte des 20. Jahrhunderts zeigt.<\/p>\n<p>Die Donaustadt erscheint oft als Erinnerungsort, etwa in den zwischen den Weltkriegen entstandenen <em>Pre\u00dfburger Interieurs<\/em> von Elsa Grailich oder den <em>Pre\u00dfburger Ghettobildern<\/em> von Karl Benyovszky. Eine Pers\u00f6nlichkeit der reichhaltigen j\u00fcdischen Kultur war Selma Steiner mit ihrer ber\u00fchmten Traditionsbuchhandlung. Diese \u00fcberstand alle historischen Br\u00fcche: von der k. u. k. Monarchie \u00fcber die Erste Tschechoslowakische Republik, den Slowakischen Staat und den Kommunismus bis zur Wende.<\/p>\n<p>Sechs literarische Spazierg\u00e4nge begleiten durch die zu entdeckende Vielschichtigkeit der slowakischen Hauptstadt, die auch Schriftsteller der Gegenwart wie Michal Hvorecky immer wieder fasziniert.<\/p>\n<div class=\"wp-block-cover is-light has-custom-content-position is-position-bottom-center\"><img decoding=\"async\" class=\"wp-block-cover__image-background\" alt=\"\" src=\"http:\/\/www.kulturforum.info\/images\/Personen\/SakoHoessRenata_LRPressburgBC_Portrait2017_460.jpg\" data-object-fit=\"cover\"\/><span aria-hidden=\"true\" class=\"wp-block-cover__background has-background-dim\"><\/span><\/p>\n<div class=\"wp-block-cover__inner-container is-layout-flow wp-block-cover-is-layout-flow\">\n<p class=\"has-text-align-center has-medium-font-size\">\n<\/div>\n<\/div>\n<div class=\"rklein\"><\/div>\n<p><strong>Renata SakoHoess<\/strong> kam in einer deutsch-slowakischen Familie in Bratislava auf die Welt und verlie\u00df im Herbst 1968 als Kind mit ihren Eltern die Tschechoslowakei. Von klein auf zweisprachig, studierte sie Germanistik und Slawistik in M\u00fcnchen, wo sie dann als Lehrbeauftragte f\u00fcr Slowakisch t\u00e4tig war. Ihr Reisef\u00fchrer <em>Slowakei <\/em>erschien seit 2001 in f\u00fcnf Auflagen im DuMont Verlag, im selben Jahr publizierte sie als Mitherausgeberin eine Anthologie \u00fcber Bratislava in der Reihe <em>Europa erlesen <\/em>im Wieser Verlag. Sie ver\u00f6ffentlicht Literaturkritiken und Reiseberichte u. a. in der <em>Neuen Z\u00fcrcher Zeitung <\/em>und in der <em>S\u00fcddeutschen Zeitung<\/em>.<\/p>\n<p><strong>SakoHoess, Renata: <em>Literarischer Reisef\u00fchrer<\/em> <em>Pressburg\/Bratislava. Sechs Stadtspazierg\u00e4nge, <\/em><\/strong>mit zahlreichen farbigen und Schwarz-Wei\u00df-Abbildungen, Kurzbiografien, ausf\u00fchrlichen Registern und zweisprachigen Karten, ca. 300 Seiten, Integralbroschur mit Leseb\u00e4ndchen. <em>Potsdamer Bibliothek \u00f6stliches Europa \u2013 Kulturreisen<\/em>, Potsdam 2017<br \/>14,80 \u20ac, ISBN 978-3-936168-68-6<\/p>\n<p>Eine Publikation des <a href=\"http:\/\/www.kulturforum.info\/de\/startseite-de\/1000305-publikationen\/1019383-kulturreisen\/literarischer-reisefuehrer-pressburg-bratislava\" target=\"_blank\" rel=\"noopener noreferrer\"><span style=\"color: #3366ff;\">Deutschen Kulturforums \u00f6stlisches Europa<\/span><\/a>.<\/p>\n<hr class=\"wp-block-separator has-alpha-channel-opacity\"\/>\n<h6 class=\"wp-block-heading\">13.02.2017 | Pressebericht ARD<\/h6>\n<div class=\"section sectionA sectionArticle\">\n<div class=\"con\">\n<div class=\"modCon\">\n<div class=\"mod modA modParagraph\">\n<div class=\"boxCon\">\n<div class=\"box\">\n<div class=\"meldungHead\">\n<h5><span style=\"color: #4269eb;\"><strong><span class=\"dachzeile\">Slowakischer Pr\u00e4sident: <\/span> <span class=\"headline\">Der Mann, der gegen den Strom schwimmt<\/span><\/strong><\/span><\/h5>\n<\/div>\n<\/div>\n<\/div>\n<\/div>\n<\/div>\n<\/div>\n<\/div>\n<div class=\"section sectionZ sectionArticle\">\n<div class=\"con\">\n<div class=\"modCon\">\n<div class=\"mod modA modParagraph\">\n<p class=\"text small\"><strong>Er spendet sein Gehalt an Hilfsbed\u00fcrftige und k\u00e4mpft f\u00fcr die europ\u00e4ische Idee: Der slowakische Staatspr\u00e4sident Kiska positioniert sich in der Fl\u00fcchtlingspolitik deutlich anders als seine Nachbarl\u00e4nder. Wiederholt hat er zu mehr Solidarit\u00e4t aufgerufen. &nbsp;<\/strong><\/p>\n<p class=\"text small\"><em>Von Stefan Heinlein, ARD-Studio Prag <\/em><\/p>\n<p class=\"text small\">&#8222;Keine europ\u00e4ischen Fl\u00fcchtlingsquoten&#8220;. &#8222;Der Islam ist eine Gefahr&#8220;. &#8222;Nur ein besserer Schutz der Grenzen verhindert islamistische Terroranschl\u00e4ge&#8220;. So lautet die gemeinsame Marschroute der Regierungen in Ost- und Mitteleuropa. Andrej Kiska schwimmt jedoch gegen diesen Strom. Der slowakische Pr\u00e4sident&nbsp;warnt vor Nationalismus und Extremismus: &nbsp;&#8222;Es ist v\u00f6llig normal, dass wir vor vielen Dingen Angst haben. Die Demokratie lebt jedoch vom gegenseitigen Respekt. Der&nbsp;Hass gegen ganze V\u00f6lker, Nationalit\u00e4ten oder Glaubensrichtungen ist nicht zu tolerieren. Die Behauptung jeder Moslem sei ein Terrorist, ist falsch und dumm.&#8220;<\/p>\n<p class=\"text small\"><a href=\"http:\/\/www.tagesschau.de\/ausland\/slowakei-127.html\" target=\"_blank\" rel=\"noopener noreferrer\">weiterlesen und h\u00f6ren<\/a><\/p>\n<hr \/>\n<\/div>\n<\/div>\n<h6>09.02.2017 | Publikation<\/h6>\n<h5 class=\"item_title\"><span style=\"color: #4269eb;\"><strong>Eine winzige Tr\u00e4ne &#8211; Der verheerende Einfluss des Nationalsozialismus auf das Leben von Musikern in Mitteleuropa (1933-1945) \u2013 HATiKVA e.V. <\/strong><span class=\"item_divider\"><strong> |<\/strong> <\/span><\/span><\/h5>\n<p>Buchpremiere war am 09.02.2017 in Dresden<\/p>\n<p>im <a href=\"http:\/\/www.hatikva.de\" target=\"_blank\" rel=\"noopener noreferrer\"><span style=\"color: #3366ff;\">HATIKVA \u2013<\/span> <span style=\"color: #3366ff;\">Bildungs- und Begegnungsst\u00e4tte f\u00fcr j\u00fcdische Geschichte und Kultur Sachsen<\/span> <span style=\"color: #3366ff;\">e. V.<\/span><\/a><\/p>\n<figure><a href=\"http:\/\/www.facebook.com\/dkfoe\"><img loading=\"lazy\" decoding=\"async\" class=\"size-medium wp-image-1315 alignright\" src=\"http:\/\/slowakei-leipzig.de\/wp-content\/uploads\/2014\/05\/16682047_1277490719002193_2287179304955468916_n-300x200.jpg\" alt=\"\" width=\"300\" height=\"200\" srcset=\"https:\/\/slowakei-leipzig.de\/wp-content\/uploads\/2014\/05\/16682047_1277490719002193_2287179304955468916_n-300x200.jpg 300w, https:\/\/slowakei-leipzig.de\/wp-content\/uploads\/2014\/05\/16682047_1277490719002193_2287179304955468916_n-768x512.jpg 768w, https:\/\/slowakei-leipzig.de\/wp-content\/uploads\/2014\/05\/16682047_1277490719002193_2287179304955468916_n.jpg 900w\" sizes=\"auto, (max-width: 300px) 100vw, 300px\" \/><\/a><\/figure>\n<p>Das Music Centre Slovakia (<a href=\"http:\/\/www.hc.sk\"><span style=\"color: #3366ff;\">www.hc.sk<\/span><\/a>) stellt ein neues Buch von Agata Schindler vor, das ein Ergebnis ihrer seit mehr als 20 Jahren einzigartigen Forschung in den Archiven der Welt ist. Das Buch wirft ein Schlaglicht auf die Biografien von sechs Musikern und einem T\u00e4nzer, ihren \u00dcberlebenskampf und ihre Liebe zur Kunst. Von denen, die aus den Konzentrationslagern zur\u00fcckkamen, schafften es einige, ein neues Leben zu beginnen und ihre grauenhaften Erfahrungen in eine Kraft umzuwandeln, die ihnen half zu vergessen. Andere dagegen schieden aus dem Leben, weil ihre Lebensenergie im Bem\u00fchen um \u00dcberleben verbraucht war. Agata Schindler hat meisterhaft den Puls jedes einzelnen K\u00fcnstlers ertastet. Wie empathisch, scharfsinnig und mit welcher menschlichen Tiefe sie erz\u00e4hlt, kann der Leser selbst beurteilen. Ihr Buch ist ein Denkmal f\u00fcr die K\u00fcnstler, die nur weil sie Juden waren, unaussprechlichen Dem\u00fctigungen, unvorstellbarer Qual und dem Tod ausgeliefert waren. Ihr Buch ist ein gro\u00dfer Beitrag dazu, diese K\u00fcnstler im Ged\u00e4chtnis der kommenden Generationen lebendig zu halten. Die zweisprachige Ausgabe in Slowakisch und Englisch enth\u00e4lt Dokumente, Fotos, Noten usw., die die Biografien noch ergreifender machen<\/p>\n<p><span style=\"color: #3366ff;\"><a href=\"http:\/\/hatikva.de\/februar.htm\" target=\"_blank\" rel=\"noopener noreferrer\"><span style=\"color: #3366ff;\">Quelle: Hatikva<\/span><\/a><\/span><\/p>\n<\/div>\n<\/div>\n<hr class=\"wp-block-separator has-alpha-channel-opacity\"\/>\n<h6 class=\"wp-block-heading\">&nbsp;19.-23.10.2016<strong> | <\/strong>Frankfurter Buchmesse<\/h6>\n<h5 class=\"wp-block-heading\"><em><a href=\"http:\/\/slowakei-leipzig.de\/wp-content\/uploads\/2014\/05\/Schwarz-Weiss-Logo_des_Deutschen_Kulturforums_oestliches_Europa_-_JPEG-Datei.jpg\"><img loading=\"lazy\" decoding=\"async\" class=\" wp-image-1279 alignright\" src=\"http:\/\/slowakei-leipzig.de\/wp-content\/uploads\/2014\/05\/Schwarz-Weiss-Logo_des_Deutschen_Kulturforums_oestliches_Europa_-_JPEG-Datei-300x153.jpg\" alt=\"Schwarz-Weiss-Logo_des_Deutschen_Kulturforums_oestliches_Europa_-_JPEG-Datei\" width=\"218\" height=\"111\" srcset=\"https:\/\/slowakei-leipzig.de\/wp-content\/uploads\/2014\/05\/Schwarz-Weiss-Logo_des_Deutschen_Kulturforums_oestliches_Europa_-_JPEG-Datei-300x153.jpg 300w, https:\/\/slowakei-leipzig.de\/wp-content\/uploads\/2014\/05\/Schwarz-Weiss-Logo_des_Deutschen_Kulturforums_oestliches_Europa_-_JPEG-Datei-1024x523.jpg 1024w\" sizes=\"auto, (max-width: 218px) 100vw, 218px\" \/><\/a><\/em><span style=\"color: #4269eb;\"><strong>Das Deutsche Kulturforum \u00f6stliches Europa auf der Frankfurter Buchmesse 2016<\/strong><\/span><\/h5>\n<h6 class=\"wp-block-heading\">&nbsp;<strong>Wir pr\u00e4sentieren das aktuelle Publikationsprogramm des Kulturforums und seiner Partnereinrichtungen<br \/><em>\u00adMit einem Podiumsgespr\u00e4ch zur EU-Ratspr\u00e4sidentschaft der Slowakei<\/em><\/strong><\/h6>\n<p>19. bis 23. Oktober 2016<br \/>Messe Frankfurt | Weltempfang. Zentrum f\u00fcr Politik, Literatur und \u00dcbersetzung<br \/>Halle 3.1, Stand L 30<\/p>\n<p>Zum zw\u00f6lften Mal pr\u00e4sentiert das Kulturforum Publikationen zu Themen der deutschen Geschichte und Gegenwart im \u00f6stlichen Europa im \u00bbWeltempfang. Zentrum f\u00fcr Politik, Literatur und \u00dcbersetzung\u00ab, veranstaltet von der Frankfurter Buchmesse und dem Ausw\u00e4rtigen Amt. Wir stellen unsere 2016 neu erschienenen Titel aus, darunter den <span style=\"color: #3366ff;\"><a href=\"http:\/\/kulturforum.info\/de\/startseite-de\/1000305-publikationen\/7131-marcin-wiatr-literarischer-reisefuehrer-oberschlesien\"><strong><span style=\"color: #3366ff;\">Literarischen Reisef\u00fchrer Oberschlesien<\/span><\/strong><\/a><\/span> und den <a href=\"http:\/\/kulturforum.info\/de\/startseite-de\/1000305-publikationen\/1019383-kulturreisen\/literarischer-reisefuehrer-boehmisches-baederdreieck\"><strong><span style=\"color: #3366ff;\">Literarischen Reisef\u00fchrer B\u00f6hmisches B\u00e4derdreieck<\/span><\/strong><\/a><span style=\"color: #3366ff;\">.<\/span> Bl\u00e4ttern k\u00f6nnen Sie am Messestand auch in unseren B\u00fcchern aus den Vorjahren sowie in zahlreichen interessanten Publikationen anderer von der Beauftragten der Bundesregierung f\u00fcr Kultur und Medien gef\u00f6rderter Institutionen, die sich mit der deutschen Kultur und Geschichte im \u00f6stlichen Europa besch\u00e4ftigen.<\/p>\n<p>Im Salon des Weltempfangs veranstaltet das Kulturforum am <strong>Samstag, den 22.10.2016 um 14:30<\/strong> das&nbsp;<a href=\"http:\/\/kulturforum.info\/de\/startseite-de\/1000014-veranstaltungen\/event\/1021967-multikulti-war-gestern-die-eu-ratspraesidentschaft-der-slowakei\"><strong><span style=\"color: #3366ff;\">Podiumsgespr\u00e4ch \u00bbMultikulti wa<\/span><\/strong><\/a><a href=\"http:\/\/kulturforum.info\/de\/startseite-de\/1000014-veranstaltungen\/event\/1021967-multikulti-war-gestern-die-eu-ratspraesidentschaft-der-slowakei\"><strong><span style=\"color: #3366ff;\">r gestern? Die EU-Ratspr\u00e4sidentschaft der<\/span> <span style=\"color: #3366ff;\">Slowakei\u00ab<\/span><\/strong><\/a>. Mitwirkende sind die ehemalige slowakische Ministerpr\u00e4sidentin Iveta Radi\u010dov\u00e1, der Chefredakteur der unabh\u00e4ngigen Zeitung <em>Denn\u00edk N,<\/em> Mat\u00fa\u0161 Kostoln\u00fd, und Renata SakoHoess, Autorin unseres im Sommer 2017 erscheinenden Literarischen Reisef\u00fchrers Pressburg\/Bratislava. Es moderiert der H\u00f6rfunkjournalist Conrad Lay.<\/p>\n<p>Die Diskussion schl\u00e4gt einen Bogen von der mehrsprachigen und multikonfessionellen Geschichte bis zur heutigen Politik der Slowakei, die sich im Hinblick auf die Aufnahme von Kriegsfl\u00fcchtlingen immer wieder auf die vermeintlich fehlende multikulturelle Erfahrung des Landes beruft. Es ist eine der Fokus-Veranstaltungen des Weltempfangs, dessen <strong>Programmschwerpunkt in diesem Jahr \u00bbEuropa!\u00ab<\/strong> hei\u00dft.<\/p>\n<p><strong>Kontakt<\/strong><br \/><a href=\"http:\/\/www.kulturforum.info\/de\/startseite-de\/1000014-veranstaltungen\/event\/1021959-das-deutsche-kulturforum-oestliches-europa-auf-der-frankfurter-buchmesse-2016\" target=\"_blank\" rel=\"noopener noreferrer\"><span style=\"color: #3366ff;\">Deutsches Kulturforum \u00f6stliches Europa e. V.<\/span><\/a><br \/>Berliner Stra\u00dfe 135 | Haus K1<br \/>D-14467 Potsdam<br \/>T. +49 331 20098-17<br \/><a href=\"http:\/\/www.kulturforum.info\"><span style=\"color: #3366ff;\">www.kulturforum.info<\/span><\/a>, <span style=\"color: #3366ff;\"><a href=\"http:\/\/www.facebook.com\/dkfoe\"><span style=\"color: #3366ff;\">www.facebook.com\/dkfoe<\/span><\/a><\/span><\/p>\n<hr class=\"wp-block-separator has-alpha-channel-opacity\"\/>\n<div class=\"wp-block-image\">\n<figure class=\"alignright\"><img loading=\"lazy\" decoding=\"async\" width=\"223\" height=\"125\" src=\"http:\/\/slowakei-leipzig.de\/wp-content\/uploads\/2014\/05\/BHxH.vasaryova_1_20161011_uwe_frauendorf_jpg.jpg\" alt=\"\" class=\"wp-image-1318\"\/><\/figure>\n<\/div>\n<div class=\"article-header underline\">\n<h6>21. Oktober 2016 | Pressebericht RSI<\/h6>\n<h5><span style=\"color: #4269eb;\"><strong>Vorlesung von Magda V\u00e1\u0161\u00e1ryov\u00e1 in Leipzig<\/strong><\/span><br \/><span style=\"color: #4269eb;\"> <em>Gesellschaft &amp; Politik<\/em><\/span><\/h5>\n<p>Bericht zur Veranstaltung: Oskar-Halecki-Vorlesung \/ Jahresvorlesung des GWZO 2016 mit anschlie\u00dfendem Empfang des Honorarkonsuls der Slowakei f\u00fcr Sachsen und Th\u00fcringen anl\u00e4sslich der EU-Ratspr\u00e4sidentschaft der Slowakei<\/p>\n<h5><em><\/em><\/h5>\n<p class=\"genre\">Die Universit\u00e4t Leipzig ist die zweit\u00e4lteste deutsche Universit\u00e4t und heute eine moderne, weltoffene Bildungs- und Forschungseinrichtung. An sie angeschlossen ist u. a. das GWZO, das Geisteswissenschaftliche Zentrum Geschichte und Kultur Ostmitteleuropas, das vor wenigen Tagen gemeinsam mit dem Honorarkonsul der Slowakei f\u00fcr Sachsen und Th\u00fcringen aus Anlass der slowakischen EU-Ratspr\u00e4sidentschaft zu einer Festvorlesung mit der international renommierten slowakischen Diplomatin, Politikerin und Schauspielerin Magda V\u00e1\u0161\u00e1ryov\u00e1 eingeladen hatte. Am 11.Oktober 2016 hie\u00df das Thema in der Alten Handelsb\u00f6rse zu Leipzig: &#8222;Slowakische Geschichte und Kultur im alten und neuen Europa: Von der Doppelmonarchie der Habsburger bis zur EU&#8220;.<\/p>\n<p class=\"genre\"><a href=\"http:\/\/dersi.rtvs.sk\/clanky\/gesellschaft-politik\/118641\/vorlesung-von-magda-vasaryova-in-leipzig\" target=\"_blank\" rel=\"noopener noreferrer\"><span style=\"color: #3366ff;\">Radio Beitrag anh\u00f6ren<\/span><\/a><\/p>\n<p class=\"genre\">&nbsp;<\/p>\n<\/div>\n<hr class=\"wp-block-separator has-alpha-channel-opacity\"\/>\n<h6 class=\"wp-block-heading\">03. Oktober 2016 | St\u00e4dtepartnerschaft Wei\u00dfenfels-Komarno<\/h6>\n<div>\n<h5><span style=\"color: #4269eb;\"><strong>Kulturhaus Wei\u00dfenfels Singen mit Freunden<\/strong><\/span><\/h5>\n<p>Mit einem mehrt\u00e4gigen Workshop und einem gemeinsamen Chorkonzert im Kulturhaus Wei\u00dfenfels haben am Wochenende 110 Akteure die engen Beziehungen zwischen dem Langendorfer Volkschor und dem Chor Concordia Kom\u00e1rno gepflegt.<\/p>\n<p>Begr\u00fcndet wurde die Freundschaft vor 20 Jahren mit dem Besuch der Langendorfer &#8211; damals unter Leitung von Erdmuthe M\u00fcller-Taube. Mittlerweile ist sogar eine St\u00e4dtepartnerschaft daraus entstanden.<\/p>\n<p>\u201eWir haben lange \u00fcberlegt, wie wir unsere St\u00e4dtepartnerschaft feiern k\u00f6nnten\u201c, erz\u00e4hlt Katharina Vokoun vom Organisationsteam des Workshops. Da die Partnerschaft nicht \u00fcber die Politik entstanden ist, sondern aus Freundschaften der Einwohner, sollte die Jubil\u00e4umsfeier etwas Besonderes f\u00fcr alle werden.<\/p>\n<p>Gemeinsam mit dem Chorleiter Istv\u00e1n Stubendek des Chores Concordia ist die Idee des musikalischen Wochenendes entstanden. Gemeinsam proben, singen und ein Konzert geben, so sollen weitere Generationen an Chors\u00e4ngern zueinander finden.<\/p>\n<p>weiter gehts online unter&nbsp; <a href=\"http:\/\/www.mz-web.de\/weissenfels\/kulturhaus-weissenfels-singen-mit-freunden-24842152\" target=\"_blank\" rel=\"noopener noreferrer\"><span style=\"color: #3366ff;\">MZ Online<\/span><\/a><\/p>\n<\/div>\n<hr class=\"wp-block-separator has-alpha-channel-opacity\"\/>\n<h6 class=\"wp-block-heading\">&nbsp;01. Juli 2016 | EU-Ratspr\u00e4sidentschaft<\/h6>\n<h5 class=\"wp-block-heading\"><strong><a href=\"http:\/\/slowakei-leipzig.de\/wp-content\/uploads\/2016\/06\/c-logo.jpg\"><img loading=\"lazy\" decoding=\"async\" class=\"wp-image-1145 alignright\" src=\"http:\/\/slowakei-leipzig.de\/wp-content\/uploads\/2016\/06\/c-logo.jpg\" alt=\"c-logo\" width=\"146\" height=\"73\" srcset=\"https:\/\/slowakei-leipzig.de\/wp-content\/uploads\/2016\/06\/c-logo.jpg 800w, https:\/\/slowakei-leipzig.de\/wp-content\/uploads\/2016\/06\/c-logo-300x150.jpg 300w\" sizes=\"auto, (max-width: 146px) 100vw, 146px\" \/><\/a><span style=\"color: #4269eb;\">Slowakei \u00fcbernimmt Ratsvorsitz in der EU<\/span><\/strong><\/h5>\n<p><strong>&nbsp;Am 1. Juli 2016 \u00fcbernimmt die Slowakische Republik zum ersten Mal die EU-Ratspr\u00e4sidentschaft,&nbsp; eine wichtige politische Herausforderung f\u00fcr das ganze Land.<\/strong><\/p>\n<p>Die Mitgliedstaaten, die den Ratsvorsitz der EU innehaben, arbeiten in Dreiergruppen und haben ein gemeinsames Programm. Der Dreiervorsitz hilft bei der Erhaltung der Kontinuit\u00e4t in der europ\u00e4ischen Gesetzgebung und tr\u00e4gt zu mehr Effizienz bei. Die slowakische Ratspr\u00e4sidentschaft beginnt am 1. Juli 2016 und endet am 31. Dezember 2016. Neben der Slowakei sitzen die Niederlande (1. Halbjahr 2016) und Malta (1. Halbjahr 2017) mit im Dreiervorsitz.<\/p>\n<p>W\u00e4hrend die Niederlande bereits zw\u00f6lf EU-Ratspr\u00e4sidentschaften (einschlie\u00dflich dieses Jahres) abgeschlossen hat, ist es f\u00fcr die Slowakei und Malta das erste Mal in der Geschichte.<\/p>\n<p>Aktuelle Informationen zur Ratspr\u00e4sidentschaft:&nbsp;<a href=\"http:\/\/www.eu2016.sk\/de\" target=\"_blank\" rel=\"noopener noreferrer\"><span style=\"color: #3366ff;\">www.eu2016.s<\/span><\/a><span style=\"color: #3366ff;\"><a href=\"http:\/\/www.eu2016.sk\/de\" target=\"_blank\" rel=\"noopener noreferrer\"><span style=\"color: #3366ff;\">k\/de<\/span><\/a><\/span> oder auf Facebook: <span style=\"color: #3366ff;\"><a style=\"color: #3366ff;\" href=\"https:\/\/www.facebook.com\/eu2016sk\/\" target=\"_blank\" rel=\"noopener noreferrer\">www.facebook.com\/eu2016sk\/<\/a><\/span><\/p>\n<p>Aus Anlass der Ratspr\u00e4sidentschaft finden besonders viele <strong>Veranstaltungen<\/strong>, auch in Deutschland und Leipzig, statt, die das Slowakische Institug Berlin in einer Veranstaltungs\u00fcbersicht zusammgengestellt hat.<\/p>\n<p>Slowakisches Institut &#8211; <span style=\"color: #3366ff;\"><a style=\"color: #3366ff;\" href=\"https:\/\/www.mzv.sk\/web\/siberlin-de\" target=\"_blank\" rel=\"noopener noreferrer\">Homepage<\/a><\/span> und auf <span style=\"color: #3366ff;\"><a style=\"color: #3366ff;\" href=\"https:\/\/www.facebook.com\/institut.berlin\/?fref=ts\" target=\"_blank\" rel=\"noopener noreferrer\">Facebook<\/a><\/span><\/p>\n<div class=\"wp-block-image\">\n<figure class=\"alignright\"><a href=\"http:\/\/slowakei-leipzig.de\/wp-content\/uploads\/2016\/06\/01-GIS-Full-English-Version-50.jpg\"><img decoding=\"async\" src=\"http:\/\/slowakei-leipzig.de\/wp-content\/uploads\/2016\/06\/01-GIS-Full-English-Version-50.jpg\" alt=\"01 GIS Full English Version-50\" class=\"wp-image-1139\"\/><\/a><\/figure>\n<\/div>\n<p><strong><\/strong><span style=\"color: #3366ff;\"><a style=\"color: #3366ff;\" href=\"http:\/\/slowakei-leipzig.de\/wp-content\/uploads\/2014\/05\/DE_Kulturprogram_Slowakische_EU-Ratspr\u00e4sidentschaft.pdf\">DE_Kulturprogram_Slowakische_EU-Ratspr\u00e4sidentschaft<\/a><\/span><\/p>\n<p><strong>TIPP:<\/strong> Lernen Sie im Juli 2016 die Slowakei kennen &#8211; bei einem Onlinespiel mit dem Logo der Ratspr\u00e4sidentschaft:<span style=\"color: #3366ff;\"> <a style=\"color: #3366ff;\" href=\"http:\/\/www.eu2016.sk\/de\/spielen-sie-mit-dem-logo\" target=\"_blank\" rel=\"noopener noreferrer\">www.eu2016.sk\/de\/spielen-sie-mit-dem-logo<\/a><\/span><\/p>\n<hr class=\"wp-block-separator has-alpha-channel-opacity\"\/>\n<h6 class=\"wp-block-heading\">25. Juni 2016 | Fu\u00dfball EM<\/h6>\n<h5 class=\"wp-block-heading\"><span style=\"color: #4269eb;\"><strong>Kommentar zum Ausgang des Spiels Slowakei-Deutschland von Honorarkonsul Dr. Tintelnot in der Leipziger Volkszeitung<\/strong><\/span><\/h5>\n<p>LVZ online &#8211;<span style=\"color: #3366ff;\"><a style=\"color: #3366ff;\" href=\"http:\/\/leipzig.sportbuzzer.de\/magazin\/das-herz-schlaegt-fuer-den-aussenseiter\/30422\" target=\"_blank\" rel=\"noopener noreferrer\"> sportbuzzer (www.leipzig.sportbuzzer.de)<\/a><\/span><\/p>\n<h4 class=\"wp-block-heading\"><strong>Das Herz schl\u00e4gt f\u00fcr den Au\u00dfenseiter<\/strong><\/h4>\n<p>Leipzig. Fu\u00dfball, das gibt Albrecht Tintelnot ganz offen zu, ist nicht wirklich seine St\u00e4rke. Der Honorarkonsul der Slowakei in Leipzig hat das Kicken vor Jahren eingestellt. Das Knie macht nicht mehr mit. Au\u00dferdem sind die Kinder mittlerweile auch Fl\u00fcgge. Nichtsdestotrotz kommt der kulturbegeisterte Rechtsanwalt dieser Tage nicht an dieser Thematik vorbei. Die Europameisterschaft ist in aller Munde. Und die Achtelfinalpartie der Deutschen gegen die Slowaken steht Sonntag vor der T\u00fcr. \u201eEin gro\u00dfes Ereignis steht bevor\u201c, verk\u00fcndet der 59-J\u00e4hrige, der die Slowakei in Sachsen und Th\u00fcringen repr\u00e4sentiert.<\/p>\n<p>\u201eMan m\u00f6ge es mir nicht ver\u00fcbeln, dass mein Herz am Sonntag etwas mehr f\u00fcr den Au\u00dfenseiter schl\u00e4gt\u201c, sagt Tintelnot. \u201eBeide Teams k\u00f6nnen mehr, als sie bisher gezeigt haben. Die Slowaken stehen hinten gut, dass haben sie gegen die Engl\u00e4nder gezeigt, nur nach vorn k\u00f6nnte etwas mehr gehen\u201c, rekapituliert er. Wie die Dampfwalze funktionieren kann, haben die Slowaken schon gezeigt. Zur Generalprobe der EM, als sie in Augsburg bei der Wasserschlacht die Puppen aus der Kiste lie\u00dfen und den Deb\u00fctantenball von Jogi L\u00f6w mit dem 3:1-Sieg mehr als vermiesten. Deswegen h\u00e4lt Tintelnot auch morgen einen 2:1-Sieg der Slowaken f\u00fcr m\u00f6glich. \u201eEines haben die beiden L\u00e4nder gemeinsam. Sie sind sportverr\u00fcckt\u201c, hebt der Honorarkonsul hervor.<\/p>\n<p>Seit 1993 existiert die Slowakische Republik, davor war sie Teil der Tschechoslowakei. Bratislava ist deren Hauptstadt. Und die hat auch etwas mit Leipzig gemein. Den Arbeitgeber Porsche, der dort den Cayenne fertigt. Au\u00dferdem pflegen das Anton-Philipp-Reclam- Gymnasium und das Gymn\u00e1zium Bil\u00edkova in Bratislava eine Partnerschaft. Ebenso die Arwed-Ro\u00dfbach-Schule und die Stredn\u00e1 Odborn\u00e1 \u0161kola in Levice. Au\u00dferdem bringt der Verein \u201eTschechologisch? Slovakoklar!\u201c den Leipzigern die Kultur der beiden L\u00e4nder n\u00e4her.<\/p>\n<hr class=\"wp-block-separator has-alpha-channel-opacity\"\/>\n<h6 class=\"wp-block-heading\">&nbsp;August &#8211; Oktober 2015 | Kulturaustausch<\/h6>\n<div id=\"main-content\" class=\"container fade-in animated3\">\n<div class=\"content-wrap\">\n<div class=\"content\">\n<h5 class=\"margin-l article-heading\"><span style=\"color: #4269eb;\"><strong>Performance-K\u00fcnstlerin aus Dresden in Ko\u0161ice<\/strong><\/span><\/h5>\n<p><a href=\"http:\/\/www.kair.sk\/\" target=\"_blank\" rel=\"noopener noreferrer\">K.A.I.R. (Ko\u0161ice artist in residence)<\/a><br \/>Internationales K\u00fcnstler-Residenz-Programm<span class=\"text_exposed_show\"><br \/>Kas\u00e1rne\/Kulturpark, Ko\u0161ice<\/span><\/p>\n<div class=\"text_exposed_show\">\n<p>K.A.I.R. ist ein internationales K\u00fcnstler-Residenz-Programm. Die K\u00fcnstler arbeiten f\u00fcr drei Monate in Ko\u0161ice, treffen dort auf die lokale Kunstszene und sollen in ihren Projekten die \u00d6ffentlichkeit miteinbeziehen. Die K\u00fcnstler werden von einer internationalen Jury ausgew\u00e4hlt. Im Rahmen einer Abschlussausstellung, werden die Ergebnisse des Aufenthalts pr\u00e4sentiert.<\/p>\n<p>2015 wurde die Choreografin Anna Till ausgew\u00e4hlt.<\/p>\n<p>Anna Till (*1983) lebt und arbeitet als freie Choreografin und T\u00e4nzerin in Dresden. Sie studierte \u201eZeitgen\u00f6ssischer Tanz, Kontext, Choreographie\u201c (BA) am Hochschul\u00fcbergreifenden Zentrum Tanz, Berlin (HZT) und \u201eAngewandte Kulturwissenschaften\u201c (MA) an der Universit\u00e4t L\u00fcneburg. Ihre Choreografien wurden u.a. in Berlin (Sophiensaele, Uferstudios, Akademie der K\u00fcnste, ada Studio), Rennes (Mus\u00e9e de la Danse), D\u00fcsseldorf (tanzhaus NRW), Heidelberg (Heidelberger Kunstverein), Leip- zig (Schaub\u00fchne Lindenfels, LOFFT) und Dresden (Europ\u00e4isches Zentrum der K\u00fcnste &#8211; HELLERAU, Projekttheater) gezeigt. 2012 erhielt sie das danceWEB Stipendium und die Nachwuchsf\u00f6rderung des Goethe Instituts Deutschland.<br \/>Neben ihrer choreografischen Arbeit ist Anna Till an p\u00e4dagogischen Formaten beteiligt und leitet Workshops. Seit 2010 ist Anna Till aktives Mitglied von TanzNetzDresden &#8211; der Plattform f\u00fcr freie Tanzschaffende in Dresden.<\/p>\n<p>W\u00e4hrend der drei Monate August- Oktober wird Anna Till mit dem Tanzkollektiv Heeb.She aus der Ostslowakei zusammenarbeiten. Das Ziel der Residenz von Anna Till ist es eine Tanzperformance zu gestalten, die am Ende ihres Residenzprogramms im Rahmen der \u201eWei\u00dfen N\u00e4chste\u201c in Kosice pr\u00e4sentiert wird.<\/p>\n<p>Quelle: <a href=\"http:\/\/www.goethe.de\/ins\/sk\/bra\/ver\/de14608446v.htm\" target=\"_blank\" rel=\"nofollow noopener noreferrer\">www.goethe.de\/ins\/sk\/bra\/ver\/de14608446v.htm<\/a><br \/>Mehr: <a href=\"http:\/\/l.facebook.com\/l.php?u=http%3A%2F%2Fwww.annatill.de%2F&amp;h=XAQEUOpDAAQG-Y1SjawkwDZFIRCTY9YVqSbR8SECAby6DTg&amp;enc=AZOOW4KaBgiQ5nMCRVzRUD5m_zaB6DcYX-ASskq5DJw-VaPS_KZryZKt3ir1eF-t3-S1e_PKsaS8cTI4M94Fvhypta_5n3rtCtSj8_W06D1srK6b_UJsvZnalwhFegiRv0wXWsFdfTrgW2l_WqDiOuO4gUJu5fIWbl2WHU045E1e2tgoJ9X6HyN4OTJrr1lSA-lHd97fmtAYN5_3bh4kcvZ1&amp;s=1\" target=\"_blank\" rel=\"nofollow noopener noreferrer\">www.annatill.de\/<\/a><\/p>\n<\/div>\n<hr \/>\n<div class=\"margin-l article-heading\">&nbsp;<\/div>\n<h6 class=\"margin-l article-heading\">23.09.2015 | Jobangebot<\/h6>\n<h5><strong><span style=\"color: #4269eb;\">Sachbearbeiter mit Slowakisch-Kenntnissen gesucht<\/span><br \/><\/strong><\/h5>\n<p>Ort: OBI &#8211; Erfurt<\/p>\n<p>Bewerbung unter:<a href=\"http:\/\/www.obi.de\/jobs\" target=\"_blank\" rel=\"noopener noreferrer\"> www.obi.de\/jobs<\/a><\/p>\n<div class=\"margin-l article-heading\"><a href=\"http:\/\/slowakei-leipzig.de\/wp-content\/uploads\/2014\/05\/OB2031_RZ_Anz_Sachbearbeiter_Erfurt_A2_V1.jpg\"><img loading=\"lazy\" decoding=\"async\" class=\"alignnone wp-image-934\" src=\"http:\/\/slowakei-leipzig.de\/wp-content\/uploads\/2014\/05\/OB2031_RZ_Anz_Sachbearbeiter_Erfurt_A2_V1-211x300.jpg\" alt=\"OB2031_RZ_Anz_Sachbearbeiter_Erfurt_A2_V1\" width=\"180\" height=\"256\" srcset=\"https:\/\/slowakei-leipzig.de\/wp-content\/uploads\/2014\/05\/OB2031_RZ_Anz_Sachbearbeiter_Erfurt_A2_V1-211x300.jpg 211w, https:\/\/slowakei-leipzig.de\/wp-content\/uploads\/2014\/05\/OB2031_RZ_Anz_Sachbearbeiter_Erfurt_A2_V1-719x1024.jpg 719w, https:\/\/slowakei-leipzig.de\/wp-content\/uploads\/2014\/05\/OB2031_RZ_Anz_Sachbearbeiter_Erfurt_A2_V1.jpg 822w\" sizes=\"auto, (max-width: 180px) 100vw, 180px\" \/><\/a>.<\/div>\n<div class=\"margin-l article-heading\">&nbsp;<\/div>\n<div class=\"margin-l article-heading\">&nbsp;<\/div>\n<\/div>\n<\/div>\n<\/div>\n<div class=\"margin-l article-heading\">&nbsp;<\/div>\n<div id=\"main-content\" class=\"container fade-in animated3\">\n<div class=\"content-wrap\">\n<div class=\"content\">\n<div class=\"margin-l article-heading\">\n<hr \/>\n<h6>&nbsp;<\/h6>\n<h6>08.07.2015 | Pressemitteilung<\/h6>\n<\/div>\n<\/div>\n<\/div>\n<\/div>\n<div class=\"wp-block-image\">\n<figure class=\"alignright\"><a href=\"http:\/\/slowakei-leipzig.de\/wp-content\/uploads\/2014\/05\/Lizak-und-Gauk-bei-Amtseinf\u00fchrung.jpg\" rel=\"https:\/\/www.facebook.com\/zu.berlin\"><img loading=\"lazy\" decoding=\"async\" width=\"223\" height=\"300\" src=\"http:\/\/slowakei-leipzig.de\/wp-content\/uploads\/2014\/05\/Lizak-und-Gauk-bei-Amtseinf\u00fchrung-223x300.jpg\" alt=\"Lizak und Gauk bei Amtseinf\u00fchrung\" class=\"wp-image-928\" srcset=\"https:\/\/slowakei-leipzig.de\/wp-content\/uploads\/2014\/05\/Lizak-und-Gauk-bei-Amtseinf\u00fchrung-223x300.jpg 223w, https:\/\/slowakei-leipzig.de\/wp-content\/uploads\/2014\/05\/Lizak-und-Gauk-bei-Amtseinf\u00fchrung.jpg 712w\" sizes=\"auto, (max-width: 223px) 100vw, 223px\" \/><\/a><figcaption class=\"wp-element-caption\">Quelle: Botschaft der Slowakischen Republik in Berlin<\/figcaption><\/figure>\n<\/div>\n<h5 class=\"wp-block-heading\"><span style=\"color: #4269eb;\">N\u00e1stup nov\u00e9ho ve\u013evyslanca na \u010delo slovenskej diplomatickej misie v Berl\u00edne<\/span><\/h5>\n<p>Od 8. j\u00fala 2015 Slovensk\u00fa republiku ofici\u00e1lne zastupuje v Spolkovej republike Nemecko ako ved\u00faci diplomatickej misie so s\u00eddlom v Berl\u00edne ve\u013evyslanec Dr. Peter Liz\u00e1k. V tento de\u0148 sl\u00e1vnostne odovzdal origin\u00e1ly poverovac\u00edch list\u00edn do r\u00fak spolkov\u00e9ho prezidenta J. Gaucka v prezidentskom pal\u00e1ci Bellevue. V rozhovore s ve\u013evyslancom P. Liz\u00e1kom spolkov\u00fd prezident Gauck vysoko ocenil kvalitu a partnersk\u00fd charak<span class=\"text_exposed_show\">ter slovensko- nemeck\u00fdch vz\u0165ahov. Z\u00e1rove\u0148 pod\u010diarkol \u00fazke osobn\u00e9 kontakty, udr\u017euj\u00face so slovensk\u00fdm prezidentom A. Kiskom. Ve\u013evyslanec P. Liz\u00e1k mu tlmo\u010dil pozdravy prezidenta SK a kon\u0161tatoval, ze \u00fazky osobn\u00fd kontakt najvy\u0161\u0161\u00edch predstavite\u013eov \u0161t\u00e1tov odzrkad\u013euje osobitn\u00fa kvalitu vz\u00e1jomn\u00fdch vz\u0165ahov.<br \/>Pri tejto pr\u00edle\u017eitosti n\u00e1\u0161mu nov\u00e9mu p\u00e1novi ve\u013evyslancovi srde\u010dne gratulujeme a \u017eel\u00e1me ve\u013ea \u00faspechov pri v\u00fdkone tejto zodpovednej funkcie. <\/span><\/p>\n<div class=\"text_exposed_show\">\n<p>&#8212;&#8212;&#8212;&#8212;&#8212;<\/p>\n<p><span style=\"color: #4269eb;\"><strong>Die Botschaft der Slowakischen Republik in Berlin hat neuen Botschafter<\/strong><\/span><\/p>\n<p>Seit dem 8. Juli 2015 vertritt die Slowakische Republik in der Bundesrepublik Deutschland als Leiter der diplomatischen Mission mit Sitz in Berlin offiziell der Botschafter Dr. Peter Liz\u00e1k. An diesem Tag hat er im Schloss Bellevue dem Bundespr\u00e4sidenten Joachim Gauck sein Beglaubigungsschreiben feierlich \u00fcbergeben. In einem Gespr\u00e4ch mit dem Botschafter Liz\u00e1k hat der Bundespr\u00e4sident Gauck die Qualit\u00e4t und den partnerschaftlichen Charakter der slowakisch-deutschen Beziehungen gew\u00fcrdigt. Gleichzeitig unterstrich er die engen pers\u00f6nlichen Kontakte, die er mit dem slowakischen Pr\u00e4sidenten Kiska unterh\u00e4lt. Botschafter Liz\u00e1k \u00fcbermittelte ihm Gr\u00fc\u00dfe des slowakischen Pr\u00e4sidenten und sagte, dass dieser enge pers\u00f6nliche Kontakt der h\u00f6chsten Staatsrepr\u00e4sentanten die besondere Qualit\u00e4t der gegenseitigen Beziehungen widerspiegelt.<br \/>Bei diesem Anlass gratulieren wir unserem neuen Botschafter ganz herzlich und w\u00fcnschen ihm viel Erfolg bei der Aus\u00fcbung seines verantwortungsvollen Amtes!<\/p>\n<\/div>\n<p class=\"has-text-align-left\">&nbsp;Quelle: <a href=\"http:\/\/www.mzv.sk\/web\/berlin-de\" target=\"_blank\" rel=\"noopener noreferrer\">Botschaft der Slowakischen Republik in Berlin<\/a><\/p>\n<hr class=\"wp-block-separator has-alpha-channel-opacity\"\/>\n<h6 class=\"wp-block-heading\">&nbsp;<\/h6>\n<h6 class=\"wp-block-heading\">08.07.2015 | Pressemitteilung<\/h6>\n<h5 class=\"wp-block-heading\"><span style=\"color: #4269eb;\"><strong>Igor Slobodn\u00edk prijal poslancov nemeck\u00e9ho Spolkov\u00e9ho snemu<\/strong><\/span><\/h5>\n<p>Bilater\u00e1lne vz\u0165ahy medzi Slovenskou republikou a Nemeckom, ako aj aktu\u00e1lne medzin\u00e1rodnopolitick\u00e9 ot\u00e1zky s d\u00f4razom na v\u00fdvoj situ\u00e1cie v Gr\u00e9cku, migr\u00e1cia a udalosti na Ukrajine, boli v stredu 8. j\u00fala t\u00e9mami rozhovorov \u0161t\u00e1tneho tajomn\u00edka MZVaEZ SR Igora Slobodn\u00edka s deleg\u00e1ciou poslancov Spolkov\u00e9ho snemu Nemecka. Deleg\u00e1ciu, ktor\u00e1 je na trojd\u0148ovej pracovnej n\u00e1v\u0161teve Slovenska, viedol predseda nemecko-slovenskej parlamentnej skupiny Bartholom\u00e4us Kalb.<\/p>\n<p>Poslanci sa zauj\u00edmali najm\u00e4 o postoj Slovenska v migra\u010dnej politike vr\u00e1tane kv\u00f3t pre ute\u010dencov v zmysle aktu\u00e1lnych diskusi\u00ed v E\u00da. Spomedzi \u010dlensk\u00fdch \u0161t\u00e1tov E\u00da je Nemecko krajinou s najvy\u0161\u0161\u00edm absol\u00fatnym po\u010dtom \u017eiadate\u013eov o udelenie azylu. Len za rok 2014 tu bolo podan\u00fdch viac ne\u017e 20 000 \u017eiadost\u00ed, \u010do je pribli\u017ene tretina z celkov\u00e9ho po\u010dtu v E\u00da. I. Slobodn\u00edk obozn\u00e1mil host\u00ed s opatreniami, ktor\u00e9 vl\u00e1da SR zva\u017euje ako pr\u00edspevok SR k rie\u0161eniu vlny ute\u010dencov pr\u00fadiacich do Eur\u00f3py. \u201ePre Slovensko ako tradi\u010dne sk\u00f4r tranzitn\u00fa krajinu, teda bez sk\u00fasenosti s v\u00e4\u010d\u0161\u00edmi po\u010dtami \u017eiadate\u013eov o azyl, je d\u00f4le\u017eit\u00e9, aby sme svoju solidaritu mohli preuk\u00e1za\u0165 na z\u00e1sade dobrovo\u013enosti,\u201c vysvetlil a dodal, \u017ee v tomto smere sme e\u0161te len na za\u010diatku cesty, o h\u013abke eur\u00f3pskej spolupatri\u010dnosti Slov\u00e1kov v\u0161ak netreba pochybova\u0165.<\/p>\n<p>\u0160t\u00e1tny tajomn\u00edk MZVaEZ SR s nemeck\u00fdmi hos\u0165ami hovoril kr\u00e1tko aj o v\u00fdsledkoch gr\u00e9ckeho referenda a jeho dopadoch na \u010dlenstvo Gr\u00e9cka v euroz\u00f3ne, ako aj o sk\u00fasenostiach z region\u00e1lnej spolupr\u00e1ce v oblasti bezpe\u010dnosti a obrany ako d\u00f4le\u017eitej platformy pre koordin\u00e1ciu spolo\u010dn\u00fdch projektov. V tejto s\u00favislosti I. Slobodn\u00edk pripomenul spolupr\u00e1cu vo Vy\u0161ehradskom form\u00e1te, vr\u00e1tane projektu Spolo\u010dn\u00e9 nebo, ako aj zva\u017eovan\u00fa v\u00fdmenu lietadiel ruskej v\u00fdroby za \u0161v\u00e9dske Jas 39 Gripen, a informoval aj o postupe nap\u013a\u0148ania spolo\u010dn\u00e9ho projektu bojovej skupiny V4. \u201eTakzvan\u00e1 V4 EU Battle Group je najprominentnej\u0161\u00ed a najvidite\u013enej\u0161\u00ed pr\u00edklad na\u0161ej spolupr\u00e1ce vo vojenskej oblasti. Po jesennom certifika\u010dnom cvi\u010den\u00ed budeme pripraven\u00ed p\u00f4sobi\u0165 v mnohon\u00e1rodnej jednotke, ktor\u00e1 bude v pohotovosti v prvej polovici roka 2016,\u201c povedal \u0161t\u00e1tny tajomn\u00edk<\/p>\n<p>Quelle: <a href=\"http:\/\/www.mzv.sk\/web\/berlin-de\" target=\"_blank\" rel=\"noopener noreferrer\"><span style=\"color: #3366ff;\">Botschaft der Slowakischen Republik in Berlin<\/span><\/a><\/p>\n<hr class=\"wp-block-separator has-alpha-channel-opacity\"\/>\n<h6 class=\"wp-block-heading\">&nbsp;<\/h6>\n<h6 class=\"wp-block-heading\">19.06.2015 | Pressemitteilung<\/h6>\n<h5 class=\"wp-block-heading\"><span style=\"color: #4269eb;\"><strong>Statement zum Ende der <a style=\"color: #4269eb;\" href=\"http:\/\/www.visegradgroup.eu\/documents\/presidency-programs\/20142015-slovak\" target=\"_blank\" rel=\"noopener noreferrer\">Slowakischen Pr\u00e4sidentschaft<\/a> der Visegrad-Gruppe <\/strong><\/span><\/h5>\n<p>We, the Prime Ministers of the Visegrad Group, meeting in Bratislava on June 19, 2015 on the occasion of the official summit to mark the end of the one-year Slovak Presidency of the Visegrad Group adopt hereby the following Joint Statement:<\/p>\n<p><a href=\"http:\/\/www.visegradgroup.eu\/calendar\/2015\/joint-statement-of-the\" target=\"_blank\" rel=\"noopener noreferrer\"><span style=\"color: #3366ff;\">Joint Statement of the Heads of Government of the Visegrad Group Countries<\/span><\/a><\/p>\n<div class=\"objectlistIntro\">&nbsp;<\/div>\n<hr class=\"wp-block-separator has-alpha-channel-opacity\"\/>\n<h5 class=\"wp-block-heading\">&nbsp;<\/h5>\n<h6 class=\"wp-block-heading\">01.01.2015-31.012.2015 | Jubil\u00e4umsjahr<\/h6>\n<h5 class=\"wp-block-heading\"><span style=\"color: #4269eb;\"><strong>2015 &#8211; \u013dudov\u00edt \u0160t\u00far Jahr<\/strong><\/span><\/h5>\n<p><em>&#8211; anl\u00e4sslich des 200. Geburtstages &#8211;<\/em><\/p>\n<p>Rok 2015 je vyhl\u00e1sen\u00fd za Rok \u013dudov\u00edta \u0160t\u00fara. V\u00fdznam tohto v\u00fdro\u010dia pod\u010diarkuje aj jeho zaradenie do zoznamu v\u00fdro\u010d\u00ed Organiz\u00e1cie spojen\u00fdch n\u00e1rodov pre v\u00fdchovu, vedu a kult\u00faru (UNESCO).<\/p>\n<p><strong>Ausstellung\/v\u00fdstava<\/strong> 29.1.2015 &#8211; 17.1.2016: Bratislava &#8211; <a href=\"http:\/\/www.snm.sk\/?historicke-muzeum-aktualne-vystavy&amp;clanok=ludovit-stur-1815-1856-reformator-slovenskej-spolocnosti\" target=\"_blank\" rel=\"noopener noreferrer\"><span style=\"color: #3366ff;\">Historick\u00e9 m\u00fazeum<\/span> <span style=\"color: #3366ff;\">SNM<\/span><\/a><\/p>\n<p>Quelle: <a href=\"http:\/\/slovakia.travel\/ludovit-stur-reformator-slovenskej-spolocnosti\" target=\"_blank\" rel=\"noopener noreferrer\"><span style=\"color: #3366ff;\">www.slovakia.travel<\/span><\/a> (+ Weiterlesen)<\/p>\n<hr class=\"wp-block-separator has-alpha-channel-opacity\"\/>\n<h5 class=\"wp-block-heading\">&nbsp;<\/h5>\n<h6 class=\"wp-block-heading\">15.06.2015 | Pressemitteilung von The Slovak Spectator<\/h6>\n<h5 class=\"wp-block-heading\"><span style=\"color: #4269eb;\"><strong>President Kiska marks one year in office<\/strong><\/span><\/h5>\n<div class=\"padding-box-desktop sticky-container js-container-1 cf\">\n<div class=\"left-panel\">\n<article>\n<p class=\"perex\">ANDREJ Kiska was inaugurated as Slovak president on June 15, 2014. On the first anniversary, he will open the Presidential Palace for the public on Monday, June 15 between 9:00 and 17:30 (with the last entry at 17:00).<\/p>\n<p>The entrance is through the main gate from Hod\u017eovo Square and Kiska will welcome visitors personally, the TASR newswire wrote.<\/p>\n<p>The past year was a very active one \u2013 both from the point of view of domestic, and foreign policy, Kiska said. \u201cDespite the fact the that president does not have big executive powers, I posed questions, asked and expected answers and solutions to many problems that our country does have,\u201d he said. Kiska added, as offered by his spokesman Roman Krpelan for the SITA newswire, &nbsp;that his goal was to return the trust to the office of president. Kiska reminded of his activities pointing to the judiciary, the ailing health-care sector and he named the biggest scandals of the past year, including a nationwide debate on the pension system.<\/p>\n<p>Weiterlesen auf&nbsp; <a href=\"http:\/\/spectator.sme.sk\/c\/20058027\/president-kiska-marks-one-year-in-office.html\" target=\"_blank\" rel=\"noopener noreferrer\"><span style=\"color: #3366ff;\">The Slovac Spectator<\/span><\/a> (online)<\/p>\n<\/article>\n<\/div>\n<\/div>\n<hr class=\"wp-block-separator has-alpha-channel-opacity\"\/>\n<div id=\"main-content\" class=\"container fade-in animated3\">\n<div class=\"content-wrap\">\n<figure><img loading=\"lazy\" decoding=\"async\" class=\" alignright wp-image-857\" src=\"http:\/\/slowakei-leipzig.de\/wp-content\/uploads\/2014\/05\/YFU-Logo.jpg\" alt=\"YFU-Logo\" width=\"201\" height=\"130\" srcset=\"https:\/\/slowakei-leipzig.de\/wp-content\/uploads\/2014\/05\/YFU-Logo.jpg 1004w, https:\/\/slowakei-leipzig.de\/wp-content\/uploads\/2014\/05\/YFU-Logo-300x194.jpg 300w, https:\/\/slowakei-leipzig.de\/wp-content\/uploads\/2014\/05\/YFU-Logo-1000x650.jpg 1000w\" sizes=\"auto, (max-width: 201px) 100vw, 201px\" \/><\/figure>\n<div class=\"content\">\n<h5><\/h5>\n<h6>&nbsp;4.06.2015 | Aufruf: Interkultureller Austausch<\/h6>\n<h5><span style=\"color: #4269eb;\"><strong>Die Slowakei zu Hause entdecken!<\/strong><\/span><\/h5>\n<figure><a href=\"http:\/\/slowakei-leipzig.de\/wp-content\/uploads\/2014\/05\/Freianzeige-Tisch.jpg\"><img loading=\"lazy\" decoding=\"async\" class=\"size-medium wp-image-962 alignleft\" src=\"http:\/\/slowakei-leipzig.de\/wp-content\/uploads\/2014\/05\/Freianzeige-Tisch-300x205.jpg\" alt=\"Freianzeige+Tisch\" width=\"300\" height=\"205\" srcset=\"https:\/\/slowakei-leipzig.de\/wp-content\/uploads\/2014\/05\/Freianzeige-Tisch-300x205.jpg 300w, https:\/\/slowakei-leipzig.de\/wp-content\/uploads\/2014\/05\/Freianzeige-Tisch.jpg 629w\" sizes=\"auto, (max-width: 300px) 100vw, 300px\" \/><\/a><\/figure>\n<p>Die gemeinn\u00fctzige Austauschorganisation Youth For Understanding (YFU) freut sich das ganze Jahr lang \u00fcber Meldungen von interessierten Familien, die als Gastfamilie f\u00fcr einen Austauschsch\u00fcler aus der Slowakei oder einem anderen Land eine neue Kultur zu Hause entdecken m\u00f6chten. Jetzt informieren: <span style=\"color: #3366ff;\"><a href=\"http:\/\/www.yfu.de\/gastfamilien\" target=\"_blank\" rel=\"noopener noreferrer\"><span style=\"color: #3366ff;\">www.yfu.de\/gast<\/span><\/a><\/span><a href=\"http:\/\/www.yfu.de\/gastfamilien\" target=\"_blank\" rel=\"noopener noreferrer\"><span style=\"color: #3366ff;\">familien<\/span><\/a>.<\/p>\n<p>Es wird auch ein Programm f\u00fcr deutsche Sch\u00fcler angeboten, die als Gastsch\u00fcler ein Jahr in der Slowakei verbringen m\u00f6chten.<\/p>\n<p>Wie das geht, erf\u00e4hrt man <a href=\"http:\/\/slowakei-leipzig.de\/wp-content\/uploads\/2014\/05\/Schueleraustausch-Slowakei_YFU.pdf\" target=\"_blank\" rel=\"noopener noreferrer\"><span style=\"color: #3366ff;\">hier<\/span>.<\/a><\/p>\n<p><a href=\"http:\/\/slowakei-leipzig.de\/wp-content\/uploads\/2014\/05\/Erfahrungsbericht-Austauschjahr-Slowakei.pdf\" target=\"_blank\" rel=\"noopener noreferrer\"><span style=\"color: #3366ff;\">Erfahrungsbericht<\/span><\/a> einer deutschen Sch\u00fclerin, die in der Slowakei ein Austauschjahr verbracht hat.<\/p>\n<\/div>\n<div class=\"content\">\n<hr \/>\n<h6>16.04.2015 | Pressemitteilung<\/h6>\n<h5 id=\"crumbs\"><span style=\"color: #4269eb;\"><strong>BundesRomaVerband \u00fcbergab dem slowakischen Botschafter einen offenen Brief<\/strong><\/span><\/h5>\n<article class=\"post-listing post-2077 post type-post status-publish format-standard has-post-thumbnail hentry category-uncategorized\">\n<div class=\"post-inner\">\n<p>Am 16. April 2015 reagierte der BundesRomaVerband auf die besorgniserregenden Nachrichten, die in den letzten Wochen aus der Slowakei kamen: Anl\u00e4sslich eines informellen Treffens in der slowakischen Botschaft in Berlin wurde Seiner Exzellenz Igor Slobodn\u00edk ein offener Brief \u00fcberreicht, in dem er aufgefordert wurde, eine pers\u00f6nliche Verantwortung f\u00fcr die zwei unten beschriebenen Vorf\u00e4lle anzunehmen und sich mit allen ihm verf\u00fcgbaren Mitteln f\u00fcr eine korrekte und rechtm\u00e4\u00dfige Ermittlung des Vorgehens der Polizei einzusetzen<\/p>\n<\/div>\n<\/article>\n<\/div>\n<\/div>\n<\/div>\n<p><strong><span style=\"color: #3366ff;\"><a href=\"http:\/\/bundesromaverband.de\/bundesromaverband-uebergab-dem-slowakischen-botschafter-einen-offenen-brief\/\" target=\"_blank\" rel=\"noopener noreferrer\"><span style=\"color: #3366ff;\">Hier <\/span><\/a><\/span>k\u00f6nnen Sie den Artikel weiterlesen!<\/strong><\/p>\n<p>Quelle: www.bundesromaverband.de<\/p>\n<hr class=\"wp-block-separator has-alpha-channel-opacity\"\/>\n<h6 class=\"wp-block-heading\">&nbsp;25.03.2015 | Pressemitteilung<\/h6>\n<h5 class=\"wp-block-heading\"><span style=\"color: #4269eb;\"><strong>Treffen V4+Deutschland in Bratislava<\/strong><\/span><\/h5>\n<p>Die Situation in der Ukraine, im Westbalkan und den L\u00e4ndern der \u00d6stlichen Partnerschaft, Energiesicherheit und Klimapolitik. Dies waren Themen, die am Montag in Bratislava auf dem Treffen der Chefs der Diplomatie der Visegr\u00e1d Gruppe und Deutschlands besprochen wurden.<\/p>\n<p>Deutschland ist einer der wichtigsten strategischen Partner der V4-L\u00e4nder, der regelm\u00e4\u00dfig konsultiert wird. Im Namen des V4\u2013Vorsitzlandes stellte der slowakische Au\u00dfenminister Miroslav Laj\u010d\u00e1k fest: \u201eDas gemeinsame Treffen der Visegr\u00e1der Vier und Deutschlands nehmen wir als eine Anerkennung der konstruktiven Aufgabe dieser Gruppierung bei dem Formieren der europ\u00e4ischen Agenda und der Entwicklung einer erfolgreichen regionalen Zusammenarbeit wahr.\u201c Ihm zufolge habe sich dieses B\u00fcndnis auch als eine gute Plattform f\u00fcr eine Diskussion \u00fcber au\u00dfenpolitische Themen bew\u00e4hrt.<\/p>\n<p>Der deutsche Bundesminister des Ausw\u00e4rtigen Frank-Walter Steinmeier nahm daneben auch an bilateralen Treffen mit Premier Robert Fico, Pr\u00e4sident Andrej Kiska und seinem slowakischen Amtskollegen Miroslav Laj\u010d\u00e1k teil.<\/p>\n<p>Quelle: <a href=\"http:\/\/pressburger.eu\/Articles\/6,politik\/4944,treffen-v4-deutschland-in-bratislava\" target=\"_blank\" rel=\"noopener noreferrer\">Pressburger Zeitung<\/a><\/p>\n<hr class=\"wp-block-separator has-alpha-channel-opacity\"\/>\n<h6 class=\"wp-block-heading\">M\u00e4rz 2015 | Publikation<\/h6>\n<h5 class=\"wp-block-heading\"><b><span style=\"color: #000080; font-family: Times New Roman; font-size: x-large;\"><span style=\"color: #4269eb;\">OSTRAGEHEGE &#8211; Zeitschrift f\u00fcr Literatur und Kunst (Dresden)<\/span><br \/><\/span><\/b><\/h5>\n<h6 class=\"wp-block-heading\"><em>&nbsp;&#8211; aktuelle Ausgabe 2015 (Heft Nr. 75) mit einem Ausflug in die aktuelle Literaturszene der Slowakei &#8211;<\/em><\/h6>\n<figure class=\"wp-block-table\">\n<table>\n<tbody>\n<tr>\n<td><span style=\"color: #000000;\"><strong>NEUE TEXTE AUS DER SLOWAKEI<\/strong><\/span><\/td>\n<\/tr>\n<tr>\n<td>Vladim\u00edr Balla: Das Auge (Erz\u00e4hlung)<\/td>\n<\/tr>\n<tr>\n<td>M\u00e1ria Feren\u010duhov\u00e1: Bedrohte Art (Zyklus)<\/td>\n<\/tr>\n<tr>\n<td>Katar\u00edna Kucbelov\u00e1: der vater kann (F\u00fcnf Gedichte)<\/td>\n<\/tr>\n<tr>\n<td>Peter Kri\u0161t\u00fafek: Der Heilige Niemand (Erz\u00e4hlung)<\/td>\n<\/tr>\n<tr>\n<td>Pavol Rankov: Der erste Tag an der Universit\u00e4t (Erz\u00e4hlung)<\/td>\n<\/tr>\n<\/tbody>\n<\/table>\n<\/figure>\n<p class=\"has-text-align-left\"><a href=\"http:\/\/www.ostra-gehege.de\" target=\"_blank\" rel=\"noopener noreferrer\">www.ostra-gehege.de<\/a><\/p>\n<hr class=\"wp-block-separator has-alpha-channel-opacity\"\/>\n<h6 class=\"wp-block-heading\">&nbsp;16.02.15 | Pressemitteilung<\/h6>\n<h5 class=\"wp-block-heading\"><span style=\"color: #4269eb;\"><strong>Doktoranden aus der Slowakei besuchen die HTW Dresden<\/strong><\/span><\/h5>\n<p>&nbsp;<strong>Zurzeit sind drei Doktoranden aus der Partneruniversit\u00e4t Zilina in der Slowakei f\u00fcr drei Wochen an der Fakult\u00e4t Elektrotechnik zu Gast.<\/strong><\/p>\n<p>Veronika Ole\u0161nan\u00edkov\u00e1, Peter Sarafin und R\u00f3bert \u017dalman forschen am &#8222;Department of Technical Cybernetics&#8220; an der Fakult\u00e4t &#8222;Management &nbsp;Science and Informatics&#8220;. Den Aufenthalt an der HTW Dresden nutzen sie, um sich mit den Professoren \u00fcber ihre Forschungen auszutauschen und in den Laboren der HTW Dresden zu arbeiten. Au\u00dferdem stellen sie ihre Forschungsprojekte vor, u.a. den YRobot, ein modulares Robotersystem, das auf einer Open-Hardware Plattform basiert und an Fachhochschulen als Lehrinstrument zum Programmieren eingesetzt werden kann.<\/p>\n<p>Mit der Universit\u00e4t Zilina verbindet die Fakult\u00e4t Elektrotechnik bereits eine langj\u00e4hrige Zusammenarbeit in Lehre und Forschung.<\/p>\n<p>Quelle: <a href=\"www.htw-dresden.de\/news-2015\/article\/doktoranden-aus-der-slowakei-besuchen-die-htw-dresden.html\" target=\"_blank\" rel=\"noopener noreferrer\"><span style=\"color: #3366ff;\">Hochschule f\u00fcr Technik und Wirtschaft Dresden<\/span><\/a><\/p>\n<hr class=\"wp-block-separator has-alpha-channel-opacity\"\/>\n<h6 class=\"wp-block-heading\">&nbsp;2015 | Stipendienprogramm<\/h6>\n<h5 class=\"wp-block-heading\"><strong><span style=\"color: #4269eb;\">N\u00e1rodn\u00fd \u0161tipendijn\u00fd program 2015<\/span><br \/><\/strong><\/h5>\n<p>V r\u00e1mci N\u00e1rodn\u00e9ho \u0161tipendijn\u00e9ho programu Slovenskej republiky na podporu mobil\u00edt bola <strong>zverejnen\u00e1 nov\u00e1 v\u00fdzva na predkladanie \u017eiadost\u00ed o \u0161tipendium<\/strong> na \u0161tudijn\u00e9, v\u00fdskumn\u00e9 a&nbsp;predn\u00e1\u0161kov\u00e9&nbsp; pobyty v&nbsp;akademickom roku 2015\/2016.<\/p>\n<p><strong>Uz\u00e1vierka na predkladanie \u017eiadost\u00ed je 30. apr\u00edla 2015 do 16:00 hod.<\/strong>, pri\u010dom pobyty sa bud\u00fa m\u00f4c\u0165&nbsp; realizova\u0165 v r\u00e1mci akademick\u00e9ho roka 2015\/2016.<\/p>\n<p><strong>\u010eal\u0161ia uz\u00e1vierka, ktor\u00e1 sa uskuto\u010dn\u00ed&nbsp; 31. okt\u00f3bra 2015,<\/strong> bude zameran\u00e1 na pobyty po\u010das letn\u00e9ho semestra akademick\u00e9ho roka 2015\/2016.<\/p>\n<p>\u0160tipendi\u00e1 s\u00fa ur\u010den\u00e9 pre<strong> \u0161tudentov a doktorandov slovensk\u00fdch vysok\u00fdch \u0161k\u00f4l<\/strong> (aj v pr\u00edpade, \u017ee sa doktorandsk\u00e9 \u0161t\u00fadium realizuje na externej vzdel\u00e1vacej in\u0161tit\u00facii v zmysle z\u00e1kona o V\u0160, napr. na SAV) s&nbsp;trval\u00fdm pobytom na Slovensku na pokrytie \u017eivotn\u00fdch n\u00e1kladov na \u0161tudijn\u00fd pobyt po\u010das 2. stup\u0148a vysoko\u0161kolsk\u00e9ho vzdel\u00e1vania (magistersk\u00e9\/in\u017einierske\/doktorsk\u00e9 \u0161t\u00fadium), resp. \u0161tudijn\u00fd alebo v\u00fdskumn\u00fd pobyt po\u010das doktorandsk\u00e9ho \u0161t\u00fadia na vybranej zahrani\u010dnej vysokej \u0161kole, resp. v\u00fdskumnej organiz\u00e1cii. Z\u00e1kladn\u00e9 inform\u00e1cie o programe n\u00e1jdete v&nbsp;prilo\u017eenom let\u00e1ku. Podrobn\u00e9 inform\u00e1cie o programe m\u00f4\u017eu uch\u00e1dza\u010di z\u00edska\u0165 na ofici\u00e1lnej webovej str\u00e1nke programu <a href=\"http:\/\/www.stipendia.sk\" target=\"_blank\" rel=\"noopener noreferrer\">www.stipendia.sk<\/a>, resp. <a href=\"http:\/\/www.scholarships.sk\" target=\"_blank\" rel=\"noopener noreferrer\">www.scholarships.sk<\/a>.<\/p>\n<p>\u0160tudenti, doktorandi v dennej forme \u0161t\u00fadia, u\u010ditelia vysok\u00fdch \u0161k\u00f4l a v\u00fdskumn\u00ed pracovn\u00edci SAV, ktor\u00ed maj\u00fa trval\u00fd pobyt v Slovenskej republike, sa m\u00f4\u017eu uch\u00e1dza\u0165 o cestovn\u00fd grant v s\u00favislosti s ich pl\u00e1novan\u00fdm \u0161tudijn\u00fdm alebo v\u00fdskumn\u00fdm pobytom v zahrani\u010d\u00ed.<\/p>\n<p>N\u00e1rodn\u00fd \u0161tipendijn\u00fd program Slovenskej republiky je ur\u010den\u00fd aj <strong>na podporu mobil\u00edt zahrani\u010dn\u00fdch \u0161tudentov<\/strong>, doktorandov, vysoko\u0161kolsk\u00fdch u\u010dite\u013eov,&nbsp;v\u00fdskumn\u00fdch a umeleck\u00fdch pracovn\u00edkov na pobyty na slovensk\u00fdch vysok\u00fdch \u0161kol\u00e1ch a v\u00fdskumn\u00fdch organiz\u00e1ci\u00e1ch.<\/p>\n<p>V&nbsp;pr\u00edpade ot\u00e1zok, t\u00fdkaj\u00facich sa N\u00e1rodn\u00e9ho \u0161tipendijn\u00e9ho programu, sa m\u00f4\u017eete obr\u00e1ti\u0165 priamo aj na <strong>administr\u00e1torov tohto programu<\/strong> \u2013 Lucia \u017di\u0161kov\u00e1 (<a href=\"mailto:lucia.ziskova@saia.sk\">lucia.ziskova@saia.sk<\/a>), uch\u00e1dza\u010di o \u0161tipendium s&nbsp;trval\u00fdm pobytom na Slovensku; Luk\u00e1\u0161 Marcin (<a href=\"mailto:lukas.marcin@saia.sk\">lukas.marcin@saia.sk<\/a>), uch\u00e1dza\u010di o&nbsp;\u0161tipendium zo zahrani\u010dia.<\/p>\n<p>N\u00e1rodn\u00fd \u0161tipendijn\u00fd program (N\u0160P) je \u0161tipendijn\u00fdm programom, ktor\u00e9ho vznik schv\u00e1lila vl\u00e1da Slovenskej republiky uznesen\u00edm \u010d. 557 z&nbsp;13. j\u00fala 2005. O&nbsp;pokra\u010dovan\u00ed N\u0160P rozhodla vl\u00e1da SR uznesen\u00edm \u010d. 317 z 29. apr\u00edla 2009. \u0160tipendijn\u00fd program je financovan\u00fd z&nbsp;rozpo\u010dtovej kapitoly Ministerstva \u0161kolstva, vedy, v\u00fdskumu a \u0161portu SR. SAIA, n. o., administrat\u00edvne zabezpe\u010duje N\u00e1rodn\u00fd \u0161tipendijn\u00fd program na z\u00e1klade zmluvy u<\/p>\n<p>zavretej medzi Ministerstvom \u0161kolstva, vedy, v\u00fdskumu a \u0161portu SR a&nbsp;SAIA, n. o. \u0160tipendisti N\u0160P s\u00fa \u0161tipendistami vl\u00e1dy Slovenskej republiky.<\/p>\n<p class=\"has-text-align-left\">Flyer (Englisch):<\/p>\n<div class=\"wp-block-image\">\n<figure class=\"alignleft\"><a href=\"http:\/\/slowakei-leipzig.de\/wp-content\/uploads\/2014\/05\/letak-NSP_EN_20152.jpg\"><img loading=\"lazy\" decoding=\"async\" width=\"1754\" height=\"1240\" src=\"http:\/\/slowakei-leipzig.de\/wp-content\/uploads\/2014\/05\/letak-NSP_EN_20152.jpg\" alt=\"letak NSP_EN_20152\" class=\"wp-image-620\" srcset=\"https:\/\/slowakei-leipzig.de\/wp-content\/uploads\/2014\/05\/letak-NSP_EN_20152.jpg 1754w, https:\/\/slowakei-leipzig.de\/wp-content\/uploads\/2014\/05\/letak-NSP_EN_20152-300x212.jpg 300w, https:\/\/slowakei-leipzig.de\/wp-content\/uploads\/2014\/05\/letak-NSP_EN_20152-1024x724.jpg 1024w\" sizes=\"auto, (max-width: 1754px) 100vw, 1754px\" \/><\/a><\/figure>\n<\/div>\n<div class=\"wp-block-image\">\n<figure class=\"alignleft\"><a href=\"http:\/\/slowakei-leipzig.de\/wp-content\/uploads\/2014\/05\/letak-NSP_EN_2015.jpg\"><img loading=\"lazy\" decoding=\"async\" width=\"1754\" height=\"1240\" src=\"http:\/\/slowakei-leipzig.de\/wp-content\/uploads\/2014\/05\/letak-NSP_EN_2015.jpg\" alt=\"letak NSP_EN_2015\" class=\"wp-image-618\" srcset=\"https:\/\/slowakei-leipzig.de\/wp-content\/uploads\/2014\/05\/letak-NSP_EN_2015.jpg 1754w, https:\/\/slowakei-leipzig.de\/wp-content\/uploads\/2014\/05\/letak-NSP_EN_2015-300x212.jpg 300w, https:\/\/slowakei-leipzig.de\/wp-content\/uploads\/2014\/05\/letak-NSP_EN_2015-1024x724.jpg 1024w\" sizes=\"auto, (max-width: 1754px) 100vw, 1754px\" \/><\/a><\/figure>\n<\/div>\n<p class=\"has-text-align-left\">\n<hr class=\"wp-block-separator has-alpha-channel-opacity\"\/>\n<h6 class=\"wp-block-heading\">20. Oktober 2014 | Pressemitteilung<\/h6>\n<h5 class=\"wp-block-heading\"><span style=\"color: #4269eb;\"><strong><span class=\"headline\">Angela Merkel&nbsp;erh\u00e4lt slowakischen Ehrendoktor<\/span><\/strong><\/span><\/h5>\n<p><span class=\"headline\">Im Rahmen eines Besuches in Bratislava wurde der Kanzlerin die Ehrendoktorw\u00fcrde<\/span> der Comenius-Universit\u00e4t Bratislava verliehen. Merkel war im Oktober 2014 zu Gespr\u00e4chen mit Regierungschef Robert Fico in die Slowakei gereist.<\/p>\n<p>Quelle: www.bundesregierung.de \/<a href=\"http:\/\/www.bundesregierung.de\/Content\/DE\/Rede\/2014\/10\/2014-10-20-merkel-bratislava.html\" target=\"_blank\" rel=\"noopener noreferrer\"> Rede von Bundeskanzlerin Merkel anl\u00e4sslich der Verleihung der Ehrendoktorw\u00fcrde<\/a><\/p>\n<hr class=\"wp-block-separator has-alpha-channel-opacity\"\/>\n<h6 class=\"wp-block-heading\">13. Februar 2014 | Pressemitteilung<\/h6>\n<h5 class=\"wp-block-heading\"><strong><span style=\"color: #4269eb;\">Ernennung Dr. Albrecht Tintelnots zum Honorarkonsul der Slowakischen Republik<\/span><br \/><\/strong><\/h5>\n<div class=\"wp-block-image\">\n<figure class=\"alignleft\"><a href=\"http:\/\/slowakei-leipzig.de\/wp-content\/uploads\/2014\/05\/LVZ-Artikel-v.-14.02.2014.jpg\"><img loading=\"lazy\" decoding=\"async\" width=\"1024\" height=\"298\" src=\"http:\/\/slowakei-leipzig.de\/wp-content\/uploads\/2014\/05\/LVZ-Artikel-v.-14.02.2014-1024x298.jpg\" alt=\"Leipziger Volkszeitung 14.02.2014\" class=\"wp-image-659\" srcset=\"https:\/\/slowakei-leipzig.de\/wp-content\/uploads\/2014\/05\/LVZ-Artikel-v.-14.02.2014-1024x298.jpg 1024w, https:\/\/slowakei-leipzig.de\/wp-content\/uploads\/2014\/05\/LVZ-Artikel-v.-14.02.2014-300x87.jpg 300w, https:\/\/slowakei-leipzig.de\/wp-content\/uploads\/2014\/05\/LVZ-Artikel-v.-14.02.2014.jpg 1460w\" sizes=\"auto, (max-width: 1024px) 100vw, 1024px\" \/><\/a><figcaption class=\"wp-element-caption\">Leipziger Volkszeitung 14.02.2014<\/figcaption><\/figure>\n<\/div>\n<div class=\"wp-block-image\">\n<figure class=\"alignleft\"><a href=\"http:\/\/slowakei-leipzig.de\/wp-content\/uploads\/2014\/05\/FT-Artikel.jpg\"><img loading=\"lazy\" decoding=\"async\" width=\"1024\" height=\"1006\" src=\"http:\/\/slowakei-leipzig.de\/wp-content\/uploads\/2014\/05\/FT-Artikel-1024x1006.jpg\" alt=\"FT, Februar 2014\" class=\"wp-image-662\" srcset=\"https:\/\/slowakei-leipzig.de\/wp-content\/uploads\/2014\/05\/FT-Artikel-1024x1006.jpg 1024w, https:\/\/slowakei-leipzig.de\/wp-content\/uploads\/2014\/05\/FT-Artikel-300x295.jpg 300w, https:\/\/slowakei-leipzig.de\/wp-content\/uploads\/2014\/05\/FT-Artikel.jpg 1115w\" sizes=\"auto, (max-width: 1024px) 100vw, 1024px\" \/><\/a><figcaption class=\"wp-element-caption\">FT, Februar 2014<\/figcaption><\/figure>\n<\/div>\n","protected":false},"excerpt":{"rendered":"<p>&nbsp; Hinweis: Aktuelle Nachrichten finden Sie ab sofort auf unserer Facebook-Seite (https:\/\/www.facebook.com\/slowakei.leipzig). 20.04.-24.11.2024 \/ Kunst Slowakische Beteiligung an der Biennale Venedig 2024 Der bereits in Leipzig ausgestellte slowakische K\u00fcnstler Oto Hudec vertritt sein Land auf der diesj\u00e4hrigen Biennale in Venedig Der slowakische zeitgen\u00f6ssische K\u00fcnstler Oto Hudec, dessen Arbeiten zusammen mit Werken von Rudolf Sikora im [&hellip;]<\/p>\n","protected":false},"author":1,"featured_media":0,"parent":73,"menu_order":0,"comment_status":"closed","ping_status":"closed","template":"","meta":{"footnotes":""},"class_list":["post-76","page","type-page","status-publish","hentry"],"_links":{"self":[{"href":"https:\/\/slowakei-leipzig.de\/index.php?rest_route=\/wp\/v2\/pages\/76","targetHints":{"allow":["GET"]}}],"collection":[{"href":"https:\/\/slowakei-leipzig.de\/index.php?rest_route=\/wp\/v2\/pages"}],"about":[{"href":"https:\/\/slowakei-leipzig.de\/index.php?rest_route=\/wp\/v2\/types\/page"}],"author":[{"embeddable":true,"href":"https:\/\/slowakei-leipzig.de\/index.php?rest_route=\/wp\/v2\/users\/1"}],"replies":[{"embeddable":true,"href":"https:\/\/slowakei-leipzig.de\/index.php?rest_route=%2Fwp%2Fv2%2Fcomments&post=76"}],"version-history":[{"count":207,"href":"https:\/\/slowakei-leipzig.de\/index.php?rest_route=\/wp\/v2\/pages\/76\/revisions"}],"predecessor-version":[{"id":3019,"href":"https:\/\/slowakei-leipzig.de\/index.php?rest_route=\/wp\/v2\/pages\/76\/revisions\/3019"}],"up":[{"embeddable":true,"href":"https:\/\/slowakei-leipzig.de\/index.php?rest_route=\/wp\/v2\/pages\/73"}],"wp:attachment":[{"href":"https:\/\/slowakei-leipzig.de\/index.php?rest_route=%2Fwp%2Fv2%2Fmedia&parent=76"}],"curies":[{"name":"wp","href":"https:\/\/api.w.org\/{rel}","templated":true}]}}