{"id":1752,"date":"2019-09-05T11:54:09","date_gmt":"2019-09-05T09:54:09","guid":{"rendered":"http:\/\/slowakei-leipzig.de\/?page_id=1752"},"modified":"2019-09-05T11:55:37","modified_gmt":"2019-09-05T09:55:37","slug":"veranstaltungen-2018","status":"publish","type":"page","link":"http:\/\/slowakei-leipzig.de\/?page_id=1752","title":{"rendered":"Veranstaltungen 2017"},"content":{"rendered":"<p>&nbsp;<\/p>\n<p><strong>16.12.2017 | Ausstellung<\/strong><\/p>\n<h5>\u00a0<strong><em>PILOTENK\u00dcCHE LEIPZIG<\/em><\/strong><\/h5>\n<h5>\u00a0<strong>Opening \/\/ What Did You Expect?<\/strong><\/h5>\n<p><span class=\"_4n-j _3cht fsl\" data-testid=\"event-permalink-details\">We would like invite you to the final exhibit of the 33rd round!<br \/>\nStay tuned for the program of performances!<\/span><\/p>\n<p><strong>Ausstellungser\u00f6ffnung\/Opening:<\/strong> 15.12.17, 18:00h<br \/>\n<strong>Laufzeit\/Open:<\/strong> 16-22.12.17<\/p>\n<h5>\u00a0<strong>Ort\/Location:<\/strong> <a href=\"http:\/\/westside.pilotenkueche.net\/\" target=\"_blank\" rel=\"noopener\">PILOTENKUECHE<\/a>, 2nd Floor, Franz-Flemmingstr. 9, D-04179 Leipzig<\/h5>\n<p>Veranstaltung auf <a href=\"https:\/\/www.facebook.com\/events\/1972423273045649\/\" target=\"_blank\" rel=\"noopener\">Facebook<\/a> verfolgen.<\/p>\n<p><span class=\"_4n-j _3cht fsl\" data-testid=\"event-permalink-details\"><em>Slovak artists<\/em><br \/>\n<strong><a href=\"http:\/\/www.lenkalukacovicova.sk\/\" target=\"_blank\" rel=\"noopener\">Lenka Lukacovicova <\/a><\/strong>(Photography, Performance, Installation; Bratislava, Slovakia)<br \/>\n<a href=\"https:\/\/www.works.io\/peter-cvik\" target=\"_blank\" rel=\"noopener\"><strong>Peter <\/strong><strong>Cvik<\/strong> <\/a>(Drawing, Mixed Media, Painting; Bratislava, Slovakia)<\/span><\/p>\n<p><span class=\"_4n-j _3cht fsl\" data-testid=\"event-permalink-details\"><em>International Residents<\/em><br \/>\n<a href=\"https:\/\/www.aliglover.com\/\" target=\"_blank\" rel=\"noopener\"><strong>Ali Glover <\/strong><\/a>(Sculpture, Installation; London, UK)<span class=\"text_exposed_show\"><br \/>\n<strong>Guillaume C\u00f4t\u00e9 Roux<\/strong> (Sculpture, Photography; Qu\u00e9bec, Canada)<br \/>\n<a href=\"http:\/\/guyeytan.com\/\" target=\"_blank\" rel=\"noopener\"><strong>Guy Eytan<\/strong><\/a> (Performance, Video, Sculpture; Tel Aviv, Israel)<br \/>\n<a href=\"http:\/\/hwihahm.com\/\" target=\"_blank\" rel=\"noopener\"><strong>Hwi Hahm<\/strong><\/a> (Drawing, Installation, Mixed Media, Painting; New York, USA, Korea)<br \/>\n<strong><a href=\"https:\/\/www.jiangliuart.com\/\" target=\"_blank\" rel=\"noopener\">Jiangliu Dong<\/a><\/strong> (Sound, Video, Installation; Jinan, China)<br \/>\n<a href=\"http:\/\/www.morganbuck.net\/\" target=\"_blank\" rel=\"noopener\"><strong>Morgan Buck<\/strong><\/a> (Mixed Media, Painting, Photography; Portland, USA)<br \/>\n<a href=\"http:\/\/oliviamalenavidal.com\/\" target=\"_blank\" rel=\"noopener\"><strong>Olivia Malena Vida<\/strong>l<\/a> (Photography, Painting; Amsterdam, The Netherlands)<br \/>\n<strong><a href=\"http:\/\/paulafraile.com\/\" target=\"_blank\" rel=\"noopener\">Paula Fraile<\/a><\/strong> (Painting, Printmaking, Video; Guadalajara, Spain)<br \/>\n<strong><a href=\"http:\/\/talletromain.com\/\" target=\"_blank\" rel=\"noopener\">Romain Tallet <\/a><\/strong>(Conceptual, Installation, Performance, Sound, Video; Koekelberg, Belgium, France)<br \/>\n<a href=\"https:\/\/www.zishihan.com\/\" target=\"_blank\" rel=\"noopener\"><strong>Zishi Han<\/strong> (<\/a>Installation, Video, Digital; London, UK, China)<\/span><\/span><\/p>\n<p><em>Local Participants<\/em><a><br \/>\n<\/a><strong><a href=\"http:\/\/martin-schuster.org\/\" target=\"_blank\" rel=\"noopener\">Martin Schuster<\/a> <\/strong>(Painting; Leipzig, Germany)<br \/>\n<strong>S\u00e9bastien Kauffmann<\/strong> (Photography, Installation; Colmar, France; Leipzig, Germany)<\/p>\n<p><em>Guests<\/em><a><br \/>\n<\/a><strong>Willy Le Nalbaut<\/strong> (Painting, Video, installation; Brussels, Belgium, France)<\/p>\n<p><em>Assistants<\/em><br \/>\n<strong>Clara Sj\u00f6lin<\/strong> (London, UK)<br \/>\n<strong>Renin Zeynep Simsek<\/strong> (Halle, Germany)<\/p>\n<p>&nbsp;<\/p>\n<hr \/>\n<h6><strong>30.11.2017 | Konzert<\/strong><\/h6>\n<h5><strong>Slowakischer Konzertabend \u201eEine winzige Tr\u00e4ne \/ Mali\u010dk\u00e1 slzi\u010dka\u201c<\/strong><\/h5>\n<p><strong>Ort:<\/strong> <a href=\"http:\/\/www.semperoper.de\/semper-zwei.html\" target=\"_blank\" rel=\"noopener\">Semper Zwei<\/a>, Dresden<br \/>\n<strong>Dauer:<\/strong> Ca. 2 Stunden, eine Pause<br \/>\nZusatzprogramm zur Wiederaufnahme von \u00bbDer Kaiser von Atlantis\u00ab<br \/>\n<strong>Musikalische Leitung:<\/strong> Johannes Wulff-Woesten<br \/>\n<strong>Gesang:<\/strong> Alexandra Bentz<br \/>\n<strong>Gebet und Gesang:<\/strong> Benjamin Maroko<br \/>\n<strong>Piano:<\/strong> Anna Kuperschmidt<br \/>\n<strong>Moderation und Rezitation:<\/strong> Simone Hofmann<br \/>\n<em>\u00a0<\/em><em>Das Projekt wird initiiert und gef\u00f6rdert von Imrich Donath, Honorarkonsul der Slowakischen Republik f\u00fcr das Bundesland Hessen. <\/em><\/p>\n<p><strong>\u00bb<a href=\"http:\/\/www.slowakische-kulturtage.de\/eine_winzige_traene.html\" target=\"_blank\" rel=\"noopener\">Mali\u010dk\u00e1 slzi\u010dka<\/a>\u00ab \u2013 \u00bbEine winzige Tr\u00e4ne\u00ab<\/strong> hei\u00dft ein Evergreen, den der slowakische Komponist und Pianist Karol Elbert w\u00e4hrend des Zweiten Weltkriegs schrieb. Nur wenig sp\u00e4ter wurde er als Jude verhaftet und nach Auschwitz deportiert, \u00fcberlebte mehrere Konzentrationslager und wurde schlie\u00dflich 1945 befreit. Nach seiner Freilassung kehrte er zur Musik zur\u00fcck und konnte ein neues Leben beginnen \u2013 anders als zahlreiche Musiker, deren Lebensenergie im Bem\u00fchen um das \u00dcberleben verbraucht waren. Im Rahmen der Wiederaufnahme von Viktor Ullmanns \u00bbDer Kaiser von Atlantis\u00ab in Semper Zwei widmet sich der Abend schlaglichtartig slowakischen K\u00fcnstlern, die in Dresden wirkten und die aufgrund ihrer j\u00fcdischen Herkunft Opfer der Verfolgung und zum Teil Ermordung durch die Nationalsozialisten wurden. In ihrer lange Zeit verstummten Musik fanden Grauen und Angst keinen Platz, vielmehr spr\u00fcht sie vor schw\u00e4rmerischer Sehnsucht und Heiterkeit. So erklingen neben Kompositionen von Karol Elbert u.a. Werke von Josef Weiss, Arthur Chitz, Siegfried Sonnenschein und Richard Engl\u00e4nder, deren k\u00fcnstlerische Wege als Pianisten, Komponisten und Dirigenten auch an die Dresdner Staatstheater f\u00fchrten.<\/p>\n<p>Durch das Programm leitet Musikwissenschaftlerin Dr. Agata Schindler, die f\u00fcr die Semperoper bereits den Theresienst\u00e4dter Konzertabend konzipiert hat und deren Buch \u00bbEine winzige Tr\u00e4ne. Der verheerende Einfluss des Nationalsozialismus auf das Leben von Musikern in Mitteleuropa\u00ab (2016),\u00a0 herausgegeben vom Musikzentrum (Hudobn\u00e9 centrum) in Bratislava, dem Abend zugrunde liegt.<\/p>\n<p>Im zweiten Teil des Programms weitet sich der Blick auf internationale Komponisten an unterschiedlichsten Wirkungsst\u00e4tten. Unter dem Titel \u00bbIhre Heimat ist die Musik\u00ab f\u00fchrt eine Zeitreise in die Welt j\u00fcdischer Musik und Texte aus den 1920er Jahren bis heute, von Deutschland, \u00d6sterreich und Osteuropa\u00a0 \u00fcber Amerika und Kanada bis nach Israel. In bekannten wie auch \u00fcberraschenden Schlagern, Arien, Weltmusik und virtuosem Klavierspiel erinnert das Programm an die gro\u00dfen j\u00fcdischen Komponisten und Texter. Simone Hofmann berichtet dazu \u00fcber das Leben und Wirken von Werner-Richard Heymann, Paul Aron, Chaim Towber, Leonard Cohen, Fritz L\u00f6hner-Beda, Robert Liebmann und vielen anderen. Lassen Sie sich von dieser fabelhaften Mischung aus Text und Musik mit auf eine Reise nehmen in eine Welt, die so zum Teil nicht mehr existiert, aber immer die Heimat dieser einzigartigen K\u00fcnstler bleiben wird.<\/p>\n<p>&nbsp;<\/p>\n<hr \/>\n<h6><strong>23.11.2017 | Ausstellung<\/strong><\/h6>\n<header class=\"entry-header\">\n<h5><strong>PP #12 \u2013<a href=\"http:\/\/www.lenkalukacovicova.sk\" target=\"_blank\" rel=\"noopener\">Lenka Luka\u010dovi\u010dov\u00e1<\/a> &gt;<\/strong><br \/>\n<strong> Situations which were if they occurred as Yesterday<\/strong><img loading=\"lazy\" decoding=\"async\" class=\"alignright wp-image-1701\" src=\"http:\/\/slowakei-leipzig.de\/wp-content\/uploads\/2014\/05\/LL_Lukacovicova-150x150.jpg\" alt=\"\" width=\"199\" height=\"199\" srcset=\"http:\/\/slowakei-leipzig.de\/wp-content\/uploads\/2014\/05\/LL_Lukacovicova-150x150.jpg 150w, http:\/\/slowakei-leipzig.de\/wp-content\/uploads\/2014\/05\/LL_Lukacovicova-300x300.jpg 300w, http:\/\/slowakei-leipzig.de\/wp-content\/uploads\/2014\/05\/LL_Lukacovicova-100x100.jpg 100w, http:\/\/slowakei-leipzig.de\/wp-content\/uploads\/2014\/05\/LL_Lukacovicova.jpg 669w\" sizes=\"auto, (max-width: 199px) 100vw, 199px\" \/><\/h5>\n<p><strong>Vernissage:<\/strong> 23.11.2017 19:00 Uhr bis 22:00 Uhr<br \/>\n<strong>Laufzeit:<\/strong> 24.11.2017 \u2013 26.11.2017<br \/>\n<strong>\u00d6ffnungszeiten:<\/strong> 15:00 \u2013 19:00 Uhr u.n.V.<\/p>\n<p><strong>Ort:<\/strong> <a href=\"http:\/\/pingpong-leipzig.de\/\" target=\"_blank\" rel=\"noopener\">Kunstraum PING\u00b7PONG<\/a> \u2013\u00a0<em>Fotografie im Leipziger Westen<\/em><br \/>\nHelmholtzstra\u00dfe 1, Ecke Endersstra\u00dfe, 04177 Leipzig<\/p>\n<p>Veranstaltung auf <a href=\"https:\/\/www.facebook.com\/events\/375245676245313\/?active_tab=about\" target=\"_blank\" rel=\"noopener\">Facebook<\/a> folgen.<\/p>\n<p><em>Die slowskische K\u00fcnstlerin\u00a0<\/em>Lenka Luka\u010dovi\u010dov\u00e1 pr\u00e4sentiert ihre neuen Arbeiten, welche im Rahmen des Internationalen Kunstaustauschprogrammes <a href=\"http:\/\/westside.pilotenkueche.net\" target=\"_blank\" rel=\"noopener\">Pilotenk\u00fcche<\/a>\u00a0in Leipzig entstanden sind. Die Ausstellung wird\u00a0kuratiert von\u00a0<a href=\"https:\/\/www.marcel-noack.de\/\" target=\"_blank\" rel=\"noopener\">Marcel Noack.<\/a><\/p>\n<p>&nbsp;<\/p>\n<hr \/>\n<\/header>\n<h6><strong>17.11.2017 | Treff von Landsleuten<\/strong><\/h6>\n<h5><strong>Mitgliederversammlung des Vereins der Slowaken in Sachsen\/Slov\u00e1ci v Sasku e.V.<\/strong><\/h5>\n<p>Am 17.11.2017 um 17:00 Uhr l\u00e4dt der Verein der Slowaken in Sachsen zur j\u00e4hrlichen Mitgliederversammlung nach Dresden ein. Neben dem Jahresr\u00fcckblick 2018 sollen Themen und Schwerpunkte f\u00fcr 2018 besprochen werden. Gleichzeitig werden auch die Egebnisse und Pl\u00e4ne der Kinder-Folkloretanzgruppe Nez\u00e1budka vorgestellt. Bei Kaffee, Tee oder Wein kann der Abend auch zum Kennenlernen und f\u00fcr nettes Beisammensein genutzt werden.<\/p>\n<p>Bei Interesse finden Sie <a href=\"http:\/\/slovacivsasku.de\/\" target=\"_blank\" rel=\"noopener\">hier<\/a> weitere Informationen und Kontaktdaten.<\/p>\n<p><img loading=\"lazy\" decoding=\"async\" class=\"alignright wp-image-1694 size-full\" src=\"http:\/\/slowakei-leipzig.de\/wp-content\/uploads\/2014\/05\/Slovaci-v-Sasku.jpg\" alt=\"\" width=\"343\" height=\"43\" srcset=\"http:\/\/slowakei-leipzig.de\/wp-content\/uploads\/2014\/05\/Slovaci-v-Sasku.jpg 343w, http:\/\/slowakei-leipzig.de\/wp-content\/uploads\/2014\/05\/Slovaci-v-Sasku-300x38.jpg 300w\" sizes=\"auto, (max-width: 343px) 100vw, 343px\" \/><\/p>\n<p>&nbsp;<\/p>\n<p>&nbsp;<\/p>\n<hr \/>\n<h6><strong>07.-12.11.2017 | Filmfestival<\/strong><\/h6>\n<h5><strong>27. FilmFestival Cottbus <\/strong><\/h5>\n<p>Im Rahmen des <a href=\"http:\/\/www.filmfestivalcottbus.de\/de\/\" target=\"_blank\" rel=\"noopener\">27. Filmfestivals Cottbus <\/a>werden folgende slowakisch produzierte bzw. co-produzierte Filme gezeigt:<\/p>\n<p><u>im Wettbewerb Spielfilm<\/u><br \/>\n<strong>\u201eDie Linie\u201c <\/strong>(\u010ciara) SK\/UA 2017, 113 Min., Regie: Peter Bebjak<br \/>\n10.11.2017 um 19.30 Uhr; Stadthalle, WBS19<br \/>\n11.11.2017 um 10.00 Uhr; Weltspiegel, WBS21<\/p>\n<p><strong>\u201eOut\u201c <\/strong>(Out) SK\/HU\/CZ\/LV 2017, 88 Min., Regie: Gy\u00f6rgy Krist\u00f3f<br \/>\n10.11.2017 um 22.00 Uhr; Stadthalle, WBS20<br \/>\n11.11.2017 um 12.30 Uhr; Weltspiegel, WBS22<\/p>\n<p><u>im Wettbewerb Kurzspielfilm<\/u><br \/>\n<strong>\u201eAtlantis, 2003\u201c <\/strong>(Atlant\u00edda, 2003) SK\/CZ 2017, 30 Min, Regie: Michal Bla\u0161ko<br \/>\n10.11.2017 um 22.00 Uhr; Weltspiegel, WBK02<\/p>\n<p><u>im U 18 Wettbewerb Jugendfilm <\/u><br \/>\n<strong>\u201eNina\u201c <\/strong>(Nina) SK\/CZ 2017, 83 Min, Regie: Juraj Lehotsk\u00fd<br \/>\n10.11.2017 um 19.00 Uhr; Glad-House_Saal, WBJ05<\/p>\n<p><u>in der Sektion Kinderfilm<\/u><br \/>\n<strong>\u201eEin Engel des Herrn 2\u201c <\/strong>(Anjel P\u00e1na 2), CZ\/SK 2016, 99 Min., Regie: Ji\u0159\u00ed Strach<br \/>\n11.11.2017 um 10.00 Uhr; Stadthalle, K04<\/p>\n<p><u>in der Sektion Nationale Hits<\/u><br \/>\n<strong>\u201eEntf\u00fchrung\u201c <\/strong>(\u00danos) SK 2017, 98 Min., Regie: Mariana \u010cengel-Sol\u010dansk\u00e1<br \/>\n7.11.2017 um 19.30 Uhr; Kammerb\u00fchne, NH02<br \/>\n11.11.2017 um 15.00 Uhr; Obenkino, NH11<\/p>\n<p><u>in der Sektion Specials \u2013Bruderkuss-<\/u><br \/>\n<strong>\u201eThe Wolf from Royal Vineyard Street\u201c <\/strong>(Vlk z Kr\u00e1\u013eovsk\u00fdch Vinohradov) CZ\/FR\/SK 2016, 68 min., Regie: Jan N\u011bmec<br \/>\n11.11.2017 um 12.00 Uhr; Stadthalle, C18<\/p>\n<p>Veranstaltet vom Filmfestival Cottbus mit Unterst\u00fctzung des Slowakischen Instituts in Berlin.<br \/>\nAuf dem Laufenden bleiben mit <a href=\"http:\/\/www.facebook.com\/FilmFestivalCottbus\/\" target=\"_blank\" rel=\"noopener\">Facebook<\/a>.<\/p>\n<p>&nbsp;<\/p>\n<hr \/>\n<h6><strong>16.-31.10.2017 | Ausstellung<\/strong><\/h6>\n<h5><strong>Reformation im \u00f6stlichen Europa: Slowakei\/Oberungarn<img loading=\"lazy\" decoding=\"async\" class=\"alignright wp-image-1623 \" src=\"http:\/\/slowakei-leipzig.de\/wp-content\/uploads\/2014\/05\/P_Refo_Slowakei_Leipzig_A3-724x1024.jpg\" alt=\"\" width=\"240\" height=\"339\" srcset=\"http:\/\/slowakei-leipzig.de\/wp-content\/uploads\/2014\/05\/P_Refo_Slowakei_Leipzig_A3-724x1024.jpg 724w, http:\/\/slowakei-leipzig.de\/wp-content\/uploads\/2014\/05\/P_Refo_Slowakei_Leipzig_A3-212x300.jpg 212w, http:\/\/slowakei-leipzig.de\/wp-content\/uploads\/2014\/05\/P_Refo_Slowakei_Leipzig_A3-768x1086.jpg 768w, http:\/\/slowakei-leipzig.de\/wp-content\/uploads\/2014\/05\/P_Refo_Slowakei_Leipzig_A3.jpg 1240w\" sizes=\"auto, (max-width: 240px) 100vw, 240px\" \/><em><br \/>\n<\/em><\/strong><em>Wanderausstellung des Deutschen Kulturforums \u00f6stliches Europa<\/em><\/h5>\n<p><strong>Ausstellungser\u00f6ffnung:<\/strong> 19.10.2017, 18:15 Uhr<br \/>\n<strong>Ausstellungsdauer:<\/strong> 16.-31.10.2017<br \/>\n<strong>\u00d6ffnungszeiten:<\/strong> zu den Kirchen\u00f6ffnungszeiten<br \/>\n<strong>Ort:<\/strong> Nikolaikirche Leipzig, Nikolaikirchhof 3, 04109 Leipzig<br \/>\n<strong>Radiobeitrag<\/strong> mit Erw\u00e4hnung der Ausstellungsreihe (ab Minute 14): <a href=\"http:\/\/dersi.rtvs.sk\/clanky\/144146\/die-slowakei-hautnah-magazin-uber-die-slowakei-in-deutscher-sprache-1-10-2017\" target=\"_blank\" rel=\"noopener\">Radio Slowakei International<\/a><\/p>\n<p><a href=\"http:\/\/slowakei-leipzig.de\/?project=ausstellung-reformation-in-der-slowakei-in-oberungarn\">weitere Informationen und Impressionen von der Ausstellungser\u00f6ffnung<\/a><\/p>\n<p>Eintritt frei<\/p>\n<p>Die Reformation in der Folge des Thesenanschlags Martin Luthers an der Wittenberger Schlosskirche 1517 bildet unbestritten einen der wichtigsten Einschnitte der europ\u00e4ischen Geschichte. Vor allem erfasste diese Entwicklung rasch alle Landstriche \u00f6stlich Kursachsens, in denen deutsch gesprochen wurde, und strahlte von dort auf die Nachbarl\u00e4nder aus. Dieser Teil Europas war ausgesprochen empf\u00e4nglich f\u00fcr die Ideen einer Erneuerung der Kirche und einer Intensivierung des Glaubens \u2013 Polen und Ungarn etwa wurden L\u00e4nder gro\u00dfer konfessioneller Vielfalt, B\u00f6hmen war durch die hussitische Glaubensbewegung ein Jahrhundert vorher bereits reformatorisch eingestellt. W\u00e4hrend sich die deutschen L\u00e4nder bald am Glaubensbekenntnis des jeweiligen Landesherrn zu orientieren hatten, wurde Ostmitteleuropa f\u00fcr geraume Zeit zu einer von Glaubensdiversit\u00e4t gepr\u00e4gten Sph\u00e4re \u2013 und dadurch auch zum Ziel vieler Glaubensfl\u00fcchtlinge aus Mittel- und Westeuropa. Das Deutsche Kulturforum \u00f6stliches Europa m\u00f6chte mit mehreren Wanderausstellungen dieses Thema einer breiten \u00d6ffentlichkeit in Deutschland und in den heute betroffenen L\u00e4ndern ins Bewusstsein rufen: Sieben Ausstellungsmodule wurden vorbereitet: eine \u00dcberblicksdarstellung sowie sechs Regionalmodule, von denen das Modul Oberungarn\/Slowakei (dt.\/slow.\/ung.) in Leipzig in Kooperation mit dem Honorarkonsul der Slowakischen Republik f\u00fcr die L\u00e4nder Sachsen und Th\u00fcringen gezeigt wird.<\/p>\n<p><strong>\u00a0<\/strong><\/p>\n<hr \/>\n<h6><strong>26.10-03.11.2017 | Ausstellung<br \/>\n<\/strong><\/h6>\n<h5><strong>Ausstellung zum IMMATERIELLEN KULTURERBE DER SLOWAKEI<br \/>\n&#8222;Tage der St\u00e4dtepartnerschaft&#8220; in Gotha<\/strong><\/h5>\n<p><em>Veranstaltung im Rahmen der Feierlichkeiten zum 20-j\u00e4hrigen Partnerschaftsjubil\u00e4um der Residenzstadt Gotha mit der Stadt Martin in der Slowakei<\/em><\/p>\n<p><strong>Ort:<\/strong> Hanns-Cibulka-Saal in der Stadtbibliothek Heinrich Heine, Friedrichstra\u00dfe 2-4, 99867 Gotha<\/p>\n<p><strong>Pressemitteilung der <a href=\"http:\/\/www.gotha.de\" target=\"_blank\" rel=\"noopener\">Stadt Gotha<\/a><\/strong><\/p>\n<h6><strong>Stadtbibliothek l\u00e4dt zu zwei Ausstellungen ein<\/strong><\/h6>\n<p>Nach Romilly-sur-Seine (1960), Salzgitter (1988) und Gastonia (1993) schloss Gotha im Jahre 1997 gleich zwei bedeutende partnerschaftliche Verbindungen. Am 2. Mai unterzeichnete Oberb\u00fcrgermeister Volker Doenitz eine St\u00e4dtepartnerschaftsurkunde mit dem polnischen Kielce und am 7. November eine solche mit dem slowakischen Martin.<\/p>\n<p>Seither sind zwei Jahrzehnte vergangen, in denen es nicht nur zahlreiche Kontakte und gemeinsame Veranstaltungen gab, sondern auf vielen T\u00e4tigkeitsfeldern partnerschaftliche Zusammenarbeit zwischen den St\u00e4dten gepflegt wurde. Oberb\u00fcrgermeister Knut Kreuch hat Vertreter der St\u00e4dte Kielce und Martin vom 23. bis 27. Oktober 2017 zu den \u201eTagen der St\u00e4dtepartnerschaft\u201c in die Residenzstadt eingeladen, um gemeinsam mit dem Gothaer Stadtrat das 20-j\u00e4hrige Jubil\u00e4um der freundschaftlichen Zusammenarbeit zu w\u00fcrdigen. Die Delegation der Stadt Kielce wird von Stadtpr\u00e4sident Wojciech Lubawski angef\u00fchrt, die Delegation aus Martin f\u00fchrt der stellvertretende B\u00fcrgermeister Ing. Milan Malik an. Der Botschafter der Slowakischen Republik, Dr. Peter Liz\u00e1k, wird am 25. Oktober die Stadt Gotha besuchen und sich u.a. im Rathaus in das Goldene Buch eintragen.<\/p>\n<p>Neben einem Festakt und der Teilnahme der Delegationen aus Kielce und Martin an der Stadtratssitzung, wird es vom 26. Oktober bis zum 3. November 2017 zwei Ausstellungen in der Stadtbibliothek Heinrich Heine geben. Im Hanns-Cibulka-Saal ist die Schau \u201eImmaterielles Kulturerbe der Slowakei\u201c des Slowakischen Instituts zu sehen, im Balkonzimmer wird eine Ausstellung der Stadt Kielce gezeigt. Im Rahmen der \u00d6ffnungszeiten der Stadtbibliothek k\u00f6nnen die beiden Ausstellungen besucht werden.<\/p>\n<p>Veranstaltet von der Stadtverwaltung Gotha in Zusammenarbeit mit der Botschaft der Slowakischen Republik, dem Slowakischen Institut in Berlin, der Stadt Martin und dem Zentrum f\u00fcr immaterielles Kulturerbe beim Slowakischen Volkskunstensemble (<a href=\"http:\/\/www.sluk.sk\" target=\"_blank\" rel=\"noopener\">S\u013dUK<\/a>) in Bratislava<\/p>\n<p>&nbsp;<\/p>\n<hr \/>\n<h6><strong>18.10.2017 | Treff von Landsleuten<br \/>\n<\/strong><\/h6>\n<h5 id=\"seo_h1_tag\" class=\"_5gmx\" data-testid=\"event-permalink-event-name\"><strong>\u010ceskoslovensk\u00fd Stammtisch in Leipzig<\/strong><\/h5>\n<p>Am Mittwoch, den 18. Oktober 2017 findet ab 18:00 Uhr wieder ein tschechoslowakischer Stammtisch statt. Herzlich eigeladen sind alle Landsleute aus Tschechien und der Slowakei sowie Interessierte.<\/p>\n<p><strong>Ort:<\/strong> Restaurant <a href=\"http:\/\/sappho-leipzig.de\/\" target=\"_blank\" rel=\"noopener\">Sappho<\/a>, Leipzig<\/p>\n<p>Veranstaltung auf\u00a0 <a href=\"http:\/\/www.facebook.com\/events\/1447625318687483\" target=\"_blank\" rel=\"noopener\">Facebook<\/a><\/p>\n<p>&nbsp;<\/p>\n<hr \/>\n<h6><strong>07.10.2017 | Konferenz<\/strong><\/h6>\n<h5><strong>Konferenz &#8222;Mitteleuropa in Europa: Wirtschaft und Infrastruktur&#8220;<br \/>\n<\/strong><em>Forum Mitteleuropa des S\u00e4chsischen Landtages 2017<\/em><\/h5>\n<p><a href=\"https:\/\/fme.landtag.sachsen.de\/de\/veranstaltungen\/konferenz-mitteleuropa-in-europa-2017-17571.cshtml\" target=\"_blank\" rel=\"noopener\">Homepage der Veranstaltung<\/a><\/p>\n<div class=\"intro\">\n<p>Das Forum Mitteleuropa beim S\u00e4chsischen Landtag tagte am 17. Oktober 2017 im Historischen Nationalratsgeb\u00e4ude in Bratislava, der Hauptstadt der Slowakischen Republik. Die Konferenz mit dem Titel &#8222;Mitteleuropa in Europa: Wirtschaft und Infrastruktur&#8220; fand\u00a0in Kooperation mit dem Nationalrat der Slowakischen Republik statt.<\/p>\n<\/div>\n<div class=\"clearfix\">\n<p><strong>\u201eMitteleuropa in Europa: Wirtschaft und Infrastruktur\u201c<\/strong><\/p>\n<p>Das Forum Mitteleuropa beim S\u00e4chsischen Landtag kn\u00fcpft im Herzen Europas Bande des geistigen Austauschs und der b\u00fcrgerschaftlichen Verst\u00e4ndigung. Es versucht, die Idee eines nicht nur wirtschaftlich verflochtenen, sondern vor allem kulturell verbundenen sowie historisch gewachsenen Mitteleuropas in der Europ\u00e4ischen Union zu kr\u00e4ftigen. Seine internationalen Konferenzen sollen die Kooperation in der Mitte unseres Kontinents festigen und vorantreiben.<\/p>\n<p>Die Parlamentspr\u00e4sidenten Dr. Andrej Danko und Dr. Matthias R\u00f6\u00dfler laden Sie herzlich zur diesj\u00e4hrigen Konferenz in das Historische Nationalratsgeb\u00e4ude in Bratislava ein. Unter dem Titel \u201eMitteleuropa in Europa: Wirtschaft und Infrastruktur\u201c geht es in einem ersten spezifischen Themenblock um Mitteleuropas Wirtschaft und Infrastruktur, um wirtschaftspolitische Interessen sowie um die Frage, wie tief der mitteleurop\u00e4ische Wirtschaftsraum in Europa integriert ist. Danach steht in einem zweiten allgemeineren Teil zur Diskussion, ob Mitteleuropa als (ein) Kern in Europa gesehen werden kann und wie bzw. ob es die Europ\u00e4ische Union beeinflusst.<\/p>\n<p>&nbsp;<\/p>\n<\/div>\n<hr \/>\n<h6><strong>15.09.-07.10.2017 | Ausstellung<\/strong><\/h6>\n<h5><strong>ERSCH\u00dcTTERUNGEN \/ SHOCK WAVES<\/strong><br \/>\n<em>Ausstellung zeitgen\u00f6ssischer slowakischer und tschechischer Kunst<\/em><strong><img loading=\"lazy\" decoding=\"async\" class=\"alignright size-medium wp-image-1485\" src=\"http:\/\/slowakei-leipzig.de\/wp-content\/uploads\/2017\/08\/erschuetterung-vorderseite-211x300.png\" alt=\"\" width=\"211\" height=\"300\" srcset=\"http:\/\/slowakei-leipzig.de\/wp-content\/uploads\/2017\/08\/erschuetterung-vorderseite-211x300.png 211w, http:\/\/slowakei-leipzig.de\/wp-content\/uploads\/2017\/08\/erschuetterung-vorderseite.png 676w\" sizes=\"auto, (max-width: 211px) 100vw, 211px\" \/><\/strong><\/h5>\n<p><a href=\"http:\/\/slowakei-leipzig.de\/?project=ausstellung-erschuetterungen-shock-waves\">Bildergalerie und weitere Informationen<\/a><\/p>\n<p>Die neueren und \u00e4lteren Arbeiten (Malerei, Zeichnungen, Installationen und Video-Arbeiten) der vier K\u00fcnstlerInnen aus der Slowakei und Tschechien thematisieren auf unterschiedliche Weise das\u00a0 Verh\u00e4ltnis von Macht und Gewalt in unserer Gesellschaft. Die von KuratorInnen aus drei L\u00e4ndern konzipierte Ausstellung\u00a0 ERSCH\u00dcTTERUNGEN \/ SHOCK WAVES stellt sowohl Bez\u00fcge auf die Gegenwart als auch auf die j\u00fcngere Geschichte her und regt den Betrachter dazu an, \u00fcber grundlegende Fragen der Umwelt und des Zusammenlebens nachzudenken.<\/p>\n<p>Die Ausstellung findet in Kooperation des Tschechischen Generalkonsuls in Dresden, Ji\u0159\u00ed Kud\u011bla, und des Slowakischen Honorarkonsuls in Leipzig, Dr. Albrecht Tintelnot, statt und wird gef\u00f6rdert vom Deutsch-Tschechischen Zukunftsfonds, der Stadt Leipzig, der\u00a0Galerie St\u0159edo\u010desk\u00e9ho kraje (GASK), der Mitteb\u00f6hmischen Region, der LEAG-Lausitz Energie Kraftwerke AG, Herrn Teply sowie der Hochschule f\u00fcr Grafik und Buchdruck Leipzig.<\/p>\n<p>Die SPINNEREI l\u00e4dt am 16. und 17. September wieder\u00a0herzlich zum Spinnerei Herbstrundgang ein, an dem alle Galerien und Ateliers auf dem ehemaligen Industriegel\u00e4nde besichtigt werden k\u00f6nnen.<\/p>\n<p><strong>Er\u00f6ffnung: <\/strong>Freitag 15. September 2017, 18:00 Uhr<br \/>\n<strong>Dauer:<\/strong> 15. September bis 07. Oktober 2017<br \/>\n<strong>\u00d6ffnungszeiten:<\/strong> Mittwoch bis Samstag 12:00 bis 18:00 Uhr<br \/>\n<strong>Ort:<\/strong> <a href=\"http:\/\/www.spinnerei.de\">Leipziger Baumwollspinnerei<\/a>, Halle 14, UG, Spinnereistra\u00dfe 7, 04179 Leipzig<br \/>\nEintritt frei<br \/>\nSie finden uns auch auf Facebook: <a href=\"http:\/\/www.facebook.com\/events\/121998491860588\" target=\"_blank\" rel=\"noopener\">Ausstellung: Ersch\u00fctterungen \/ Shock Waves<\/a><\/p>\n<p>&nbsp;<\/p>\n<hr \/>\n<h6><strong>25.-26.09.2017 | Wirtschaftsforum<\/strong><\/h6>\n<h5><strong>VIA FORUM 2017: Slowakisch-Deutsches Unternehmerforum<br \/>\nin Ko\u0161ice, Slowakei <\/strong><\/h5>\n<p><img loading=\"lazy\" decoding=\"async\" class=\"size-medium wp-image-1306 alignright\" src=\"http:\/\/slowakei-leipzig.de\/wp-content\/uploads\/2014\/05\/16684001_1219636484793007_6080278343094802985_n-300x136.jpg\" alt=\"\" width=\"300\" height=\"136\" srcset=\"http:\/\/slowakei-leipzig.de\/wp-content\/uploads\/2014\/05\/16684001_1219636484793007_6080278343094802985_n-300x136.jpg 300w, http:\/\/slowakei-leipzig.de\/wp-content\/uploads\/2014\/05\/16684001_1219636484793007_6080278343094802985_n-768x348.jpg 768w, http:\/\/slowakei-leipzig.de\/wp-content\/uploads\/2014\/05\/16684001_1219636484793007_6080278343094802985_n.jpg 800w\" sizes=\"auto, (max-width: 300px) 100vw, 300px\" \/>VIA FORUM stands for national and international activities and events organized by the East Slovakia Investment Agency. Their aim is to present the region of East Slovakia and its investment potential as well as create relationships among business partners.<\/p>\n<p>After the very successful first annual of VIA FORUM 2016 and positive feedback, the organizers have decided to acknowledge their German partners with changes in the East Slovakia economy that happened in the past few months. The event focuses not only on interactive presentation of its activities, visions and expansion of the already existing cooperation, but also on creating a platform for negotiations and new business relationships.<\/p>\n<p>The event is organized mainly for business subjects, bank and financial institutions, scientific, research and educational centers and organizations operating in tourism not only in the regions of Slovakia and Germany.<\/p>\n<p><em>\u00a0The event is organized under the auspices of Prime Minister of the Slovak Republic, H.E. Mr. Robert Fico.<\/em><\/p>\n<p><strong>\u00a0For more information on the program, partners, organizers and participants check <a href=\"http:\/\/www.agenturavia.sk\/de\/projekte\/via-forum-2017\" target=\"_blank\" rel=\"noopener\">here<\/a><\/strong><\/p>\n<hr \/>\n<h6><strong>27.08.2017 | Konzert<\/strong><\/h6>\n<h5><strong>Abschlusskonzerz des Leipziger Klaviersommers<br \/>\n<\/strong><em>mit der slowakischen Pianistin Zuzana Kralikov\u00e1-Pohunkov\u00e1<img loading=\"lazy\" decoding=\"async\" class=\"alignright wp-image-1657 size-medium\" src=\"http:\/\/slowakei-leipzig.de\/wp-content\/uploads\/2014\/05\/Zuzana_Kralikova_Profile-Kopie-209x300.jpg\" alt=\"\" width=\"209\" height=\"300\" srcset=\"http:\/\/slowakei-leipzig.de\/wp-content\/uploads\/2014\/05\/Zuzana_Kralikova_Profile-Kopie-209x300.jpg 209w, http:\/\/slowakei-leipzig.de\/wp-content\/uploads\/2014\/05\/Zuzana_Kralikova_Profile-Kopie.jpg 445w\" sizes=\"auto, (max-width: 209px) 100vw, 209px\" \/><\/em><\/h5>\n<p><strong>Ort:<\/strong> <a href=\"http:\/\/www.mendelssohn-stiftung.de\/events\/\" target=\"_blank\" rel=\"noopener\">Mendelssohn Haus<\/a> Leipzig<br \/>\n<strong>Datum:<\/strong> 27.08.2017, 11:00 Uhr<br \/>\n<strong>Programm:\u00a0<\/strong><br \/>\n1\/ Wolfgang Amadeus Mozart: Sonata A major No. 11, K. 331<br \/>\nAndante grazioso<br \/>\nMenuetto<br \/>\nAlla Turca. Allegretto<br \/>\n2\/ Peter Breiner: Variations for piano on a theme by Mozart (1981)<br \/>\n3\/ Fryderyk Chopin: &#8220; Raindrop&#8220; Prelude D flat major op. 28, No. 15<br \/>\nFantasie- Impromptu c sharp minor op. 66<br \/>\n4\/ Franz Liszt: Vall\u00e9e d\u00b4Obermann<\/p>\n<p>Veranstaltung auf <a href=\"http:\/\/www.facebook.com\/events\/726066917600864\" target=\"_blank\" rel=\"noopener\">Facebook<\/a><\/p>\n<p>&nbsp;<\/p>\n<hr \/>\n<h6><strong>04.04.2017 | Fachtagung<\/strong><\/h6>\n<h5><strong>MOE-Fachtagung 2017<br \/>\nMarkteintritt und Markterweiterung in Tschechien, Polen, der Slowakei, Ungarn und Rum\u00e4nien <\/strong><\/h5>\n<p><em>Informationsveranstaltung der Wirtschaftsf\u00f6rderung Sachsen GmbH<\/em><\/p>\n<p><strong>Veranstaltungsort: <\/strong>S\u00e4chsische Aufbaubank (SAB), Pirnaische Stra\u00dfe 9, 01069 Dresden<br \/>\n<strong>Zeitraum: <\/strong>04.04.2017, 10:00 -17:00 Uhr<br \/>\n<strong>Branchen<\/strong>: branchenoffen<br \/>\n<strong>Kosten:<\/strong> Teilnahme ist kostenfrei<br \/>\n<strong>Land\/Region<\/strong>: Tschechische Republik, Polen, Slowakei, Ungarn und Rum\u00e4nien (MOE &#8211; Mittel- und Osteurop\u00e4ische L\u00e4nder)<\/p>\n<p>Die im Zweijahresrhythmus stattfindende MOE-Fachtagung vermittelt Ansatzpunkte f\u00fcr den Aufbau und die Erweiterung von Absatz- und Kooperationsbeziehungen in Mittel- und Osteuropa. Die Beauftragten und Partner der Wirtschaftsf\u00f6rderung Sachsen GmbH aus Prag, Breslau, Bratislava, Budapest und Bukarest stehen gemeinsam mit Fachexperten zu Themenfeldern mit besonderem Marktpotential f\u00fcr s\u00e4chsische Unternehmen Rede und Antwort. In Vortr\u00e4gen und in individuellen Gespr\u00e4chen liefern sie insbesondere Exporteinsteigern wertvolle Informationen.<\/p>\n<p><strong>Ansprechpartner<\/strong>:<br \/>\nKerstin Leisering, Wirtschaftsf\u00f6rderung Sachsen GmbH<br \/>\nBertolt-Brecht-Allee 22, 01309 Dresden<br \/>\nTelefon: +49 (351) 2138 139 \/ Fax: +49 (351) 2138 119<br \/>\n<a href=\"http:\/\/www.wfs.sachsen.de\/de\/index_wfs.html\">Wirtschaftsf\u00f6rderung Sachsen GmbH (WFS)<\/a><\/p>\n<h5><\/h5>\n<p>&nbsp;<\/p>\n<h5><\/h5>\n<hr \/>\n<h6><strong>\u00a022.-26.03.2017 | Leipziger Buchmesse<\/strong><\/h6>\n<h5><strong><img loading=\"lazy\" decoding=\"async\" class=\"wp-image-1302 size-full alignright\" src=\"http:\/\/slowakei-leipzig.de\/wp-content\/uploads\/2014\/05\/LBM_Logo_2015_4C.jpg\" width=\"180\" height=\"75\" \/><\/strong><\/h5>\n<h5>\u00a0<strong>Leipziger Buchmesse 2017<\/strong><\/h5>\n<h5><a href=\"http:\/\/slowakei-leipzig.de\/wp-content\/uploads\/2014\/05\/Leipziger-Buchmesse-2017_Programm-CZ-und-SK.pdf\" target=\"_blank\" rel=\"noopener\">Slowakisches und Tschechisches Programm<\/a><\/h5>\n<p><a href=\"http:\/\/www.leipziger-buchmesse.de\/\" target=\"_blank\" rel=\"noopener\">Homepage der Leipziger Buchmesse<\/a><\/p>\n<h5><\/h5>\n<hr \/>\n<h6><strong>\u00a022.-26.03.2017 | Leipziger Buchmesse<\/strong><\/h6>\n<h5><strong><img loading=\"lazy\" decoding=\"async\" class=\"wp-image-1302 size-full alignright\" src=\"http:\/\/slowakei-leipzig.de\/wp-content\/uploads\/2014\/05\/LBM_Logo_2015_4C.jpg\" width=\"180\" height=\"75\" \/><\/strong><\/h5>\n<h5><strong>\u00a0Lesung und Gespr\u00e4ch<br \/>\nmit der slowakischen Autorin Jana Jur\u00e1\u0148ov\u00e1<\/strong><\/h5>\n<p>Veranstaltung im Rahmen der <a href=\"http:\/\/www.leipziger-buchmesse.de\/\">Leipziger Buchmesse<\/a> 2017 sowie dem Lesefestival <a href=\"http:\/\/www.leipziger-buchmesse.de\/ll\">&#8222;Leipzig liest&#8220;<\/a><\/p>\n<p><strong>Datum: <\/strong>\u00a0\u00a0\u00a0\u00a0\u00a0\u00a0\u00a0\u00a0\u00a0\u00a0\u00a0\u00a0\u00a0\u00a0\u00a0 <strong>22.03.2017, 19:00 Uhr<\/strong><br \/>\n<strong>Ort:<\/strong> \u00a0\u00a0\u00a0\u00a0\u00a0\u00a0\u00a0\u00a0\u00a0\u00a0\u00a0\u00a0\u00a0\u00a0\u00a0\u00a0\u00a0\u00a0\u00a0\u00a0\u00a0 Restaurant Sappho, Reichelstra\u00dfe 1, 04109, Leipzig &#8211; <a href=\"http:\/\/l.facebook.com\/l.php?u=http%3A%2F%2Fwww.sappho-leipzig.de%2F&amp;h=ATNEbOZLa-SqsWbIyhRB-L5b0B05_kADKB98W_Cb9oKr-Jq50r15gd1rV2xs2X4krN271NC1X1v__FC7D9y0j7d8D7Wr6cZB7n5ydSuvs3VcQiAt5tlwVQ_9YT37RB8pHmw-Kw&amp;enc=AZNK0dzLGRhqjhKlzkri_OXfTaWI9RMmh4NrmGCnAXdV48HclCSGMwhpWBNOWmyur6o&amp;s=1\">www.sappho-leipzig.de\/<\/a><\/p>\n<p><a href=\"https:\/\/www.facebook.com\/events\/1468811136525547\/\" target=\"_blank\" rel=\"noopener\">Veranstaltung auf Facebook<\/a> (\u00f6ffentlich)<\/p>\n<p><a href=\"http:\/\/slowakei-leipzig.de\/?project=leipziger-buchmesse-2017-lesungen-mit-jana-juranova\" target=\"_blank\" rel=\"noopener\">Bildergalerie unserer Veranstaltung<\/a><\/p>\n<p><strong>Datum: <\/strong>\u00a0\u00a0\u00a0\u00a0\u00a0\u00a0\u00a0\u00a0\u00a0\u00a0\u00a0\u00a0\u00a0\u00a0\u00a0 <strong>23.03.2017, 11:00-12:00 Uhr<\/strong><br \/>\n<strong>Ort:<\/strong> \u00a0\u00a0\u00a0\u00a0\u00a0\u00a0\u00a0\u00a0\u00a0\u00a0\u00a0\u00a0\u00a0\u00a0\u00a0\u00a0\u00a0\u00a0\u00a0\u00a0\u00a0 Forum OstS\u00fcdOst, Leipziger Buchmesse, Messegel\u00e4de<\/p>\n<p>Die slowakische Autorin Jana Jur\u00e1\u0148ov\u00e1 liest aus ihren gerade ins Deutsche \u00fcbersetzten B\u00fcchern &#8222;Eine unerledigte Angelegenheit&#8220; (Nevybaven\u00e1 z\u00e1le\u017eitos\u0165 \u2013 2013, Deutsch im Wieser Verlag 2016) und &#8222;Meine 7 Leben &#8211; Jana Jur\u00e1\u0148ov\u00e1 im Gespr\u00e4ch mit Agnes Kalina&#8220; (Mojich 7 \u017eivotov. Agne\u0161a Kalinov\u00e1 v rozhovore s Janou Jur\u00e1\u0148ovou 2012, Deutsch im Gabriele Sch\u00e4fer Verlag 2016). In Anwesenheit beider \u00dcbersetzerinnen, Ines Sebesta und Andrea Reynolds, erf\u00e4hrt das Publikum mehr \u00fcber die Entstehung und der \u00dcbersetzungen.<\/p>\n<h5><strong><img loading=\"lazy\" decoding=\"async\" class=\"size-medium wp-image-1304 alignright\" src=\"http:\/\/slowakei-leipzig.de\/wp-content\/uploads\/2014\/05\/20945706._UY475_SS475_-300x300.jpg\" alt=\"\" width=\"300\" height=\"300\" srcset=\"http:\/\/slowakei-leipzig.de\/wp-content\/uploads\/2014\/05\/20945706._UY475_SS475_-300x300.jpg 300w, http:\/\/slowakei-leipzig.de\/wp-content\/uploads\/2014\/05\/20945706._UY475_SS475_-150x150.jpg 150w, http:\/\/slowakei-leipzig.de\/wp-content\/uploads\/2014\/05\/20945706._UY475_SS475_-100x100.jpg 100w, http:\/\/slowakei-leipzig.de\/wp-content\/uploads\/2014\/05\/20945706._UY475_SS475_.jpg 475w\" sizes=\"auto, (max-width: 300px) 100vw, 300px\" \/><\/strong><\/h5>\n<p><strong>** &#8222;Eine unerledigte Angelegenheit&#8220; (Nevybaven\u00e1 z\u00e1le\u017eitos\u0165 &#8211; 2013) **<\/strong><\/p>\n<p>Der Prosatext der Schriftstellerin, Publizistin und Dramatikerin Juranova (1957) erz\u00e4hlt die Geschichte einer jungen Frau auf einem alten Portrait und kn\u00fcpft leicht an das Werk \u201eMeine 7 Leben\u201c an.<\/p>\n<p><strong>** &#8222;Meine 7 Leben &#8211; Jana Jur\u00e1\u0148ov\u00e1 im Gespr\u00e4ch mit Agnes Kalina&#8220; (Mojich 7 \u017eivotov. Agne\u0161a Kalinov\u00e1 v rozhovore s Janou Jur\u00e1\u0148ovou 2012) **<\/strong><\/p>\n<p>Das Buch beschreibt den dramatischen Lebensweg der Journalistin, Redakteurin und \u00dcbersetzerin Agnes Kalina (bekannt haupts\u00e4chlich aus \u201eKulturelles Leben\u201c und \u201eFreies Europa\u201c) geb. 1926, den Juranova im Gespr\u00e4ch mit Kalina nacherz\u00e4hlt.<\/p>\n<p><em>Eine gemeinsame Veranstaltung des <a href=\"http:\/\/www.litcentrum.sk\">Literatur-Informations-Zentrum Bratislava<\/a> (Liter\u00e1rne inform<\/em><br \/>\n<em>a\u010dn\u00e9 centrum<\/em><em>) und des Honorarkonsuls der Slowakischen Republik f\u00fcr Sachsen und Th\u00fcringen in Leipzig mit freundlicher Unterst\u00fctzung des Restaurants Sappho.<\/em><\/p>\n<p>&nbsp;<\/p>\n<hr \/>\n<h6><strong>21.03.2017 | Buchpr\u00e4sentation<\/strong><\/h6>\n<h5><strong>Zeitschriftenpr\u00e4sentation am GWZO Leipzig<\/strong><\/h5>\n<p><strong>21. M\u00e4rz 2017, 15:00 Uhr<\/strong><\/p>\n<p>Pr\u00e4sentation der von der Slowakischen Akademie der Wissenschaften (SAV) herausgegebenen Komparatistikzeitschrift\u00a0 \u201eWorld Literature Studies\u201c<\/p>\n<p>Dr. Jana Cvikov\u00e1 vom Institut f\u00fcr Weltliteratur der Slowakischen Akademie der Wissenschaften, Bratislava<\/p>\n<p><strong>Ort:<\/strong><br \/>\nLeibniz-Institut f\u00fcr Geschichte und Kultur des \u00f6stlichen Europa (<a href=\"http:\/\/research.uni-leipzig.de\/gwzo\" target=\"_blank\" rel=\"noopener\">GWZO<\/a>)<br \/>\nSpecks Hof\u00a0 (Eingang A)<br \/>\nReichsstr. 4-6, D\u201304109 Leipzig<\/p>\n<p>&nbsp;<\/p>\n<hr \/>\n<h6><strong>14.03.2017 | L\u00e4nderberatungstag<\/strong><\/h6>\n<h5><strong>14. M\u00e4rz 2017<br \/>\nL\u00e4nderberatungstag Polen, Tschechien, Slowakei<br \/>\n<\/strong><em>Internationales, IHK Chemnitz<\/em><\/h5>\n<p><a href=\"https:\/\/standort-sachsen.de\/de\/info-center\/veranstaltungskalender\/60474-laenderberatungstag-tschechien-polen-und-slowakei\" target=\"_blank\" rel=\"noopener\">weitere Informationen<\/a><\/p>\n<p><span class=\"_4n-j _3cht fsl\" data-testid=\"event-permalink-details\">Einzelgespr\u00e4che zu Ihren Gesch\u00e4ften in den 3 L\u00e4ndern (auch einzeln buchbar) Individuelle Beratungsgespr\u00e4che mit Experten der Deutschen Auslandshandelskammern(AHK<wbr \/>) zu Ihren Gesch\u00e4ften in Polen,Tschechien und der Slowakei. Sie k\u00f6nnen an einem Tag alle drei AHKs buchen oder sich f\u00fcr Ihren Zielmarkt entscheiden.<br \/>\nZur besseren Gespr\u00e4chsvorbereitung tragen Sie bitte bereits bei der Anmeldung Fragen in das Anmeldeformular ein. Sie werden an Ihre Gespr\u00e4chspartner weiter geleitet.<\/span><\/p>\n<p><strong>Veranstaltungsort:<\/strong><br \/>\n<span class=\"_4n-j _3cht fsl\" data-testid=\"event-permalink-details\"> Industrie- und Handelskammer Chemnitz<br \/>\nStra\u00dfe der Nationen 25<br \/>\n09111 Chemnitz<\/span><\/p>\n<p><strong>Termin:<\/strong> Einzelgespr\u00e4che von ca. 45Minuten, Termine nach Vereinbarung.<br \/>\n<strong>Teilnahmekosten:<\/strong> 20,0 0Euro f\u00fcr ein Land, 40,00 Euro f\u00fcr Gespr\u00e4che zu mehr als einem Land<\/p>\n<p><strong>Ansprechpartnerin:<\/strong><br \/>\n<a href=\"https:\/\/www.chemnitz.ihk24.de\/international\/veranstaltungen\/Aussenwirtschaftsveranstaltungen_im_Ueberblick\/1907440\" target=\"_blank\" rel=\"noopener\">Birgit Voigt<\/a>, Sachgebietsverantwortliche f\u00fcr Au\u00dfenwirtschaftsf\u00f6rderung, Kooperation, Veranstaltungen<br \/>\nRegion Chemnitz<\/p>\n<p>&nbsp;<\/p>\n<hr \/>\n<h6><strong>\u00a007.03.2017 | Wirtschaftskonferenz<\/strong><\/h6>\n<h5><strong>Wirtschaftskonferenz Slowakei<br \/>\n<\/strong><em>Internationales Gesch\u00e4ft, IHK Dresden<\/em><\/h5>\n<p>Die Slowakei ist eine der wachstumsst\u00e4rksten Volkswirtschaften in Europa. Die g\u00fcnstigen Lohnkosten, der Euro und die Lage zwischen Ost und West haben viele Unternehmen angelockt. Das Zugpferd der Industrie ist die Automobilbranche. Daneben leistet der Privatkonsum dank steigender Einkommen und Besch\u00e4ftigung einen wichtigen Beitrag zum Wirtschaftswachstum.<br \/>\nDas Interesse der s\u00e4chsischen Unternehmen an der Slowakei w\u00e4chst. Sowohl der Export als auch der Import stiegen in den ersten drei Quartalen 2016 um neun Prozent gegen\u00fcber dem Vorjahreszeitraum. Mit der diesj\u00e4hrigen Gr\u00fcndung des Kontaktzentrums f\u00fcr S\u00e4chsisch-Slowakische Wirtschaftskooperation unterst\u00fctzt die IHK Dresden ihre Mitglieder verst\u00e4rkt beim Auf- und Ausbau ihrer Gesch\u00e4ftskontakte mit der Slowakei.<br \/>\nZur Wirtschaftskonferenz lernen Sie die wichtigsten Akteure kennen, Sie erfahren mehr \u00fcber die wirtschaftlichen, politischen und rechtlichen Rahmenbedingungen und wie der Markteinstieg gestaltet werden kann.<\/p>\n<p><strong>Veranstalter:<\/strong> <a href=\"http:\/\/www.dresden.ihk.de\/servlet\/veranstaltung?veranst_id=6577&amp;sprache=deu&amp;pr=allgemein&amp;ref_detail=pr\">IHK Dresden<\/a>, Kontaktzentrum f\u00fcr S\u00e4chsisch-Slowakische Wirtschaftskooperation<\/p>\n<p><strong>Zeitraum: <\/strong>07.03.2017, 13:30 \u2013 17:00 Uhr<br \/>\n<strong>Ort:<\/strong> IHK-Bildungszentrum Dresden, M\u00fcgelner Stra\u00dfe 40, 01237 Dresden<br \/>\n<strong>Raum:<\/strong> 323\/325<br \/>\n<strong>Preis:<\/strong> <strong>kostenfrei<\/strong><br \/>\n<strong>F\u00f6rderung:<\/strong> Enterprise Europe Network<br \/>\n<strong>Anmeldung erforderlich:<\/strong> ja (online oder unter: veranstaltung(at)dresden.ihk.de)<br \/>\n<strong>Anmelde\u00adfrist:<\/strong> 01.03.2017<br \/>\n<a href=\"http:\/\/www.ihkdresden.de\/servlet\/link_file?link_id=37954&amp;target=display&amp;link_zusatz=&amp;ref_detail=Veranstaltungen&amp;ref_knoten_id=2515&amp;ref_sprache=deu\"><strong>PROGRAMM<\/strong><\/a><br \/>\n<strong>Ansprechpartner: <\/strong><br \/>\nIndustrie- und Handelskammer Dresden<br \/>\nKontaktzentrum f\u00fcr S\u00e4chsisch-Slowakische Wirtschaftskooperation<br \/>\n<a href=\"http:\/\/www.dresden.ihk.de\/servlet\/mitarbeiter?mitarb_id=1356&amp;ref_knoten_id=2515&amp;ref_detail=veranstaltung&amp;ref_sprache=deu\"><em>Ji\u0159\u00ed Zahradn\u00edk <\/em><\/a><\/p>\n<h5><\/h5>\n<hr \/>\n<h6><strong>\u00a0 19.02.2017 | Treffen<\/strong><\/h6>\n<h5><strong>Stammtisch \u201e\u010ceskoslovensk\u00fd\u201c<br \/>\n<\/strong><em>Treffen von Tschechen, Slowaken und Interessierten, Leipzig<\/em><\/h5>\n<p><strong>Zeit: <\/strong>19.02.2017, ab 18:00 Uhr<\/p>\n<p><strong>Ort:<\/strong> \u201eSappho\u201c \u2013 griechisches Restaurant, Reichelstr. 1, 04109 Leipzig<\/p>\n<p>Die Veranstaltung auf <a href=\"https:\/\/www.facebook.com\/events\/233315707072023\/\">Facebook.<\/a><\/p>\n<p>Seit Herbst 2016 treffen sich Tschechen und Slowaken in Leipzig ca. einmal im Monat im \u201eSappho\u201c. So ist eine kleine \u201eGemeinde\u201c entstanden, die Spa\u00df am regelm\u00e4\u00dfigen Austausch hat. Tschechen, Slowaken und andere Interessierte sind herzlich eingeladen, sich der anzuschlie\u00dfen.<\/p>\n<p>&nbsp;<\/p>\n<hr \/>\n<h6><strong>09.-19.02.2017 | Filmfestspiele<\/strong><\/h6>\n<h5><strong>67. Internationale Filmfestspiele Berlin &#8211; BERLINALE<\/strong><\/h5>\n<p>Die Slowakei beteiligt sich zum zw\u00f6lften Mal mit einer Pr\u00e4sentation auf dem Europ\u00e4ischen Filmmarkt am Stand \u201eCentral European Cinema\u201c \u2013 zusammen mit der Tschechischen Republik und Slowenien.)<\/p>\n<p><strong>\u00a0Ort:<\/strong> Martin-Gropius-Bau, Niederkirchnerstra\u00dfe 7, 10963 Berlin Stand 137 \u2013 ausschlie\u00dflich f\u00fcr akkreditiertes Fachpublikum<\/p>\n<p><strong><em>\u00a0DIE FILME<\/em><\/strong><br \/>\n<em>GENERATION Kplus: <\/em><br \/>\n<strong>\u201ePiata lo\u010f \/ Das f\u00fcnfte Schiff \/ Little Harbour\u201c<\/strong> der slowakischen Regisseurin Iveta Gr\u00f3fov\u00e1 (SK, CZ, 2017, 85\u00b4 OmeU) Weltpremiere<br \/>\nVorf\u00fchrungen am: 12.\/13. und 17.02.<br \/>\nMit Vanessa Szamuhelov\u00e1, Mat\u00fa\u0161 Ba\u010di\u0161in, Katar\u00edna Kamencov\u00e1, Johanna Tesa\u0159ov\u00e1 u.a.<\/p>\n<p><em>WETTBEWERB: <\/em><br \/>\n<strong>\u201eCez kosti m\u0155tvych \/ Spoor \/ Pokot\u201c<\/strong> der polnischen Regisseurin Agnieszka Holland (PL, DE, CZ, SE, SK, 2017, 120\u00b4 OmeU), Weltpremiere<br \/>\nVorf\u00fchrungen am: 12.\/13.\/ 14. und 19.02.<br \/>\n<strong><em>\u00a0<\/em><\/strong><\/p>\n<p><em>BERLINALE SPEZIAL:<\/em><br \/>\n<strong>\u201eMasaryk\u201c <\/strong>des tschechischen Regisseurs Julius \u0160ev\u010d\u00edk (CZ, SK, 2016, 114\u00b4 OmeU), Weltpremiere<br \/>\nVorf\u00fchrungen am: 17.\/18.\/ 19.02.<\/p>\n<p><strong>Mehr unter:<\/strong> <a href=\"http:\/\/www.berlinale.de\">www.berlinale.de<\/a><\/p>\n","protected":false},"excerpt":{"rendered":"<p>&nbsp; 16.12.2017 | Ausstellung \u00a0PILOTENK\u00dcCHE LEIPZIG \u00a0Opening \/\/ What Did You Expect? We would like invite you to the final exhibit of the 33rd round! Stay tuned for the program of performances! Ausstellungser\u00f6ffnung\/Opening: 15.12.17, 18:00h Laufzeit\/Open: 16-22.12.17 \u00a0Ort\/Location: PILOTENKUECHE, 2nd Floor, Franz-Flemmingstr. 9, D-04179 Leipzig Veranstaltung auf Facebook verfolgen. Slovak artists Lenka Lukacovicova (Photography, Performance, [&hellip;]<\/p>\n","protected":false},"author":3,"featured_media":0,"parent":79,"menu_order":0,"comment_status":"closed","ping_status":"closed","template":"","meta":{"footnotes":""},"class_list":["post-1752","page","type-page","status-publish","hentry"],"_links":{"self":[{"href":"http:\/\/slowakei-leipzig.de\/index.php?rest_route=\/wp\/v2\/pages\/1752","targetHints":{"allow":["GET"]}}],"collection":[{"href":"http:\/\/slowakei-leipzig.de\/index.php?rest_route=\/wp\/v2\/pages"}],"about":[{"href":"http:\/\/slowakei-leipzig.de\/index.php?rest_route=\/wp\/v2\/types\/page"}],"author":[{"embeddable":true,"href":"http:\/\/slowakei-leipzig.de\/index.php?rest_route=\/wp\/v2\/users\/3"}],"replies":[{"embeddable":true,"href":"http:\/\/slowakei-leipzig.de\/index.php?rest_route=%2Fwp%2Fv2%2Fcomments&post=1752"}],"version-history":[{"count":2,"href":"http:\/\/slowakei-leipzig.de\/index.php?rest_route=\/wp\/v2\/pages\/1752\/revisions"}],"predecessor-version":[{"id":1755,"href":"http:\/\/slowakei-leipzig.de\/index.php?rest_route=\/wp\/v2\/pages\/1752\/revisions\/1755"}],"up":[{"embeddable":true,"href":"http:\/\/slowakei-leipzig.de\/index.php?rest_route=\/wp\/v2\/pages\/79"}],"wp:attachment":[{"href":"http:\/\/slowakei-leipzig.de\/index.php?rest_route=%2Fwp%2Fv2%2Fmedia&parent=1752"}],"curies":[{"name":"wp","href":"https:\/\/api.w.org\/{rel}","templated":true}]}}