{"id":1294,"date":"2017-02-14T14:11:07","date_gmt":"2017-02-14T12:11:07","guid":{"rendered":"http:\/\/slowakei-leipzig.de\/?page_id=1294"},"modified":"2019-09-05T10:30:05","modified_gmt":"2019-09-05T08:30:05","slug":"veranstaltungen-2016","status":"publish","type":"page","link":"http:\/\/slowakei-leipzig.de\/?page_id=1294","title":{"rendered":"Veranstaltungen 2016"},"content":{"rendered":"<h6>17.11.2016 | Lesung<\/h6>\n<h5><strong>Lesung: Ein slowakisches Weltbad<br \/>\nGeschichten aus dem westslowakischen Kurbad Pie\u0161\u0165any<\/strong><\/h5>\n<p><strong><em>17. November 2016 , 19:30 Uhr<\/em><\/strong><\/p>\n<p><em>Anl\u00e4sslich der Ratspr\u00e4sidentschaft der Slowakei in der EU<\/em><\/p>\n<p><strong>Veranstalter:<\/strong> Honorarkonsul der Slowakischen Republik f\u00fcr Sachsen und Th\u00fcringen in Kooperation mit dem Autor Kay Zeisberg und dem Veranstaltungsort<\/p>\n<p><strong>\u00a0Ort:<\/strong> <a href=\"http:\/\/www.polylogue-leipzig.com\" target=\"_blank\" rel=\"noopener\">Polylogue<\/a> &#8211; Internationaler Buchladen &amp; Caf\u00e9; Merseburger Str. 47; 04177 Leipzig<\/p>\n<p>Kay Zeisberg liest aus seinen Romanen &#8222;Marmorpalast&#8220; und &#8222;Herr Luna&#8220;, die im weltber\u00fchmten Thermalkurbad Pie\u0161\u0165any spielen.<strong><a href=\"http:\/\/slowakei-leipzig.de\/wp-content\/uploads\/2014\/05\/Kay-zeisberg_lesung-im-November_HK-Leipzig.jpg\"><img loading=\"lazy\" decoding=\"async\" class=\"size-medium wp-image-1285 alignright\" src=\"http:\/\/slowakei-leipzig.de\/wp-content\/uploads\/2014\/05\/Kay-zeisberg_lesung-im-November_HK-Leipzig-300x200.jpg\" alt=\"Kay zeisberg_lesung im November_HK Leipzig\" width=\"300\" height=\"200\" srcset=\"http:\/\/slowakei-leipzig.de\/wp-content\/uploads\/2014\/05\/Kay-zeisberg_lesung-im-November_HK-Leipzig-300x200.jpg 300w, http:\/\/slowakei-leipzig.de\/wp-content\/uploads\/2014\/05\/Kay-zeisberg_lesung-im-November_HK-Leipzig-1024x683.jpg 1024w\" sizes=\"auto, (max-width: 300px) 100vw, 300px\" \/><\/a><\/strong><\/p>\n<p>Der Leipziger Schriftsteller Kay Zeisberg (51), der auch als Redakteur beim slowakischen Rundfunk und Fernsehen in Bratislava arbeitet, besch\u00e4ftigt sich seit 2011 intensiv mit der slowakischen Geschichte und Gegenwart, insbesondere mit dem altehrw\u00fcrdigen Kurort Pie\u0161\u0165any. 2012 erschien sein erster Roman \u201eMarmorpalast\u201c, der die Geschichte einer j\u00fcdisch-ungarischen Unternehmerfamilie am Beispiel des umtriebigen \u013dudov\u00edt Winter erz\u00e4hlt. Der Autor wurde f\u00fcr den Roman mit dem Preis des B\u00fcrgermeisters der Stadt Pie\u0161\u0165any f\u00fcr die \u201eKulturelle Leistung des Jahres 2013\u201c geehrt. 2015 erschien sein zweiter Pie\u0161\u0165any-Roman \u201eHerr Luna\u201c \u00fcber den K\u00fcnstler, Wissenschaftler und Lebemann Imrich Winter.<\/p>\n<p><strong>Die Veranstaltung auf Facebook: <\/strong><a href=\"http:\/\/www.facebook.com\/events\/1747298185539081\/\">www.facebook.com\/events\/1747298185539081\/<\/a><\/p>\n<p><strong>\u00a0Kay Zeisberg: <\/strong><a href=\"http:\/\/www.leipzigmedia.de\">www.leipzigmedia.de<\/a><\/p>\n<p><strong>Ratspr\u00e4sidentschaft der Slowakei:<\/strong><a href=\"http:\/\/www.eu2016.sk\/de\">www.eu2016.sk\/de<\/a><\/p>\n<p>&nbsp;<\/p>\n<hr \/>\n<h6>16.11.2016 | Konzert und Pr\u00e4sentation<a href=\"http:\/\/slowakei-leipzig.de\/wp-content\/uploads\/2014\/05\/20161102122512-bb828239.jpg\"><img loading=\"lazy\" decoding=\"async\" class=\"size-medium wp-image-1291 alignright\" src=\"http:\/\/slowakei-leipzig.de\/wp-content\/uploads\/2014\/05\/20161102122512-bb828239-300x179.jpg\" alt=\"20161102122512-bb828239\" width=\"300\" height=\"179\" srcset=\"http:\/\/slowakei-leipzig.de\/wp-content\/uploads\/2014\/05\/20161102122512-bb828239-300x179.jpg 300w, http:\/\/slowakei-leipzig.de\/wp-content\/uploads\/2014\/05\/20161102122512-bb828239.jpg 620w\" sizes=\"auto, (max-width: 300px) 100vw, 300px\" \/><\/a><\/h6>\n<h5><strong>\u201eSO KLINGT DIE SLOWAKEI\u201c<\/strong><\/h5>\n<p><strong> komplexe Pr\u00e4sentation der Slowakei<\/strong><\/p>\n<p><em>Die Veranstaltung findet auf Einladung des Finanzministers Wolfgang Sch\u00e4uble in dem historischen Geb\u00e4ude des Ministeriums als 7. in der Reihenfolge von Pr\u00e4sentationen des EU-Vorsitzlandes.<\/em><\/p>\n<p><strong>16.11.2016 um 18.00 Uhr Berlin, Bundesministerium der Finanzen (BMF) <\/strong><br \/>\n<strong>Veranstalter:<\/strong> Bundesministerium der Finanzen in Berlin; Botschaft der Slowakischen Republik; Slowakisches Institut in Berlin<br \/>\n<strong>Ort:<\/strong> Bundesministerium der Finanzen, Wilhelmstra\u00dfe 97, 10117 Berlin<\/p>\n<p><strong>Programm:<\/strong><br \/>\nGespr\u00e4ch mit Finanzministern Dr. Wolfgang Sch\u00e4uble (DE) und Peter Ka\u017eim\u00edr (SK),\u00a0 moderiert vom Direktor der Deutschen Welle Peter Limbourg<br \/>\nZeitgen\u00f6ssischer Tanz \u2013 2 Paare der Gruppe CreDance<br \/>\nZeitgen\u00f6ssische Musik, Ensemble Cellomania (Werke von \u013dubica \u010cekovsk\u00e1 und Pavol \u0160imai)<br \/>\nImmaterielles Kulturerbe Fujara und ihre Musik, pr\u00e4sentiert vom Komponisten Michal Pa\u013eko<br \/>\nKatarzia, alternative Musik von Katar\u00edna Kubo\u0161iov\u00e1<br \/>\n\u013dudmila \u0160tef\u00e1nikov\u00e1, Solo-Vibraphon<br \/>\nKoloratur-Sopranistin Edita Gruberov\u00e1 und Pianist Peter Valentovi\u010d<\/p>\n<p>&nbsp;<\/p>\n<p>Moderatorin des Abends Adela Ban\u00e1\u0161ov\u00e1<br \/>\nLife-Malerei: Sa\u0161a Makarov\u00e1, Ausstellung der Werke von Sa\u0161a Makarov\u00e1 und Xenia Bergerov\u00e1.<br \/>\n<em>Einlass <u>nur auf best\u00e4tigte Einladung<\/u> des BMF.<br \/>\n<\/em><\/p>\n<p>Informationen unter: <strong><a href=\"http:\/\/www.so-klingt-europa.de\/anmeldung\">www.so-klingt-europa.de<\/a><\/strong><\/p>\n<hr \/>\n<h6><\/h6>\n<h6>7.-11.11.2016 | Filmreihe<\/h6>\n<h5><strong><span class=\"_4n-j fsl\">Slowakische Filmkunst von den 1960er-Jahren bis heute<\/span><\/strong><br \/>\n<strong> 7.-11.11.2016<\/strong><\/h5>\n<p><em><a href=\"https:\/\/www.facebook.com\/events\/334088606941722\/\" target=\"_blank\" rel=\"noopener\">Veranstaltung bei Facebook<\/a><\/em><\/p>\n<p><span class=\"_4n-j fsl\">Ort: Lehrgeb\u00e4ude 4 (Dachgeschoss) der <a href=\"https:\/\/www.uni-erfurt.de\/uni\/news\/2016\/slowakische-filmkunst-von-den-1960er-jahren-bis-heute\/\" target=\"_blank\" rel=\"noopener\">Universit\u00e4t Erfur<\/a>t, Nordh\u00e4user Stra\u00dfe 63<\/span><\/p>\n<p>Das Fachgebiet Literaturwissenschaft der Universit\u00e4t Erfurt l\u00e4dt im November zu einer slowakischen Filmr<a href=\"http:\/\/slowakei-leipzig.de\/wp-content\/uploads\/2014\/05\/Image-Flyer_Filmreihe_2016.jpg\"><img loading=\"lazy\" decoding=\"async\" class=\"size-medium wp-image-1286 alignright\" src=\"http:\/\/slowakei-leipzig.de\/wp-content\/uploads\/2014\/05\/Image-Flyer_Filmreihe_2016-300x222.jpg\" alt=\"Image Flyer_Filmreihe_2016\" width=\"300\" height=\"222\" srcset=\"http:\/\/slowakei-leipzig.de\/wp-content\/uploads\/2014\/05\/Image-Flyer_Filmreihe_2016-300x222.jpg 300w, http:\/\/slowakei-leipzig.de\/wp-content\/uploads\/2014\/05\/Image-Flyer_Filmreihe_2016.jpg 840w\" sizes=\"auto, (max-width: 300px) 100vw, 300px\" \/><\/a>eihe ein. Zu sehen ist aktuelle und innovative poetische und kritische slowakische Filmkunst von den 1960er-Jahren bis heute.<\/p>\n<p>Alle Interessierten sind dazu herzlich eingeladen, der Eintritt ist frei.<\/p>\n<p><strong>Dienstag 08.11.2016 <\/strong><br \/>\n<strong> 19.00 Uhr, LG 4 D 02<\/strong><br \/>\nEr\u00f6ffnung der Filmreihe durch den Honorarkonsul Dr. Albrecht Tintelnot, Prof. Holt Meyer und Prof. Frank Ettrich<\/p>\n<p><span class=\"text_exposed_show\">\u00a0<strong>19.30 Uhr, LG4 D02<\/strong><\/span><br \/>\n<span class=\"text_exposed_show\">\u00a0<em>Ruhe in der Seele<\/em> [Pokoj v du\u0161i] OmU<br \/>\nRegie: Vladim\u00edr Balko (2009)<br \/>\nNach 5 Jahren aus dem Gef\u00e4ngnis entlassen, sucht T\u00f3no nach seinem neuen-alten Platz in der slowakischen Dorfgemeinschaft am Rande der niederen Tatra. Eine Geschichte \u00fcber Wilderei und Patriachat, ras<\/span><span class=\"text_exposed_show\">sistisches Sentiments und Liebe, Freundschaft und Glauben.<\/span><\/p>\n<p><strong>Mittwoch 09.11. 2016 <\/strong><br \/>\n<strong> 19.00 Uhr, LG4, D06<\/strong><br \/>\n<em>Alles, was ich liebe<\/em> [V\u0161etko \u010do m\u00e1m r\u00e1d] OmU<br \/>\nRegie: Martin \u0160ul\u00edk (1992, rem. 2016)<br \/>\nDie tragisch-komische Geschichte von Thomas, einem jungen Mann in der Lebenskrise, erz\u00e4hlt vom den Verstrickungen zwischen ungl\u00fccklicher Ehefrau, rebellierendem Teenagerkind, senilen Eltern und einer englischen Bekanntschaft, die ein verlockendes Angebot macht.<\/p>\n<p><strong>Donnerstag 10.11.2016 <\/strong><br \/>\n<strong> 18.00 Uhr, LG4 D07<\/strong><br \/>\n<em>V\u00f6glein, Waisen und Narren<\/em> [Vt\u00e1\u010dkovia, siroty a bl\u00e1zni] OmU<br \/>\nRegie: Juraj Jakubisko (1969)<\/p>\n<p><strong>19.30 Uhr, LG4 D07<\/strong><br \/>\n<em>Sonne im Netz<\/em> [Slnko v sieti] OmU<br \/>\nRegie: \u0160tefan Uher (1962)<\/p>\n<p>Gleich zwei Sch\u00e4tze der tschechoslowakischen Neuen Welle: Zuerst erz\u00e4hlt der \u201aFellini des Ostens\u2018 die poetisch-verspielte Geschichte von drei Menschen, die sich gegen das Erwachsenwerden wehren und in die Welt der Fantasie fliehen wollen. Der Film kommentiert mit allegorischen Mitteln die politische und soziale Ordnung der damaligen \u010cSSR. Im Anschluss Uher\u2018s ironisch-existentialistisc<wbr \/>he Pr\u00e4sentation der damaligen slowakischen Lebenswelt, die lyrisch-sinnliche Blick junger Menschen auf Freiheit und Liebe, und der Versuch, das Leben zu begreifen. Sonne im Netz ist einer der wichtigsten slowakischen Filme des 20. Jahrhunderts.<\/p>\n<p><strong>Freitag 11.11.2016 <\/strong><br \/>\n<strong> 18.00 Uhr LG4 D06<\/strong><br \/>\n<em>Papierk\u00f6pfe<\/em> [Papierov\u00e9 hlavy] OmU<br \/>\nRegie: Du\u0161an Han\u00e1k (1995)<\/p>\n<p><strong>20.00 Uhr LG4 D06<\/strong><br \/>\n<em>Der Weg durch die Donau<\/em> [Chodn\u00edk cez Dunaj] OmU<br \/>\nRegie: Miroslav Luther (1989)<\/p>\n<p>Ein politischer Filmabend: \u201ePapierk\u00f6pfe\u201c in einer Collage aus Archivmaterial und Inszenierungen mit Elementen des Stra\u00dfentheaters und l\u00e4sst humorvoll-ironisch auf das vergangene Regime blicken. \u201eDer Weg durch die Donau\u201c f\u00fchrt anschlie\u00dfend einen slowakischen und einen tschechischen Freund, die aus jugendlichem Leichtsinn ein Schreiben der Gestapo umgeleitet haben, fl\u00fcchtend durch die erste Slowakische Republik von Hitlers Gnaden und das Protektorat B\u00f6hmen und M\u00e4hren.<\/p>\n<p>Gef\u00f6rdert durch:<br \/>\n<a href=\"http:\/\/slowakei-leipzig.de\/wp-content\/uploads\/2014\/05\/c-logo.jpg\"><img loading=\"lazy\" decoding=\"async\" class=\"wp-image-1272 alignleft\" src=\"http:\/\/slowakei-leipzig.de\/wp-content\/uploads\/2014\/05\/c-logo-300x150.jpg\" alt=\"c-logo\" width=\"112\" height=\"56\" srcset=\"http:\/\/slowakei-leipzig.de\/wp-content\/uploads\/2014\/05\/c-logo-300x150.jpg 300w, http:\/\/slowakei-leipzig.de\/wp-content\/uploads\/2014\/05\/c-logo.jpg 800w\" sizes=\"auto, (max-width: 112px) 100vw, 112px\" \/><\/a> <a href=\"http:\/\/slowakei-leipzig.de\/wp-content\/uploads\/2014\/05\/logo_MZV_PNG_ENG.png\"><img loading=\"lazy\" decoding=\"async\" class=\"wp-image-1273 alignleft\" src=\"http:\/\/slowakei-leipzig.de\/wp-content\/uploads\/2014\/05\/logo_MZV_PNG_ENG-300x83.png\" alt=\"logo_MZV_PNG_ENG\" width=\"184\" height=\"51\" srcset=\"http:\/\/slowakei-leipzig.de\/wp-content\/uploads\/2014\/05\/logo_MZV_PNG_ENG-300x83.png 300w, http:\/\/slowakei-leipzig.de\/wp-content\/uploads\/2014\/05\/logo_MZV_PNG_ENG-1024x285.png 1024w, http:\/\/slowakei-leipzig.de\/wp-content\/uploads\/2014\/05\/logo_MZV_PNG_ENG.png 1813w\" sizes=\"auto, (max-width: 184px) 100vw, 184px\" \/><\/a> <a href=\"http:\/\/slowakei-leipzig.de\/wp-content\/uploads\/2014\/05\/SFU_logo.jpg\"><img loading=\"lazy\" decoding=\"async\" class=\"wp-image-1274 alignleft\" src=\"http:\/\/slowakei-leipzig.de\/wp-content\/uploads\/2014\/05\/SFU_logo-300x150.jpg\" alt=\"SFU_logo\" width=\"114\" height=\"57\" srcset=\"http:\/\/slowakei-leipzig.de\/wp-content\/uploads\/2014\/05\/SFU_logo-300x150.jpg 300w, http:\/\/slowakei-leipzig.de\/wp-content\/uploads\/2014\/05\/SFU_logo-1024x513.jpg 1024w\" sizes=\"auto, (max-width: 114px) 100vw, 114px\" \/><\/a> <a href=\"http:\/\/slowakei-leipzig.de\/wp-content\/uploads\/2014\/05\/st_znak_s_logom_a_mksr_7.jpg\"><img loading=\"lazy\" decoding=\"async\" class=\"wp-image-1275 alignleft\" src=\"http:\/\/slowakei-leipzig.de\/wp-content\/uploads\/2014\/05\/st_znak_s_logom_a_mksr_7-300x136.jpg\" alt=\"st_znak_s_logom_a_mksr_7\" width=\"176\" height=\"80\" srcset=\"http:\/\/slowakei-leipzig.de\/wp-content\/uploads\/2014\/05\/st_znak_s_logom_a_mksr_7-300x136.jpg 300w, http:\/\/slowakei-leipzig.de\/wp-content\/uploads\/2014\/05\/st_znak_s_logom_a_mksr_7-1024x466.jpg 1024w, http:\/\/slowakei-leipzig.de\/wp-content\/uploads\/2014\/05\/st_znak_s_logom_a_mksr_7.jpg 1643w\" sizes=\"auto, (max-width: 176px) 100vw, 176px\" \/><\/a><\/p>\n<p>&nbsp;<\/p>\n<p>&nbsp;<\/p>\n<p>&nbsp;<\/p>\n<hr \/>\n<h6>11.10.2016 | Jahresvorlesung &amp; Empfang<\/h6>\n<h5>\u00a0<strong>Oskar-Halecki-Vorlesung \/ Jahresvorlesung des GWZO 2016<br \/>\n<em>mit anschlie\u00dfendem Empfang des Honorarkonsuls der Slowakei f\u00fcr Sachsen und Th\u00fcringen anl\u00e4sslich der EU-Ratspr\u00e4sidentschaft der Slowakei<\/em><\/strong><\/h5>\n<p><strong>11. Oktober 2016, 18 Uhr c. t.<\/strong><br \/>\nAlte Handelsb\u00f6rse, Naschmarkt 1, 04109 Leipzig<\/p>\n<p><a href=\"https:\/\/www.facebook.com\/events\/1747298185539081\/\" target=\"_blank\" rel=\"noopener\">Veranstaltung bei Facebook<\/a><\/p>\n<p>Magdal\u00e9na V\u00e1\u0161\u00e1ryov\u00e1<br \/>\n(Botschafterin a.D., ehem. Mitglied des Slowakischen Nationalrates, Bratislava)<\/p>\n<p><strong>Slowakische Geschichte und Kultur im alten und neuen Europa: von der Doppelmonarchie der Habsburger bis zur EU der 28<br \/>\n<\/strong><\/p>\n<p><img loading=\"lazy\" decoding=\"async\" class=\"alignleft\" src=\"http:\/\/research.uni-leipzig.de\/gwzo\/images\/GWZO_images\/Halecki\/Vasayrova.png\" alt=\"Vasayrova\" width=\"150\" height=\"122\" \/>Magdal\u00e9na V\u00e1\u0161\u00e1ryov\u00e1. Die studierte Soziologin wurde 1990 zur Botschafterin der Tschechoslowakei in Wien ernannt und war 2000\u20132005 Botschafterin der Slowakischen Republik in Warschau. 1999 kandidierte sie bei der Pr\u00e4sidentschaftswahl, 2006 wurde sie ins Parlament gew\u00e4hlt und geh\u00f6rte dem Slowakischen Nationalrat bis 2016 als Abgeordnete an. Sie ist Ehrenvorsitzende der von ihr 1993 ins Leben gerufenen Slowakischen Gesellschaft f\u00fcr Ausw\u00e4rtige Politik und seit 2013 Pr\u00e4sidentin des \u00e4ltesten, 1869 gegr\u00fcndeten Slowakischen Frauenverbandes \u201e\u017divena\u201c. Dar\u00fcber hinaus ist sie Mitglied im Forum Mitteleuropa beim S\u00e4chsischen Landtag. Bis zu ihrem Einstieg in die Diplomatie und Politik war<br \/>\nMagdal\u00e9na V\u00e1\u0161\u00e1ryov\u00e1 eine sehr erfolgreiche Schauspielerin. Von<br \/>\nihren f\u00fcnf Buchpublikationen sind einige mehrfach aufgelegt worden. Der Band Polono\u010dn\u00fd sused (Bratislava 2008) \u00fcber die Botschaftsjahre im n\u00f6rdlichen Nachbarland wurde mit Nachw\u00f6rtern von W\u0142adys\u0142aw Bartoszewski und Adam Michnik ins Polnische \u00fcbersetzt.<\/p>\n<h5><strong><img decoding=\"async\" class=\"alignright\" src=\"http:\/\/research.uni-leipzig.de\/gwzo\/templates\/beez5\/images\/logo.png\" alt=\"http:\/\/research.uni-leipzig.de\/gwzo\/templates\/beez5\/images\/logo.png\" \/><\/strong><\/h5>\n<p><a href=\"http:\/\/research.uni-leipzig.de\/gwzo\/images\/GWZO_images\/Halecki\/16_Jahresvorlesung.pdf\" target=\"_blank\" rel=\"noopener\">Programm der Jahresvorlesung 2016<\/a><\/p>\n<p>Die Vorlesungen\u00a0werden in der Regel in der GWZO-Reihe <a title=\"Oskar-Halecki-Vorlesungen\" href=\"http:\/\/research.uni-leipzig.de\/gwzo\/index.php?option=com_content&amp;view=article&amp;id=46:oskar-halecki-vorlesungen&amp;catid=67&amp;Itemid=507\" target=\"_parent\">&#8222;Oskar-Halecki-Vorlesungen&#8220;<\/a>\u00a0ver\u00f6ffentlicht.<\/p>\n<p>&nbsp;<\/p>\n<p>&nbsp;<\/p>\n<hr \/>\n<h6>6.09.2016 | Diskussionsveranstaltung<\/h6>\n<h5><a href=\"http:\/\/slowakei-leipzig.de\/wp-content\/uploads\/2014\/05\/ArbeitsplatzEuropa_grau.jpg\"><img loading=\"lazy\" decoding=\"async\" class=\"wp-image-1258 alignright\" src=\"http:\/\/slowakei-leipzig.de\/wp-content\/uploads\/2014\/05\/ArbeitsplatzEuropa_grau-300x225.jpg\" alt=\"ArbeitsplatzEuropa_grau\" width=\"173\" height=\"130\" srcset=\"http:\/\/slowakei-leipzig.de\/wp-content\/uploads\/2014\/05\/ArbeitsplatzEuropa_grau-300x225.jpg 300w, http:\/\/slowakei-leipzig.de\/wp-content\/uploads\/2014\/05\/ArbeitsplatzEuropa_grau.jpg 800w\" sizes=\"auto, (max-width: 173px) 100vw, 173px\" \/><\/a><em>Veranstaltungsreihe: Arbeitsplatz Europa<\/em><br \/>\nIm Gespr\u00e4ch mit Europ\u00e4erinnen und Europ\u00e4ern<\/h5>\n<p>Die Veranstaltungsreihe \u201eArbeitsplatz Europa\u201c informiert am Beispiel europ\u00e4ischer Arbeitnehmerinnen und Arbeitnehmer in Leipzig \u00fcber die M\u00f6glichkeiten der Arbeitnehmerfreiz\u00fcgigkeit in Europa.<\/p>\n<p>Wir laden Europ\u00e4erinnen und Europ\u00e4er, die in Leipzig leben und arbeiten ein, sich vorzustellen und mit anderen Leipzigern und Leipzigerinnen ins Gespr\u00e4ch zu kommen. Jedes beliebige Berufsfeld verf\u00fcgt \u00fcber zahlreiche Ankn\u00fcpfungspunkte f\u00fcr Vergleiche, Fragen und Perspektivwechsel in Bezug auf die beruflichen Rahmenbedingungen im Herkunftsland. Unterstrichen wird dies durch die interessanten Lebensgeschichten und spannenden Erfahrungen, die die vorgestellten Personen mitbringen. Mit dieser Veranstaltungsreihe sollen insbesondere die positiven Seiten der Arbeitnehmerfreiz\u00fcgigkeit in Europa vorgestellt und gleichzeitig Vorurteile \u00fcber den Missbrauch von Sozialleistungen abgebaut werden.<\/p>\n<p><strong>Montag, 26. September, 18 Uhr<\/strong><br \/>\nJana Kore\u0148ov\u00e1 und Martina Maz\u00e1nikov\u00e1 (Slowakei)<\/p>\n<p><strong>Dienstag, 27. September, 18 Uhr<\/strong><br \/>\nSibylle Meier-Klodt (Bulgarien)<\/p>\n<p><strong>Mittwoch, 28. September, 19 Uhr<\/strong><br \/>\nFabrizia und Elio Curti (Italien)<\/p>\n<p style=\"margin: 0cm; margin-bottom: .0001pt;\"><strong>Mittwoch, 26. Oktober, 18 Uhr<\/strong><\/p>\n<p style=\"margin: 0cm; margin-bottom: .0001pt;\">Prof. Juraj Majzlan (Slowakei)<\/p>\n<p style=\"margin: 0cm; margin-bottom: .0001pt;\"><strong>Diestag , 29. November , 18 Uhr<\/strong><\/p>\n<p style=\"margin: 0cm; margin-bottom: .0001pt;\">Dr. Nata\u0161a Ukropcov\u00e1 (Slowakei)<\/p>\n<p class=\"r\">Quelle: <a href=\"http:\/\/www.europa-haus-leipzig.de\/\" target=\"_blank\" rel=\"noopener\">Europa-Haus Leipzig e. V. \u2013 Europe Direct Informationszentrum<\/a><\/p>\n<hr \/>\n<h6>\u00a012.04.2016 | ganzj\u00e4hrige Kooperationsb\u00f6rse<\/h6>\n<h5><span style=\"color: #3366ff;\"><strong><a style=\"color: #3366ff;\" href=\"http:\/\/wfs.sachsen.de\/de\/Recherche-Tools\/Veranstaltungskalender_Wirtschaft\/148598.html?mod_evnt[process_type]=go_detail&amp;mod_evnt[detail_id]=181360\" target=\"_blank\" rel=\"noopener\">Markteinstiegspaket Slowakei<\/a><\/strong><\/span><br \/>\n<em>der Wirtschaftsf\u00f6rderung Sachsen GmbH<\/em><\/h5>\n<p><strong>\u00a0Branche:<\/strong> branchen\u00fcbergreifend<br \/>\n<strong>Land\/Region:<\/strong> MOE &#8211; Mittel- und Osteurop\u00e4ische L\u00e4nder, Slowakei<br \/>\n<strong>\u00a0Aufgabenstellung \/ Kooperationen \/ Bemerkungen:<\/strong><br \/>\nDieses Vorhaben nimmt s\u00e4chsische Exporteinsteiger \/ Start-ups in den Fokus. Potenziale und M\u00f6glichkeiten werden hierbei unter anderem in den f\u00fcr die slowakische Wirtschaft besonders wichtigen Bereichen Automobilzulieferindustrie und Bahntechnik gesehen.<\/p>\n<p>Das Markteinstiegspaket umfasst Infoveranstaltungen, Expertenrunden in Sachsen und der Slowakei, Marktchancenanalysen \/ Gesch\u00e4ftspartnersuche \/ Workshops \/ Unternehmensbesuche in der Slowakei, Gegenbesuche in Sachsen sowie sonstige projektbezogene Aktivit\u00e4ten (u. a. das Lieferantenforum im Rahmen des Autosalons Nitra 2016).<\/p>\n<p>S\u00e4chsische Unternehmen k\u00f6nnen am Paket als Ganzes oder auch nur an einzelnen Veranstaltungen teilnehmen.<\/p>\n<p><strong>Kontakt:<\/strong><\/p>\n<p><span style=\"color: #3366ff;\"><a style=\"color: #3366ff;\" href=\"http:\/\/www.wfs.sachsen.de\/de\/index_wfs.html\">Wirtschaftsf\u00f6rderung Sachsen GmbH (WFS)<\/a><\/span><br \/>\n<span style=\"color: #3366ff;\"><a style=\"color: #3366ff;\" href=\"http:\/\/www.smwa.sachsen.de\/\">S\u00e4chsisches Staatsministerium f\u00fcr Wirtschaft, Arbeit und Verkehr (SMWA)<\/a><\/span><br \/>\n<span style=\"color: #3366ff;\"><a style=\"color: #3366ff;\" href=\"http:\/\/www.wfs.sachsen.de\/set\/1551\/AuWi%20Veranstaltungen%202016_20160317.pdf\" target=\"_blank\" rel=\"noopener\">Au\u00dfenwirtschaftliche Veranstaltungen\/Veranstaltungskalender<\/a><\/span><\/p>\n<p>&nbsp;<\/p>\n<hr \/>\n<h6>2.06. &#8211; 11.09.2016 | Ausstellung<\/h6>\n<h5 class=\"article__headline with-colored-dot with-colored-dot--activities\"><strong>I\u2019LL BE YOUR MIRROR. Screen Tests von Andy Warhol<\/strong><br \/>\nGalerie f\u00fcr zeigen\u00f6ssische Kunst Leipzig (<span style=\"color: #3366ff;\"><a style=\"color: #3366ff;\" href=\"http:\/\/www.gfzk.de\" target=\"_blank\" rel=\"noopener\">GfzK<\/a><\/span>)<br \/>\n<strong>2. Juni 2016 &#8211; 11. September 2016<\/strong><\/h5>\n<footer class=\"footer\">Karl\u2013Tauchnitz-Stra\u00dfe 9\u201311; D-04107 Leipzig<br \/>\n\u00d6ffnungszeiten: Di\u2009\u2013\u2009Fr: 14\u201319 h; Sa\u2009\u2013\u2009So: 12\u201318 h<br \/>\nMittwochs\u00a0 freier Eintritt<\/footer>\n<div class=\"grid__column\"><\/div>\n<div class=\"grid__column\"><strong><span class=\"person__title\">Mit Heike Gei\u00dfler (Text), Stefan Hurtig (Szenografie) und David Voss (Grafik Design)<\/span><\/strong><\/div>\n<p class=\"person\"><strong><span class=\"person__title\"> Kuratiert von Julia Sch\u00e4fer<\/span><\/strong><\/p>\n<div class=\"article__content\">\n<p>Menschen haben Andy Warhol zeitlebens fasziniert. Er machte Tonaufnahmen von Gespr\u00e4chen, f\u00fchrte Interviews, er malte, fotografierte und filmte Menschen in seiner Umgebung. Das Ikonenhafte und das Glamour\u00f6se interessierten ihn dabei genauso, wie das Fl\u00fcchtige und das Intime.<br \/>\nDie Ausstellung I\u2019ll Be Your Mirror zeigt eine Auswahl aus den 472 Screentests, die zwischen 1964 und 1966 entstanden sind. In diesen filmischen Portr\u00e4ts erscheinen Filmstars, K\u00fcnstler_innen, Autor_innen, Poet_innen, bekannte und vergessene Pers\u00f6nlichkeiten aus dem Umfeld von Warhols Studio, der Silver Factory. Sie bilden eine faszinierende Sammlung an Spielarten von Mimik und K\u00f6rpersprache, in denen sich Warhol selbst spiegelte und die er sich aneignete, auch, um seinem idealen Ich n\u00e4her zu kommen.<br \/>\nDie 25 ausgew\u00e4hlten Screentests werden in einer szenografischen Folge pr\u00e4sentiert, die architektonische Qualit\u00e4ten wie Transparenz und Spiegelung aufgreift. Dabei entstehen unterschiedliche Zonen, in denen es um Blickbeziehungen, Interaktion und um die m\u00f6gliche Ver\u00e4nderung bestehender Wahrnehmungsmuster geht. Das Erscheinungsbild, die Tonspur und das Rahmenprogramm zur Ausstellung beleuchten das Verh\u00e4ltnis von Subjekt, Bild und Identit\u00e4t und laden zur Besch\u00e4ftigung mit Formen der Selbst- und Fremdinszenierung ein.<\/p>\n<p>In Kooperation mit dem <a href=\"http:\/\/www.warhol.org\/\" target=\"_blank\" rel=\"noopener\">Warhol Museum Pittsburgh, USA<\/a><\/p>\n<p>Mit freundlicher Unterst\u00fctzung der Kulturstiftung des Freistaates Sachsen und BMW.<\/p>\n<p>&nbsp;<\/p>\n<hr \/>\n<\/div>\n<h6>15.-19. August 2016 | International Summer School<\/h6>\n<h5 class=\"tribe-events-single-event-title\"><span style=\"color: #3366ff;\"><strong><a style=\"color: #3366ff;\" href=\"http:\/\/ecomobility.org\/event\/international-summer-school-sustainable-mobility-made-in-leipzig\/\" target=\"_blank\" rel=\"noopener\">International Summer School \u201cSustainable Mobility \u2013 Made in Leipzig\u201d<\/a><\/strong><\/span><\/h5>\n<div class=\"tribe-events-schedule tribe-clearfix\">\n<p><strong><span class=\"tribe-event-date-start\">August 15<\/span> &#8211; <span class=\"tribe-event-date-end\">August 19<\/span><\/strong><\/p>\n<div id=\"stcpDiv\">\n<div class=\"section section-post-header\">from the 15th to the 19th of August the Institute of Transport Planning and Road Traffic of the Technische Universit\u00e4t Dresden organizes together with the City of Leipzig the International Summer School 2016 \u201c<strong>Sustainable Mobility \u2013 Made in Leipzig\u201d<\/strong> An open International Seminar on the state of knowledge on \u201cSustainable Mobility Planning\u201d will take place in the Neues Rathaus <strong>Leipzig on August 15-19, 2016<\/strong>.<br \/>\nIt will present research results, methods and examples to an expected audience of 50 to 60 international practitioners and university people. It is addressed especially to colleagues from Central and Eastern European countries. The Summer School will be free of charge. For participants from Central and Eastern Europe there will be the possibility to apply for some funding for hotel and traveling costs.<\/div>\n<p>For the International Summer School are especially invited PhD-students, postgraduates, young academically qualified specialists and professionals of the following fields of activity:<\/p>\n<ul>\n<li>Transport and Mobility Planning<\/li>\n<li>Street Construction and Design<\/li>\n<li>Urban Planning and Design<\/li>\n<li>Landscape and Open Space Architecture<\/li>\n<li>Urban Planning and Architecture<\/li>\n<li>Urban Sociology and Economics<\/li>\n<li>Transport Psychology<\/li>\n<li>Geography<\/li>\n<\/ul>\n<p>Part of the Summer School is participation in lectures, public evening classes, field trips on the 14th and 20th of August and during the workshop classes and active participation in a studio based design class to solve urban and transport tasks in and with the partner City of Leipzig.<\/p>\n<\/div>\n<div><strong>Topics of Workshops<\/strong><\/div>\n<div>The general topic will be how to develop cities in a way to reach a higher level of sustainability. The focus will be on different aspects of mobility. The scientific inputs will be presented from the Technische Universit\u00e4t Dresden, Technische Universit\u00e4t Kaiserslautern and international speakers from Z\u00fcrich, Switzerland and from the University San Carlos Cebu City, Philippines.<\/div>\n<div>Beside the lectures there will be the following workshops offered:<\/div>\n<ol>\n<li>Enlarged car reduced downtown \u2013 the new vision for the Promenadenring<br \/>\nin the city centre<\/li>\n<li>\u201eStreet for all\u201c \u2013 Stepan Bandera Street in Lviv, Ukraine \u2013 participation in the planning process like Karl-Liebknecht-Stra\u00dfe in Leipzig<\/li>\n<li>Pedestrianization of Colon Street Quarter in Cebu City, Philippines \u2013 a role model for Rosa-Luxemburg-Stra\u00dfe in Leipzig<\/li>\n<li>Ciclov\u00eda de Bogot\u00e1 en Leipzig \u2013 regular bicycle event days in cities<\/li>\n<li>New street designs in Leipzig-St\u00f6tteritz<\/li>\n<\/ol>\n<div>\n<p>The local input will be provided by the City of Leipzig and by experiencing the location by foot and on bike.<\/p>\n<div class=\"post-wrapper-content\">\n<div class=\"section the_content has_content\">\n<div class=\"section_wrapper\">\n<div class=\"the_content_wrapper\">\n<p><a href=\"http:\/\/ecomobility.org\/wp-content\/uploads\/2016\/06\/Flyer-Summer-School-Leipzig-2016.pdf\" target=\"_blank\" rel=\"noopener\">Download the Summer School Leipzig 2016 <\/a><a href=\"http:\/\/ecomobility.org\/wp-content\/uploads\/2016\/06\/Flyer-Summer-School-Leipzig-2016.pdf\">flyer <\/a><\/p>\n<p>&nbsp;<\/p>\n<\/div>\n<\/div>\n<\/div>\n<\/div>\n<\/div>\n<\/div>\n<hr \/>\n<h6>01. Juli 2016 | EU-Ratspr\u00e4sidentschaft<\/h6>\n<h5><strong><a href=\"http:\/\/slowakei-leipzig.de\/wp-content\/uploads\/2016\/06\/c-logo.jpg\"><img loading=\"lazy\" decoding=\"async\" class=\"wp-image-1145 alignright\" src=\"http:\/\/slowakei-leipzig.de\/wp-content\/uploads\/2016\/06\/c-logo.jpg\" alt=\"c-logo\" width=\"146\" height=\"73\" srcset=\"http:\/\/slowakei-leipzig.de\/wp-content\/uploads\/2016\/06\/c-logo.jpg 800w, http:\/\/slowakei-leipzig.de\/wp-content\/uploads\/2016\/06\/c-logo-300x150.jpg 300w\" sizes=\"auto, (max-width: 146px) 100vw, 146px\" \/><\/a><\/strong><\/h5>\n<h5><strong>Slowakei \u00fcbernimmt Ratsvorsitz in der EU<\/strong><\/h5>\n<p><strong>\u00a0Am 1. Juli 2016 \u00fcbernimmt die Slowakische Republik zum ersten Mal die EU-Ratspr\u00e4sidentschaft,\u00a0 eine wichtige politische Herausforderung f\u00fcr das ganze Land.<\/strong><\/p>\n<p>Die Mitgliedstaaten, die den Ratsvorsitz der EU innehaben, arbeiten in Dreiergruppen und haben ein gemeinsames Programm. Der Dreiervorsitz hilft bei der Erhaltung der Kontinuit\u00e4t in der europ\u00e4ischen Gesetzgebung und tr\u00e4gt zu mehr Effizienz bei. Die slowakische Ratspr\u00e4sidentschaft beginnt am 1. Juli 2016 und endet am 31. Dezember 2016. Neben der Slowakei sitzen die Niederlande (1. Halbjahr 2016) und Malta (1. Halbjahr 2017) mit im Dreiervorsitz.<\/p>\n<p>W\u00e4hrend die Niederlande bereits zw\u00f6lf EU-Ratspr\u00e4sidentschaften (einschlie\u00dflich dieses Jahres) abgeschlossen hat, ist es f\u00fcr die Slowakei und Malta das erste Mal in der Geschichte.<\/p>\n<p>Aktuelle Informationen zur Ratspr\u00e4sidentschaft: <a href=\"http:\/\/www.eu2016.sk\/de\" target=\"_blank\" rel=\"noopener\">www.eu2016.sk\/de<\/a> oder auf Facebook: <a href=\"https:\/\/www.facebook.com\/eu2016sk\/\" target=\"_blank\" rel=\"noopener\">www.facebook.com\/eu2016sk\/<\/a><\/p>\n<p>Aus Anlass der Ratspr\u00e4sidentschaft finden besonders viele <strong>Veranstaltungen<\/strong>, auch in Deutschland und Leipzig, statt, die das Slowakische Institug Berlin in einer Veranstaltungs\u00fcbersicht zusammgengestellt hat.<\/p>\n<p>Slowakisches Institut &#8211; <a href=\"https:\/\/www.mzv.sk\/web\/siberlin-de\" target=\"_blank\" rel=\"noopener\">Homepage<\/a> und auf <a href=\"https:\/\/www.facebook.com\/institut.berlin\/?fref=ts\" target=\"_blank\" rel=\"noopener\">Facebook<\/a><strong><a href=\"http:\/\/slowakei-leipzig.de\/wp-content\/uploads\/2016\/06\/01-GIS-Full-English-Version-50.jpg\"><img loading=\"lazy\" decoding=\"async\" class=\"wp-image-1139 alignright\" src=\"http:\/\/slowakei-leipzig.de\/wp-content\/uploads\/2016\/06\/01-GIS-Full-English-Version-50.jpg\" alt=\"01 GIS Full English Version-50\" width=\"182\" height=\"100\" \/><\/a><\/strong><\/p>\n<p><a href=\"http:\/\/slowakei-leipzig.de\/wp-content\/uploads\/2014\/05\/DE_Kulturprogram_Slowakische_EU-Ratspr\u00e4sidentschaft.pdf\">DE_Kulturprogram_Slowakische_EU-Ratspr\u00e4sidentschaft<\/a><\/p>\n<h6><\/h6>\n<p>&nbsp;<\/p>\n<hr \/>\n<h6><\/h6>\n<h6>25.05.2016 | Szenische Lesung<\/h6>\n<h5><strong>Achtzig Mal Watschlaff<\/strong><br \/>\n<strong> Eine szenische Heldenlesung f\u00fcr V\u00e1clav Havel<\/strong><\/h5>\n<p><strong>25.05.2016, 20:00 Uhr<\/strong><br \/>\n<a href=\"http:\/\/www.schaubuehne.com\/index.php?id=eventdetails&amp;no_cache=1&amp;eventID=2030&amp;day=1464167934\" target=\"_blank\" rel=\"noopener\">Schaub\u00fchne Lindenfels<\/a>, Leipzig<\/p>\n<p class=\"bodytext\">Herr Pr\u00e4sident sitzt eingesperrt in der Sauna und schwitzt um sein Leben. Er erinnert sich an seine Zeit im Gef\u00e4ngnis, an seine Frauen, an seine Hunde. Was hat er eigentlich mit dem ganzen Kram zu tun? Und k\u00f6nnte ihm vielleicht endlich jemand die T\u00fcr aufmachen?<br \/>\nDer Schauspieler Samuel Finzi steht auf der B\u00fchne und spielt zum achtzigsten Mal das Heldenspektakel f\u00fcr V\u00e1clav Havel. Angeblich! In Wahrheit findet dieser Abend nat\u00fcrlich nur ein einziges Mal statt &#8211; als grotesker Bestandteil einer Radiosendung zum achtzigsten Geburtstag von V\u00e1clav Havel.<\/p>\n<p>Nach der szenischen Lesung in der Schaub\u00fchne wird das Radiost\u00fcck von Tabea Soergel und Martin Becker im Herbst zu Havels Geburtstag gesendet, und zwar vom SWR, NDR und dem Deutschlandfunk.<br \/>\nMit: Samuel Finzi<br \/>\nText und Regie: Tabea Soergel, Martin Becker<br \/>\nAbendkasse: 8\/5 (erm\u00e4\u00dfigt) Euro<\/p>\n<p>&nbsp;<\/p>\n<hr \/>\n<h6>11.-13.05.2016 | Unternehmerforum<a href=\"http:\/\/slowakei-leipzig.de\/wp-content\/uploads\/2014\/05\/via-forum-logo-GER-RGB1.jpg\"><img loading=\"lazy\" decoding=\"async\" class=\"wp-image-1033 alignright\" src=\"http:\/\/slowakei-leipzig.de\/wp-content\/uploads\/2014\/05\/via-forum-logo-GER-RGB1-300x164.jpg\" alt=\"via forum logo svk ger eng\" width=\"195\" height=\"107\" srcset=\"http:\/\/slowakei-leipzig.de\/wp-content\/uploads\/2014\/05\/via-forum-logo-GER-RGB1-300x164.jpg 300w, http:\/\/slowakei-leipzig.de\/wp-content\/uploads\/2014\/05\/via-forum-logo-GER-RGB1.jpg 1024w\" sizes=\"auto, (max-width: 195px) 100vw, 195px\" \/><\/a><\/h6>\n<h5><strong><span style=\"color: #0000ff;\"><a style=\"color: #0000ff;\" href=\"http:\/\/www.agenturavia.sk\/de\/unsere-projekte\/via-forum-2016\" target=\"_blank\" rel=\"noopener\"><span style=\"color: #3366ff;\">VIA FORUM 2016<\/span> <\/a><\/span>&#8211; Slowakisch-deutsches regionales Unternehmerforum InteReCo2016, <\/strong>Ko\u0161ice &#8211; Ostslowakei<\/h5>\n<p><span style=\"color: #3366ff;\"><strong><a style=\"color: #3366ff;\" href=\"http:\/\/slowakei-leipzig.de\/wp-content\/uploads\/2014\/05\/email-GER-VIAFORUM-letak-DL-11022016-IHK-WUP.pdf\" target=\"_blank\" rel=\"noopener\">Info-Flyer zur Veranstaltung (deutsch)<\/a><\/strong><\/span><br \/>\n<span style=\"color: #3366ff;\"> <strong><a style=\"color: #3366ff;\" href=\"http:\/\/www.agenturavia.sk\/sk\/nase-projekty\/via-forum-2016\" target=\"_blank\" rel=\"noopener\">informa\u010dn\u00fd let\u00e1k (slovenks\u00fd)<\/a><\/strong><\/span><br \/>\n<span style=\"color: #3366ff;\"> <strong><a style=\"color: #3366ff;\" href=\"https:\/\/www.b2match.com\/events\/search?utf8=%E2%9C%93&amp;q=intereco&amp;sort=relevance\" target=\"_blank\" rel=\"noopener\">Anmeldung \u00fcber B2Match<\/a><\/strong><\/span><\/p>\n<p><span class=\"fsl\"><strong>V\u00fdchodoslovensk\u00e1 investi\u010dn\u00e1 agent\u00fara<\/strong><br \/>\nN\u00e1m. Marat\u00f3nu mieru 1, 040 01 Ko\u0161ice I, Slowakei<br \/>\nTel.: +421 905 514 742, +421 55 62 50 102 \u00b7 E-mail: info@agenturavia.sk<br \/>\n<strong>Alle Informationen unter:<\/strong> <span style=\"color: #3366ff;\"><a style=\"color: #3366ff;\" href=\"http:\/\/l.facebook.com\/l.php?u=http%3A%2F%2Fwww.agenturavia.sk%2F&amp;h=jAQFnfEmR&amp;enc=AZP8zCDdk0T2hJcoxkqi067YqQ6ngE2Sx_U_E-VOFpSaaq3uTqMWofaGyNV_ijiIVV4&amp;s=1\" target=\"_blank\" rel=\"nofollow nofollow noopener\">www.agenturavia.sk<\/a><\/span><\/span><\/p>\n<p><span class=\"text_exposed_show\"><strong>\u201eVIA FORUM\u201c<\/strong> je ozna\u010denie n\u00e1rodn\u00fdch a medzin\u00e1rodn\u00fdch aktiv\u00edt organizovan\u00fdch V\u00fdchodoslovenskou investi\u010dnou agent\u00farou (VIA) zameran\u00fdch na pomoc rozvoju regi\u00f3nu V\u00fdchodn\u00e9ho Slovenska v\u00a0celom spektre aktiv\u00edt s\u00a0d\u00f4razom na jeho aktu\u00e1lnu prezent\u00e1ciu potenci\u00e1lnym investorom.<\/span><\/p>\n<p><strong>VIA FORUM 2016\u201c<\/strong> je prvou z\u00a0uveden\u00fdch aktiv\u00edt, nes\u00facou podtitul<strong> \u201eSlovensko-nemeck\u00e9 region\u00e1lne podnikate\u013esk\u00e9 f\u00f3rum InteReCo2016\u201c<\/strong>. Popri V\u00fdchodoslovenskej investi\u010dnej agent\u00fare je podujatie pripravovan\u00e9 v\u00a0spolupr\u00e1ci s\u00a0\u00faradom honor\u00e1rneho konzula SRN na Slovensku, honor\u00e1rnymi konzulmi SR v\u00a0Nemecku, Slovensko-nemeckou obchodnou komorou,\u00a0s\u00a0podporou Ministerstva hospod\u00e1rstva SR, Ministerstva zahrani\u010dn\u00fdch vec\u00ed a\u00a0eur\u00f3pskych z\u00e1le\u017eitost\u00ed SR, Ve\u013evyslanectva SR v\u00a0Berl\u00edne, Ve\u013evyslanectva SRN v\u00a0Bratislave, samospr\u00e1vnych org\u00e1nov Ko\u0161ick\u00e9ho a\u00a0Pre\u0161ovsk\u00e9ho regi\u00f3nu a \u010fal\u0161\u00edmi partnermi zo Slovenska a\u00a0Spolkovej republiky Nemecko.<\/p>\n<p><strong>Nad podujat\u00edm prevzal z\u00e1\u0161titu predseda Vl\u00e1dy Slovenskej republiky<br \/>\nJ.E. p\u00e1n Robert Fico.<\/strong><\/p>\n<p>Hlavn\u00fdm cie\u013eom pl\u00e1novan\u00e9ho podujatia je zvidite\u013eni\u0165 regi\u00f3n V\u00fdchodn\u00e9ho Slovenska ako miesta kde sa oplat\u00ed investova\u0165, podnika\u0165 a pracova\u0165.<\/p>\n<p><span class=\"fsl\"><span class=\"text_exposed_show\">&#8212;<\/span><\/span><\/p>\n<p>Das<strong> \u201eVIA FORUM 2016\u201c<\/strong> stellt die erste der genannten Aktivit\u00e4ten dar, die den Untertitel <strong>\u201eSlowakisch-deutsches regionales Unternehmerforum InteReCo2016\u201c<\/strong> tr\u00e4gt. Neben der Ostslowakischen Investitionsagentur wird die eranstaltung in Zusammenarbeit mit dem Amt des onorarkonsuls der Bundesrepublik Deutschland in der lowakei, den Honorarkonsuln der Slowakischen Republik in Deutschland, der Deutsch-Slowakischen Industrie- und Handelskammer, und mit Unterst\u00fctzung des irtschaftsministeriums der SR, des Ministeriums f\u00fcr Ausw\u00e4rtige und europ\u00e4ische Angelegenheiten der SR, des Botschafters der SR in Berlin, des Botschafters der Bundesrepublik Deutschland in Bratislava, der Selbstverwaltungsorgane der Regionen Ko\u0161ice und Pre\u0161ov<br \/>\nund anderer Partner aus der Slowakei und der Bundesrepublik<br \/>\nDeutschland vorbereitet.<\/p>\n<p><strong>Die Schirmherrschaft f\u00fcr die Veranstaltung \u201eInteReCo2016\u201c<\/strong><br \/>\n<strong> \u00fcbernimmt S.E. Herr Robert F i c o, Ministerpr\u00e4sident der Slowakischen Republik.<\/strong><\/p>\n<p>Hauptziel der geplanten Veranstaltung ist es, die Region Ostslowakei als eine Gegend zu pr\u00e4sentieren, in der es sich zu investieren lohnt und die f\u00fcr Unternehmer wie f\u00fcr Arbeitnehmer gleicherma\u00dfen attraktiv ist und zahlreiche Entwicklungschancen bietet.<\/p>\n<p><span style=\"color: #3366ff;\"><a style=\"color: #3366ff;\" href=\"https:\/\/www.facebook.com\/AgenturaVIA\/videos\/1016963105060347\/\" target=\"_blank\" rel=\"noopener\">Video zum Viaforum 2016<\/a><\/span><\/p>\n<p><span style=\"color: #3366ff;\"><a style=\"color: #3366ff;\" href=\"http:\/\/slowakei-leipzig.de\/?p=1179\" target=\"_blank\" rel=\"noopener\">Fotogalerie<\/a><\/span><\/p>\n<p>&nbsp;<\/p>\n<hr \/>\n<h6>12.-17.04.2016 | Filmfestival<\/h6>\n<h5><strong>28. Internationales Kurzfilmfestival \u201eFilmfest Dresden\u201c<\/strong><\/h5>\n<p>Die Slowakei ist vertreten:<br \/>\n<strong>* auf dem Forum \u201eVisegr\u00e1d in Short(s)\u201c<\/strong><br \/>\nOrt: Societaetstheater, An der Dreik\u00f6nigskirche 1a, 01097 Dresden<br \/>\n<strong>13.04.2016, 13.00 Uhr<\/strong><br \/>\nDas Slowakische Filminstitut und BFilm stellen die slowakische Kurzfilmlandschaft vor<\/p>\n<p><strong>13.04.2016, 16.00 Uhr<\/strong><br \/>\nwerden in dem tschechisch-slowakischen \u201eShowcase\u201c drei slowakische Filme pr\u00e4sentiert:<\/p>\n<ul>\n<li>Cowboyland (Kovbojsko) von D\u00e1vid \u0160tumpf (SK 2015, 4:46 min, Animationsfilm)<\/li>\n<li>Strach von Michal Bla\u0161ko (SK 2015, 28 min, Spielfilm)<\/li>\n<li>Nina von Veronika Obertov\u00e1 und Michaela \u010cop\u00edkov\u00e1 (SK 2014, 17 min, Animationsfilm<\/li>\n<\/ul>\n<p>unter Anwesenheit der Filmschaffenden: D\u00e1vid \u0160tupf, Marta Prokopov\u00e1, Martin Kazim\u00edr, Martina Buchelov\u00e1, Michal Bla\u0161ko, Veronika Kocourkov\u00e1<\/p>\n<p><strong>* im Sonderprogramm Kino Roulette werden pr\u00e4sentiert<\/strong><br \/>\nOrt: Altes Wettb\u00fcro, Kino Roulette, Antonstr. 8, 01097 Dresden<\/p>\n<p><strong>14.04.2016, 18.00 Uhr<\/strong> (Roulette 1)<br \/>\nCowboyland (Kovbojsko) von D\u00e1vid \u0160tump (SK 2015, 4:46 min, Animationsfilm)<br \/>\nLET von Jan Guga (SK 2015, 8:15 min, Spielfilm)<\/p>\n<p><strong>15.04.2016, 18.00 Uhr<\/strong> (Roulette 2)<br \/>\nMila Fog von Marta Prokopov\u00e1 (SK 2015, 11 min, Animationsfilm)<\/p>\n<p><em>Veranstaltet von Filmfest Dresden, in Zusammenarbeit mit dem Slowakischen Filminstitut Bratislava und Unterst\u00fctzung des Slowakischen Instituts in Berlin.<\/em><br \/>\n<span style=\"color: #3366ff;\"><a style=\"color: #3366ff;\" href=\"http:\/\/www.filmfest-dresden.de\" target=\"_blank\" rel=\"noopener\">www.filmfest-dresden.de<\/a><\/span><\/p>\n<p>&nbsp;<\/p>\n<hr \/>\n<h6>\u00a0 16.03.2016 | Leipziger Buchmesse<\/h6>\n<h5><strong>\u00a0Lesung Kat\u00e1rina Kucbelov\u00e1: Er wei\u00df, was er machen wird<\/strong><a href=\"http:\/\/slowakei-leipzig.de\/wp-content\/uploads\/2014\/05\/LBM16_LeipzigLiest_rgb.jpg\"><img loading=\"lazy\" decoding=\"async\" class=\"wp-image-1053 alignright\" src=\"http:\/\/slowakei-leipzig.de\/wp-content\/uploads\/2014\/05\/LBM16_LeipzigLiest_rgb-300x151.jpg\" alt=\"LBM16_LeipzigLiest_rgb\" width=\"187\" height=\"94\" srcset=\"http:\/\/slowakei-leipzig.de\/wp-content\/uploads\/2014\/05\/LBM16_LeipzigLiest_rgb-300x151.jpg 300w, http:\/\/slowakei-leipzig.de\/wp-content\/uploads\/2014\/05\/LBM16_LeipzigLiest_rgb-1024x516.jpg 1024w, http:\/\/slowakei-leipzig.de\/wp-content\/uploads\/2014\/05\/LBM16_LeipzigLiest_rgb.jpg 1388w\" sizes=\"auto, (max-width: 187px) 100vw, 187px\" \/><\/a><\/h5>\n<div data-contents=\"true\">\n<div class=\"\" data-offset-key=\"cmm2i-0-0\" data-block=\"true\">\n<div class=\"_1mf _1mj\" data-offset-key=\"cmm2i-0-0\"><span data-offset-key=\"cmm2i-0-0\">Die slowakische Poetin stellt ihren Gedichtband \u201eVie, \u010do urob\u00ed\u201d vor. <\/span><\/div>\n<div class=\"_1mf _1mj\" data-offset-key=\"cmm2i-0-0\"><span data-offset-key=\"cmm2i-0-0\">Eine Auswahl erschien 2015 in der Zeitschrift<span style=\"color: #3366ff;\"><a style=\"color: #3366ff;\" href=\"http:\/\/www.ostra-gehege.de\/\" target=\"_blank\" rel=\"noopener\"> OSTRAGEHEGE.<\/a><\/span><\/span><\/div>\n<\/div>\n<div class=\"\" data-offset-key=\"2rghs-0-0\" data-block=\"true\">\n<div class=\"_1mf _1mj\" data-offset-key=\"2rghs-0-0\"><span data-offset-key=\"2rghs-0-0\">\u00a0<\/span><\/div>\n<\/div>\n<div class=\"\" data-offset-key=\"2not9-0-0\" data-block=\"true\">\n<div class=\"_1mf _1mj\" data-offset-key=\"2not9-0-0\"><span data-offset-key=\"2not9-0-0\"><strong>Mitwirkende:<\/strong> Katar\u00edna Kucbelov\u00e1<\/span><\/div>\n<\/div>\n<div class=\"\" data-offset-key=\"1entd-0-0\" data-block=\"true\">\n<div class=\"_1mf _1mj\" data-offset-key=\"1entd-0-0\"><span data-offset-key=\"1entd-0-0\"><strong>Moderation:<\/strong> Daniela Humajova<\/span><\/div>\n<\/div>\n<div class=\"\" data-offset-key=\"31j5d-0-0\" data-block=\"true\">\n<div class=\"_1mf _1mj\" data-offset-key=\"31j5d-0-0\"><span data-offset-key=\"31j5d-0-0\"><strong>Veranstalter:<\/strong> LiteraturInformationszentrum Bratislava<\/span><\/div>\n<\/div>\n<div class=\"\" data-offset-key=\"5q89h-0-0\" data-block=\"true\">\n<div class=\"_1mf _1mj\" data-offset-key=\"5q89h-0-0\"><span data-offset-key=\"5q89h-0-0\"><strong>Art der Veranstaltung:<\/strong> Lesung<\/span><\/div>\n<\/div>\n<div class=\"\" data-offset-key=\"5rnm6-0-0\" data-block=\"true\">\n<div class=\"_1mf _1mj\" data-offset-key=\"5rnm6-0-0\"><span data-offset-key=\"5rnm6-0-0\"><strong>Reihe:<\/strong> Literatur aus Mittel- und Osteuropa<\/span><\/div>\n<\/div>\n<div class=\"\" data-offset-key=\"d0hna-0-0\" data-block=\"true\">\n<div class=\"_1mf _1mj\" data-offset-key=\"d0hna-0-0\"><span data-offset-key=\"d0hna-0-0\"><strong>Genre:<\/strong> Lyrik <\/span><\/div>\n<\/div>\n<div class=\"\" data-offset-key=\"6bjsa-0-0\" data-block=\"true\">\n<div class=\"_1mf _1mj\" data-offset-key=\"6bjsa-0-0\">\n<div class=\"\" data-offset-key=\"9f79f-0-0\" data-block=\"true\">\n<div class=\"_1mf _1mj\" data-offset-key=\"3m6ga-0-0\"><span data-offset-key=\"3m6ga-0-0\"><strong>Ort:<\/strong> <span style=\"color: #3366ff;\"><a style=\"color: #3366ff;\" href=\"http:\/\/www.leipziger-buchmesse.de\/ll\/veranstaltungen\/20724\" target=\"_blank\" rel=\"noopener\">Leipziger Buchmesse,Forum OstS\u00fcdOst, Halle 4, Stand E505<\/a><\/span><\/span><\/div>\n<\/div>\n<div class=\"_1mf _1mj\" data-offset-key=\"3m6ga-0-0\"><\/div>\n<div class=\"_1mf _1mj\" data-offset-key=\"3m6ga-0-0\"><span style=\"color: #3366ff;\"><strong><a style=\"color: #3366ff;\" href=\"http:\/\/slowakei-leipzig.de\/?project=leipziger-buchmesse-2016-lesung-mit-k-kucbelova\" target=\"_blank\" rel=\"noopener\">Zur Bildergalerie<\/a><\/strong><\/span><\/div>\n<div class=\"\" data-offset-key=\"3m6ga-0-0\" data-block=\"true\"><\/div>\n<\/div>\n<\/div>\n<div class=\"\" data-offset-key=\"1668p-0-0\" data-block=\"true\">\n<div class=\"_1mf _1mj\" data-offset-key=\"1668p-0-0\"><span style=\"color: #3366ff;\"><em><span data-offset-key=\"1668p-0-0\"><a style=\"color: #3366ff;\" href=\"https:\/\/www.facebook.com\/events\/756581084441912\/\" target=\"_blank\" rel=\"noopener\">Die Veranstaltung wird unterst\u00fctzt vom Honorarkonsul der Slowakischen Republik f\u00fcr Sachsen und Th\u00fcringen.<\/a><\/span><\/em><\/span><\/div>\n<\/div>\n<div class=\"\" data-offset-key=\"b6bth-0-0\" data-block=\"true\">\n<div class=\"_1mf _1mj\" data-offset-key=\"b6bth-0-0\"><span data-offset-key=\"b6bth-0-0\">\u00a0<\/span><\/div>\n<\/div>\n<div class=\"\" data-offset-key=\"8upgj-0-0\" data-block=\"true\">\n<div class=\"_1mf _1mj\" data-offset-key=\"8upgj-0-0\"><strong><span data-offset-key=\"8upgj-0-0\">KATAR\u00cdNA KUCBELOV\u00c1<\/span><\/strong><\/div>\n<\/div>\n<div class=\"\" data-offset-key=\"a1um7-0-0\" data-block=\"true\">\n<div class=\"_1mf _1mj\" data-offset-key=\"a1um7-0-0\"><span data-offset-key=\"a1um7-0-0\">Wurde am 28. August 1979 in Bansk\u00e1 Bystrica geboren. Sie studierte Dramaturgie und Szeneristik an der Akademie der musischen Kunste in Bratislava (1997 \u2013 2002). Gegenw\u00e4rtig ist sie doktorandin der Masaryk-Universit\u00e4t in Brno (Fachrichtung Literaturkomparatistik. In den Jahren 2002 \u2013 2007 war sie als Werbetexterin und Kulturmanagerin t\u00e4tig. Seit 2006 organisiert sie den grossten Literaturpreis fur slowakische Prosa ANASOFT LITERA.<\/span><\/div>\n<\/div>\n<div class=\"\" data-offset-key=\"dkqhr-0-0\" data-block=\"true\">\n<div class=\"_1mf _1mj\" data-offset-key=\"dkqhr-0-0\"><span data-offset-key=\"dkqhr-0-0\"><span style=\"color: #3366ff;\"><span style=\"color: #000000;\">Herausgeber:<\/span><a style=\"color: #3366ff;\" href=\"http:\/\/www.vydavatelstvoartforum.sk\/sk\/knihy\/katarina-kucbelova\/vie-co-urobi\/\" target=\"_blank\" rel=\"noopener\"> Artforum<\/a><\/span><br \/>\n<\/span><\/div>\n<div class=\"_1mf _1mj\" data-offset-key=\"dkqhr-0-0\"><\/div>\n<\/div>\n<div class=\"_1mf _1mj\" data-offset-key=\"dkqhr-0-0\"><a href=\"http:\/\/slowakei-leipzig.de\/wp-content\/uploads\/2014\/05\/Einladung_Lesung-K.-Kucbelova-2016.jpg\"><img loading=\"lazy\" decoding=\"async\" class=\"aligncenter wp-image-1086\" src=\"http:\/\/slowakei-leipzig.de\/wp-content\/uploads\/2014\/05\/Einladung_Lesung-K.-Kucbelova-2016-300x140.jpg\" alt=\"Einladung_Lesung K. Kucbelova 2016\" width=\"366\" height=\"171\" srcset=\"http:\/\/slowakei-leipzig.de\/wp-content\/uploads\/2014\/05\/Einladung_Lesung-K.-Kucbelova-2016-300x140.jpg 300w, http:\/\/slowakei-leipzig.de\/wp-content\/uploads\/2014\/05\/Einladung_Lesung-K.-Kucbelova-2016-1024x479.jpg 1024w, http:\/\/slowakei-leipzig.de\/wp-content\/uploads\/2014\/05\/Einladung_Lesung-K.-Kucbelova-2016.jpg 1217w\" sizes=\"auto, (max-width: 366px) 100vw, 366px\" \/><\/a><\/div>\n<div class=\"_1mf _1mj\" data-offset-key=\"dkqhr-0-0\"><\/div>\n<div class=\"\" data-offset-key=\"d7m8f-0-0\" data-block=\"true\">\n<div class=\"_1mf _1mj\" data-offset-key=\"d7m8f-0-0\"><span data-offset-key=\"d7m8f-0-0\">\u00a0<\/span><\/div>\n<\/div>\n<\/div>\n<hr \/>\n<h6>\u00a003.12.2015-28.01.2016 | Ausstellung<\/h6>\n<h5><strong>\u00a0\u201eDie moderne slowakische Architektur\u201c<br \/>\nAusstellung im Architekturmuseum der Technischen Universit\u00e4t Berlin<\/strong><\/h5>\n<p>Die Vernissage fand am 3.12.2015 unter Beteiligung der Verbandsvertreter, des Vorsitzenden, Architekten Juraj Hermann und des Direktors Dr. Peter Miklo\u0161, statt. Die Konzeption der Ausstellung wurde vom Architekten Prof. . \u0160tefan \u0160lachta und Dr. Peter Miklo\u0161 vorbereitet wobei ihr Kurator, Architekt, Prof. J\u00e1n Bahna ist. Das Projekt wurde von der Architektenkammer der Slowakei, dem Kulturministerium der Slowakischen Republik und dem Fond der bildenden K\u00fcnste unterst\u00fctzt.<\/p>\n<p>Zur Einf\u00fchrung hat der hervorragende slowakische Violinist Milan Pa\u013ea mit den Werken slowakischer Autoren \u2013 das Monodrama von Ilja Zeljenka, Passacaglia von Vladim\u00edr God\u00e1r und Higia von Pascal Manolia &#8211; aufgetreten. Das zahlreiche Publikum haben mit Reden der Direktor des Architekturmuseums Dr. Hans- Dietmar N\u00e4gelke, slowakischer Botschafter, S.E. Dr. Peter Liz\u00e1k und\u00a0Archtekt Juraj Hermann angesprochen.<\/p>\n<p>Die Ausstellung stellt die Architektur der letzten 20 Jahren vor &#8211;\u00a0 26 Geb\u00e4ude auf 50 Ausstellungspanellen und dazu noch Modelle von ausgew\u00e4hlten Objekten \u2013 Vila Hrozno, Die Zentrale der Allgemeinen Kreditbank (VUB) Bratislava,\u00a0 Ondrej Nepela Eisstadion in Bratislava, Panorama City Bratislava und die Evangelische Kirche in Nitra. Sie dokumentiert die rasante Entwicklung in diesem Gebiet der Slowakei und die exzellenten Ideen der Architekten realisiert in Form von Wohnh\u00e4usern, Bankgeb\u00e4uden, neuen Kirchen und \u00f6ffentlichen Geb\u00e4uden. Unter den ausgestellten Objekten befinden sich auch \u00a0Botschaften der Slowakei in Washington und Berlin. Die Ausstellung ist dreisprachig und wird durch repr\u00e4sentativen, dreisprachigen Propagationsmaterialien mit einer hochwertigen Bilddokumentation erg\u00e4nzt.<\/p>\n<p>Konzeption der Ausstellung:<br \/>\nProf. \u0160tefan \u0160lachta und Dr. Peter Miklo\u0161<br \/>\nKurator: Prof. J\u00e1n Bahna<\/p>\n<p>Veranstaltet von dem Architekturmuseum der Technischen Universit\u00e4t Berlin, der Botschaft der Slowakischen Republik und dem Slowakischen Institut in Berlin, in Zusammenarbeit mit dem Verband slowakischer Architekten in Bratislava.<\/p>\n<p>Die Ausstellung ist montags bis donnerstags, von 12.00 bis 16.00 Uhr und nach Vereinbarung bis zum 28.1.2015 zu besichtigen (24.12. bis 31.12.2015 geschlossen)<\/p>\n<p>Architekturmuseum der TU Berlin, Stra\u00dfe des 17. Juni 152, 10623 Berlin (Untergescho\u00df im Flachbau)<br \/>\n<a href=\"http:\/\/www.architekturmuseum.ub.tu-berlin.de\" target=\"_blank\" rel=\"noopener\"><span style=\"color: #3366ff;\">www.architekturmuseum.ub.tu-berlin.de<\/span><wbr \/><\/a><\/p>\n<p>Siehe auch: <span style=\"color: #3366ff;\"><a style=\"color: #3366ff;\" href=\"https:\/\/www.facebook.com\/institut.berlin\/photos\/a.602041436549233.1073741828.601627283257315\/950389415047765\/?type=3&amp;fref=nf\" target=\"_blank\" rel=\"noopener\">Facebook<\/a><\/span><\/p>\n<h6><strong>Eindr\u00fccke von der Vernisage<\/strong><\/h6>\n<p><a href=\"http:\/\/slowakei-leipzig.de\/wp-content\/uploads\/2014\/05\/DSC02157_tn-300x169.jpg\"><img loading=\"lazy\" decoding=\"async\" class=\"alignleft\" src=\"http:\/\/slowakei-leipzig.de\/wp-content\/uploads\/2014\/05\/DSC02157_tn-300x169.jpg\" alt=\"\" width=\"300\" height=\"200\" align=\"middle\" \/><\/a><a href=\"http:\/\/slowakei-leipzig.de\/wp-content\/uploads\/2014\/05\/DSC02235_tn-300x169.jpg\"><img loading=\"lazy\" decoding=\"async\" class=\"alignleft\" src=\"http:\/\/slowakei-leipzig.de\/wp-content\/uploads\/2014\/05\/DSC02235_tn-300x169.jpg\" alt=\"\" width=\"300\" height=\"200\" align=\"middle\" \/><\/a><a href=\"http:\/\/slowakei-leipzig.de\/wp-content\/uploads\/2014\/05\/DSC02282_tn-300x169.jpg\"><img loading=\"lazy\" decoding=\"async\" class=\"alignleft\" src=\"http:\/\/slowakei-leipzig.de\/wp-content\/uploads\/2014\/05\/DSC02282_tn-300x169.jpg\" alt=\"\" width=\"300\" height=\"200\" align=\"middle\" \/><\/a><\/p>\n","protected":false},"excerpt":{"rendered":"<p>17.11.2016 | Lesung Lesung: Ein slowakisches Weltbad Geschichten aus dem westslowakischen Kurbad Pie\u0161\u0165any 17. November 2016 , 19:30 Uhr Anl\u00e4sslich der Ratspr\u00e4sidentschaft der Slowakei in der EU Veranstalter: Honorarkonsul der Slowakischen Republik f\u00fcr Sachsen und Th\u00fcringen in Kooperation mit dem Autor Kay Zeisberg und dem Veranstaltungsort \u00a0Ort: Polylogue &#8211; Internationaler Buchladen &amp; Caf\u00e9; Merseburger Str. [&hellip;]<\/p>\n","protected":false},"author":3,"featured_media":0,"parent":79,"menu_order":0,"comment_status":"closed","ping_status":"closed","template":"","meta":{"footnotes":""},"class_list":["post-1294","page","type-page","status-publish","hentry"],"_links":{"self":[{"href":"http:\/\/slowakei-leipzig.de\/index.php?rest_route=\/wp\/v2\/pages\/1294","targetHints":{"allow":["GET"]}}],"collection":[{"href":"http:\/\/slowakei-leipzig.de\/index.php?rest_route=\/wp\/v2\/pages"}],"about":[{"href":"http:\/\/slowakei-leipzig.de\/index.php?rest_route=\/wp\/v2\/types\/page"}],"author":[{"embeddable":true,"href":"http:\/\/slowakei-leipzig.de\/index.php?rest_route=\/wp\/v2\/users\/3"}],"replies":[{"embeddable":true,"href":"http:\/\/slowakei-leipzig.de\/index.php?rest_route=%2Fwp%2Fv2%2Fcomments&post=1294"}],"version-history":[{"count":7,"href":"http:\/\/slowakei-leipzig.de\/index.php?rest_route=\/wp\/v2\/pages\/1294\/revisions"}],"predecessor-version":[{"id":1721,"href":"http:\/\/slowakei-leipzig.de\/index.php?rest_route=\/wp\/v2\/pages\/1294\/revisions\/1721"}],"up":[{"embeddable":true,"href":"http:\/\/slowakei-leipzig.de\/index.php?rest_route=\/wp\/v2\/pages\/79"}],"wp:attachment":[{"href":"http:\/\/slowakei-leipzig.de\/index.php?rest_route=%2Fwp%2Fv2%2Fmedia&parent=1294"}],"curies":[{"name":"wp","href":"https:\/\/api.w.org\/{rel}","templated":true}]}}