{"id":1070,"date":"2016-04-12T10:58:35","date_gmt":"2016-04-12T08:58:35","guid":{"rendered":"http:\/\/slowakei-leipzig.de\/?page_id=1070"},"modified":"2016-04-12T11:41:29","modified_gmt":"2016-04-12T09:41:29","slug":"archiv-veranstatungen-2015","status":"publish","type":"page","link":"http:\/\/slowakei-leipzig.de\/?page_id=1070","title":{"rendered":"Veranstatungen 2015"},"content":{"rendered":"<p>18.-22.11.2015|Messe<\/p>\n<h5>\u00a0<strong><span class=\"_5v1l _11s4\">Die Slowakei erleben &#8211; Touristik &amp; Caravaning International in Leipzig<\/span><\/strong><\/h5>\n<p><span class=\"fsl\">Am Stand I-30 in Halle 5 bietet die Slowakische Zentrale f\u00fcr Tourismus verschiedenen Ausstellern die\u00a0 M\u00f6glichkeit Reiseziele in der Slowakei vorzustellen und versorgt das Publikum auch selbst mit aufwendig gestalteten touristischen Materialien.<br \/>\nKommen Sie vorbei und lassen Sie sich von der Slowakei verzaubern!<br \/>\n<a href=\"http:\/\/www.slovakia.travel\/de\" target=\"_blank\">www.slovakia.travel\/de<\/a><\/span><\/p>\n<p>Zur Veranstaltungsseite auf unserer <a href=\"https:\/\/www.facebook.com\/events\/774413439352247\/\" target=\"_blank\">Facebook<\/a>-Seite.<\/p>\n<p><strong>Zur Messe<\/strong><br \/>\nDie Touristik &amp; Caravaning International (TC) ist die gr\u00f6\u00dfte Urlaubsmesse f\u00fcr die mitteldeutschen L\u00e4nder Sachsen, Sachsen-Anhalt, Th\u00fcringen, Brandenburg sowie f\u00fcr die europ\u00e4ischen Nachbarl\u00e4nder Polen und Tschechien. In diesem Jahr wird die TC vom 18. \u2013 22. November 2015 stattfinden. An der Messe beteiligen sich ausstellende Unternehmen, Vereine und Verb\u00e4nde mit Reise- und Erlebnisa<span class=\"text_exposed_show\">ngeboten aus \u201ealler Herren L\u00e4nder\u201c. Bunt und themenreich, genauso wie Urlaub und Freizeit, steht die TC f\u00fcr Vielfalt, Erlebnis, klassische Reiseangebote und aktuelle touristische Trends.<\/span><\/p>\n<p><strong>Perfekte Plattform f\u00fcr Aussteller und Besucher<\/strong><br \/>\nMitteldeutschlands gr\u00f6\u00dfte Reisemesse bietet auch 2015 den optimalen Mix aus Touristik, Caravaning und Camping sowie Rad und Action. In unseren Urlaubskinos laufen st\u00fcndlich Vortr\u00e4ge,\u00a0 Livepr\u00e4sentationen und Filme zu angebotenen Urlaubsdestinationen. Derdirekte Austausch mit Gui<\/p>\n<p><strong><span class=\"_5v1l _11s4\"><img loading=\"lazy\" decoding=\"async\" class=\"alignnone wp-image-968 alignright\" src=\"http:\/\/slowakei-leipzig.de\/wp-content\/uploads\/2014\/05\/A000017365_1_Slovak-Tourist-Board-3fbd08d2.jpg\" alt=\"A000017365_1_Slovak-Tourist-Board-3fbd08d2\" width=\"103\" height=\"113\" \/><\/span><\/strong><\/p>\n<p>des und Experten f\u00fcr Wissen aus erster Hand ist zum Greifen nah und die perfekt<\/p>\n<p><cite class=\"_Rm\"><img loading=\"lazy\" decoding=\"async\" class=\"wp-image-970 alignright\" src=\"http:\/\/slowakei-leipzig.de\/wp-content\/uploads\/2014\/05\/TC-260x260px_neu.png\" alt=\"TC-260x260px_neu\" width=\"113\" height=\"113\" srcset=\"http:\/\/slowakei-leipzig.de\/wp-content\/uploads\/2014\/05\/TC-260x260px_neu.png 260w, http:\/\/slowakei-leipzig.de\/wp-content\/uploads\/2014\/05\/TC-260x260px_neu-150x150.png 150w, http:\/\/slowakei-leipzig.de\/wp-content\/uploads\/2014\/05\/TC-260x260px_neu-100x100.png 100w\" sizes=\"auto, (max-width: 113px) 100vw, 113px\" \/><\/cite><\/p>\n<p>e Basis f\u00fcr Urlaubsentscheidungen.<\/p>\n<p>&nbsp;<\/p>\n<p>&nbsp;<\/p>\n<p>&nbsp;<\/p>\n<p>&nbsp;<\/p>\n<p><cite class=\"_Rm\"><a href=\"http:\/\/www.touristikundcaravaning.de\/\" target=\"_blank\">www.touristikundcaravaning.de<\/a><\/cite><\/p>\n<p>&nbsp;<\/p>\n<p>&nbsp;<\/p>\n<hr \/>\n<h6>\u00a025.10.2015|Treffpunkt<\/h6>\n<h5><strong>Tschechisch-slowakischer Stammtisch in Leipzig<\/strong><\/h5>\n<p>Landsleute treffen, sich austauschen und die Sprachen pflegen.<\/p>\n<p>Alle sind herzlich willkommen!<\/p>\n<p><strong>Zeit:<\/strong> 18:00 Uhr, Sonntag 25.10.2015<br \/>\n<strong>Ort:<\/strong> <a href=\"https:\/\/www.facebook.com\/pages\/Sappho-griechisches-Restaurant\/190194197678500\" target=\"_blank\">&#8222;Sappho&#8220; griechisches Restaurant<\/a>, Reichelstra\u00dfe 1, 04109 Leipzig<\/p>\n<p>Info: <a href=\"https:\/\/www.facebook.com\/events\/1644056042539116\/?ref=3&amp;ref_newsfeed_story_type=regular&amp;action_history=null&amp;source=3&amp;source_newsfeed_story_type=regular\" target=\"_blank\">https:\/\/www.facebook.com\/events\/1644056042539116\/<\/a><\/p>\n<hr \/>\n<h6 class=\"span4\">29.10.-15.11.205|Tschechisch-Deutsche Kulturtage<a href=\"http:\/\/slowakei-leipzig.de\/wp-content\/uploads\/2014\/05\/TDKT_Bild-2015.jpg\"><img loading=\"lazy\" decoding=\"async\" class=\" wp-image-923 alignright\" src=\"http:\/\/slowakei-leipzig.de\/wp-content\/uploads\/2014\/05\/TDKT_Bild-2015-300x300.jpg\" alt=\"TDKT_Bild 2015\" width=\"118\" height=\"118\" srcset=\"http:\/\/slowakei-leipzig.de\/wp-content\/uploads\/2014\/05\/TDKT_Bild-2015-300x300.jpg 300w, http:\/\/slowakei-leipzig.de\/wp-content\/uploads\/2014\/05\/TDKT_Bild-2015-150x150.jpg 150w, http:\/\/slowakei-leipzig.de\/wp-content\/uploads\/2014\/05\/TDKT_Bild-2015-100x100.jpg 100w, http:\/\/slowakei-leipzig.de\/wp-content\/uploads\/2014\/05\/TDKT_Bild-2015.jpg 886w\" sizes=\"auto, (max-width: 118px) 100vw, 118px\" \/><\/a><\/h6>\n<h5><strong><a href=\"http:\/\/www.tschechische-kulturtage.de\/dresden\/index.php\" target=\"_blank\">17. Tschechisch-Deutsche Kulturtage 2015 in Dresden &#8211; Fokus Slowakei<\/a><\/strong><\/h5>\n<p><em>unter Schirmherrschaft des Ministerpr\u00e4sidenten des Freistaates Sachsen Stanislaw Tillich,<\/em> <em>des Botscha<\/em><em>fters der Tschechischen Republik in Deutschland S. E. Tom\u00e1\u0161 Jan Podiv\u00ednsk\u00fd <\/em><em>und des Kulturministers der Tschechischen Republik Daniel Herman.<\/em><\/p>\n<p>Regionale Schwerpunkte der 17. Tschechisch-Deutschen Kulturtage 2015 bilden Pr\u00e4sentationen der <b>Region \u00dast\u00ed<\/b> und der <b>Slowakei<\/b>, des Weiteren widmen wir einen Teil des <a href=\"http:\/\/www.tschechische-kulturtage.de\/dresden\/programm\/film.php\" target=\"_blank\">Filmprogrammes<\/a> dem Oscar-Regisseur Ji\u0159\u00ed Menzel.<\/p>\n<p class=\"double\">Hauptf\u00f6rderer der TDKT sind die <a href=\"http:\/\/www.kdfs.de\/\" target=\"_blank\">Kulturstiftung des Freistaates Sachsen<\/a>, der <a href=\"http:\/\/www.fondbudoucnosti.cz\/de\/\" target=\"_blank\">Deutsch-Tschechische Zukunftsfonds<\/a> und das <a href=\"http:\/\/www.mkcr\" target=\"_blank\">Kulturministerium der Tschechischen Republik<\/a>.<\/p>\n<p class=\"double\">Die Schirmherren des diesj\u00e4hrigen Festivals sind der Ministerpr\u00e4sident des Freistaates Sachsen Stanislaw Tillich, der Botschafter der Tschechischen Republik in Deutschland S. E. Tom\u00e1\u0161 Jan Podiv\u00ednsk\u00fd und der Kulturminister der Tschechischen Republik Daniel Herman.<\/p>\n<p class=\"double\">Auf dem Laufenden bleiben bei <a href=\"https:\/\/www.facebook.com\/TschechischDeutscheKulturtage?fref=ts\" target=\"_blank\">Facebook.<\/a><\/p>\n<hr \/>\n<h6>26.10.-01.11.2015|DOKfilm Festival Leipzig 2015<\/h6>\n<h5><strong>DOK LEIPZIG 2015 &#8211; Das 58. Internationale Leipziger Festival f\u00fcr Dokumentar- und Animatio<\/strong><strong>nsfilm<\/strong><\/h5>\n<p>Das Internationale Leipziger Festival f\u00fcr Dokumentar- und Animationsfilm ist das gr\u00f6\u00dfte deutsche und eines der f\u00fchrenden internationalen Festivals f\u00fcr k\u00fcnstlerischen Dokumentar- und Animationsfilm wie f\u00fcr interaktives Storytelling.<\/p>\n<p>Slowakischer Gast im Internationalen Wettbewerb &#8211; kurzer Dokumentar- und Animationsfilm<br \/>\n<strong>Daniela Kraj\u010dov\u00e1 | Slowakei | 2015 | 18 min. | ohne Dialog<\/strong><\/p>\n<h5><a href=\"http:\/\/slowakei-leipzig.de\/wp-content\/uploads\/2014\/05\/DOK-Logo-72-dpi.jpg\"><img loading=\"lazy\" decoding=\"async\" class=\"size-full wp-image-945 alignright\" src=\"http:\/\/slowakei-leipzig.de\/wp-content\/uploads\/2014\/05\/DOK-Logo-72-dpi.jpg\" alt=\"DOK-Logo-72-dpi\" width=\"154\" height=\"97\" \/><\/a><strong>Animationsfilm Stability (\u201eStabilita\u201c)<\/strong><\/h5>\n<p>Schon im Jahr 2011 hatte Kraj\u010dov\u00e1 die Silberne Taube beim DOK festival, Leipzig gewonnen.<br \/>\n<a href=\"http:\/\/www.krajcovadaniela.com\/\" target=\"_blank\">Zur K\u00fcnstlerin <\/a><\/p>\n<p><strong>Termine:<\/strong><br \/>\nDienstag 27.10. 10:30 Uhr \u2013 Passage Kinos<br \/>\nMittwoch 28.10. 22:00 Uhr \u2013 Schaub\u00fchne Lindenfels<\/p>\n<h6><a href=\"http:\/\/www.dok-leipzig.de\/festival\/programm\/2015\" target=\"_blank\">Programm des Festivals<\/a><\/h6>\n<hr \/>\n<h6>\u00a010.09.\u201304.10.2015|Interkulturelle Wochen<\/h6>\n<h5><strong><a href=\"http:\/\/www.leipzig.de\/jugend-familie-und-soziales\/auslaender-und-migranten\/migration-und-integration\/interkulturelles-leipzig\/interkulturelle-wochen\/\" target=\"_blank\">Interkulturelle Wochen Leipzig 2015<\/a><\/strong><a href=\"http:\/\/slowakei-leipzig.de\/wp-content\/uploads\/2014\/05\/IKW_Logo.jpg\"><img loading=\"lazy\" decoding=\"async\" class=\" wp-image-919 alignright\" src=\"http:\/\/slowakei-leipzig.de\/wp-content\/uploads\/2014\/05\/IKW_Logo.jpg\" alt=\"IKW_Logo\" width=\"125\" height=\"123\" \/><\/a><\/h5>\n<div id=\"c90228\">\n<div class=\"rte_text\">\n<p>Kulturelle und religi\u00f6se Vielfalt in unserer Stadt, Angebote f\u00fcr Fl\u00fcchtlinge und Informationen \u00fcber das Fluchtgeschehen in Europa, der Umgang mit den Herausforderungen von Zuwanderung &#8211;\u00a0 das sind nur einige der Themen, die das Programm der Interkulturellen Wochen in Leipzig vom 20. September bis zum 4. Oktober 2015 aufgreift.<\/p>\n<p>Insgesamt h\u00e4lt das Programm der Interkulturellen Wochen 140 Veranstaltungsangebote bereit \u2013 Vortr\u00e4ge, Diskussionsrunden, Filme, Workshops, Theatervorstellungen, Sport- und Kreativangebote und interkulturelle Feste.<\/p>\n<p>Zu den 90 Veranstaltern geh\u00f6ren Migrantenorganisationen und interkulturelle Vereine, Religionsgemeinschaften, st\u00e4dtische \u00c4mter, Jugendkulturzentren, Sportvereine und Kultureinrichtungen, aber auch neue Initiativen, die sich in den letzten Monaten gegr\u00fcndet haben. Sie laden beispielsweise zum gemeinsamen Kochen oder Fu\u00dfballspielen mit Asylbewerbern ein.<\/p>\n<\/div>\n<\/div>\n<p>Online: <a href=\"http:\/\/www.leipzig.de\/jugend-familie-und-soziales\/auslaender-und-migranten\/migration-und-integration\/interkulturelles-leipzig\/interkulturelle-wochen\/\" target=\"_blank\">Programm und weitere Informationen<\/a><\/p>\n<p>Download: <a href=\"http:\/\/slowakei-leipzig.de\/wp-content\/uploads\/2014\/05\/Programm_Interkulturelle_Wochen_Leipzig_20.9.-4.10.2015.pdf\">Programm_Interkulturelle_Wochen_Leipzig_20.9.-4.10.2015<\/a><\/p>\n<hr \/>\n<h6>\u00a007.09. \u2013 20.10.2015|Festival<\/h6>\n<h5 class=\"font-sansN4-larger\"><strong>RomAmoR &#8211; Eine Hommage an die Sinti und Roma Kulturen 2015\/16<\/strong><a href=\"http:\/\/slowakei-leipzig.de\/wp-content\/uploads\/2014\/05\/romamor-Hellerau.png\"><img loading=\"lazy\" decoding=\"async\" class=\" alignright wp-image-922\" src=\"http:\/\/slowakei-leipzig.de\/wp-content\/uploads\/2014\/05\/romamor-Hellerau-1024x768.png\" alt=\"romamor-Hellerau\" width=\"208\" height=\"156\" srcset=\"http:\/\/slowakei-leipzig.de\/wp-content\/uploads\/2014\/05\/romamor-Hellerau.png 1024w, http:\/\/slowakei-leipzig.de\/wp-content\/uploads\/2014\/05\/romamor-Hellerau-300x225.png 300w\" sizes=\"auto, (max-width: 208px) 100vw, 208px\" \/><\/a><\/h5>\n<div class=\"hl-content\">\n<p>Seit \u00fcber 600 Jahren leben Sinti und Roma in der Mitte Europas. Wo immer die \u201eZigeuner\u201c auftauchten, bereicherten sie die ans\u00e4ssigen Kulturen, verschmolzen mit ihnen und pr\u00e4gten diese nachhaltig. Der spanische Flamenco, die j\u00fcdische Klezmer-Musik und die kubanische Rumba sind musikalische Ausdrucksformen der Roma. Sie inspirierten Brahms, Liszt, Bizet, bev\u00f6lkern Kinderlieder und Abz\u00e4hlreime, geben ebenso hartn\u00e4ckige Projektionsfl\u00e4chen f\u00fcr jahrhundertealte Vorurteile wie romantisierende Vorstellungen von Freiheit und fahrendem Volk ab. Kaum eine Minderheit wurde und wird mit so gro\u00dfer gesellschaftlicher Verachtung belegt wie die Sinti und Roma.<br \/>\nWir finden, es ist an der Zeit, ihnen ein eigenes Festival zu widmen. RomAmoR, das Wortspiel aus Roma und Liebe, steht f\u00fcr eine Hommage an die Kulturen und K\u00fcnste der Roma. RomAmoR ist ein gro\u00dfes Fest und eine ernsthafte Auseinandersetzung zugleich.<\/p>\n<p>Die Formulierung <i>Sinti und Roma<\/i> ist als Schirmterminus heute in Deutschland gebr\u00e4uchlich und wird so vom <b>Zentralrat der deutschen Sinti und Roma<\/b> verwendet. Auch <i>Sinti und Roma<\/i> bleibt als \u00dcberbegriff unscharf, da nicht alle Gruppierungen wie beispielsweise die Ashkali, Kal\u00e9, Manouches, Irish Travellers oder Gypsies in ihrer kulturellen und sprachlichen Unterschiedlichkeit durch eine Formulierung erfasst werden k\u00f6nnen. Ab September 2015 bis April 2016 veranstaltet HELLERAU das sparten\u00fcbergreifende Festival RomAmoR als Hommage an die zeitgen\u00f6ssische Kunst und Kultur der Sinti und<\/p>\n<p>Info: <a href=\"http:\/\/www.hellerau.org\/\" target=\"_blank\">www.hellerau.org\/<\/a><\/p>\n<\/div>\n<hr \/>\n<h6>April bis November 2015<\/h6>\n<h3><strong><a href=\"http:\/\/www.bmst.eu\" target=\"_blank\"><img loading=\"lazy\" decoding=\"async\" class=\" wp-image-671 alignright\" src=\"http:\/\/slowakei-leipzig.de\/wp-content\/uploads\/2014\/05\/BMST_Logo_4c_trans.splitted.w292small.png\" alt=\"BMST_Logo_4c_trans.splitted.w292small\" width=\"154\" height=\"43\" \/><\/a><\/strong><\/h3>\n<h5><strong>\u00a0Gesichter der Erinnerung 2015 &#8211; Fokus Slowakei<\/strong><\/h5>\n<h6><em><a href=\"http:\/\/www.bmst.eu\/projekte\/laufende_projekte\/gesichter-der-erinnerung-fokus-slowakei.htm\" target=\"_blank\">Veranstaltungsreihe<strong> der Br\u00fccke\/Most-Stiftung Dresden\/Prag<\/strong><\/a><\/em><\/h6>\n<p style=\"text-align: justify;\">In unserer Veranstaltungsreihe wird das Thema \u201eErinnerung\u201c in seinen verschiedenen Facetten beleuchtet. Es werden Orte der Begegnung geschaffen, f\u00fcr Zeitzeugen verschiedener geschichtlicher Ereignisse und besonders auch f\u00fcr die interessierte \u00d6ffentlichkeit. Die Erinnerung an einschneidende geschichtliche Ereignisse in Deutschland und anderen L\u00e4ndern soll greifbar gemacht werden und ein Gesicht bekommen. Jedes Jahr steht ein anderes Land Ost- und Mitteleuropas im Zentrum. Zum Auftakt der Reihe im Jahr 2013 war es Tschechien, 2014 dann Polen.<\/p>\n<p>2015 steht die Slowakische Republik im Fokus:<\/p>\n<p><a href=\"http:\/\/www.bmst.eu\/termine\/index.php?tid=3328\"><strong>Generation 89\/90 &#8211; Die verlorene Generation?!<\/strong><\/a><\/p>\n<p>Film &amp; Gespr\u00e4ch &#8211; mit Tom\u00e1\u0161 Krupa<br \/>\n<strong>22.09.2015<\/strong>, 19:30 Uhr, Dresden, Kino im Dach<\/p>\n<p><a href=\"http:\/\/www.bmst.eu\/termine\/index.php?tid=3274\"><strong>Roma in der Slowakei heute<\/strong><\/a><br \/>\nVortrag &amp; Gespr\u00e4ch &#8211; mit Thomas Handrich<br \/>\n<strong>24.09.2015<\/strong>, 19:30 Uhr, Dresden, Br\u00fccke\/Most-Zentrum<\/p>\n<p><a href=\"http:\/\/www.bmst.eu\/termine\/index.php?tid=3276\"><strong>Junge Slowakei<\/strong><\/a><br \/>\nAutorenlesung &amp; Gespr\u00e4ch &#8211; mit Michal Hvoreck\u00fd<br \/>\n<strong>27.10.2015<\/strong>, 19:30 Uhr, Dresden, Br\u00fccke\/Most-Zentrum<\/p>\n<p><strong><a href=\"http:\/\/www.bmst.eu\/termine\/index.php?tid=3329\">\u201eRechtspopulismus in Europa\u201c<\/a><\/strong><\/p>\n<p>Vortrag &amp; Gespr\u00e4ch<br \/>\n<strong>27.11.2015<\/strong>, 19:30 Uhr, Dresden, Br\u00fccke\/Most-Zentrum<\/p>\n<p><b>Filmreihe: Slowakei im Film<\/b><\/p>\n<p class=\"double\"><a href=\"http:\/\/www.bmst.eu\/termine\/index.php?tid=3341\"><b>&#8222;Alle meine Kinder&#8220;<\/b><\/a><br \/>\n<strong>26.09.2015<\/strong>, 19:00 Uhr, Dresden, Festspielhaus Hellerau<\/p>\n<p class=\"double\"><a href=\"http:\/\/www.bmst.eu\/termine\/index.php?tid=3345\"><b>&#8222;In der Stille&#8220;<\/b><\/a><br \/>\n<strong>01.11.2015<\/strong>, 20:15 Uhr, Dresden, Programmkino Ost<\/p>\n<p class=\"double\"><a href=\"http:\/\/www.bmst.eu\/termine\/index.php?tid=3346\"><b>Slowakei 2.0<\/b><\/a><br \/>\n<strong>02.11.2015<\/strong>, 20:15 Uhr, Dresden, Programmkino Ost<\/p>\n<p class=\"double\"><a href=\"http:\/\/www.bmst.eu\/termine\/index.php?tid=3275\"><b>\u201eR\u00fcckkehr in die windige Stadt\u201c<\/b><\/a><br \/>\n<i>Film &amp; Gespr\u00e4ch &#8211; mit Kristina Forbat und Tobias Weger<\/i><br \/>\n<strong>04.11.2015<\/strong>, 19:30 Uhr, Dresden, Programmkino Ost<\/p>\n<p class=\"double\"><a href=\"http:\/\/www.bmst.eu\/termine\/index.php?tid=3347\"><b>Koza<\/b><\/a><br \/>\n<strong>05.11.2015<\/strong>, 20:15 Uhr, Dresden, Programmkino Ost<\/p>\n<p>weitere Veranstaltungen:<a href=\"http:\/\/slowakei-leipzig.de\/wp-content\/uploads\/2014\/05\/Gesichter-der-Erinnerung_Slowakei_2015_Bruecke-Most-Stiftung-Dresden.pdf\"> Gesichter der Erinnerung_Slowakei_2015_Bruecke-Most-Stiftung-Dresden<\/a><\/p>\n<hr \/>\n<h6>9.\u201313.7.2015|Internationales Folklorefestival<\/h6>\n<h5><strong><a href=\"http:\/\/www.danetzare.de\" target=\"_blank\">\u201eDANETZARE\u201c<\/a> in Erfurt<\/strong><\/h5>\n<p><em>u. a. mit der slowakischen Folkloregruppe <strong>Furmani<\/strong> aus Nitra<\/em><\/p>\n<div class=\"text_exposed_show\">\n<p>Die Kunstvereinigung wurde 2004 gegr\u00fcndet und besteht aus T\u00e4nzern, Musikern und S\u00e4ngern im Alter von 16 bis 30 Jahren. Die Aktivit\u00e4ten des Ensembles beinhalten die Sammlung und Erneuerung der traditionellen Folklorekost\u00fcme. Die Stadt Nitra organisiert h\u00e4ufig Veranstaltungen an denen das Ensemble regelm\u00e4\u00dfig teilnimmt. (Quelle: <a href=\"http:\/\/www.danetzare.de\" target=\"_blank\">www.danetzare.de<\/a>)<\/p>\n<p><strong>Auftritte:<\/strong> Anger Erfurt<br \/>\n10.7. ab 12.00 bis 12.50 Uhr<br \/>\n11.7. ab 15.00 bis 16.00 Uhr<br \/>\n12.7. ab 11.30 bis 11.55 Uhr<br \/>\n<a href=\"https:\/\/www.facebook.com\/pages\/Internationales-Folklorefestival-Danetzare\/344386732428414?fref=ts\" target=\"_blank\">Veranstaltung auf Facebook besuchen.<\/a><\/p>\n<hr \/>\n<\/div>\n<h6>30.05.2015 | 10-21:00|<a href=\"http:\/\/www.pirna.de\/Pressemitteilungen.4289\/?nr=5431\" target=\"_blank\">Markt der Kulturen<\/a><\/h6>\n<h5>13. \u201eMarkt der Kulturen\u201c &#8211; Einblicke, Perspektiven und Unterhaltung auf dem Marktplatz<\/h5>\n<div class=\"imageBoxRight imageBox\">\n<div class=\"longdesc\">Markt der Kulturen 2013<\/div>\n<div class=\"longdesc\"><strong>(mit Beteiligung des Vereins der Slowaken in Sachsen)<\/strong><\/div>\n<\/div>\n<p>Am Samstag, 30. Mai 2015 laden die Stadt Pirna und die Aktion Zivilcourage e. V. von 10 bis 21 Uhr zum 13. \u201eMarkt der Kulturen\u201c auf den Pirnaer Marktplatz ein. Das Fest mit interkulturellem Flair ist zu einem festen Termin im Veranstaltungskalender geworden und setzt jedes Jahr ein Zeichen f\u00fcr ein respektvolles und weltoffenes Zusammenleben in unserer Region.<\/p>\n<p>Die Besucher und G\u00e4ste k\u00f6nnen sich auch in diesem von dem bunten Angebot an Informationsst\u00e4nden, dem 11-st\u00fcndigen B\u00fchnenprogramm und Kulinarischen aus aller Welt inspirieren lassen. Gerade hier im grenznahen Raum zu Tschechien und Polen m\u00f6chten die Organisatoren einen Beitrag leisten, um vorurteilsfreie Gespr\u00e4che und einen aufgeschlossenen Gedankenaustausch anzuregen. Rund um das Pirnaer Rathaus pr\u00e4sentieren Vereine und Initiativen, Schulen, soziale und politische Organisationen sowie Einzelpersonen ihre Arbeit und geben Informationen zu Asyl, Migration, Menschenrechten, Zivilcourage, politischer Bildung und vielem mehr. So kann man sich bei Amnesty International seine Fragen zur aktuellen Fl\u00fcchtlingsarbeit beantworten lassen, mit der Madagaskar-AG des Altenberger Gl\u00fcckauf-Gymnasiums Regenwaldprojekte erforschen oder sich beim Tauschnetz Elbtal \u00fcber das Prinzip \u201eGartenobst f\u00fcr Computerhilfe\u201c informieren. Auch die kleinsten Besucher kommen dank vieler Angebote f\u00fcr Kinder nicht zu kurz. Dar\u00fcber hinaus sorgen lokale und \u00fcberregionale Bands f\u00fcr gute Laune. Unter anderem mit dabei sind die dienst\u00e4lteste Two-Tone-Ska-Band Tschechiens \u201eThe Chancers\u201c und die Dresdner Jazz-Reformer von \u201e2Extended\u201c. Der Eintritt zum \u201eMarkt der Kulturen\u201c ist auch in diesem Jahr wieder frei.<\/p>\n<p>Autor: Thomas Gockel, Leiter \u00d6ffentlichkeitsarbeit<\/p>\n<hr \/>\n<h6>\u00a0<strong>21.05.2015 | ganzt\u00e4gig|<\/strong><a href=\"http:\/\/www.tu-ilmenau.de\/de\/50jahre-ilmenau-bratislava\/programm\/\" target=\"_blank\"><strong>Wissenschaftliches Kolloquium und Festveranstaltung<\/strong><\/a><\/h6>\n<h5><strong>1965 &#8211; 2015 | 50 Jahre Zusammenarbeit<\/strong><\/h5>\n<h6><strong>Slowakische Technische Universit\u00e4t Bratislava &#8211; Technische Universit\u00e4t Ilmenau<\/strong><\/h6>\n<p>Am 26. Mai 1965 wurde zwischen der Slowakischen Technischen Hochschule Bratislava und der Technischen Hochschule Ilmenau der erste Freundschaftsvertrag der TH Ilmenau mit einer ausl\u00e4ndischen Hochschule abgeschlossen.<\/p>\n<p><strong>Wissenschaftliches Kolloquium:<\/strong><br \/>\nMeitnerbau | 09:00 \u2013 13:00 Uhr | <a title=\"TEXT, programm wiss-kolloquium 150427, programm_wiss-kolloquium_150427.pdf, 34 KB\" href=\"http:\/\/www.tu-ilmenau.de\/fileadmin\/media\/50Jahre-Ilmenau-Bratislava\/pdf\/programm_wiss-kolloquium_150427.pdf\" target=\"_blank\">Wissenschaftliche Vortr\u00e4ge<\/a>\u00a0(PDF)<\/p>\n<p><strong>Festveranstaltung:<br \/>\n<\/strong>Curiebau | 15:30 \u2013 17:30 Uhr | Festveranstaltung<\/p>\n<p><strong>Abendveranstaltung:<\/strong><br \/>\nHotel Tanne | ab 20:00 Uhr | Festbankett<\/p>\n<p><a href=\"http:\/\/www.tu-ilmenau.de\/de\/50jahre-ilmenau-bratislava\/\" target=\"_blank\">Hier<\/a> finden Sie weitere Informationen.<\/p>\n<h5><\/h5>\n<hr \/>\n<h5><strong><a href=\"http:\/\/research.uni-leipzig.de\/gwzo\/\" target=\"_blank\"><img loading=\"lazy\" decoding=\"async\" class=\"alignright wp-image-674\" src=\"http:\/\/slowakei-leipzig.de\/wp-content\/uploads\/2014\/05\/logoGWZO.png\" alt=\"logoGWZO\" width=\"133\" height=\"54\" \/><\/a><\/strong><\/h5>\n<h6>\u00a0<strong>15.04.2015 | 17:15 Uhr|<span style=\"color: #3f8ad4;\"><a style=\"color: #3f8ad4;\" href=\"http:\/\/research.uni-leipzig.de\/gwzo\/images\/GWZO_images\/Vortraege\/15_NE_Szabo.pdf\" target=\"_blank\">Buchpr\u00e4sentation<\/a><\/span><\/strong><\/h6>\n<h5><strong>\u201eVon Worten zu Taten&#8220;: Die slowakische Nationalbewegung und der Antisemitismus 1875-1922, Berlin: Metropol 2014<\/strong><\/h5>\n<h5><em>Im Rahmen der Vortragsreihe &#8222;Neuerscheinungen zur Geschichte und Kultur Ostmitteleuropas <\/em><em>\u2013 vorgestellt am GWZO \u2013&#8220;<\/em><\/h5>\n<p><strong>Zeit:<\/strong> Mittwoch, 15. April 2015, 17 Uhr c. t.<br \/>\n<strong>Ort:<\/strong> <a href=\"http:\/\/research.uni-leipzig.de\/gwzo\/\" target=\"_blank\">GWZO<\/a>, Specks Hof (Eingang A) Reichsstra\u00dfe 4-6, 4. Etage<br \/>\n<strong>Veranstalter:<\/strong> GWZO Leipzig mit Unterst\u00fctzung des Honorarkonsuls der Slowakischen Republik in Leipzig<img loading=\"lazy\" decoding=\"async\" class=\"alignright wp-image-697 size-full\" src=\"http:\/\/slowakei-leipzig.de\/wp-content\/uploads\/2014\/05\/Von-Worten-zu-Taten-9783863311636_l.jpg\" alt=\"-Von-Worten-zu-Taten--9783863311636_l\" width=\"155\" height=\"230\" \/><\/p>\n<div class=\"text_exposed_show\">\n<p class=\"alignnone\"><strong>Begr\u00fc\u00dfung und Moderation:<\/strong> Prof. Dr. Christian L\u00fcbke (Direktor des GWZO, Leipzig)<\/p>\n<p><strong>Gru\u00dfwort:<\/strong> Dr. Albrecht Tintelnot\u00a0 (Honorarkonsul der Slowakischen Republik f\u00fcr Sachsen und Th\u00fcringen)<\/p>\n<p><strong>Vorstellung der Publikation durch den Autor<\/strong><br \/>\nMiloslav Szab\u00f3, PhD (Historisches Institut der Slowakischen Akademie der Wissenschaften, Bratislava)<br \/>\n\u201eVon Worten zu Taten&#8220;: Die slowakische Nationalbewegung und er Antisemitismus 1875-1922, Berlin: Metropol 2014<\/p>\n<p><strong>Kommentar:<\/strong> Dr. Fran\u00e7ois Guesnet (Department of Hebrew and Jewish Studies, University College London)<\/p>\n<p><em>Anschlie\u00dfend kleiner Empfang<\/em><\/p>\n<\/div>\n<hr \/>\n<h3><\/h3>\n<h6>14.03.2015 | 18:30 Uhr|Lesung\u00a0 im Rahmen der Leipziger Buchmesse 2015<\/h6>\n<h5><strong>Es geschah am ersten September (oder ein andermal)<\/strong><\/h5>\n<h5><strong>&#8211; Pavol Rankov (Slowakei)<br \/>\n<\/strong><\/h5>\n<p><strong><img loading=\"lazy\" decoding=\"async\" class=\" alignright wp-image-600\" src=\"http:\/\/slowakei-leipzig.de\/wp-content\/uploads\/2014\/05\/Einladung-Leipzig.jpg\" alt=\"Einladung Leipzig\" width=\"274\" height=\"196\" srcset=\"http:\/\/slowakei-leipzig.de\/wp-content\/uploads\/2014\/05\/Einladung-Leipzig.jpg 1281w, http:\/\/slowakei-leipzig.de\/wp-content\/uploads\/2014\/05\/Einladung-Leipzig-300x214.jpg 300w, http:\/\/slowakei-leipzig.de\/wp-content\/uploads\/2014\/05\/Einladung-Leipzig-1024x731.jpg 1024w\" sizes=\"auto, (max-width: 274px) 100vw, 274px\" \/> <\/strong><\/p>\n<h5><strong><span style=\"color: #800000;\"><a style=\"color: #800000;\" href=\"http:\/\/slowakei-leipzig.de\/?post_type=project&amp;p=624\" target=\"_blank\">Zur Bildergalerie<\/a><\/span><\/strong><\/h5>\n<p><strong>Ort:<\/strong> <a href=\"https:\/\/de-de.facebook.com\/hildetanzt\" target=\"_blank\"><em>Hilde tanzt<\/em><\/a> &#8211; Secondhand Laden, Georg-Schwarz-Stra\u00dfe 20, 04177, Leipzig (West)<\/p>\n<p><strong>Mitwirkende:<\/strong> Pavol Rankov (Slowakei), <a href=\"http:\/\/www.ines-sebesta.de\" target=\"_blank\">Ines Sebesta<\/a> (\u00dcbersetzerin)<\/p>\n<p><strong>Veranstalter:<\/strong> <a href=\"http:\/\/www.wieser-verlag.com\/\" target=\"_blank\">Wieser Verlag<\/a><\/p>\n<p>Die Veranstaltung wird unterst\u00fctzt vom<a href=\"http:\/\/www.litcentrum.sk\/\" target=\"_blank\"> Liter\u00e1rne informa\u010dn\u00e9 Centrum Bratislava<\/a> und dem Honorarkonsul der Slowakischen Republik in Leipzig.<\/p>\n<p><strong>Reihe:<\/strong> westw\u00e4rts &#8211; leipzig.liest.im.leipziger.westen<\/p>\n<p style=\"text-align: justify;\">Es geschah am ersten September mitten in Europa \u2013 in der kleinen s\u00fcdslowakischen Stadt Levice. Dass aus Levice schon bald das ungarische Leva werden w\u00fcrde, ahnt zu Beginn der Handlung 1938 niemand, schon gar nicht die drei Schulfreunde, die sich nur f\u00fcr ihre Mitsch\u00fclerin, die sch\u00f6ne Slowakin M\u00e1ria interessieren. Da ist der Tscheche Jan, den es nach Pal\u00e4stina und dann nach Amerika verschl\u00e4gt, was den Geheimdienst nicht hindert, ihm anhaltende Avancen zu machen; Peter, der mit ungarischen Wurzeln und dem schier unersch\u00fctterlichen Glauben an die Reformierbarkeit des Sozialismus ausgestattet ist, und der zuweilen etwas naiv agierende Gabriel, der sich nur dann als Jude f\u00fchlt, wenn jemand auf die Juden schimpft. Drei Freunde, ein M\u00e4dchen und drei\u00dfig Jahre europ\u00e4ischer Geschichte voller Umbr\u00fcche. Und immer wieder wird aus Lebenskonzepten ein nahezu ohnm\u00e4chtiges Reagieren auf die Ereignisse jener Zeit: Krieg, kommunistischer Umbruch, Budapester Aufstand, Niederschlagung des Prager Fr\u00fchlings&#8230;<\/p>\n<p><a href=\"http:\/\/www.leipziger-buchmesse.de\">www.leipziger-buchmesse.de<\/a><\/p>\n<p>Die Veranstaltung auf Facebook: <a href=\"https:\/\/de-de.facebook.com\/events\/806880422720490\/\">Lesung mit Pavol Rankov<\/a><\/p>\n<p>Weitere Veranstaltungen und Lesungen zur Slowakei haben wir in folgendem Dokument f\u00fcr Sie zusammengetragen: <a href=\"http:\/\/slowakei-leipzig.de\/wp-content\/uploads\/2014\/05\/Slowakisches-Programm_Buchmesse-Leipzig-2015.pdf\">Slowakisches Programm_Buchmesse Leipzig 2015<\/a> (\u00c4nderungen vorbehalten).<\/p>\n","protected":false},"excerpt":{"rendered":"<p>18.-22.11.2015|Messe \u00a0Die Slowakei erleben &#8211; Touristik &amp; Caravaning International in Leipzig Am Stand I-30 in Halle 5 bietet die Slowakische Zentrale f\u00fcr Tourismus verschiedenen Ausstellern die\u00a0 M\u00f6glichkeit Reiseziele in der Slowakei vorzustellen und versorgt das Publikum auch selbst mit aufwendig gestalteten touristischen Materialien. Kommen Sie vorbei und lassen Sie sich von der Slowakei verzaubern! www.slovakia.travel\/de [&hellip;]<\/p>\n","protected":false},"author":3,"featured_media":0,"parent":79,"menu_order":0,"comment_status":"closed","ping_status":"closed","template":"","meta":{"footnotes":""},"class_list":["post-1070","page","type-page","status-publish","hentry"],"_links":{"self":[{"href":"http:\/\/slowakei-leipzig.de\/index.php?rest_route=\/wp\/v2\/pages\/1070","targetHints":{"allow":["GET"]}}],"collection":[{"href":"http:\/\/slowakei-leipzig.de\/index.php?rest_route=\/wp\/v2\/pages"}],"about":[{"href":"http:\/\/slowakei-leipzig.de\/index.php?rest_route=\/wp\/v2\/types\/page"}],"author":[{"embeddable":true,"href":"http:\/\/slowakei-leipzig.de\/index.php?rest_route=\/wp\/v2\/users\/3"}],"replies":[{"embeddable":true,"href":"http:\/\/slowakei-leipzig.de\/index.php?rest_route=%2Fwp%2Fv2%2Fcomments&post=1070"}],"version-history":[{"count":7,"href":"http:\/\/slowakei-leipzig.de\/index.php?rest_route=\/wp\/v2\/pages\/1070\/revisions"}],"predecessor-version":[{"id":1078,"href":"http:\/\/slowakei-leipzig.de\/index.php?rest_route=\/wp\/v2\/pages\/1070\/revisions\/1078"}],"up":[{"embeddable":true,"href":"http:\/\/slowakei-leipzig.de\/index.php?rest_route=\/wp\/v2\/pages\/79"}],"wp:attachment":[{"href":"http:\/\/slowakei-leipzig.de\/index.php?rest_route=%2Fwp%2Fv2%2Fmedia&parent=1070"}],"curies":[{"name":"wp","href":"https:\/\/api.w.org\/{rel}","templated":true}]}}